{"id":6816,"date":"2018-01-13T00:11:56","date_gmt":"2018-01-12T23:11:56","guid":{"rendered":"https:\/\/balkon.art\/home\/?page_id=6816"},"modified":"2026-03-18T21:37:03","modified_gmt":"2026-03-18T20:37:03","slug":"online-2018","status":"publish","type":"page","link":"https:\/\/balkon.art\/home\/online-2018\/","title":{"rendered":"2018"},"content":{"rendered":"[vc_row type=&#8221;in_container&#8221; full_screen_row_position=&#8221;middle&#8221; column_margin=&#8221;default&#8221; column_direction=&#8221;default&#8221; column_direction_tablet=&#8221;default&#8221; column_direction_phone=&#8221;default&#8221; bg_color=&#8221;#ffffff&#8221; scene_position=&#8221;center&#8221; text_color=&#8221;light&#8221; text_align=&#8221;left&#8221; row_border_radius=&#8221;none&#8221; row_border_radius_applies=&#8221;bg&#8221; row_position_desktop=&#8221;default&#8221; row_position_tablet=&#8221;inherit&#8221; row_position_phone=&#8221;inherit&#8221; overflow=&#8221;visible&#8221; class=&#8221;p-2-0&#8243; overlay_strength=&#8221;0.3&#8243; gradient_direction=&#8221;left_to_right&#8221; shape_divider_position=&#8221;bottom&#8221; bg_image_animation=&#8221;none&#8221; shape_type=&#8221;&#8221; gradient_type=&#8221;default&#8221;][vc_column column_padding=&#8221;no-extra-padding&#8221; column_padding_tablet=&#8221;inherit&#8221; column_padding_phone=&#8221;inherit&#8221; column_padding_position=&#8221;left-right&#8221; flex_gap_desktop=&#8221;10px&#8221; column_element_direction_desktop=&#8221;default&#8221; column_element_spacing=&#8221;default&#8221; desktop_text_alignment=&#8221;default&#8221; tablet_text_alignment=&#8221;default&#8221; phone_text_alignment=&#8221;default&#8221; background_color_opacity=&#8221;1&#8243; background_hover_color_opacity=&#8221;1&#8243; column_backdrop_filter=&#8221;none&#8221; font_color=&#8221;#000000&#8243; column_shadow=&#8221;none&#8221; column_border_radius=&#8221;none&#8221; column_link_target=&#8221;_self&#8221; column_position=&#8221;default&#8221; gradient_direction=&#8221;left_to_right&#8221; overlay_strength=&#8221;0.3&#8243; width=&#8221;1\/1&#8243; tablet_width_inherit=&#8221;default&#8221; animation_type=&#8221;default&#8221; bg_image_animation=&#8221;none&#8221; border_type=&#8221;simple&#8221; column_border_width=&#8221;none&#8221; column_border_style=&#8221;solid&#8221;][vc_column_text css_animation=&#8221;none&#8221;]\n<h1 class=\"online-year-m\">2018<\/h1>\n[\/vc_column_text][\/vc_column][\/vc_row][vc_row type=&#8221;full_width_background&#8221; full_screen_row_position=&#8221;middle&#8221; column_margin=&#8221;default&#8221; column_direction=&#8221;default&#8221; column_direction_tablet=&#8221;default&#8221; column_direction_phone=&#8221;default&#8221; bg_color=&#8221;#ffffff&#8221; scene_position=&#8221;center&#8221; text_color=&#8221;light&#8221; text_align=&#8221;left&#8221; row_border_radius=&#8221;none&#8221; row_border_radius_applies=&#8221;bg&#8221; row_position_desktop=&#8221;default&#8221; row_position_tablet=&#8221;inherit&#8221; row_position_phone=&#8221;inherit&#8221; overflow=&#8221;visible&#8221; overlay_strength=&#8221;0.3&#8243; gradient_direction=&#8221;left_to_right&#8221; shape_divider_position=&#8221;bottom&#8221; bg_image_animation=&#8221;none&#8221; shape_type=&#8221;&#8221; gradient_type=&#8221;default&#8221;][vc_column column_padding=&#8221;no-extra-padding&#8221; column_padding_tablet=&#8221;inherit&#8221; column_padding_phone=&#8221;inherit&#8221; column_padding_position=&#8221;left-right&#8221; column_element_direction_desktop=&#8221;default&#8221; column_element_spacing=&#8221;default&#8221; desktop_text_alignment=&#8221;default&#8221; tablet_text_alignment=&#8221;default&#8221; phone_text_alignment=&#8221;default&#8221; background_color_opacity=&#8221;1&#8243; background_hover_color_opacity=&#8221;1&#8243; column_backdrop_filter=&#8221;none&#8221; font_color=&#8221;#000000&#8243; column_shadow=&#8221;none&#8221; column_border_radius=&#8221;none&#8221; column_link_target=&#8221;_self&#8221; column_position=&#8221;default&#8221; el_class=&#8221;online-cont-left&#8221; gradient_direction=&#8221;left_to_right&#8221; overlay_strength=&#8221;0.3&#8243; width=&#8221;1\/1&#8243; tablet_width_inherit=&#8221;default&#8221; animation_type=&#8221;default&#8221; bg_image_animation=&#8221;none&#8221; border_type=&#8221;simple&#8221; column_border_width=&#8221;none&#8221; column_border_style=&#8221;solid&#8221; column_padding_type=&#8221;default&#8221; content_layout=&#8221;default&#8221; gradient_type=&#8221;default&#8221;][vc_column_text]<div class=\"pt-cv-wrapper\"><div class=\"pt-cv-view pt-cv-grid pt-cv-colsys\" id=\"pt-cv-view-ac1e1e0ry2\"><div data-id=\"pt-cv-page-1\" class=\"pt-cv-page\" data-cvc=\"2\"><div class=\"col-md-6 col-sm-12 col-xs-12 pt-cv-content-item pt-cv-1-col\"  data-pid=\"14679\"><div class='pt-cv-ifield'><a href=\"https:\/\/balkon.art\/home\/a-tavollet-jelenlete\/\" class=\"_self pt-cv-href-thumbnail pt-cv-thumb-default cvplbd\" target=\"_self\" ><img loading=\"lazy\" decoding=\"async\" width=\"1200\" height=\"630\" src=\"https:\/\/balkon.art\/home\/ba-app\/uploads\/2018\/12\/balkon-szucs-attila-accident-in-a-box-fb.jpg\" class=\"pt-cv-thumbnail img-none\" alt=\"A t\u00e1voll\u00e9t jelenl\u00e9te\" srcset=\"https:\/\/balkon.art\/home\/ba-app\/uploads\/2018\/12\/balkon-szucs-attila-accident-in-a-box-fb.jpg 1200w, https:\/\/balkon.art\/home\/ba-app\/uploads\/2018\/12\/balkon-szucs-attila-accident-in-a-box-fb-800x420.jpg 800w, https:\/\/balkon.art\/home\/ba-app\/uploads\/2018\/12\/balkon-szucs-attila-accident-in-a-box-fb-768x403.jpg 768w\" sizes=\"auto, (max-width: 1200px) 100vw, 1200px\" \/><\/a>\n<h6 class=\"pt-cv-title\"><a href=\"https:\/\/balkon.art\/home\/a-tavollet-jelenlete\/\" class=\"_self cvplbd\" target=\"_self\" >A t\u00e1voll\u00e9t jelenl\u00e9te<\/a><\/h6>\n<div class=\"pt-cv-content\">[vc_row type=\"in_container\" full_screen_row_position=\"middle\" column_margin=\"default\" column_direction=\"default\" column_direction_tablet=\"default\" column_direction_phone=\"default\" scene_position=\"center\" text_color=\"dark\" text_align=\"left\" row_border_radius=\"none\" row_border_radius_applies=\"bg\" overflow=\"visible\" class=\"p-4-0\" overlay_strength=\"0.3\" gradient_direction=\"left_to_right\" shape_divider_position=\"bottom\" bg_image_animation=\"none\" gradient_type=\"default\" shape_type=\"\"][vc_column column_padding=\"no-extra-padding\" column_padding_tablet=\"inherit\" column_padding_phone=\"inherit\" column_padding_position=\"all\" column_element_direction_desktop=\"default\" column_element_spacing=\"default\" desktop_text_alignment=\"default\" tablet_text_alignment=\"default\" phone_text_alignment=\"default\" background_color_opacity=\"1\" background_hover_color_opacity=\"1\" column_backdrop_filter=\"none\" column_shadow=\"none\" column_border_radius=\"none\" column_link_target=\"_self\" ...<\/div>\n<div class=\"pt-cv-meta-fields\"><span class=\"author\"> <a href=\"https:\/\/balkon.art\/home\/author\/gerda-szeplaky-balkon-wefgh\/\" rel=\"author\">SZ\u00c9PLAKY Gerda<\/a><\/span><\/div><\/div><\/div>\n<div class=\"col-md-6 col-sm-12 col-xs-12 pt-cv-content-item pt-cv-1-col\"  data-pid=\"14458\"><div class='pt-cv-ifield'><a href=\"https:\/\/balkon.art\/home\/az-eszleles-hatarvidekein\/\" class=\"_self pt-cv-href-thumbnail pt-cv-thumb-default cvplbd\" target=\"_self\" ><img loading=\"lazy\" decoding=\"async\" width=\"1200\" height=\"630\" src=\"https:\/\/balkon.art\/home\/ba-app\/uploads\/2018\/12\/balkon-bilak-krystina-unseen-fb.jpg\" class=\"pt-cv-thumbnail img-none\" alt=\"Az \u00e9szlel\u00e9s hat\u00e1rvid\u00e9kein\" srcset=\"https:\/\/balkon.art\/home\/ba-app\/uploads\/2018\/12\/balkon-bilak-krystina-unseen-fb.jpg 1200w, https:\/\/balkon.art\/home\/ba-app\/uploads\/2018\/12\/balkon-bilak-krystina-unseen-fb-800x420.jpg 800w, https:\/\/balkon.art\/home\/ba-app\/uploads\/2018\/12\/balkon-bilak-krystina-unseen-fb-768x403.jpg 768w\" sizes=\"auto, (max-width: 1200px) 100vw, 1200px\" \/><\/a>\n<h6 class=\"pt-cv-title\"><a href=\"https:\/\/balkon.art\/home\/az-eszleles-hatarvidekein\/\" class=\"_self cvplbd\" target=\"_self\" >Az \u00e9szlel\u00e9s hat\u00e1rvid\u00e9kein<\/a><\/h6>\n<div class=\"pt-cv-content\">[vc_row type=\"in_container\" full_screen_row_position=\"middle\" scene_position=\"center\" text_color=\"dark\" text_align=\"left\" overlay_strength=\"0.3\" shape_divider_position=\"bottom\" bg_image_animation=\"none\"][vc_column column_padding=\"no-extra-padding\" column_padding_position=\"all\" background_color_opacity=\"1\" background_hover_color_opacity=\"1\" column_link_target=\"_self\" column_shadow=\"none\" column_border_radius=\"none\" width=\"1\/1\" tablet_width_inherit=\"default\" tablet_text_alignment=\"default\" phone_text_alignment=\"default\" column_border_width=\"none\" column_border_style=\"solid\" bg_image_animation=\"none\"][divider line_type=\"No Line\" custom_height=\"20\"][vc_column_text] <em>Making Sense<\/em> Krystyna Bilak \u00e9s Bir\u00f3 D\u00e1vid ki\u00e1ll\u00edt\u00e1sa [\/vc_column_text][divider ...<\/div>\n<div class=\"pt-cv-meta-fields\"><span class=\"author\"> <a href=\"https:\/\/balkon.art\/home\/author\/tillmann-ja-dfwvpohpjl\/\" rel=\"author\">TILLMANN J. A.<\/a><\/span><\/div><\/div><\/div>\n<div class=\"col-md-6 col-sm-12 col-xs-12 pt-cv-content-item pt-cv-1-col\"  data-pid=\"13474\"><div class='pt-cv-ifield'><a href=\"https:\/\/balkon.art\/home\/performativ-szocialis-kover-politikailag-inkorrekt-minden-szobor\/\" class=\"_self pt-cv-href-thumbnail pt-cv-thumb-default cvplbd\" target=\"_self\" ><img loading=\"lazy\" decoding=\"async\" width=\"1200\" height=\"630\" src=\"https:\/\/balkon.art\/home\/ba-app\/uploads\/2018\/09\/balkon-2-erwin-wurm-ludwig-muzeum-fb.jpg\" class=\"pt-cv-thumbnail img-none\" alt=\"Performat\u00edv, szoci\u00e1lis, k\u00f6v\u00e9r, politikailag inkorrekt. Minden szobor\u2026\" srcset=\"https:\/\/balkon.art\/home\/ba-app\/uploads\/2018\/09\/balkon-2-erwin-wurm-ludwig-muzeum-fb.jpg 1200w, https:\/\/balkon.art\/home\/ba-app\/uploads\/2018\/09\/balkon-2-erwin-wurm-ludwig-muzeum-fb-800x420.jpg 800w, https:\/\/balkon.art\/home\/ba-app\/uploads\/2018\/09\/balkon-2-erwin-wurm-ludwig-muzeum-fb-768x403.jpg 768w\" sizes=\"auto, (max-width: 1200px) 100vw, 1200px\" \/><\/a>\n<h6 class=\"pt-cv-title\"><a href=\"https:\/\/balkon.art\/home\/performativ-szocialis-kover-politikailag-inkorrekt-minden-szobor\/\" class=\"_self cvplbd\" target=\"_self\" >Performat\u00edv, szoci\u00e1lis, k\u00f6v\u00e9r, politikailag inkorrekt. Minden szobor\u2026<\/a><\/h6>\n<div class=\"pt-cv-content\">[vc_row type=\"in_container\" full_screen_row_position=\"middle\" column_margin=\"default\" column_direction=\"default\" column_direction_tablet=\"default\" column_direction_phone=\"default\" scene_position=\"center\" text_color=\"dark\" text_align=\"left\" row_border_radius=\"none\" row_border_radius_applies=\"bg\" overflow=\"visible\" class=\"p-2-0\" overlay_strength=\"0.3\" gradient_direction=\"left_to_right\" shape_divider_position=\"bottom\" bg_image_animation=\"none\" gradient_type=\"default\" shape_type=\"\"][vc_column column_padding=\"no-extra-padding\" column_padding_tablet=\"inherit\" column_padding_phone=\"inherit\" column_padding_position=\"all\" column_element_direction_desktop=\"default\" column_element_spacing=\"default\" desktop_text_alignment=\"default\" tablet_text_alignment=\"default\" phone_text_alignment=\"default\" background_color_opacity=\"1\" background_hover_color_opacity=\"1\" column_backdrop_filter=\"none\" column_shadow=\"none\" column_border_radius=\"none\" column_link_target=\"_self\" ...<\/div>\n<div class=\"pt-cv-meta-fields\"><span class=\"author\"> <a href=\"https:\/\/balkon.art\/home\/author\/pfisztner-gabor-balk-45654113r4nntz\/\" rel=\"author\">PFISZTNER G\u00e1bor<\/a><\/span><\/div><\/div><\/div>\n<div class=\"col-md-6 col-sm-12 col-xs-12 pt-cv-content-item pt-cv-1-col\"  data-pid=\"13347\"><div class='pt-cv-ifield'><a href=\"https:\/\/balkon.art\/home\/beszelgetes-erwin-wurmmal\/\" class=\"_self pt-cv-href-thumbnail pt-cv-thumb-default cvplbd\" target=\"_self\" ><img loading=\"lazy\" decoding=\"async\" width=\"1200\" height=\"630\" src=\"https:\/\/balkon.art\/home\/ba-app\/uploads\/2018\/09\/balkon-erwin-wurm-ludwig-muzeum-fb.jpg\" class=\"pt-cv-thumbnail img-none\" alt=\"Besz\u00e9lget\u00e9s  Erwin Wurmmal\" srcset=\"https:\/\/balkon.art\/home\/ba-app\/uploads\/2018\/09\/balkon-erwin-wurm-ludwig-muzeum-fb.jpg 1200w, https:\/\/balkon.art\/home\/ba-app\/uploads\/2018\/09\/balkon-erwin-wurm-ludwig-muzeum-fb-800x420.jpg 800w, https:\/\/balkon.art\/home\/ba-app\/uploads\/2018\/09\/balkon-erwin-wurm-ludwig-muzeum-fb-768x403.jpg 768w\" sizes=\"auto, (max-width: 1200px) 100vw, 1200px\" \/><\/a>\n<h6 class=\"pt-cv-title\"><a href=\"https:\/\/balkon.art\/home\/beszelgetes-erwin-wurmmal\/\" class=\"_self cvplbd\" target=\"_self\" >Besz\u00e9lget\u00e9s  Erwin Wurmmal<\/a><\/h6>\n<div class=\"pt-cv-content\">[vc_row type=\"in_container\" full_screen_row_position=\"middle\" column_margin=\"default\" column_direction=\"default\" column_direction_tablet=\"default\" column_direction_phone=\"default\" scene_position=\"center\" text_color=\"dark\" text_align=\"left\" row_border_radius=\"none\" row_border_radius_applies=\"bg\" overflow=\"visible\" class=\"p-4-0\" overlay_strength=\"0.3\" gradient_direction=\"left_to_right\" shape_divider_position=\"bottom\" bg_image_animation=\"none\" gradient_type=\"default\" shape_type=\"\"][vc_column column_padding=\"no-extra-padding\" column_padding_tablet=\"inherit\" column_padding_phone=\"inherit\" column_padding_position=\"all\" column_element_direction_desktop=\"default\" column_element_spacing=\"default\" desktop_text_alignment=\"default\" tablet_text_alignment=\"default\" phone_text_alignment=\"default\" background_color_opacity=\"1\" background_hover_color_opacity=\"1\" column_backdrop_filter=\"none\" column_shadow=\"none\" column_border_radius=\"none\" column_link_target=\"_self\" ...<\/div>\n<div class=\"pt-cv-meta-fields\"><span class=\"author\"> <a href=\"https:\/\/balkon.art\/home\/author\/pfisztner-gabor-balk-45654113r4nntz\/\" rel=\"author\">PFISZTNER G\u00e1bor<\/a><\/span><\/div><\/div><\/div>\n<div class=\"col-md-6 col-sm-12 col-xs-12 pt-cv-content-item pt-cv-1-col\"  data-pid=\"12320\"><div class='pt-cv-ifield'><a href=\"https:\/\/balkon.art\/home\/a-muzeum-ejszakaja\/\" class=\"_self pt-cv-href-thumbnail pt-cv-thumb-default cvplbd\" target=\"_self\" ><img loading=\"lazy\" decoding=\"async\" width=\"1200\" height=\"630\" src=\"https:\/\/balkon.art\/home\/ba-app\/uploads\/2018\/08\/balkon-manifesto-fb.jpg\" class=\"pt-cv-thumbnail img-none\" alt=\"A m\u00fazeum \u00e9jszak\u00e1ja\" srcset=\"https:\/\/balkon.art\/home\/ba-app\/uploads\/2018\/08\/balkon-manifesto-fb.jpg 1200w, https:\/\/balkon.art\/home\/ba-app\/uploads\/2018\/08\/balkon-manifesto-fb-800x420.jpg 800w, https:\/\/balkon.art\/home\/ba-app\/uploads\/2018\/08\/balkon-manifesto-fb-768x403.jpg 768w\" sizes=\"auto, (max-width: 1200px) 100vw, 1200px\" \/><\/a>\n<h6 class=\"pt-cv-title\"><a href=\"https:\/\/balkon.art\/home\/a-muzeum-ejszakaja\/\" class=\"_self cvplbd\" target=\"_self\" >A m\u00fazeum \u00e9jszak\u00e1ja<\/a><\/h6>\n<div class=\"pt-cv-content\">[vc_row type=\"in_container\" full_screen_row_position=\"middle\" column_margin=\"default\" column_direction=\"default\" column_direction_tablet=\"default\" column_direction_phone=\"default\" scene_position=\"center\" text_color=\"dark\" text_align=\"left\" row_border_radius=\"none\" row_border_radius_applies=\"bg\" row_position_desktop=\"default\" row_position_tablet=\"inherit\" row_position_phone=\"inherit\" overflow=\"visible\" overlay_strength=\"0.3\" gradient_direction=\"left_to_right\" shape_divider_position=\"bottom\" bg_image_animation=\"none\"][vc_column column_padding=\"no-extra-padding\" column_padding_tablet=\"inherit\" column_padding_phone=\"inherit\" column_padding_position=\"all\" flex_gap_desktop=\"10px\" column_element_direction_desktop=\"default\" column_element_spacing=\"default\" desktop_text_alignment=\"default\" tablet_text_alignment=\"default\" phone_text_alignment=\"default\" background_color_opacity=\"1\" background_hover_color_opacity=\"1\" column_backdrop_filter=\"none\" column_shadow=\"none\" column_border_radius=\"none\" ...<\/div>\n<div class=\"pt-cv-meta-fields\"><span class=\"author\"> <a href=\"https:\/\/balkon.art\/home\/author\/balkon-auth-njn52-pal-j\/\" rel=\"author\">PALOTAI J\u00e1nos<\/a><\/span><\/div><\/div><\/div>\n<div class=\"col-md-6 col-sm-12 col-xs-12 pt-cv-content-item pt-cv-1-col\"  data-pid=\"12272\"><div class='pt-cv-ifield'><a href=\"https:\/\/balkon.art\/home\/az-organikus-formakiserletektol-a-geometrikus-szinkiserletekig\/\" class=\"_self pt-cv-href-thumbnail pt-cv-thumb-default cvplbd\" target=\"_self\" ><img loading=\"lazy\" decoding=\"async\" width=\"1200\" height=\"630\" src=\"https:\/\/balkon.art\/home\/ba-app\/uploads\/2018\/08\/balkon-keppe-valt-kiserlet-fb.jpg\" class=\"pt-cv-thumbnail img-none\" alt=\"Az organikus formak\u00eds\u00e9rletekt\u0151l a geometrikus sz\u00ednk\u00eds\u00e9rletekig\" srcset=\"https:\/\/balkon.art\/home\/ba-app\/uploads\/2018\/08\/balkon-keppe-valt-kiserlet-fb.jpg 1200w, https:\/\/balkon.art\/home\/ba-app\/uploads\/2018\/08\/balkon-keppe-valt-kiserlet-fb-800x420.jpg 800w, https:\/\/balkon.art\/home\/ba-app\/uploads\/2018\/08\/balkon-keppe-valt-kiserlet-fb-768x403.jpg 768w\" sizes=\"auto, (max-width: 1200px) 100vw, 1200px\" \/><\/a>\n<h6 class=\"pt-cv-title\"><a href=\"https:\/\/balkon.art\/home\/az-organikus-formakiserletektol-a-geometrikus-szinkiserletekig\/\" class=\"_self cvplbd\" target=\"_self\" >Az organikus formak\u00eds\u00e9rletekt\u0151l a geometrikus sz\u00ednk\u00eds\u00e9rletekig<\/a><\/h6>\n<div class=\"pt-cv-content\">[vc_row type=\"in_container\" full_screen_row_position=\"middle\" scene_position=\"center\" text_color=\"dark\" text_align=\"left\" overlay_strength=\"0.3\" shape_divider_position=\"bottom\" bg_image_animation=\"none\"][vc_column column_padding=\"no-extra-padding\" column_padding_position=\"all\" background_color_opacity=\"1\" background_hover_color_opacity=\"1\" column_link_target=\"_self\" column_shadow=\"none\" column_border_radius=\"none\" width=\"1\/1\" tablet_width_inherit=\"default\" tablet_text_alignment=\"default\" phone_text_alignment=\"default\" column_border_width=\"none\" column_border_style=\"solid\" bg_image_animation=\"none\"][divider line_type=\"No Line\" custom_height=\"25\"][vc_column_text] <em>K\u00e9pp\u00e9 v\u00e1lt k\u00eds\u00e9rlet<\/em> [\/vc_column_text][divider line_type=\"No Line\" custom_height=\"25\"][vc_column_text] Kur\u00e1tor: P\u00f3cs ...<\/div>\n<div class=\"pt-cv-meta-fields\"><span class=\"author\"> <a href=\"https:\/\/balkon.art\/home\/author\/balkon-author-22523-sallo-kr\/\" rel=\"author\">SALL\u00d3 Krisztina<\/a><\/span><\/div><\/div><\/div>\n<div class=\"col-md-6 col-sm-12 col-xs-12 pt-cv-content-item pt-cv-1-col\"  data-pid=\"12146\"><div class='pt-cv-ifield'><a href=\"https:\/\/balkon.art\/home\/behatarolt-jatszoterek\/\" class=\"_self pt-cv-href-thumbnail pt-cv-thumb-default cvplbd\" target=\"_self\" ><img loading=\"lazy\" decoding=\"async\" width=\"1200\" height=\"630\" src=\"https:\/\/balkon.art\/home\/ba-app\/uploads\/2018\/07\/balkon-hardi-agnes-fb.jpg\" class=\"pt-cv-thumbnail img-none\" alt=\"Behat\u00e1rolt j\u00e1tsz\u00f3terek\" srcset=\"https:\/\/balkon.art\/home\/ba-app\/uploads\/2018\/07\/balkon-hardi-agnes-fb.jpg 1200w, https:\/\/balkon.art\/home\/ba-app\/uploads\/2018\/07\/balkon-hardi-agnes-fb-800x420.jpg 800w, https:\/\/balkon.art\/home\/ba-app\/uploads\/2018\/07\/balkon-hardi-agnes-fb-768x403.jpg 768w\" sizes=\"auto, (max-width: 1200px) 100vw, 1200px\" \/><\/a>\n<h6 class=\"pt-cv-title\"><a href=\"https:\/\/balkon.art\/home\/behatarolt-jatszoterek\/\" class=\"_self cvplbd\" target=\"_self\" >Behat\u00e1rolt j\u00e1tsz\u00f3terek<\/a><\/h6>\n<div class=\"pt-cv-content\">[vc_row type=\"in_container\" full_screen_row_position=\"middle\" scene_position=\"center\" text_color=\"dark\" text_align=\"left\" overlay_strength=\"0.3\" shape_divider_position=\"bottom\" bg_image_animation=\"none\"][vc_column column_padding=\"no-extra-padding\" column_padding_position=\"all\" background_color_opacity=\"1\" background_hover_color_opacity=\"1\" column_link_target=\"_self\" column_shadow=\"none\" column_border_radius=\"none\" width=\"1\/1\" tablet_width_inherit=\"default\" tablet_text_alignment=\"default\" phone_text_alignment=\"default\" column_border_width=\"none\" column_border_style=\"solid\" bg_image_animation=\"none\"][divider line_type=\"No Line\" custom_height=\"20\"][vc_column_text] Hardi \u00c1gnes: <em>Mindenhol j\u00f3<\/em> [\/vc_column_text][divider line_type=\"No Line\" custom_height=\"25\"][vc_column_text] \u00d3budai ...<\/div>\n<div class=\"pt-cv-meta-fields\"><span class=\"author\"> <a href=\"https:\/\/balkon.art\/home\/author\/koller-agnes-1112121ert-balkon\/\" rel=\"author\">KOLLER \u00c1gnes<\/a><\/span><\/div><\/div><\/div>\n<div class=\"col-md-6 col-sm-12 col-xs-12 pt-cv-content-item pt-cv-1-col\"  data-pid=\"9867\"><div class='pt-cv-ifield'><a href=\"https:\/\/balkon.art\/home\/a-tortenelem-esendosege\/\" class=\"_self pt-cv-href-thumbnail pt-cv-thumb-default cvplbd\" target=\"_self\" ><img loading=\"lazy\" decoding=\"async\" width=\"1200\" height=\"630\" src=\"https:\/\/balkon.art\/home\/ba-app\/uploads\/2018\/06\/balkon-betuk-mnm-fb-1.jpg\" class=\"pt-cv-thumbnail img-none\" alt=\"A t\u00f6rt\u00e9nelem esend\u0151s\u00e9ge\" srcset=\"https:\/\/balkon.art\/home\/ba-app\/uploads\/2018\/06\/balkon-betuk-mnm-fb-1.jpg 1200w, https:\/\/balkon.art\/home\/ba-app\/uploads\/2018\/06\/balkon-betuk-mnm-fb-1-800x420.jpg 800w, https:\/\/balkon.art\/home\/ba-app\/uploads\/2018\/06\/balkon-betuk-mnm-fb-1-768x403.jpg 768w\" sizes=\"auto, (max-width: 1200px) 100vw, 1200px\" \/><\/a>\n<h6 class=\"pt-cv-title\"><a href=\"https:\/\/balkon.art\/home\/a-tortenelem-esendosege\/\" class=\"_self cvplbd\" target=\"_self\" >A t\u00f6rt\u00e9nelem esend\u0151s\u00e9ge<\/a><\/h6>\n<div class=\"pt-cv-content\">[vc_row type=\"in_container\" full_screen_row_position=\"middle\" scene_position=\"center\" text_color=\"dark\" text_align=\"left\" overlay_strength=\"0.3\" shape_divider_position=\"bottom\" bg_image_animation=\"none\"][vc_column column_padding=\"no-extra-padding\" column_padding_position=\"all\" background_color_opacity=\"1\" background_hover_color_opacity=\"1\" column_link_target=\"_self\" column_shadow=\"none\" column_border_radius=\"none\" width=\"1\/1\" tablet_width_inherit=\"default\" tablet_text_alignment=\"default\" phone_text_alignment=\"default\" column_border_width=\"none\" column_border_style=\"solid\" bg_image_animation=\"none\"][divider line_type=\"No Line\" custom_height=\"10\"][vc_column_text] <em>t\u00e1rgy.t\u00f6rt\u00e9net.etc.<\/em> | <em>bet\u0171k.<\/em> [\/vc_column_text][divider line_type=\"No Line\" custom_height=\"25\"][vc_column_text] Kur\u00e1tor: Fisli ...<\/div>\n<div class=\"pt-cv-meta-fields\"><span class=\"author\"> <a href=\"https:\/\/balkon.art\/home\/author\/cseke-balazs-balkon-5520974\/\" rel=\"author\">CSEKE Bal\u00e1zs<\/a><\/span><\/div><\/div><\/div>\n<div class=\"col-md-6 col-sm-12 col-xs-12 pt-cv-content-item pt-cv-1-col\"  data-pid=\"9590\"><div class='pt-cv-ifield'><a href=\"https:\/\/balkon.art\/home\/gado-flora-magangyujtemenyek-dialogusban\/\" class=\"_self pt-cv-href-thumbnail pt-cv-thumb-default cvplbd\" target=\"_self\" ><img loading=\"lazy\" decoding=\"async\" width=\"1200\" height=\"630\" src=\"https:\/\/balkon.art\/home\/ba-app\/uploads\/2018\/05\/balkon-ketfeju-gyufa-fb.jpg\" class=\"pt-cv-thumbnail img-none\" alt=\"Mag\u00e1ngy\u0171jtem\u00e9nyek dial\u00f3gusban\" srcset=\"https:\/\/balkon.art\/home\/ba-app\/uploads\/2018\/05\/balkon-ketfeju-gyufa-fb.jpg 1200w, https:\/\/balkon.art\/home\/ba-app\/uploads\/2018\/05\/balkon-ketfeju-gyufa-fb-800x420.jpg 800w, https:\/\/balkon.art\/home\/ba-app\/uploads\/2018\/05\/balkon-ketfeju-gyufa-fb-768x403.jpg 768w\" sizes=\"auto, (max-width: 1200px) 100vw, 1200px\" \/><\/a>\n<h6 class=\"pt-cv-title\"><a href=\"https:\/\/balkon.art\/home\/gado-flora-magangyujtemenyek-dialogusban\/\" class=\"_self cvplbd\" target=\"_self\" >Mag\u00e1ngy\u0171jtem\u00e9nyek dial\u00f3gusban<\/a><\/h6>\n<div class=\"pt-cv-content\">[vc_row type=\"in_container\" full_screen_row_position=\"middle\" scene_position=\"center\" text_color=\"dark\" text_align=\"left\" overlay_strength=\"0.3\" shape_divider_position=\"bottom\" bg_image_animation=\"none\"][vc_column column_padding=\"no-extra-padding\" column_padding_position=\"all\" background_color_opacity=\"1\" background_hover_color_opacity=\"1\" column_link_target=\"_self\" column_shadow=\"none\" column_border_radius=\"none\" width=\"1\/1\" tablet_width_inherit=\"default\" tablet_text_alignment=\"default\" phone_text_alignment=\"default\" column_border_width=\"none\" column_border_style=\"solid\" bg_image_animation=\"none\"][vc_column_text] <em>K\u00e9tfej\u0171 gyufa<\/em> | V\u00e1logat\u00e1s n\u00e9gy kort\u00e1rs rom\u00e1n mag\u00e1ngy\u0171jtem\u00e9nyb\u0151l [\/vc_column_text][divider line_type=\"No Line\" custom_height=\"25\"][vc_column_text] ...<\/div>\n<div class=\"pt-cv-meta-fields\"><span class=\"author\"> <a href=\"https:\/\/balkon.art\/home\/author\/gado-flora-balkon-2018-jjdj56-2\/\" rel=\"author\">GAD\u00d3 Fl\u00f3ra<\/a><\/span><\/div><\/div><\/div>\n<div class=\"col-md-6 col-sm-12 col-xs-12 pt-cv-content-item pt-cv-1-col\"  data-pid=\"9178\"><div class='pt-cv-ifield'><a href=\"https:\/\/balkon.art\/home\/a-palyakezdes-szigoru-jatekszabalyai-terapia\/\" class=\"_self pt-cv-href-thumbnail pt-cv-thumb-default cvplbd\" target=\"_self\" ><img loading=\"lazy\" decoding=\"async\" width=\"1200\" height=\"630\" src=\"https:\/\/balkon.art\/home\/ba-app\/uploads\/2018\/05\/balkon-terapia-fb-01.jpg\" class=\"pt-cv-thumbnail img-none\" alt=\"A p\u00e1lyakezd\u00e9s szigor\u00fa j\u00e1t\u00e9kszab\u00e1lyai\" srcset=\"https:\/\/balkon.art\/home\/ba-app\/uploads\/2018\/05\/balkon-terapia-fb-01.jpg 1200w, https:\/\/balkon.art\/home\/ba-app\/uploads\/2018\/05\/balkon-terapia-fb-01-800x420.jpg 800w, https:\/\/balkon.art\/home\/ba-app\/uploads\/2018\/05\/balkon-terapia-fb-01-768x403.jpg 768w\" sizes=\"auto, (max-width: 1200px) 100vw, 1200px\" \/><\/a>\n<h6 class=\"pt-cv-title\"><a href=\"https:\/\/balkon.art\/home\/a-palyakezdes-szigoru-jatekszabalyai-terapia\/\" class=\"_self cvplbd\" target=\"_self\" >A p\u00e1lyakezd\u00e9s szigor\u00fa j\u00e1t\u00e9kszab\u00e1lyai<\/a><\/h6>\n<div class=\"pt-cv-content\">[vc_row type=\"in_container\" full_screen_row_position=\"middle\" scene_position=\"center\" text_color=\"dark\" text_align=\"left\" overlay_strength=\"0.3\" shape_divider_position=\"bottom\" bg_image_animation=\"none\"][vc_column column_padding=\"no-extra-padding\" column_padding_position=\"all\" background_color_opacity=\"1\" background_hover_color_opacity=\"1\" column_link_target=\"_self\" column_shadow=\"none\" column_border_radius=\"none\" width=\"1\/1\" tablet_width_inherit=\"default\" tablet_text_alignment=\"default\" phone_text_alignment=\"default\" column_border_width=\"none\" column_border_style=\"solid\" bg_image_animation=\"none\"][vc_column_text] <em>Ter\u00e1pia<\/em> [\/vc_column_text][divider line_type=\"No Line\" custom_height=\"25\"][vc_column_text] Kur\u00e1tor: Don Tam\u00e1s [\/vc_column_text][divider line_type=\"No Line\" custom_height=\"25\"][vc_column_text] ...<\/div>\n<div class=\"pt-cv-meta-fields\"><span class=\"author\"> <a href=\"https:\/\/balkon.art\/home\/author\/dora-kangiszer-blkn-kj12578\/\" rel=\"author\">KANGISZER D\u00f3ra<\/a><\/span><\/div><\/div><\/div>\n<div class=\"col-md-6 col-sm-12 col-xs-12 pt-cv-content-item pt-cv-1-col\"  data-pid=\"8891\"><div class='pt-cv-ifield'><a href=\"https:\/\/balkon.art\/home\/kep-kepletek-szinyova-gergo-kenyelmes-kenyelmetlen\/\" class=\"_self pt-cv-href-thumbnail pt-cv-thumb-default cvplbd\" target=\"_self\" ><img loading=\"lazy\" decoding=\"async\" width=\"1200\" height=\"630\" src=\"https:\/\/balkon.art\/home\/ba-app\/uploads\/2018\/04\/balkon-szinyova-gergo-fb.jpg\" class=\"pt-cv-thumbnail img-none\" alt=\"K\u00e9p-k\u00e9pletek\" srcset=\"https:\/\/balkon.art\/home\/ba-app\/uploads\/2018\/04\/balkon-szinyova-gergo-fb.jpg 1200w, https:\/\/balkon.art\/home\/ba-app\/uploads\/2018\/04\/balkon-szinyova-gergo-fb-800x420.jpg 800w, https:\/\/balkon.art\/home\/ba-app\/uploads\/2018\/04\/balkon-szinyova-gergo-fb-768x403.jpg 768w\" sizes=\"auto, (max-width: 1200px) 100vw, 1200px\" \/><\/a>\n<h6 class=\"pt-cv-title\"><a href=\"https:\/\/balkon.art\/home\/kep-kepletek-szinyova-gergo-kenyelmes-kenyelmetlen\/\" class=\"_self cvplbd\" target=\"_self\" >K\u00e9p-k\u00e9pletek<\/a><\/h6>\n<div class=\"pt-cv-content\">[vc_row type=\"in_container\" full_screen_row_position=\"middle\" scene_position=\"center\" text_color=\"dark\" text_align=\"left\" overlay_strength=\"0.3\" shape_divider_position=\"bottom\" bg_image_animation=\"none\"][vc_column column_padding=\"no-extra-padding\" column_padding_position=\"all\" background_color_opacity=\"1\" background_hover_color_opacity=\"1\" column_link_target=\"_self\" column_shadow=\"none\" column_border_radius=\"none\" width=\"1\/1\" tablet_width_inherit=\"default\" tablet_text_alignment=\"default\" phone_text_alignment=\"default\" column_border_width=\"none\" column_border_style=\"solid\" bg_image_animation=\"none\"][vc_column_text] H\u00edv\u00f3szavak \u00e9s t\u00f6red\u00e9kes megjegyz\u00e9sek Szinyova Gerg\u0151 \u00faj sorozat\u00e1hoz [\/vc_column_text][divider line_type=\"No Line\" custom_height=\"60\"][vc_column_text] ...<\/div>\n<div class=\"pt-cv-meta-fields\"><span class=\"author\"> <a href=\"https:\/\/balkon.art\/home\/author\/feher-david-bhmkyr-fgv\/\" rel=\"author\">FEH\u00c9R D\u00e1vid<\/a><\/span><\/div><\/div><\/div>\n<div class=\"col-md-6 col-sm-12 col-xs-12 pt-cv-content-item pt-cv-1-col\"  data-pid=\"8773\"><div class='pt-cv-ifield'><a href=\"https:\/\/balkon.art\/home\/bekak-bab-es-halalszinpadai\/\" class=\"_self pt-cv-href-thumbnail pt-cv-thumb-default cvplbd\" target=\"_self\" ><img loading=\"lazy\" decoding=\"async\" width=\"1200\" height=\"630\" src=\"https:\/\/balkon.art\/home\/ba-app\/uploads\/2018\/04\/nagy-jozsef-a42-masolat-fb.jpg\" class=\"pt-cv-thumbnail img-none\" alt=\"B\u00e9k\u00e1k b\u00e1b- \u00e9s hal\u00e1lsz\u00ednpadai\" srcset=\"https:\/\/balkon.art\/home\/ba-app\/uploads\/2018\/04\/nagy-jozsef-a42-masolat-fb.jpg 1200w, https:\/\/balkon.art\/home\/ba-app\/uploads\/2018\/04\/nagy-jozsef-a42-masolat-fb-800x420.jpg 800w, https:\/\/balkon.art\/home\/ba-app\/uploads\/2018\/04\/nagy-jozsef-a42-masolat-fb-768x403.jpg 768w\" sizes=\"auto, (max-width: 1200px) 100vw, 1200px\" \/><\/a>\n<h6 class=\"pt-cv-title\"><a href=\"https:\/\/balkon.art\/home\/bekak-bab-es-halalszinpadai\/\" class=\"_self cvplbd\" target=\"_self\" >B\u00e9k\u00e1k b\u00e1b- \u00e9s hal\u00e1lsz\u00ednpadai<\/a><\/h6>\n<div class=\"pt-cv-content\">[vc_row type=\"in_container\" full_screen_row_position=\"middle\" scene_position=\"center\" text_color=\"dark\" text_align=\"left\" overlay_strength=\"0.3\" shape_divider_position=\"bottom\" bg_image_animation=\"none\"][vc_column column_padding=\"no-extra-padding\" column_padding_position=\"all\" background_color_opacity=\"1\" background_hover_color_opacity=\"1\" column_link_target=\"_self\" column_shadow=\"none\" column_border_radius=\"none\" width=\"1\/1\" tablet_width_inherit=\"default\" tablet_text_alignment=\"default\" phone_text_alignment=\"default\" column_border_width=\"none\" column_border_style=\"solid\" bg_image_animation=\"none\"][divider line_type=\"No Line\" custom_height=\"10\"][vc_column_text] <em>B\u00e9kasz\u00ednh\u00e1z<\/em> \u2013 Nagy J\u00f3zsef fotogr\u00e1fi\u00e1i [\/vc_column_text][divider line_type=\"No Line\" custom_height=\"25\"][vc_column_text] ...<\/div>\n<div class=\"pt-cv-meta-fields\"><span class=\"author\"> <a href=\"https:\/\/balkon.art\/home\/author\/balkon-darida-veronkia-jndjkl2\/\" rel=\"author\">DARIDA Veronika<\/a><\/span><\/div><\/div><\/div>\n<div class=\"col-md-6 col-sm-12 col-xs-12 pt-cv-content-item pt-cv-1-col\"  data-pid=\"8063\"><div class='pt-cv-ifield'><a href=\"https:\/\/balkon.art\/home\/az-esetlegesseg-nyomaban\/\" class=\"_self pt-cv-href-thumbnail pt-cv-thumb-default cvplbd\" target=\"_self\" ><img loading=\"lazy\" decoding=\"async\" width=\"1200\" height=\"630\" src=\"https:\/\/balkon.art\/home\/ba-app\/uploads\/2018\/03\/balkon-komoroczky-tamas-feltaro-intuicio-fb.jpg\" class=\"pt-cv-thumbnail img-none\" alt=\"Az esetlegess\u00e9g nyom\u00e1ban\" srcset=\"https:\/\/balkon.art\/home\/ba-app\/uploads\/2018\/03\/balkon-komoroczky-tamas-feltaro-intuicio-fb.jpg 1200w, https:\/\/balkon.art\/home\/ba-app\/uploads\/2018\/03\/balkon-komoroczky-tamas-feltaro-intuicio-fb-800x420.jpg 800w, https:\/\/balkon.art\/home\/ba-app\/uploads\/2018\/03\/balkon-komoroczky-tamas-feltaro-intuicio-fb-768x403.jpg 768w\" sizes=\"auto, (max-width: 1200px) 100vw, 1200px\" \/><\/a>\n<h6 class=\"pt-cv-title\"><a href=\"https:\/\/balkon.art\/home\/az-esetlegesseg-nyomaban\/\" class=\"_self cvplbd\" target=\"_self\" >Az esetlegess\u00e9g nyom\u00e1ban<\/a><\/h6>\n<div class=\"pt-cv-content\">[vc_row type=\"in_container\" full_screen_row_position=\"middle\" column_margin=\"default\" column_direction=\"default\" column_direction_tablet=\"default\" column_direction_phone=\"default\" scene_position=\"center\" text_color=\"dark\" text_align=\"left\" row_border_radius=\"none\" row_border_radius_applies=\"bg\" overflow=\"visible\" overlay_strength=\"0.3\" gradient_direction=\"left_to_right\" shape_divider_position=\"bottom\" bg_image_animation=\"none\"][vc_column column_padding=\"no-extra-padding\" column_padding_tablet=\"inherit\" column_padding_phone=\"inherit\" column_padding_position=\"all\" column_element_spacing=\"default\" background_color_opacity=\"1\" background_hover_color_opacity=\"1\" column_shadow=\"none\" column_border_radius=\"none\" column_link_target=\"_self\" column_position=\"default\" gradient_direction=\"left_to_right\" overlay_strength=\"0.3\" width=\"1\/1\" tablet_width_inherit=\"default\" tablet_text_alignment=\"default\" phone_text_alignment=\"default\" animation_type=\"default\" ...<\/div>\n<div class=\"pt-cv-meta-fields\"><span class=\"author\"> <a href=\"https:\/\/balkon.art\/home\/author\/seregi-tamas-balk-fgbnnz\/\" rel=\"author\">SEREGI Tam\u00e1s<\/a><\/span><\/div><\/div><\/div>\n<div class=\"col-md-6 col-sm-12 col-xs-12 pt-cv-content-item pt-cv-1-col\"  data-pid=\"8122\"><div class='pt-cv-ifield'><a href=\"https:\/\/balkon.art\/home\/a-kozmosz-atirasa\/\" class=\"_self pt-cv-href-thumbnail pt-cv-thumb-default cvplbd\" target=\"_self\" ><img loading=\"lazy\" decoding=\"async\" width=\"1200\" height=\"630\" src=\"https:\/\/balkon.art\/home\/ba-app\/uploads\/2018\/03\/balkon-randomroutines-trinec-1200.jpg\" class=\"pt-cv-thumbnail img-none\" alt=\"A kozmosz \u00e1t\u00edr\u00e1sa\" srcset=\"https:\/\/balkon.art\/home\/ba-app\/uploads\/2018\/03\/balkon-randomroutines-trinec-1200.jpg 1200w, https:\/\/balkon.art\/home\/ba-app\/uploads\/2018\/03\/balkon-randomroutines-trinec-1200-800x420.jpg 800w, https:\/\/balkon.art\/home\/ba-app\/uploads\/2018\/03\/balkon-randomroutines-trinec-1200-768x403.jpg 768w\" sizes=\"auto, (max-width: 1200px) 100vw, 1200px\" \/><\/a>\n<h6 class=\"pt-cv-title\"><a href=\"https:\/\/balkon.art\/home\/a-kozmosz-atirasa\/\" class=\"_self cvplbd\" target=\"_self\" >A kozmosz \u00e1t\u00edr\u00e1sa<\/a><\/h6>\n<div class=\"pt-cv-content\">[vc_row type=\"full_width_background\" full_screen_row_position=\"middle\" column_margin=\"default\" column_direction=\"default\" column_direction_tablet=\"default\" column_direction_phone=\"default\" scene_position=\"center\" text_color=\"dark\" text_align=\"left\" row_border_radius=\"none\" row_border_radius_applies=\"bg\" overflow=\"visible\" class=\"p-2-0\" advanced_gradient_angle=\"0\" overlay_strength=\"0.3\" gradient_direction=\"left_to_right\" shape_divider_position=\"bottom\" bg_image_animation=\"none\" gradient_type=\"default\" shape_type=\"\"][vc_column column_padding=\"no-extra-padding\" column_padding_tablet=\"inherit\" column_padding_phone=\"inherit\" column_padding_position=\"all\" column_element_spacing=\"default\" background_color_opacity=\"1\" background_hover_color_opacity=\"1\" column_shadow=\"none\" column_border_radius=\"none\" column_link_target=\"_self\" column_position=\"default\" gradient_direction=\"left_to_right\" overlay_strength=\"0.3\" width=\"1\/1\" ...<\/div>\n<div class=\"pt-cv-meta-fields\"><span class=\"author\"> <a href=\"https:\/\/balkon.art\/home\/author\/melyi-j-balkon-nbb458\/\" rel=\"author\">M\u00c9LYI J\u00f3zsef<\/a><\/span><\/div><\/div><\/div>\n<div class=\"col-md-6 col-sm-12 col-xs-12 pt-cv-content-item pt-cv-1-col\"  data-pid=\"7690\"><div class='pt-cv-ifield'><a href=\"https:\/\/balkon.art\/home\/inside-express-4\/\" class=\"_self pt-cv-href-thumbnail pt-cv-thumb-default cvplbd\" target=\"_self\" ><img loading=\"lazy\" decoding=\"async\" width=\"1200\" height=\"630\" src=\"https:\/\/balkon.art\/home\/ba-app\/uploads\/2018\/02\/balkon-ie-2018-fb.jpg\" class=\"pt-cv-thumbnail img-none\" alt=\"inside express 4\" srcset=\"https:\/\/balkon.art\/home\/ba-app\/uploads\/2018\/02\/balkon-ie-2018-fb.jpg 1200w, https:\/\/balkon.art\/home\/ba-app\/uploads\/2018\/02\/balkon-ie-2018-fb-800x420.jpg 800w, https:\/\/balkon.art\/home\/ba-app\/uploads\/2018\/02\/balkon-ie-2018-fb-768x403.jpg 768w\" sizes=\"auto, (max-width: 1200px) 100vw, 1200px\" \/><\/a>\n<h6 class=\"pt-cv-title\"><a href=\"https:\/\/balkon.art\/home\/inside-express-4\/\" class=\"_self cvplbd\" target=\"_self\" >inside express 4<\/a><\/h6>\n<div class=\"pt-cv-content\">[vc_row type=\"in_container\" full_screen_row_position=\"middle\" scene_position=\"center\" text_color=\"dark\" text_align=\"left\" overlay_strength=\"0.3\" shape_divider_position=\"bottom\" bg_image_animation=\"none\"][vc_column column_padding=\"no-extra-padding\" column_padding_position=\"all\" background_color_opacity=\"1\" background_hover_color_opacity=\"1\" column_link_target=\"_self\" column_shadow=\"none\" column_border_radius=\"none\" width=\"1\/1\" tablet_width_inherit=\"default\" tablet_text_alignment=\"default\" phone_text_alignment=\"default\" column_border_width=\"none\" column_border_style=\"solid\" bg_image_animation=\"none\"][divider line_type=\"No Line\" custom_height=\"25\"][vc_column_text] Barnaf\u00f6ldi Anna, Sz\u00e9cs\u00e9nyi-Nagy Lor\u00e1nd | <em>Legkedvesebb k\u00eds\u00e9rleteim<\/em> [\/vc_column_text][divider line_type=\"No ...<\/div>\n<div class=\"pt-cv-meta-fields\"><span class=\"author\"> <a href=\"https:\/\/balkon.art\/home\/author\/monika-zs-bnj5580yx4678\/\" rel=\"author\">ZSIKLA M\u00f3nika<\/a><\/span><\/div><\/div><\/div>\n<div class=\"col-md-6 col-sm-12 col-xs-12 pt-cv-content-item pt-cv-1-col\"  data-pid=\"7608\"><div class='pt-cv-ifield'><a href=\"https:\/\/balkon.art\/home\/hencze-tamas-1938-2018\/\" class=\"_self pt-cv-href-thumbnail pt-cv-thumb-default cvplbd\" target=\"_self\" ><img loading=\"lazy\" decoding=\"async\" width=\"1200\" height=\"630\" src=\"https:\/\/balkon.art\/home\/ba-app\/uploads\/2018\/02\/balkon-hencze-tamas-fb.jpg\" class=\"pt-cv-thumbnail img-none\" alt=\"Hencze Tam\u00e1s | 1938\u20132018\" srcset=\"https:\/\/balkon.art\/home\/ba-app\/uploads\/2018\/02\/balkon-hencze-tamas-fb.jpg 1200w, https:\/\/balkon.art\/home\/ba-app\/uploads\/2018\/02\/balkon-hencze-tamas-fb-800x420.jpg 800w, https:\/\/balkon.art\/home\/ba-app\/uploads\/2018\/02\/balkon-hencze-tamas-fb-768x403.jpg 768w\" sizes=\"auto, (max-width: 1200px) 100vw, 1200px\" \/><\/a>\n<h6 class=\"pt-cv-title\"><a href=\"https:\/\/balkon.art\/home\/hencze-tamas-1938-2018\/\" class=\"_self cvplbd\" target=\"_self\" >Hencze Tam\u00e1s | 1938\u20132018<\/a><\/h6>\n<div class=\"pt-cv-content\">[vc_row type=\"in_container\" full_screen_row_position=\"middle\" scene_position=\"center\" text_color=\"dark\" text_align=\"left\" overlay_strength=\"0.3\" shape_divider_position=\"bottom\" bg_image_animation=\"none\"][vc_column column_padding=\"no-extra-padding\" column_padding_position=\"all\" background_color_opacity=\"1\" background_hover_color_opacity=\"1\" column_link_target=\"_self\" column_shadow=\"none\" column_border_radius=\"none\" width=\"1\/1\" tablet_width_inherit=\"default\" tablet_text_alignment=\"default\" phone_text_alignment=\"default\" column_border_width=\"none\" column_border_style=\"solid\" bg_image_animation=\"none\"][divider line_type=\"No Line\" custom_height=\"5\"][\/vc_column][\/vc_row][vc_row type=\"in_container\" full_screen_row_position=\"middle\" scene_position=\"center\" text_color=\"dark\" text_align=\"left\" top_padding=\"0\" bottom_padding=\"0\" overlay_strength=\"0.3\" shape_divider_position=\"bottom\" ...<\/div>\n<div class=\"pt-cv-meta-fields\"><span class=\"author\"> <a href=\"https:\/\/balkon.art\/home\/author\/hajdu-istvan\/\" rel=\"author\">HAJDU Istv\u00e1n<\/a><\/span><\/div><\/div><\/div>\n<div class=\"col-md-6 col-sm-12 col-xs-12 pt-cv-content-item pt-cv-1-col\"  data-pid=\"7012\"><div class='pt-cv-ifield'><a href=\"https:\/\/balkon.art\/home\/pillanat-eszrevetelek-palotai-gabor-kiallitasa-kapcsan\/\" class=\"_self pt-cv-href-thumbnail pt-cv-thumb-default cvplbd\" target=\"_self\" ><img loading=\"lazy\" decoding=\"async\" width=\"1200\" height=\"630\" src=\"https:\/\/balkon.art\/home\/ba-app\/uploads\/2018\/01\/balkon-gabor-palotai-fb.jpg\" class=\"pt-cv-thumbnail img-none\" alt=\"&lt;em&gt;Pillanat!&lt;\/em&gt; \u00c9szrev\u00e9telek Palotai G\u00e1bor ki\u00e1ll\u00edt\u00e1sa kapcs\u00e1n\" srcset=\"https:\/\/balkon.art\/home\/ba-app\/uploads\/2018\/01\/balkon-gabor-palotai-fb.jpg 1200w, https:\/\/balkon.art\/home\/ba-app\/uploads\/2018\/01\/balkon-gabor-palotai-fb-800x420.jpg 800w, https:\/\/balkon.art\/home\/ba-app\/uploads\/2018\/01\/balkon-gabor-palotai-fb-768x403.jpg 768w\" sizes=\"auto, (max-width: 1200px) 100vw, 1200px\" \/><\/a>\n<h6 class=\"pt-cv-title\"><a href=\"https:\/\/balkon.art\/home\/pillanat-eszrevetelek-palotai-gabor-kiallitasa-kapcsan\/\" class=\"_self cvplbd\" target=\"_self\" ><em>Pillanat!<\/em> \u00c9szrev\u00e9telek Palotai G\u00e1bor ki\u00e1ll\u00edt\u00e1sa kapcs\u00e1n<\/a><\/h6>\n<div class=\"pt-cv-content\">[vc_row type=\"in_container\" full_screen_row_position=\"middle\" scene_position=\"center\" text_color=\"dark\" text_align=\"left\" overlay_strength=\"0.3\" shape_divider_position=\"bottom\" bg_image_animation=\"none\"][vc_column column_padding=\"no-extra-padding\" column_padding_position=\"all\" background_color_opacity=\"1\" background_hover_color_opacity=\"1\" column_link_target=\"_self\" column_shadow=\"none\" column_border_radius=\"none\" width=\"1\/1\" tablet_width_inherit=\"default\" tablet_text_alignment=\"default\" phone_text_alignment=\"default\" column_border_width=\"none\" column_border_style=\"solid\" bg_image_animation=\"none\"][divider line_type=\"No Line\" custom_height=\"20\"][vc_column_text] Palotai G\u00e1bor: <em>Munk\u00e1k \/ Works 1977\u20131980<\/em> [\/vc_column_text][divider line_type=\"No Line\" ...<\/div>\n<div class=\"pt-cv-meta-fields\"><span class=\"author\"> <a href=\"https:\/\/balkon.art\/home\/author\/revesz-l-laszlo-balkon-art-wrwecvz\/\" rel=\"author\">R\u00c9V\u00c9SZ L\u00e1szl\u00f3 L\u00e1szl\u00f3<\/a><\/span><\/div><\/div><\/div>\n<div class=\"col-md-6 col-sm-12 col-xs-12 pt-cv-content-item pt-cv-1-col\"  data-pid=\"7774\"><div class='pt-cv-ifield'><a href=\"https:\/\/balkon.art\/home\/fegyelmezett-tevekenyseg-intenziv-latas\/\" class=\"_self pt-cv-href-thumbnail pt-cv-thumb-default cvplbd\" target=\"_self\" ><img loading=\"lazy\" decoding=\"async\" width=\"1200\" height=\"630\" src=\"https:\/\/balkon.art\/home\/ba-app\/uploads\/2017\/11\/balkon-semah-int-sem-fb.jpg\" class=\"pt-cv-thumbnail img-none\" alt=\"Fegyelmezett tev\u00e9kenys\u00e9g, intenz\u00edv l\u00e1t\u00e1s\" srcset=\"https:\/\/balkon.art\/home\/ba-app\/uploads\/2017\/11\/balkon-semah-int-sem-fb.jpg 1200w, https:\/\/balkon.art\/home\/ba-app\/uploads\/2017\/11\/balkon-semah-int-sem-fb-800x420.jpg 800w, https:\/\/balkon.art\/home\/ba-app\/uploads\/2017\/11\/balkon-semah-int-sem-fb-768x403.jpg 768w\" sizes=\"auto, (max-width: 1200px) 100vw, 1200px\" \/><\/a>\n<h6 class=\"pt-cv-title\"><a href=\"https:\/\/balkon.art\/home\/fegyelmezett-tevekenyseg-intenziv-latas\/\" class=\"_self cvplbd\" target=\"_self\" >Fegyelmezett tev\u00e9kenys\u00e9g, intenz\u00edv l\u00e1t\u00e1s<\/a><\/h6>\n<div class=\"pt-cv-content\">[vc_row type=\"in_container\" full_screen_row_position=\"middle\" column_margin=\"default\" column_direction=\"default\" column_direction_tablet=\"default\" column_direction_phone=\"default\" scene_position=\"center\" top_padding=\"20\" bottom_padding=\"0\" text_color=\"dark\" text_align=\"left\" row_border_radius=\"none\" row_border_radius_applies=\"bg\" overflow=\"visible\" class=\"p-4-0\" overlay_strength=\"0.3\" gradient_direction=\"left_to_right\" shape_divider_position=\"bottom\" bg_image_animation=\"none\" shape_type=\"\" gradient_type=\"default\"][vc_column column_padding=\"no-extra-padding\" column_padding_tablet=\"inherit\" column_padding_phone=\"inherit\" column_padding_position=\"all\" column_element_direction_desktop=\"default\" column_element_spacing=\"default\" desktop_text_alignment=\"default\" tablet_text_alignment=\"default\" phone_text_alignment=\"default\" background_color_opacity=\"1\" background_hover_color_opacity=\"1\" column_backdrop_filter=\"none\" column_shadow=\"none\" ...<\/div>\n<div class=\"pt-cv-meta-fields\"><span class=\"author\"> <a href=\"https:\/\/balkon.art\/home\/author\/szegedy-maszak-zsuzsi-10zmx23-scvw\/\" rel=\"author\">Zsuzsanna SZEGEDY-MASZ\u00c1K<\/a><\/span><\/div><\/div><\/div><\/div><\/div><\/div>\t\t\t<style type=\"text\/css\" id=\"pt-cv-inline-style-0168e82ca8\">#pt-cv-view-ac1e1e0ry2 .pt-cv-content-item { padding-top: 20px !important; padding-bottom: 20px !important; }\n#pt-cv-view-ac1e1e0ry2  .pt-cv-ifield   { border-radius: 15px 15px 0px 0px !important; }\n#pt-cv-view-ac1e1e0ry2 .pt-cv-title a, #pt-cv-view-ac1e1e0ry2  .panel-title { font-size: 15px !important; line-height: 1.3 !important; color: #2b2b2b !important; display: block !important; text-align: left !important; clear: both !important; }\n@media (min-width: 768px) and (max-width: 991px) {#pt-cv-view-ac1e1e0ry2 .pt-cv-title a, #pt-cv-view-ac1e1e0ry2  .panel-title { font-size: 14px !important }}\n@media (max-width: 767px) {#pt-cv-view-ac1e1e0ry2 .pt-cv-title a, #pt-cv-view-ac1e1e0ry2  .panel-title { font-size: 14px !important }}\n#pt-cv-view-ac1e1e0ry2  .pt-cv-title a:hover, #pt-cv-view-ac1e1e0ry2  .panel-title:hover   { font-size: 15px !important; line-height: 1.3 !important; color: #3e5cf2 !important; }\n@media (min-width: 768px) and (max-width: 991px) {#pt-cv-view-ac1e1e0ry2  .pt-cv-title a:hover, #pt-cv-view-ac1e1e0ry2  .panel-title:hover   { font-size: 14px !important }}\n@media (max-width: 767px) {#pt-cv-view-ac1e1e0ry2  .pt-cv-title a:hover, #pt-cv-view-ac1e1e0ry2  .panel-title:hover   { font-size: 14px !important }}\n#pt-cv-view-ac1e1e0ry2 .pt-cv-content , #pt-cv-view-ac1e1e0ry2  .pt-cv-content *:not(.pt-cv-readmore):not(style):not(script) { font-size: 12px !important; color: #666666 !important; line-height: 1.4 !important; }\n@media (min-width: 768px) and (max-width: 991px) {#pt-cv-view-ac1e1e0ry2 .pt-cv-content , #pt-cv-view-ac1e1e0ry2  .pt-cv-content *:not(.pt-cv-readmore):not(style):not(script) { font-size: 12px !important }}\n@media (max-width: 767px) {#pt-cv-view-ac1e1e0ry2 .pt-cv-content , #pt-cv-view-ac1e1e0ry2  .pt-cv-content *:not(.pt-cv-readmore):not(style):not(script) { font-size: 12px !important }}\n#pt-cv-view-ac1e1e0ry2 .pt-cv-meta-fields {text-align: left; clear: both}\n#pt-cv-view-ac1e1e0ry2 .pt-cv-meta-fields * { font-size: 11px !important; color: #666666 !important; line-height: 12px !important; letter-spacing: 1px !important; }\n@media (min-width: 768px) and (max-width: 991px) {#pt-cv-view-ac1e1e0ry2 .pt-cv-meta-fields * { font-size: 11px !important }}\n@media (max-width: 767px) {#pt-cv-view-ac1e1e0ry2 .pt-cv-meta-fields * { font-size: 11px !important }}\n#pt-cv-view-ac1e1e0ry2 .pt-cv-readmore  { color: #ffffff !important; background-color: #00aeef !important; }\n#pt-cv-view-ac1e1e0ry2 .pt-cv-readmore:hover  { color: #ffffff !important; background-color: #00aeef !important; }\n#pt-cv-view-ac1e1e0ry2  + .pt-cv-pagination-wrapper .pt-cv-more-inactive , #pt-cv-view-ac1e1e0ry2  + .pt-cv-pagination-wrapper .pagination a, .pt-cv-pagination[data-sid='ac1e1e0ry2'] a { font-size: 12px !important; line-height: 1.3 !important; color: #2b2b2b !important; background-color: #ffffff !important; font-weight: 600 !important; }<\/style>\r\n\t\t\t[\/vc_column_text][\/vc_column][\/vc_row][vc_row type=&#8221;in_container&#8221; full_screen_row_position=&#8221;middle&#8221; column_margin=&#8221;default&#8221; column_direction=&#8221;default&#8221; column_direction_tablet=&#8221;default&#8221; column_direction_phone=&#8221;default&#8221; scene_position=&#8221;center&#8221; text_color=&#8221;dark&#8221; text_align=&#8221;left&#8221; row_border_radius=&#8221;none&#8221; row_border_radius_applies=&#8221;bg&#8221; row_position_desktop=&#8221;default&#8221; row_position_tablet=&#8221;inherit&#8221; row_position_phone=&#8221;inherit&#8221; overflow=&#8221;visible&#8221; class=&#8221;p-1-0&#8243; overlay_strength=&#8221;0.3&#8243; gradient_direction=&#8221;left_to_right&#8221; shape_divider_position=&#8221;bottom&#8221; bg_image_animation=&#8221;none&#8221; gradient_type=&#8221;default&#8221; shape_type=&#8221;&#8221;][vc_column column_padding=&#8221;no-extra-padding&#8221; column_padding_tablet=&#8221;inherit&#8221; column_padding_phone=&#8221;inherit&#8221; column_padding_position=&#8221;all&#8221; flex_gap_desktop=&#8221;10px&#8221; column_element_direction_desktop=&#8221;default&#8221; column_element_spacing=&#8221;default&#8221; desktop_text_alignment=&#8221;default&#8221; tablet_text_alignment=&#8221;default&#8221; phone_text_alignment=&#8221;default&#8221; background_color_opacity=&#8221;1&#8243; background_hover_color_opacity=&#8221;1&#8243; column_backdrop_filter=&#8221;none&#8221; column_shadow=&#8221;none&#8221; column_border_radius=&#8221;none&#8221; column_link_target=&#8221;_self&#8221; column_position=&#8221;default&#8221; gradient_direction=&#8221;left_to_right&#8221; overlay_strength=&#8221;0.3&#8243; width=&#8221;1\/1&#8243; tablet_width_inherit=&#8221;default&#8221; animation_type=&#8221;default&#8221; bg_image_animation=&#8221;none&#8221; border_type=&#8221;simple&#8221; column_border_width=&#8221;none&#8221; column_border_style=&#8221;solid&#8221;][nectar_icon icon_family=&#8221;iconsmind&#8221; icon_style=&#8221;default&#8221; icon_color_type=&#8221;color_scheme&#8221; icon_color=&#8221;black&#8221; icon_padding=&#8221;0px&#8221; pointer_events=&#8221;all&#8221; icon_size=&#8221;40&#8243; icon_iconsmind=&#8221;iconsmind-Camera-2&#8243;][\/vc_column][\/vc_row][vc_row type=&#8221;full_width_background&#8221; full_screen_row_position=&#8221;middle&#8221; column_margin=&#8221;default&#8221; column_direction=&#8221;default&#8221; column_direction_tablet=&#8221;default&#8221; column_direction_phone=&#8221;default&#8221; bg_color=&#8221;#ffffff&#8221; scene_position=&#8221;center&#8221; text_color=&#8221;light&#8221; text_align=&#8221;left&#8221; row_border_radius=&#8221;none&#8221; row_border_radius_applies=&#8221;bg&#8221; row_position_desktop=&#8221;default&#8221; row_position_tablet=&#8221;inherit&#8221; row_position_phone=&#8221;inherit&#8221; overflow=&#8221;visible&#8221; overlay_strength=&#8221;0.3&#8243; gradient_direction=&#8221;left_to_right&#8221; shape_divider_position=&#8221;bottom&#8221; bg_image_animation=&#8221;none&#8221; shape_type=&#8221;&#8221; gradient_type=&#8221;default&#8221;][vc_column column_padding=&#8221;no-extra-padding&#8221; column_padding_tablet=&#8221;inherit&#8221; column_padding_phone=&#8221;inherit&#8221; column_padding_position=&#8221;left-right&#8221; column_element_direction_desktop=&#8221;default&#8221; column_element_spacing=&#8221;default&#8221; desktop_text_alignment=&#8221;default&#8221; tablet_text_alignment=&#8221;default&#8221; phone_text_alignment=&#8221;default&#8221; background_color_opacity=&#8221;1&#8243; background_hover_color_opacity=&#8221;1&#8243; column_backdrop_filter=&#8221;none&#8221; font_color=&#8221;#000000&#8243; column_shadow=&#8221;none&#8221; column_border_radius=&#8221;none&#8221; column_link_target=&#8221;_self&#8221; column_position=&#8221;default&#8221; el_class=&#8221;online-cont-left&#8221; gradient_direction=&#8221;left_to_right&#8221; overlay_strength=&#8221;0.3&#8243; width=&#8221;1\/1&#8243; tablet_width_inherit=&#8221;default&#8221; animation_type=&#8221;default&#8221; bg_image_animation=&#8221;none&#8221; border_type=&#8221;simple&#8221; column_border_width=&#8221;none&#8221; column_border_style=&#8221;solid&#8221; column_padding_type=&#8221;default&#8221; content_layout=&#8221;default&#8221; gradient_type=&#8221;default&#8221;][vc_column_text]<div class=\"pt-cv-wrapper\"><div class=\"pt-cv-view pt-cv-grid pt-cv-colsys\" id=\"pt-cv-view-bfc8312z53\"><div data-id=\"pt-cv-page-1\" class=\"pt-cv-page\" data-cvc=\"2\"><div class=\"col-md-6 col-sm-12 col-xs-12 pt-cv-content-item pt-cv-1-col\"  data-pid=\"14298\"><div class='pt-cv-ifield'><a href=\"https:\/\/balkon.art\/home\/online-2018\/patron\/\" class=\"_self pt-cv-href-thumbnail pt-cv-thumb-default cvplbd\" target=\"_self\" ><img loading=\"lazy\" decoding=\"async\" width=\"1200\" height=\"630\" src=\"https:\/\/balkon.art\/home\/ba-app\/uploads\/2018\/12\/fkse-patron-2018-fb.jpg\" class=\"pt-cv-thumbnail img-none\" alt=\"FKSE \u2013 PATRON, 2018\" srcset=\"https:\/\/balkon.art\/home\/ba-app\/uploads\/2018\/12\/fkse-patron-2018-fb.jpg 1200w, https:\/\/balkon.art\/home\/ba-app\/uploads\/2018\/12\/fkse-patron-2018-fb-800x420.jpg 800w, https:\/\/balkon.art\/home\/ba-app\/uploads\/2018\/12\/fkse-patron-2018-fb-768x403.jpg 768w\" sizes=\"auto, (max-width: 1200px) 100vw, 1200px\" \/><\/a>\n<h6 class=\"pt-cv-title\"><a href=\"https:\/\/balkon.art\/home\/online-2018\/patron\/\" class=\"_self cvplbd\" target=\"_self\" >FKSE \u2013 PATRON, 2018<\/a><\/h6><\/div><\/div>\n<div class=\"col-md-6 col-sm-12 col-xs-12 pt-cv-content-item pt-cv-1-col\"  data-pid=\"14129\"><div class='pt-cv-ifield'><a href=\"https:\/\/balkon.art\/home\/online-2018\/haasz-katalin-mezo\/\" class=\"_self pt-cv-href-thumbnail pt-cv-thumb-default cvplbd\" target=\"_self\" ><img loading=\"lazy\" decoding=\"async\" width=\"1200\" height=\"630\" src=\"https:\/\/balkon.art\/home\/ba-app\/uploads\/2018\/11\/balkon-haasz-katalin-neon-galeria-mezo-fb.jpg\" class=\"pt-cv-thumbnail img-none\" alt=\"Ha\u00e1sz Katalin: &lt;em&gt;Mez\u0151&lt;\/em&gt;\" srcset=\"https:\/\/balkon.art\/home\/ba-app\/uploads\/2018\/11\/balkon-haasz-katalin-neon-galeria-mezo-fb.jpg 1200w, https:\/\/balkon.art\/home\/ba-app\/uploads\/2018\/11\/balkon-haasz-katalin-neon-galeria-mezo-fb-800x420.jpg 800w, https:\/\/balkon.art\/home\/ba-app\/uploads\/2018\/11\/balkon-haasz-katalin-neon-galeria-mezo-fb-768x403.jpg 768w\" sizes=\"auto, (max-width: 1200px) 100vw, 1200px\" \/><\/a>\n<h6 class=\"pt-cv-title\"><a href=\"https:\/\/balkon.art\/home\/online-2018\/haasz-katalin-mezo\/\" class=\"_self cvplbd\" target=\"_self\" >Ha\u00e1sz Katalin: <em>Mez\u0151<\/em><\/a><\/h6><\/div><\/div>\n<div class=\"col-md-6 col-sm-12 col-xs-12 pt-cv-content-item pt-cv-1-col\"  data-pid=\"13898\"><div class='pt-cv-ifield'><a href=\"https:\/\/balkon.art\/home\/online-2018\/prologus-alakvaltozatok-keptar-sarokpontok\/\" class=\"_self pt-cv-href-thumbnail pt-cv-thumb-default cvplbd\" target=\"_self\" ><img loading=\"lazy\" decoding=\"async\" width=\"1200\" height=\"630\" src=\"https:\/\/balkon.art\/home\/ba-app\/uploads\/2018\/10\/balkon-paksi-keptar-prologus-el-hassan-roza-fb.jpg\" class=\"pt-cv-thumbnail img-none\" alt=\"Prol\u00f3gus | Alakv\u00e1ltozatok | K\u00e9pt\u00e1r | Sarokpontok | !\" srcset=\"https:\/\/balkon.art\/home\/ba-app\/uploads\/2018\/10\/balkon-paksi-keptar-prologus-el-hassan-roza-fb.jpg 1200w, https:\/\/balkon.art\/home\/ba-app\/uploads\/2018\/10\/balkon-paksi-keptar-prologus-el-hassan-roza-fb-800x420.jpg 800w, https:\/\/balkon.art\/home\/ba-app\/uploads\/2018\/10\/balkon-paksi-keptar-prologus-el-hassan-roza-fb-768x403.jpg 768w\" sizes=\"auto, (max-width: 1200px) 100vw, 1200px\" \/><\/a>\n<h6 class=\"pt-cv-title\"><a href=\"https:\/\/balkon.art\/home\/online-2018\/prologus-alakvaltozatok-keptar-sarokpontok\/\" class=\"_self cvplbd\" target=\"_self\" >Prol\u00f3gus | Alakv\u00e1ltozatok | K\u00e9pt\u00e1r | Sarokpontok | !<\/a><\/h6><\/div><\/div>\n<div class=\"col-md-6 col-sm-12 col-xs-12 pt-cv-content-item pt-cv-1-col\"  data-pid=\"13738\"><div class='pt-cv-ifield'><a href=\"https:\/\/balkon.art\/home\/online-2018\/szaf-gont-with-the-wind\/\" class=\"_self pt-cv-href-thumbnail pt-cv-thumb-default cvplbd\" target=\"_self\" ><img loading=\"lazy\" decoding=\"async\" width=\"1200\" height=\"630\" src=\"https:\/\/balkon.art\/home\/ba-app\/uploads\/2018\/10\/szaf-fkse-szalon-balkon-fb.jpg\" class=\"pt-cv-thumbnail img-none\" alt=\"SZ. A. F. : &lt;em&gt;Gon&#039;t with the wind&lt;\/em&gt;\" srcset=\"https:\/\/balkon.art\/home\/ba-app\/uploads\/2018\/10\/szaf-fkse-szalon-balkon-fb.jpg 1200w, https:\/\/balkon.art\/home\/ba-app\/uploads\/2018\/10\/szaf-fkse-szalon-balkon-fb-800x420.jpg 800w, https:\/\/balkon.art\/home\/ba-app\/uploads\/2018\/10\/szaf-fkse-szalon-balkon-fb-768x403.jpg 768w\" sizes=\"auto, (max-width: 1200px) 100vw, 1200px\" \/><\/a>\n<h6 class=\"pt-cv-title\"><a href=\"https:\/\/balkon.art\/home\/online-2018\/szaf-gont-with-the-wind\/\" class=\"_self cvplbd\" target=\"_self\" >SZ. A. F. : <em>Gon&#8217;t with the wind<\/em><\/a><\/h6><\/div><\/div>\n<div class=\"col-md-6 col-sm-12 col-xs-12 pt-cv-content-item pt-cv-1-col\"  data-pid=\"13285\"><div class='pt-cv-ifield'><a href=\"https:\/\/balkon.art\/home\/online-2018\/koos-gabor-vaii-morilor\/\" class=\"_self pt-cv-href-thumbnail pt-cv-thumb-default cvplbd\" target=\"_self\" ><img loading=\"lazy\" decoding=\"async\" width=\"1200\" height=\"630\" src=\"https:\/\/balkon.art\/home\/ba-app\/uploads\/2018\/09\/balkon-chimera-project-koos-gabor-fb.jpg\" class=\"pt-cv-thumbnail img-none\" alt=\"Ko\u00f3s G\u00e1bor: &lt;em&gt;V\u0103ii Morilor&lt;\/em&gt;\" srcset=\"https:\/\/balkon.art\/home\/ba-app\/uploads\/2018\/09\/balkon-chimera-project-koos-gabor-fb.jpg 1200w, https:\/\/balkon.art\/home\/ba-app\/uploads\/2018\/09\/balkon-chimera-project-koos-gabor-fb-800x420.jpg 800w, https:\/\/balkon.art\/home\/ba-app\/uploads\/2018\/09\/balkon-chimera-project-koos-gabor-fb-768x403.jpg 768w\" sizes=\"auto, (max-width: 1200px) 100vw, 1200px\" \/><\/a>\n<h6 class=\"pt-cv-title\"><a href=\"https:\/\/balkon.art\/home\/online-2018\/koos-gabor-vaii-morilor\/\" class=\"_self cvplbd\" target=\"_self\" >Ko\u00f3s G\u00e1bor: <em>V\u0103ii Morilor<\/em><\/a><\/h6><\/div><\/div>\n<div class=\"col-md-6 col-sm-12 col-xs-12 pt-cv-content-item pt-cv-1-col\"  data-pid=\"13171\"><div class='pt-cv-ifield'><a href=\"https:\/\/balkon.art\/home\/online-2018\/mohau-modisakeng-atkelo\/\" class=\"_self pt-cv-href-thumbnail pt-cv-thumb-default cvplbd\" target=\"_self\" ><img loading=\"lazy\" decoding=\"async\" width=\"1200\" height=\"630\" src=\"https:\/\/balkon.art\/home\/ba-app\/uploads\/2018\/09\/balkon-artcapital-mohau-modisakeng-fb1.jpg\" class=\"pt-cv-thumbnail img-none\" alt=\"Mohau Modisakeng: &lt;em&gt;\u00c1tkel\u0151&lt;\/em&gt;\" srcset=\"https:\/\/balkon.art\/home\/ba-app\/uploads\/2018\/09\/balkon-artcapital-mohau-modisakeng-fb1.jpg 1200w, https:\/\/balkon.art\/home\/ba-app\/uploads\/2018\/09\/balkon-artcapital-mohau-modisakeng-fb1-800x420.jpg 800w, https:\/\/balkon.art\/home\/ba-app\/uploads\/2018\/09\/balkon-artcapital-mohau-modisakeng-fb1-768x403.jpg 768w\" sizes=\"auto, (max-width: 1200px) 100vw, 1200px\" \/><\/a>\n<h6 class=\"pt-cv-title\"><a href=\"https:\/\/balkon.art\/home\/online-2018\/mohau-modisakeng-atkelo\/\" class=\"_self cvplbd\" target=\"_self\" >Mohau Modisakeng: <em>\u00c1tkel\u0151<\/em><\/a><\/h6><\/div><\/div>\n<div class=\"col-md-6 col-sm-12 col-xs-12 pt-cv-content-item pt-cv-1-col\"  data-pid=\"13050\"><div class='pt-cv-ifield'><a href=\"https:\/\/balkon.art\/home\/online-2018\/bp-szabo-gyorgy-palotai-gabor-talalt-pixelek\/\" class=\"_self pt-cv-href-thumbnail pt-cv-thumb-default cvplbd\" target=\"_self\" ><img loading=\"lazy\" decoding=\"async\" width=\"1200\" height=\"630\" src=\"https:\/\/balkon.art\/home\/ba-app\/uploads\/2018\/09\/balkon-artcapital-bp-szabo-gyorgy-fb.jpg\" class=\"pt-cv-thumbnail img-none\" alt=\"Bp Szab\u00f3 Gy\u00f6rgy \u2013 Palotai G\u00e1bor: &lt;em&gt;Tal\u00e1lt pixelek&lt;\/em&gt;\" srcset=\"https:\/\/balkon.art\/home\/ba-app\/uploads\/2018\/09\/balkon-artcapital-bp-szabo-gyorgy-fb.jpg 1200w, https:\/\/balkon.art\/home\/ba-app\/uploads\/2018\/09\/balkon-artcapital-bp-szabo-gyorgy-fb-800x420.jpg 800w, https:\/\/balkon.art\/home\/ba-app\/uploads\/2018\/09\/balkon-artcapital-bp-szabo-gyorgy-fb-768x403.jpg 768w\" sizes=\"auto, (max-width: 1200px) 100vw, 1200px\" \/><\/a>\n<h6 class=\"pt-cv-title\"><a href=\"https:\/\/balkon.art\/home\/online-2018\/bp-szabo-gyorgy-palotai-gabor-talalt-pixelek\/\" class=\"_self cvplbd\" target=\"_self\" >Bp Szab\u00f3 Gy\u00f6rgy \u2013 Palotai G\u00e1bor: <em>Tal\u00e1lt pixelek<\/em><\/a><\/h6><\/div><\/div>\n<div class=\"col-md-6 col-sm-12 col-xs-12 pt-cv-content-item pt-cv-1-col\"  data-pid=\"12944\"><div class='pt-cv-ifield'><a href=\"https:\/\/balkon.art\/home\/online-2018\/yoko-ono-yes-you\/\" class=\"_self pt-cv-href-thumbnail pt-cv-thumb-default cvplbd\" target=\"_self\" ><img loading=\"lazy\" decoding=\"async\" width=\"1200\" height=\"630\" src=\"https:\/\/balkon.art\/home\/ba-app\/uploads\/2018\/09\/balkon-art-capital-yoko-ono-fb.jpg\" class=\"pt-cv-thumbnail img-none\" alt=\"Yoko Ono: &lt;em&gt;Yes, You!&lt;\/em&gt;\" srcset=\"https:\/\/balkon.art\/home\/ba-app\/uploads\/2018\/09\/balkon-art-capital-yoko-ono-fb.jpg 1200w, https:\/\/balkon.art\/home\/ba-app\/uploads\/2018\/09\/balkon-art-capital-yoko-ono-fb-800x420.jpg 800w, https:\/\/balkon.art\/home\/ba-app\/uploads\/2018\/09\/balkon-art-capital-yoko-ono-fb-768x403.jpg 768w\" sizes=\"auto, (max-width: 1200px) 100vw, 1200px\" \/><\/a>\n<h6 class=\"pt-cv-title\"><a href=\"https:\/\/balkon.art\/home\/online-2018\/yoko-ono-yes-you\/\" class=\"_self cvplbd\" target=\"_self\" >Yoko Ono: <em>Yes, You!<\/em><\/a><\/h6><\/div><\/div>\n<div class=\"col-md-6 col-sm-12 col-xs-12 pt-cv-content-item pt-cv-1-col\"  data-pid=\"12821\"><div class='pt-cv-ifield'><a href=\"https:\/\/balkon.art\/home\/online-2018\/hlp-feat-rosko-gabor-a-csillagok-szive\/\" class=\"_self pt-cv-href-thumbnail pt-cv-thumb-default cvplbd\" target=\"_self\" ><img loading=\"lazy\" decoding=\"async\" width=\"1200\" height=\"630\" src=\"https:\/\/balkon.art\/home\/ba-app\/uploads\/2018\/08\/balkon-rosko-gabor-csillagok-szive-fb.jpg\" class=\"pt-cv-thumbnail img-none\" alt=\"HLP feat. Rosk\u00f3 G\u00e1bor | &lt;em&gt;A csillagok sz\u00edve&lt;\/em&gt;\" srcset=\"https:\/\/balkon.art\/home\/ba-app\/uploads\/2018\/08\/balkon-rosko-gabor-csillagok-szive-fb.jpg 1200w, https:\/\/balkon.art\/home\/ba-app\/uploads\/2018\/08\/balkon-rosko-gabor-csillagok-szive-fb-800x420.jpg 800w, https:\/\/balkon.art\/home\/ba-app\/uploads\/2018\/08\/balkon-rosko-gabor-csillagok-szive-fb-768x403.jpg 768w\" sizes=\"auto, (max-width: 1200px) 100vw, 1200px\" \/><\/a>\n<h6 class=\"pt-cv-title\"><a href=\"https:\/\/balkon.art\/home\/online-2018\/hlp-feat-rosko-gabor-a-csillagok-szive\/\" class=\"_self cvplbd\" target=\"_self\" >HLP feat. Rosk\u00f3 G\u00e1bor | <em>A csillagok sz\u00edve<\/em><\/a><\/h6><\/div><\/div>\n<div class=\"col-md-6 col-sm-12 col-xs-12 pt-cv-content-item pt-cv-1-col\"  data-pid=\"12364\"><div class='pt-cv-ifield'><a href=\"https:\/\/balkon.art\/home\/online-2018\/albert-adam-a-kertesz-igazsaga\/\" class=\"_self pt-cv-href-thumbnail pt-cv-thumb-default cvplbd\" target=\"_self\" ><img loading=\"lazy\" decoding=\"async\" width=\"1200\" height=\"630\" src=\"https:\/\/balkon.art\/home\/ba-app\/uploads\/2018\/08\/balkon-albert-adam-a-kertesz-igazsaga-fb.jpg\" class=\"pt-cv-thumbnail img-none\" alt=\"Albert \u00c1d\u00e1m: &lt;em&gt;A kert\u00e9sz igazs\u00e1ga&lt;\/em&gt;\" srcset=\"https:\/\/balkon.art\/home\/ba-app\/uploads\/2018\/08\/balkon-albert-adam-a-kertesz-igazsaga-fb.jpg 1200w, https:\/\/balkon.art\/home\/ba-app\/uploads\/2018\/08\/balkon-albert-adam-a-kertesz-igazsaga-fb-800x420.jpg 800w, https:\/\/balkon.art\/home\/ba-app\/uploads\/2018\/08\/balkon-albert-adam-a-kertesz-igazsaga-fb-768x403.jpg 768w\" sizes=\"auto, (max-width: 1200px) 100vw, 1200px\" \/><\/a>\n<h6 class=\"pt-cv-title\"><a href=\"https:\/\/balkon.art\/home\/online-2018\/albert-adam-a-kertesz-igazsaga\/\" class=\"_self cvplbd\" target=\"_self\" >Albert \u00c1d\u00e1m: <em>A kert\u00e9sz igazs\u00e1ga<\/em><\/a><\/h6><\/div><\/div>\n<div class=\"col-md-6 col-sm-12 col-xs-12 pt-cv-content-item pt-cv-1-col\"  data-pid=\"12015\"><div class='pt-cv-ifield'><a href=\"https:\/\/balkon.art\/home\/online-2018\/minden-nem-latszik-turk-peter-1943-2015-eletmukiallitasa\/\" class=\"_self pt-cv-href-thumbnail pt-cv-thumb-default cvplbd\" target=\"_self\" ><img loading=\"lazy\" decoding=\"async\" width=\"1200\" height=\"630\" src=\"https:\/\/balkon.art\/home\/ba-app\/uploads\/2018\/07\/balkon-turk-peter-fb-1.jpg\" class=\"pt-cv-thumbnail img-none\" alt=\"&lt;em&gt;minden nem l\u00e1tszik&lt;\/em&gt; \u2013 T\u00dcRK P\u00c9TER (1943\u20132015) \u00e9letm\u0171ki\u00e1ll\u00edt\u00e1sa\" srcset=\"https:\/\/balkon.art\/home\/ba-app\/uploads\/2018\/07\/balkon-turk-peter-fb-1.jpg 1200w, https:\/\/balkon.art\/home\/ba-app\/uploads\/2018\/07\/balkon-turk-peter-fb-1-800x420.jpg 800w, https:\/\/balkon.art\/home\/ba-app\/uploads\/2018\/07\/balkon-turk-peter-fb-1-768x403.jpg 768w\" sizes=\"auto, (max-width: 1200px) 100vw, 1200px\" \/><\/a>\n<h6 class=\"pt-cv-title\"><a href=\"https:\/\/balkon.art\/home\/online-2018\/minden-nem-latszik-turk-peter-1943-2015-eletmukiallitasa\/\" class=\"_self cvplbd\" target=\"_self\" ><em>minden nem l\u00e1tszik<\/em> \u2013 T\u00dcRK P\u00c9TER (1943\u20132015) \u00e9letm\u0171ki\u00e1ll\u00edt\u00e1sa<\/a><\/h6><\/div><\/div>\n<div class=\"col-md-6 col-sm-12 col-xs-12 pt-cv-content-item pt-cv-1-col\"  data-pid=\"11767\"><div class='pt-cv-ifield'><a href=\"https:\/\/balkon.art\/home\/online-2018\/turk-peter-minden-nem-latszik-10\/\" class=\"_self pt-cv-href-thumbnail pt-cv-thumb-default cvplbd\" target=\"_self\" ><img loading=\"lazy\" decoding=\"async\" width=\"1200\" height=\"630\" src=\"https:\/\/balkon.art\/home\/ba-app\/uploads\/2018\/07\/balkon-turk-peter-10-fb.jpg\" class=\"pt-cv-thumbnail img-none\" alt=\"&lt;em&gt;minden nem l\u00e1tszik&lt;\/em&gt; \u2013 T\u00dcRK P\u00c9TER (1943\u20132015) \u00e9letm\u0171ki\u00e1ll\u00edt\u00e1sa | 10\" srcset=\"https:\/\/balkon.art\/home\/ba-app\/uploads\/2018\/07\/balkon-turk-peter-10-fb.jpg 1200w, https:\/\/balkon.art\/home\/ba-app\/uploads\/2018\/07\/balkon-turk-peter-10-fb-800x420.jpg 800w, https:\/\/balkon.art\/home\/ba-app\/uploads\/2018\/07\/balkon-turk-peter-10-fb-768x403.jpg 768w\" sizes=\"auto, (max-width: 1200px) 100vw, 1200px\" \/><\/a>\n<h6 class=\"pt-cv-title\"><a href=\"https:\/\/balkon.art\/home\/online-2018\/turk-peter-minden-nem-latszik-10\/\" class=\"_self cvplbd\" target=\"_self\" ><em>minden nem l\u00e1tszik<\/em> \u2013 T\u00dcRK P\u00c9TER (1943\u20132015) \u00e9letm\u0171ki\u00e1ll\u00edt\u00e1sa | 10<\/a><\/h6><\/div><\/div>\n<div class=\"col-md-6 col-sm-12 col-xs-12 pt-cv-content-item pt-cv-1-col\"  data-pid=\"11607\"><div class='pt-cv-ifield'><a href=\"https:\/\/balkon.art\/home\/online-2018\/turk-peter-minden-nem-latszik-9\/\" class=\"_self pt-cv-href-thumbnail pt-cv-thumb-default cvplbd\" target=\"_self\" ><img loading=\"lazy\" decoding=\"async\" width=\"1200\" height=\"630\" src=\"https:\/\/balkon.art\/home\/ba-app\/uploads\/2018\/07\/balkon-turk-peter-09-fb.jpg\" class=\"pt-cv-thumbnail img-none\" alt=\"&lt;em&gt;minden nem l\u00e1tszik&lt;\/em&gt; \u2013 T\u00dcRK P\u00c9TER (1943\u20132015) \u00e9letm\u0171ki\u00e1ll\u00edt\u00e1sa | 9\" srcset=\"https:\/\/balkon.art\/home\/ba-app\/uploads\/2018\/07\/balkon-turk-peter-09-fb.jpg 1200w, https:\/\/balkon.art\/home\/ba-app\/uploads\/2018\/07\/balkon-turk-peter-09-fb-800x420.jpg 800w, https:\/\/balkon.art\/home\/ba-app\/uploads\/2018\/07\/balkon-turk-peter-09-fb-768x403.jpg 768w\" sizes=\"auto, (max-width: 1200px) 100vw, 1200px\" \/><\/a>\n<h6 class=\"pt-cv-title\"><a href=\"https:\/\/balkon.art\/home\/online-2018\/turk-peter-minden-nem-latszik-9\/\" class=\"_self cvplbd\" target=\"_self\" ><em>minden nem l\u00e1tszik<\/em> \u2013 T\u00dcRK P\u00c9TER (1943\u20132015) \u00e9letm\u0171ki\u00e1ll\u00edt\u00e1sa | 9<\/a><\/h6><\/div><\/div>\n<div class=\"col-md-6 col-sm-12 col-xs-12 pt-cv-content-item pt-cv-1-col\"  data-pid=\"11583\"><div class='pt-cv-ifield'><a href=\"https:\/\/balkon.art\/home\/online-2018\/turk-peter-minden-nem-latszik-8\/\" class=\"_self pt-cv-href-thumbnail pt-cv-thumb-default cvplbd\" target=\"_self\" ><img loading=\"lazy\" decoding=\"async\" width=\"1200\" height=\"630\" src=\"https:\/\/balkon.art\/home\/ba-app\/uploads\/2018\/07\/balkon-turk-peter-08-fb1.jpg\" class=\"pt-cv-thumbnail img-none\" alt=\"&lt;em&gt;minden nem l\u00e1tszik&lt;\/em&gt; \u2013 T\u00dcRK P\u00c9TER (1943\u20132015) \u00e9letm\u0171ki\u00e1ll\u00edt\u00e1sa | 8\" srcset=\"https:\/\/balkon.art\/home\/ba-app\/uploads\/2018\/07\/balkon-turk-peter-08-fb1.jpg 1200w, https:\/\/balkon.art\/home\/ba-app\/uploads\/2018\/07\/balkon-turk-peter-08-fb1-800x420.jpg 800w, https:\/\/balkon.art\/home\/ba-app\/uploads\/2018\/07\/balkon-turk-peter-08-fb1-768x403.jpg 768w\" sizes=\"auto, (max-width: 1200px) 100vw, 1200px\" \/><\/a>\n<h6 class=\"pt-cv-title\"><a href=\"https:\/\/balkon.art\/home\/online-2018\/turk-peter-minden-nem-latszik-8\/\" class=\"_self cvplbd\" target=\"_self\" ><em>minden nem l\u00e1tszik<\/em> \u2013 T\u00dcRK P\u00c9TER (1943\u20132015) \u00e9letm\u0171ki\u00e1ll\u00edt\u00e1sa | 8<\/a><\/h6><\/div><\/div>\n<div class=\"col-md-6 col-sm-12 col-xs-12 pt-cv-content-item pt-cv-1-col\"  data-pid=\"11544\"><div class='pt-cv-ifield'><a href=\"https:\/\/balkon.art\/home\/online-2018\/turk-peter-minden-nem-latszik-7\/\" class=\"_self pt-cv-href-thumbnail pt-cv-thumb-default cvplbd\" target=\"_self\" ><img loading=\"lazy\" decoding=\"async\" width=\"1200\" height=\"630\" src=\"https:\/\/balkon.art\/home\/ba-app\/uploads\/2018\/07\/balkon-turk-peter-07-fb.jpg\" class=\"pt-cv-thumbnail img-none\" alt=\"&lt;em&gt;minden nem l\u00e1tszik&lt;\/em&gt; \u2013 T\u00dcRK P\u00c9TER (1943\u20132015) \u00e9letm\u0171ki\u00e1ll\u00edt\u00e1sa | 7\" srcset=\"https:\/\/balkon.art\/home\/ba-app\/uploads\/2018\/07\/balkon-turk-peter-07-fb.jpg 1200w, https:\/\/balkon.art\/home\/ba-app\/uploads\/2018\/07\/balkon-turk-peter-07-fb-800x420.jpg 800w, https:\/\/balkon.art\/home\/ba-app\/uploads\/2018\/07\/balkon-turk-peter-07-fb-768x403.jpg 768w\" sizes=\"auto, (max-width: 1200px) 100vw, 1200px\" \/><\/a>\n<h6 class=\"pt-cv-title\"><a href=\"https:\/\/balkon.art\/home\/online-2018\/turk-peter-minden-nem-latszik-7\/\" class=\"_self cvplbd\" target=\"_self\" ><em>minden nem l\u00e1tszik<\/em> \u2013 T\u00dcRK P\u00c9TER (1943\u20132015) \u00e9letm\u0171ki\u00e1ll\u00edt\u00e1sa | 7<\/a><\/h6><\/div><\/div>\n<div class=\"col-md-6 col-sm-12 col-xs-12 pt-cv-content-item pt-cv-1-col\"  data-pid=\"11360\"><div class='pt-cv-ifield'><a href=\"https:\/\/balkon.art\/home\/online-2018\/turk-peter-minden-nem-latszik-6\/\" class=\"_self pt-cv-href-thumbnail pt-cv-thumb-default cvplbd\" target=\"_self\" ><img loading=\"lazy\" decoding=\"async\" width=\"1200\" height=\"630\" src=\"https:\/\/balkon.art\/home\/ba-app\/uploads\/2018\/07\/pszichogramok-fb.jpg\" class=\"pt-cv-thumbnail img-none\" alt=\"&lt;em&gt;minden nem l\u00e1tszik&lt;\/em&gt; \u2013 T\u00dcRK P\u00c9TER (1943\u20132015) \u00e9letm\u0171ki\u00e1ll\u00edt\u00e1sa | 6\" srcset=\"https:\/\/balkon.art\/home\/ba-app\/uploads\/2018\/07\/pszichogramok-fb.jpg 1200w, https:\/\/balkon.art\/home\/ba-app\/uploads\/2018\/07\/pszichogramok-fb-800x420.jpg 800w, https:\/\/balkon.art\/home\/ba-app\/uploads\/2018\/07\/pszichogramok-fb-768x403.jpg 768w\" sizes=\"auto, (max-width: 1200px) 100vw, 1200px\" \/><\/a>\n<h6 class=\"pt-cv-title\"><a href=\"https:\/\/balkon.art\/home\/online-2018\/turk-peter-minden-nem-latszik-6\/\" class=\"_self cvplbd\" target=\"_self\" ><em>minden nem l\u00e1tszik<\/em> \u2013 T\u00dcRK P\u00c9TER (1943\u20132015) \u00e9letm\u0171ki\u00e1ll\u00edt\u00e1sa | 6<\/a><\/h6><\/div><\/div>\n<div class=\"col-md-6 col-sm-12 col-xs-12 pt-cv-content-item pt-cv-1-col\"  data-pid=\"11151\"><div class='pt-cv-ifield'><a href=\"https:\/\/balkon.art\/home\/online-2018\/turk-peter-minden-nem-latszik-5\/\" class=\"_self pt-cv-href-thumbnail pt-cv-thumb-default cvplbd\" target=\"_self\" ><img loading=\"lazy\" decoding=\"async\" width=\"1200\" height=\"630\" src=\"https:\/\/balkon.art\/home\/ba-app\/uploads\/2018\/07\/balkon-turk-peter-koncept-foto-fb.jpg\" class=\"pt-cv-thumbnail img-none\" alt=\"&lt;em&gt;minden nem l\u00e1tszik&lt;\/em&gt; \u2013 T\u00dcRK P\u00c9TER (1943\u20132015) \u00e9letm\u0171ki\u00e1ll\u00edt\u00e1sa | 5\" srcset=\"https:\/\/balkon.art\/home\/ba-app\/uploads\/2018\/07\/balkon-turk-peter-koncept-foto-fb.jpg 1200w, https:\/\/balkon.art\/home\/ba-app\/uploads\/2018\/07\/balkon-turk-peter-koncept-foto-fb-800x420.jpg 800w, https:\/\/balkon.art\/home\/ba-app\/uploads\/2018\/07\/balkon-turk-peter-koncept-foto-fb-768x403.jpg 768w\" sizes=\"auto, (max-width: 1200px) 100vw, 1200px\" \/><\/a>\n<h6 class=\"pt-cv-title\"><a href=\"https:\/\/balkon.art\/home\/online-2018\/turk-peter-minden-nem-latszik-5\/\" class=\"_self cvplbd\" target=\"_self\" ><em>minden nem l\u00e1tszik<\/em> \u2013 T\u00dcRK P\u00c9TER (1943\u20132015) \u00e9letm\u0171ki\u00e1ll\u00edt\u00e1sa | 5<\/a><\/h6><\/div><\/div>\n<div class=\"col-md-6 col-sm-12 col-xs-12 pt-cv-content-item pt-cv-1-col\"  data-pid=\"10752\"><div class='pt-cv-ifield'><a href=\"https:\/\/balkon.art\/home\/online-2018\/turk-peter-minden-nem-latszik-4\/\" class=\"_self pt-cv-href-thumbnail pt-cv-thumb-default cvplbd\" target=\"_self\" ><img loading=\"lazy\" decoding=\"async\" width=\"1200\" height=\"630\" src=\"https:\/\/balkon.art\/home\/ba-app\/uploads\/2018\/07\/balkon-turk-peter-koncept-fb.jpg\" class=\"pt-cv-thumbnail img-none\" alt=\"&lt;em&gt;minden nem l\u00e1tszik&lt;\/em&gt; \u2013 T\u00dcRK P\u00c9TER (1943\u20132015) \u00e9letm\u0171ki\u00e1ll\u00edt\u00e1sa | 4\" srcset=\"https:\/\/balkon.art\/home\/ba-app\/uploads\/2018\/07\/balkon-turk-peter-koncept-fb.jpg 1200w, https:\/\/balkon.art\/home\/ba-app\/uploads\/2018\/07\/balkon-turk-peter-koncept-fb-800x420.jpg 800w, https:\/\/balkon.art\/home\/ba-app\/uploads\/2018\/07\/balkon-turk-peter-koncept-fb-768x403.jpg 768w\" sizes=\"auto, (max-width: 1200px) 100vw, 1200px\" \/><\/a>\n<h6 class=\"pt-cv-title\"><a href=\"https:\/\/balkon.art\/home\/online-2018\/turk-peter-minden-nem-latszik-4\/\" class=\"_self cvplbd\" target=\"_self\" ><em>minden nem l\u00e1tszik<\/em> \u2013 T\u00dcRK P\u00c9TER (1943\u20132015) \u00e9letm\u0171ki\u00e1ll\u00edt\u00e1sa | 4<\/a><\/h6><\/div><\/div>\n<div class=\"col-md-6 col-sm-12 col-xs-12 pt-cv-content-item pt-cv-1-col\"  data-pid=\"10677\"><div class='pt-cv-ifield'><a href=\"https:\/\/balkon.art\/home\/online-2018\/turk-peter-minden-nem-latszik-3\/\" class=\"_self pt-cv-href-thumbnail pt-cv-thumb-default cvplbd\" target=\"_self\" ><img loading=\"lazy\" decoding=\"async\" width=\"1200\" height=\"630\" src=\"https:\/\/balkon.art\/home\/ba-app\/uploads\/2018\/07\/Ibalkon-turk-peter-technikai-kiserletek-fb.jpg\" class=\"pt-cv-thumbnail img-none\" alt=\"&lt;em&gt;minden nem l\u00e1tszik&lt;\/em&gt; \u2013 T\u00dcRK P\u00c9TER (1943\u20132015) \u00e9letm\u0171ki\u00e1ll\u00edt\u00e1sa | 3\" srcset=\"https:\/\/balkon.art\/home\/ba-app\/uploads\/2018\/07\/Ibalkon-turk-peter-technikai-kiserletek-fb.jpg 1200w, https:\/\/balkon.art\/home\/ba-app\/uploads\/2018\/07\/Ibalkon-turk-peter-technikai-kiserletek-fb-800x420.jpg 800w, https:\/\/balkon.art\/home\/ba-app\/uploads\/2018\/07\/Ibalkon-turk-peter-technikai-kiserletek-fb-768x403.jpg 768w\" sizes=\"auto, (max-width: 1200px) 100vw, 1200px\" \/><\/a>\n<h6 class=\"pt-cv-title\"><a href=\"https:\/\/balkon.art\/home\/online-2018\/turk-peter-minden-nem-latszik-3\/\" class=\"_self cvplbd\" target=\"_self\" ><em>minden nem l\u00e1tszik<\/em> \u2013 T\u00dcRK P\u00c9TER (1943\u20132015) \u00e9letm\u0171ki\u00e1ll\u00edt\u00e1sa | 3<\/a><\/h6><\/div><\/div>\n<div class=\"col-md-6 col-sm-12 col-xs-12 pt-cv-content-item pt-cv-1-col\"  data-pid=\"10566\"><div class='pt-cv-ifield'><a href=\"https:\/\/balkon.art\/home\/online-2018\/turk-peter-minden-nem-latszik-2\/\" class=\"_self pt-cv-href-thumbnail pt-cv-thumb-default cvplbd\" target=\"_self\" ><img loading=\"lazy\" decoding=\"async\" width=\"1200\" height=\"630\" src=\"https:\/\/balkon.art\/home\/ba-app\/uploads\/2018\/07\/balkon-turk-peter-kert-fb.jpg\" class=\"pt-cv-thumbnail img-none\" alt=\"&lt;em&gt;minden nem l\u00e1tszik&lt;\/em&gt; \u2013 T\u00dcRK P\u00c9TER (1943\u20132015) \u00e9letm\u0171ki\u00e1ll\u00edt\u00e1sa | 2\" srcset=\"https:\/\/balkon.art\/home\/ba-app\/uploads\/2018\/07\/balkon-turk-peter-kert-fb.jpg 1200w, https:\/\/balkon.art\/home\/ba-app\/uploads\/2018\/07\/balkon-turk-peter-kert-fb-800x420.jpg 800w, https:\/\/balkon.art\/home\/ba-app\/uploads\/2018\/07\/balkon-turk-peter-kert-fb-768x403.jpg 768w\" sizes=\"auto, (max-width: 1200px) 100vw, 1200px\" \/><\/a>\n<h6 class=\"pt-cv-title\"><a href=\"https:\/\/balkon.art\/home\/online-2018\/turk-peter-minden-nem-latszik-2\/\" class=\"_self cvplbd\" target=\"_self\" ><em>minden nem l\u00e1tszik<\/em> \u2013 T\u00dcRK P\u00c9TER (1943\u20132015) \u00e9letm\u0171ki\u00e1ll\u00edt\u00e1sa | 2<\/a><\/h6><\/div><\/div>\n<div class=\"col-md-6 col-sm-12 col-xs-12 pt-cv-content-item pt-cv-1-col\"  data-pid=\"10288\"><div class='pt-cv-ifield'><a href=\"https:\/\/balkon.art\/home\/online-2018\/turk-peter-minden-nem-latszik-1\/\" class=\"_self pt-cv-href-thumbnail pt-cv-thumb-default cvplbd\" target=\"_self\" ><img loading=\"lazy\" decoding=\"async\" width=\"1200\" height=\"630\" src=\"https:\/\/balkon.art\/home\/ba-app\/uploads\/2018\/06\/balkon-turk-peter-01-fb.jpg\" class=\"pt-cv-thumbnail img-none\" alt=\"&lt;em&gt;minden nem l\u00e1tszik&lt;\/em&gt; \u2013 T\u00dcRK P\u00c9TER (1943\u20132015) \u00e9letm\u0171ki\u00e1ll\u00edt\u00e1sa | 1\" srcset=\"https:\/\/balkon.art\/home\/ba-app\/uploads\/2018\/06\/balkon-turk-peter-01-fb.jpg 1200w, https:\/\/balkon.art\/home\/ba-app\/uploads\/2018\/06\/balkon-turk-peter-01-fb-800x420.jpg 800w, https:\/\/balkon.art\/home\/ba-app\/uploads\/2018\/06\/balkon-turk-peter-01-fb-768x403.jpg 768w\" sizes=\"auto, (max-width: 1200px) 100vw, 1200px\" \/><\/a>\n<h6 class=\"pt-cv-title\"><a href=\"https:\/\/balkon.art\/home\/online-2018\/turk-peter-minden-nem-latszik-1\/\" class=\"_self cvplbd\" target=\"_self\" ><em>minden nem l\u00e1tszik<\/em> \u2013 T\u00dcRK P\u00c9TER (1943\u20132015) \u00e9letm\u0171ki\u00e1ll\u00edt\u00e1sa | 1<\/a><\/h6><\/div><\/div>\n<div class=\"col-md-6 col-sm-12 col-xs-12 pt-cv-content-item pt-cv-1-col\"  data-pid=\"11692\"><div class='pt-cv-ifield'><a href=\"https:\/\/balkon.art\/home\/online-2018\/bogi-dia-szaturnusz-fai\/\" class=\"_self pt-cv-href-thumbnail pt-cv-thumb-default cvplbd\" target=\"_self\" ><img loading=\"lazy\" decoding=\"async\" width=\"1200\" height=\"630\" src=\"https:\/\/balkon.art\/home\/ba-app\/uploads\/2018\/07\/balkon-bogi-dia-fb-3.jpg\" class=\"pt-cv-thumbnail img-none\" alt=\"B\u00f6gi Dia: &lt;em&gt;Szaturnusz f\u00e1i&lt;\/em&gt;\" srcset=\"https:\/\/balkon.art\/home\/ba-app\/uploads\/2018\/07\/balkon-bogi-dia-fb-3.jpg 1200w, https:\/\/balkon.art\/home\/ba-app\/uploads\/2018\/07\/balkon-bogi-dia-fb-3-800x420.jpg 800w, https:\/\/balkon.art\/home\/ba-app\/uploads\/2018\/07\/balkon-bogi-dia-fb-3-768x403.jpg 768w\" sizes=\"auto, (max-width: 1200px) 100vw, 1200px\" \/><\/a>\n<h6 class=\"pt-cv-title\"><a href=\"https:\/\/balkon.art\/home\/online-2018\/bogi-dia-szaturnusz-fai\/\" class=\"_self cvplbd\" target=\"_self\" >B\u00f6gi Dia: <em>Szaturnusz f\u00e1i<\/em><\/a><\/h6><\/div><\/div>\n<div class=\"col-md-6 col-sm-12 col-xs-12 pt-cv-content-item pt-cv-1-col\"  data-pid=\"10436\"><div class='pt-cv-ifield'><a href=\"https:\/\/balkon.art\/home\/online-2018\/talalt-tarlat-lemuel-gulliver-emlekezete\/\" class=\"_self pt-cv-href-thumbnail pt-cv-thumb-default cvplbd\" target=\"_self\" ><img loading=\"lazy\" decoding=\"async\" width=\"1200\" height=\"630\" src=\"https:\/\/balkon.art\/home\/ba-app\/uploads\/2018\/07\/balkon-talalt-tarlat-fb.jpg\" class=\"pt-cv-thumbnail img-none\" alt=\"Tal\u00e1lt t\u00e1rlat \u2013 Lemuel Gulliver eml\u00e9kezete\" srcset=\"https:\/\/balkon.art\/home\/ba-app\/uploads\/2018\/07\/balkon-talalt-tarlat-fb.jpg 1200w, https:\/\/balkon.art\/home\/ba-app\/uploads\/2018\/07\/balkon-talalt-tarlat-fb-800x420.jpg 800w, https:\/\/balkon.art\/home\/ba-app\/uploads\/2018\/07\/balkon-talalt-tarlat-fb-768x403.jpg 768w\" sizes=\"auto, (max-width: 1200px) 100vw, 1200px\" \/><\/a>\n<h6 class=\"pt-cv-title\"><a href=\"https:\/\/balkon.art\/home\/online-2018\/talalt-tarlat-lemuel-gulliver-emlekezete\/\" class=\"_self cvplbd\" target=\"_self\" >Tal\u00e1lt t\u00e1rlat \u2013 Lemuel Gulliver eml\u00e9kezete<\/a><\/h6><\/div><\/div>\n<div class=\"col-md-6 col-sm-12 col-xs-12 pt-cv-content-item pt-cv-1-col\"  data-pid=\"11265\"><div class='pt-cv-ifield'><a href=\"https:\/\/balkon.art\/home\/online-2018\/tot-endre-lefele-indulo\/\" class=\"_self pt-cv-href-thumbnail pt-cv-thumb-default cvplbd\" target=\"_self\" ><img loading=\"lazy\" decoding=\"async\" width=\"1200\" height=\"630\" src=\"https:\/\/balkon.art\/home\/ba-app\/uploads\/2018\/07\/balkon-tot-endre-19-36-fb.jpg\" class=\"pt-cv-thumbnail img-none\" alt=\"T\u00f3t Endre: &lt;em&gt;lefel\u00e9 indul\u00f3&lt;\/em&gt;\" srcset=\"https:\/\/balkon.art\/home\/ba-app\/uploads\/2018\/07\/balkon-tot-endre-19-36-fb.jpg 1200w, https:\/\/balkon.art\/home\/ba-app\/uploads\/2018\/07\/balkon-tot-endre-19-36-fb-800x420.jpg 800w, https:\/\/balkon.art\/home\/ba-app\/uploads\/2018\/07\/balkon-tot-endre-19-36-fb-768x403.jpg 768w\" sizes=\"auto, (max-width: 1200px) 100vw, 1200px\" \/><\/a>\n<h6 class=\"pt-cv-title\"><a href=\"https:\/\/balkon.art\/home\/online-2018\/tot-endre-lefele-indulo\/\" class=\"_self cvplbd\" target=\"_self\" >T\u00f3t Endre: <em>lefel\u00e9 indul\u00f3<\/em><\/a><\/h6><\/div><\/div>\n<div class=\"col-md-6 col-sm-12 col-xs-12 pt-cv-content-item pt-cv-1-col\"  data-pid=\"10406\"><div class='pt-cv-ifield'><a href=\"https:\/\/balkon.art\/home\/online-2018\/tot-endre-a-szamhoz-emeltem\/\" class=\"_self pt-cv-href-thumbnail pt-cv-thumb-default cvplbd\" target=\"_self\" ><img loading=\"lazy\" decoding=\"async\" width=\"1200\" height=\"630\" src=\"https:\/\/balkon.art\/home\/ba-app\/uploads\/2018\/06\/balkon-tot-endre-10-18-fb.jpg\" class=\"pt-cv-thumbnail img-none\" alt=\"T\u00f3t Endre: &lt;em&gt;a sz\u00e1mhoz emeltem&lt;\/em&gt;\" srcset=\"https:\/\/balkon.art\/home\/ba-app\/uploads\/2018\/06\/balkon-tot-endre-10-18-fb.jpg 1200w, https:\/\/balkon.art\/home\/ba-app\/uploads\/2018\/06\/balkon-tot-endre-10-18-fb-800x420.jpg 800w, https:\/\/balkon.art\/home\/ba-app\/uploads\/2018\/06\/balkon-tot-endre-10-18-fb-768x403.jpg 768w\" sizes=\"auto, (max-width: 1200px) 100vw, 1200px\" \/><\/a>\n<h6 class=\"pt-cv-title\"><a href=\"https:\/\/balkon.art\/home\/online-2018\/tot-endre-a-szamhoz-emeltem\/\" class=\"_self cvplbd\" target=\"_self\" >T\u00f3t Endre: <em>a sz\u00e1mhoz emeltem<\/em><\/a><\/h6><\/div><\/div>\n<div class=\"col-md-6 col-sm-12 col-xs-12 pt-cv-content-item pt-cv-1-col\"  data-pid=\"9660\"><div class='pt-cv-ifield'><a href=\"https:\/\/balkon.art\/home\/online-2018\/tot-endre-kolnben-ahol\/\" class=\"_self pt-cv-href-thumbnail pt-cv-thumb-default cvplbd\" target=\"_self\" ><img loading=\"lazy\" decoding=\"async\" width=\"1200\" height=\"630\" src=\"https:\/\/balkon.art\/home\/ba-app\/uploads\/2018\/06\/balkon-tot-endre-kolnben-ahol-fb.jpg\" class=\"pt-cv-thumbnail img-none\" alt=\"T\u00f3t Endre: &lt;em&gt;k\u00f6lnben ahol&lt;\/em&gt;\" srcset=\"https:\/\/balkon.art\/home\/ba-app\/uploads\/2018\/06\/balkon-tot-endre-kolnben-ahol-fb.jpg 1200w, https:\/\/balkon.art\/home\/ba-app\/uploads\/2018\/06\/balkon-tot-endre-kolnben-ahol-fb-800x420.jpg 800w, https:\/\/balkon.art\/home\/ba-app\/uploads\/2018\/06\/balkon-tot-endre-kolnben-ahol-fb-768x403.jpg 768w\" sizes=\"auto, (max-width: 1200px) 100vw, 1200px\" \/><\/a>\n<h6 class=\"pt-cv-title\"><a href=\"https:\/\/balkon.art\/home\/online-2018\/tot-endre-kolnben-ahol\/\" class=\"_self cvplbd\" target=\"_self\" >T\u00f3t Endre: <em>k\u00f6lnben ahol<\/em><\/a><\/h6><\/div><\/div>\n<div class=\"col-md-6 col-sm-12 col-xs-12 pt-cv-content-item pt-cv-1-col\"  data-pid=\"10013\"><div class='pt-cv-ifield'><a href=\"https:\/\/balkon.art\/home\/online-2018\/fake-news-daniel-pitin-miroslav-polach-adam-stech\/\" class=\"_self pt-cv-href-thumbnail pt-cv-thumb-default cvplbd\" target=\"_self\" ><img loading=\"lazy\" decoding=\"async\" width=\"1200\" height=\"630\" src=\"https:\/\/balkon.art\/home\/ba-app\/uploads\/2018\/06\/balkon-deak-erika-galeria-fake-news-fb.jpg\" class=\"pt-cv-thumbnail img-none\" alt=\"&lt;em&gt;FAKE NEWS&lt;\/em&gt; | Daniel Pit\u00edn, Miroslav Pol\u00e1ch, Adam \u0160tech\" srcset=\"https:\/\/balkon.art\/home\/ba-app\/uploads\/2018\/06\/balkon-deak-erika-galeria-fake-news-fb.jpg 1200w, https:\/\/balkon.art\/home\/ba-app\/uploads\/2018\/06\/balkon-deak-erika-galeria-fake-news-fb-800x420.jpg 800w, https:\/\/balkon.art\/home\/ba-app\/uploads\/2018\/06\/balkon-deak-erika-galeria-fake-news-fb-768x403.jpg 768w\" sizes=\"auto, (max-width: 1200px) 100vw, 1200px\" \/><\/a>\n<h6 class=\"pt-cv-title\"><a href=\"https:\/\/balkon.art\/home\/online-2018\/fake-news-daniel-pitin-miroslav-polach-adam-stech\/\" class=\"_self cvplbd\" target=\"_self\" ><em>FAKE NEWS<\/em> | Daniel Pit\u00edn, Miroslav Pol\u00e1ch, Adam \u0160tech<\/a><\/h6><\/div><\/div>\n<div class=\"col-md-6 col-sm-12 col-xs-12 pt-cv-content-item pt-cv-1-col\"  data-pid=\"9314\"><div class='pt-cv-ifield'><a href=\"https:\/\/balkon.art\/home\/online-2018\/pacsika-rudolf-semmi-hatalmat-nekem\/\" class=\"_self pt-cv-href-thumbnail pt-cv-thumb-default cvplbd\" target=\"_self\" ><img loading=\"lazy\" decoding=\"async\" width=\"1200\" height=\"630\" src=\"https:\/\/balkon.art\/home\/ba-app\/uploads\/2018\/05\/balkon-pacsika-rudolf-hidegszoba-fb.jpg\" class=\"pt-cv-thumbnail img-none\" alt=\"Pacsika Rudolf: &lt;em&gt;Semmi hatalmat nekem!&lt;\/em&gt;\" srcset=\"https:\/\/balkon.art\/home\/ba-app\/uploads\/2018\/05\/balkon-pacsika-rudolf-hidegszoba-fb.jpg 1200w, https:\/\/balkon.art\/home\/ba-app\/uploads\/2018\/05\/balkon-pacsika-rudolf-hidegszoba-fb-800x420.jpg 800w, https:\/\/balkon.art\/home\/ba-app\/uploads\/2018\/05\/balkon-pacsika-rudolf-hidegszoba-fb-768x403.jpg 768w\" sizes=\"auto, (max-width: 1200px) 100vw, 1200px\" \/><\/a>\n<h6 class=\"pt-cv-title\"><a href=\"https:\/\/balkon.art\/home\/online-2018\/pacsika-rudolf-semmi-hatalmat-nekem\/\" class=\"_self cvplbd\" target=\"_self\" >Pacsika Rudolf: <em>Semmi hatalmat nekem!<\/em><\/a><\/h6><\/div><\/div>\n<div class=\"col-md-6 col-sm-12 col-xs-12 pt-cv-content-item pt-cv-1-col\"  data-pid=\"8975\"><div class='pt-cv-ifield'><a href=\"https:\/\/balkon.art\/home\/online-2018\/csorgo-attila-utkozesek\/\" class=\"_self pt-cv-href-thumbnail pt-cv-thumb-default cvplbd\" target=\"_self\" ><img loading=\"lazy\" decoding=\"async\" width=\"1200\" height=\"630\" src=\"https:\/\/balkon.art\/home\/ba-app\/uploads\/2018\/05\/balkon-csorgo-attila-glassyard-2018-fb.jpg\" class=\"pt-cv-thumbnail img-none\" alt=\"Cs\u00f6rg\u0151 Attila: &lt;em&gt;\u00dctk\u00f6z\u00e9sek&lt;\/em&gt;\" srcset=\"https:\/\/balkon.art\/home\/ba-app\/uploads\/2018\/05\/balkon-csorgo-attila-glassyard-2018-fb.jpg 1200w, https:\/\/balkon.art\/home\/ba-app\/uploads\/2018\/05\/balkon-csorgo-attila-glassyard-2018-fb-800x420.jpg 800w, https:\/\/balkon.art\/home\/ba-app\/uploads\/2018\/05\/balkon-csorgo-attila-glassyard-2018-fb-768x403.jpg 768w\" sizes=\"auto, (max-width: 1200px) 100vw, 1200px\" \/><\/a>\n<h6 class=\"pt-cv-title\"><a href=\"https:\/\/balkon.art\/home\/online-2018\/csorgo-attila-utkozesek\/\" class=\"_self cvplbd\" target=\"_self\" >Cs\u00f6rg\u0151 Attila: <em>\u00dctk\u00f6z\u00e9sek<\/em><\/a><\/h6><\/div><\/div>\n<div class=\"col-md-6 col-sm-12 col-xs-12 pt-cv-content-item pt-cv-1-col\"  data-pid=\"8675\"><div class='pt-cv-ifield'><a href=\"https:\/\/balkon.art\/home\/online-2018\/szabo-adam-arnyekos-oldal\/\" class=\"_self pt-cv-href-thumbnail pt-cv-thumb-default cvplbd\" target=\"_self\" ><img loading=\"lazy\" decoding=\"async\" width=\"1200\" height=\"630\" src=\"https:\/\/balkon.art\/home\/ba-app\/uploads\/2018\/04\/balkon-szabo-adam-inda-galeria-fb.jpg\" class=\"pt-cv-thumbnail img-none\" alt=\"Szab\u00f3 \u00c1d\u00e1m: &lt;em&gt;\u00c1rny\u00e9kos oldal&lt;\/em&gt;\" srcset=\"https:\/\/balkon.art\/home\/ba-app\/uploads\/2018\/04\/balkon-szabo-adam-inda-galeria-fb.jpg 1200w, https:\/\/balkon.art\/home\/ba-app\/uploads\/2018\/04\/balkon-szabo-adam-inda-galeria-fb-800x420.jpg 800w, https:\/\/balkon.art\/home\/ba-app\/uploads\/2018\/04\/balkon-szabo-adam-inda-galeria-fb-768x403.jpg 768w\" sizes=\"auto, (max-width: 1200px) 100vw, 1200px\" \/><\/a>\n<h6 class=\"pt-cv-title\"><a href=\"https:\/\/balkon.art\/home\/online-2018\/szabo-adam-arnyekos-oldal\/\" class=\"_self cvplbd\" target=\"_self\" >Szab\u00f3 \u00c1d\u00e1m: <em>\u00c1rny\u00e9kos oldal<\/em><\/a><\/h6><\/div><\/div>\n<div class=\"col-md-6 col-sm-12 col-xs-12 pt-cv-content-item pt-cv-1-col\"  data-pid=\"8295\"><div class='pt-cv-ifield'><a href=\"https:\/\/balkon.art\/home\/online-2018\/tilo-schulz-seizing-two-moments-at-once\/\" class=\"_self pt-cv-href-thumbnail pt-cv-thumb-default cvplbd\" target=\"_self\" ><img loading=\"lazy\" decoding=\"async\" width=\"1200\" height=\"630\" src=\"https:\/\/balkon.art\/home\/ba-app\/uploads\/2018\/03\/balkon-tilo-schulz-acb-2018-fb.jpg\" class=\"pt-cv-thumbnail img-none\" alt=\"Tilo Schulz: &lt;em&gt;Seizing two moments at once&lt;\/em&gt;\" srcset=\"https:\/\/balkon.art\/home\/ba-app\/uploads\/2018\/03\/balkon-tilo-schulz-acb-2018-fb.jpg 1200w, https:\/\/balkon.art\/home\/ba-app\/uploads\/2018\/03\/balkon-tilo-schulz-acb-2018-fb-800x420.jpg 800w, https:\/\/balkon.art\/home\/ba-app\/uploads\/2018\/03\/balkon-tilo-schulz-acb-2018-fb-768x403.jpg 768w\" sizes=\"auto, (max-width: 1200px) 100vw, 1200px\" \/><\/a>\n<h6 class=\"pt-cv-title\"><a href=\"https:\/\/balkon.art\/home\/online-2018\/tilo-schulz-seizing-two-moments-at-once\/\" class=\"_self cvplbd\" target=\"_self\" >Tilo Schulz: <em>Seizing two moments at once<\/em><\/a><\/h6><\/div><\/div>\n<div class=\"col-md-6 col-sm-12 col-xs-12 pt-cv-content-item pt-cv-1-col\"  data-pid=\"7089\"><div class='pt-cv-ifield'><a href=\"https:\/\/balkon.art\/home\/online-2018\/osz-gabor-spomen\/\" class=\"_self pt-cv-href-thumbnail pt-cv-thumb-default cvplbd\" target=\"_self\" ><img loading=\"lazy\" decoding=\"async\" width=\"1200\" height=\"630\" src=\"https:\/\/balkon.art\/home\/ba-app\/uploads\/2018\/02\/balkon-osz-gabor-2018-fb.jpg\" class=\"pt-cv-thumbnail img-none\" alt=\"\u0150sz G\u00e1bor: &lt;em&gt;Spomen&lt;\/em&gt;\" srcset=\"https:\/\/balkon.art\/home\/ba-app\/uploads\/2018\/02\/balkon-osz-gabor-2018-fb.jpg 1200w, https:\/\/balkon.art\/home\/ba-app\/uploads\/2018\/02\/balkon-osz-gabor-2018-fb-800x420.jpg 800w, https:\/\/balkon.art\/home\/ba-app\/uploads\/2018\/02\/balkon-osz-gabor-2018-fb-768x403.jpg 768w\" sizes=\"auto, (max-width: 1200px) 100vw, 1200px\" \/><\/a>\n<h6 class=\"pt-cv-title\"><a href=\"https:\/\/balkon.art\/home\/online-2018\/osz-gabor-spomen\/\" class=\"_self cvplbd\" target=\"_self\" >\u0150sz G\u00e1bor: <em>Spomen<\/em><\/a><\/h6><\/div><\/div>\n<div class=\"col-md-6 col-sm-12 col-xs-12 pt-cv-content-item pt-cv-1-col\"  data-pid=\"7468\"><div class='pt-cv-ifield'><a href=\"https:\/\/balkon.art\/home\/online-2018\/kaldi-katalin-ho\/\" class=\"_self pt-cv-href-thumbnail pt-cv-thumb-default cvplbd\" target=\"_self\" ><img loading=\"lazy\" decoding=\"async\" width=\"1200\" height=\"630\" src=\"https:\/\/balkon.art\/home\/ba-app\/uploads\/2018\/02\/balkon-kaldi-kata-fb-2018.jpg\" class=\"pt-cv-thumbnail img-none\" alt=\"K\u00e1ldi Katalin: &lt;em&gt;H\u0151 | Heat&lt;\/em&gt;\" srcset=\"https:\/\/balkon.art\/home\/ba-app\/uploads\/2018\/02\/balkon-kaldi-kata-fb-2018.jpg 1200w, https:\/\/balkon.art\/home\/ba-app\/uploads\/2018\/02\/balkon-kaldi-kata-fb-2018-800x420.jpg 800w, https:\/\/balkon.art\/home\/ba-app\/uploads\/2018\/02\/balkon-kaldi-kata-fb-2018-768x403.jpg 768w\" sizes=\"auto, (max-width: 1200px) 100vw, 1200px\" \/><\/a>\n<h6 class=\"pt-cv-title\"><a href=\"https:\/\/balkon.art\/home\/online-2018\/kaldi-katalin-ho\/\" class=\"_self cvplbd\" target=\"_self\" >K\u00e1ldi Katalin: <em>H\u0151 | Heat<\/em><\/a><\/h6><\/div><\/div>\n<div class=\"col-md-6 col-sm-12 col-xs-12 pt-cv-content-item pt-cv-1-col\"  data-pid=\"7146\"><div class='pt-cv-ifield'><a href=\"https:\/\/balkon.art\/home\/online-2018\/tasnadi-jozsef-szonata-akusztikus-arnyek\/\" class=\"_self pt-cv-href-thumbnail pt-cv-thumb-default cvplbd\" target=\"_self\" ><img loading=\"lazy\" decoding=\"async\" width=\"1200\" height=\"630\" src=\"https:\/\/balkon.art\/home\/ba-app\/uploads\/2018\/02\/balkon-tasnadi-jozsef-szonata-fb.jpg\" class=\"pt-cv-thumbnail img-none\" alt=\"Tasn\u00e1di J\u00f3zsef: &lt;em&gt;Szon\u00e1ta \/ Akusztikus \u00e1rny\u00e9k&lt;\/em&gt;\" srcset=\"https:\/\/balkon.art\/home\/ba-app\/uploads\/2018\/02\/balkon-tasnadi-jozsef-szonata-fb.jpg 1200w, https:\/\/balkon.art\/home\/ba-app\/uploads\/2018\/02\/balkon-tasnadi-jozsef-szonata-fb-800x420.jpg 800w, https:\/\/balkon.art\/home\/ba-app\/uploads\/2018\/02\/balkon-tasnadi-jozsef-szonata-fb-768x403.jpg 768w\" sizes=\"auto, (max-width: 1200px) 100vw, 1200px\" \/><\/a>\n<h6 class=\"pt-cv-title\"><a href=\"https:\/\/balkon.art\/home\/online-2018\/tasnadi-jozsef-szonata-akusztikus-arnyek\/\" class=\"_self cvplbd\" target=\"_self\" >Tasn\u00e1di J\u00f3zsef: <em>Szon\u00e1ta \/ Akusztikus \u00e1rny\u00e9k<\/em><\/a><\/h6><\/div><\/div>\n<div class=\"col-md-6 col-sm-12 col-xs-12 pt-cv-content-item pt-cv-1-col\"  data-pid=\"6666\"><div class='pt-cv-ifield'><a href=\"https:\/\/balkon.art\/home\/online-2018\/csakany-istvan-tukor-altal\/\" class=\"_self pt-cv-href-thumbnail pt-cv-thumb-default cvplbd\" target=\"_self\" ><img loading=\"lazy\" decoding=\"async\" width=\"1200\" height=\"630\" src=\"https:\/\/balkon.art\/home\/ba-app\/uploads\/2018\/01\/balkon-glassyard-gallery-csakany-istvan-fb-1.jpg\" class=\"pt-cv-thumbnail img-none\" alt=\"Cs\u00e1k\u00e1ny Istv\u00e1n: &lt;em&gt;T\u00fck\u00f6r \u00e1ltal&lt;\/em&gt;\" srcset=\"https:\/\/balkon.art\/home\/ba-app\/uploads\/2018\/01\/balkon-glassyard-gallery-csakany-istvan-fb-1.jpg 1200w, https:\/\/balkon.art\/home\/ba-app\/uploads\/2018\/01\/balkon-glassyard-gallery-csakany-istvan-fb-1-800x420.jpg 800w, https:\/\/balkon.art\/home\/ba-app\/uploads\/2018\/01\/balkon-glassyard-gallery-csakany-istvan-fb-1-768x403.jpg 768w\" sizes=\"auto, (max-width: 1200px) 100vw, 1200px\" \/><\/a>\n<h6 class=\"pt-cv-title\"><a href=\"https:\/\/balkon.art\/home\/online-2018\/csakany-istvan-tukor-altal\/\" class=\"_self cvplbd\" target=\"_self\" >Cs\u00e1k\u00e1ny Istv\u00e1n: <em>T\u00fck\u00f6r \u00e1ltal<\/em><\/a><\/h6><\/div><\/div>\n<div class=\"col-md-6 col-sm-12 col-xs-12 pt-cv-content-item pt-cv-1-col\"  data-pid=\"6930\"><div class='pt-cv-ifield'><a href=\"https:\/\/balkon.art\/home\/online-2018\/tasnadi-jozsef-azt-hiszem-rozsaszin-kod-rajongo-vagyok\/\" class=\"_self pt-cv-href-thumbnail pt-cv-thumb-default cvplbd\" target=\"_self\" ><img loading=\"lazy\" decoding=\"async\" width=\"1200\" height=\"630\" src=\"https:\/\/balkon.art\/home\/ba-app\/uploads\/2018\/01\/01-rozsaszin_kod_fb.jpg\" class=\"pt-cv-thumbnail img-none\" alt=\"Tasn\u00e1di J\u00f3zsef: &lt;em&gt;Azt hiszem, r\u00f3zsasz\u00edn  k\u00f6d rajong\u00f3 vagyok&lt;\/em&gt;\" srcset=\"https:\/\/balkon.art\/home\/ba-app\/uploads\/2018\/01\/01-rozsaszin_kod_fb.jpg 1200w, https:\/\/balkon.art\/home\/ba-app\/uploads\/2018\/01\/01-rozsaszin_kod_fb-800x420.jpg 800w, https:\/\/balkon.art\/home\/ba-app\/uploads\/2018\/01\/01-rozsaszin_kod_fb-768x403.jpg 768w\" sizes=\"auto, (max-width: 1200px) 100vw, 1200px\" \/><\/a>\n<h6 class=\"pt-cv-title\"><a href=\"https:\/\/balkon.art\/home\/online-2018\/tasnadi-jozsef-azt-hiszem-rozsaszin-kod-rajongo-vagyok\/\" class=\"_self cvplbd\" target=\"_self\" >Tasn\u00e1di J\u00f3zsef: <em>Azt hiszem, r\u00f3zsasz\u00edn  k\u00f6d rajong\u00f3 vagyok<\/em><\/a><\/h6><\/div><\/div>\n<div class=\"col-md-6 col-sm-12 col-xs-12 pt-cv-content-item pt-cv-1-col\"  data-pid=\"7844\"><div class='pt-cv-ifield'><a href=\"https:\/\/balkon.art\/home\/online-2018\/inside-express-3\/\" class=\"_self pt-cv-href-thumbnail pt-cv-thumb-default cvplbd\" target=\"_self\" ><img loading=\"lazy\" decoding=\"async\" width=\"1200\" height=\"630\" src=\"https:\/\/balkon.art\/home\/ba-app\/uploads\/2018\/03\/balkon-ie-3-schmied-andi-maria-pratts-fb.jpg\" class=\"pt-cv-thumbnail img-none\" alt=\"inside express 3\" srcset=\"https:\/\/balkon.art\/home\/ba-app\/uploads\/2018\/03\/balkon-ie-3-schmied-andi-maria-pratts-fb.jpg 1200w, https:\/\/balkon.art\/home\/ba-app\/uploads\/2018\/03\/balkon-ie-3-schmied-andi-maria-pratts-fb-800x420.jpg 800w, https:\/\/balkon.art\/home\/ba-app\/uploads\/2018\/03\/balkon-ie-3-schmied-andi-maria-pratts-fb-768x403.jpg 768w\" sizes=\"auto, (max-width: 1200px) 100vw, 1200px\" \/><\/a>\n<h6 class=\"pt-cv-title\"><a href=\"https:\/\/balkon.art\/home\/online-2018\/inside-express-3\/\" class=\"_self cvplbd\" target=\"_self\" >inside express 3<\/a><\/h6><\/div><\/div><\/div><\/div><\/div>\t\t\t<style type=\"text\/css\" id=\"pt-cv-inline-style-2d2e68ax71\">#pt-cv-view-bfc8312z53 .pt-cv-content-item { padding-top: 20px !important; padding-bottom: 20px !important; }\n#pt-cv-view-bfc8312z53  .pt-cv-ifield   { border-radius: 15px 15px 0px 0px !important; }\n#pt-cv-view-bfc8312z53 .pt-cv-title a, #pt-cv-view-bfc8312z53  .panel-title { font-size: 15px !important; line-height: 1.3 !important; color: #2b2b2b !important; }\n@media (min-width: 768px) and (max-width: 991px) {#pt-cv-view-bfc8312z53 .pt-cv-title a, #pt-cv-view-bfc8312z53  .panel-title { font-size: 14px !important }}\n@media (max-width: 767px) {#pt-cv-view-bfc8312z53 .pt-cv-title a, #pt-cv-view-bfc8312z53  .panel-title { font-size: 14px !important }}\n#pt-cv-view-bfc8312z53  .pt-cv-title a:hover, #pt-cv-view-bfc8312z53  .panel-title:hover   { font-size: 15px !important; line-height: 1.3 !important; color: #3e5cf2 !important; }\n@media (min-width: 768px) and (max-width: 991px) {#pt-cv-view-bfc8312z53  .pt-cv-title a:hover, #pt-cv-view-bfc8312z53  .panel-title:hover   { font-size: 14px !important }}\n@media (max-width: 767px) {#pt-cv-view-bfc8312z53  .pt-cv-title a:hover, #pt-cv-view-bfc8312z53  .panel-title:hover   { font-size: 14px !important }}\n#pt-cv-view-bfc8312z53 .pt-cv-readmore  { color: #ffffff !important; background-color: #f6653c !important; }\n#pt-cv-view-bfc8312z53 .pt-cv-readmore:hover  { color: #f6653c !important; background-color: #ffffff !important; }\n#pt-cv-view-bfc8312z53  + .pt-cv-pagination-wrapper .pt-cv-more-inactive , #pt-cv-view-bfc8312z53  + .pt-cv-pagination-wrapper .pagination a, .pt-cv-pagination[data-sid='bfc8312z53'] a { color: #000000 !important; background-color: #ffffff !important; }<\/style>\r\n\t\t\t[\/vc_column_text][\/vc_column][\/vc_row][vc_row type=&#8221;in_container&#8221; full_screen_row_position=&#8221;middle&#8221; column_margin=&#8221;default&#8221; column_direction=&#8221;default&#8221; column_direction_tablet=&#8221;default&#8221; column_direction_phone=&#8221;default&#8221; scene_position=&#8221;center&#8221; left_padding_desktop=&#8221;15%&#8221; constrain_group_2=&#8221;yes&#8221; right_padding_desktop=&#8221;15%&#8221; left_padding_tablet=&#8221;10%&#8221; constrain_group_4=&#8221;yes&#8221; right_padding_tablet=&#8221;10%&#8221; text_color=&#8221;dark&#8221; text_align=&#8221;left&#8221; row_border_radius=&#8221;none&#8221; row_border_radius_applies=&#8221;bg&#8221; row_position_desktop=&#8221;default&#8221; row_position_tablet=&#8221;inherit&#8221; row_position_phone=&#8221;inherit&#8221; overflow=&#8221;visible&#8221; class=&#8221;m-6-0&#8243; overlay_strength=&#8221;0.3&#8243; gradient_direction=&#8221;left_to_right&#8221; shape_divider_position=&#8221;bottom&#8221; bg_image_animation=&#8221;none&#8221; gradient_type=&#8221;default&#8221; shape_type=&#8221;&#8221;][vc_column column_padding=&#8221;no-extra-padding&#8221; column_padding_tablet=&#8221;inherit&#8221; column_padding_phone=&#8221;inherit&#8221; column_padding_position=&#8221;all&#8221; flex_gap_desktop=&#8221;10px&#8221; column_element_direction_desktop=&#8221;default&#8221; column_element_spacing=&#8221;default&#8221; desktop_text_alignment=&#8221;default&#8221; tablet_text_alignment=&#8221;default&#8221; phone_text_alignment=&#8221;default&#8221; background_color_opacity=&#8221;1&#8243; background_hover_color_opacity=&#8221;1&#8243; column_backdrop_filter=&#8221;none&#8221; column_shadow=&#8221;none&#8221; column_border_radius=&#8221;none&#8221; column_link_target=&#8221;_self&#8221; column_position=&#8221;default&#8221; gradient_direction=&#8221;left_to_right&#8221; overlay_strength=&#8221;0.3&#8243; width=&#8221;1\/1&#8243; tablet_width_inherit=&#8221;default&#8221; animation_type=&#8221;default&#8221; bg_image_animation=&#8221;none&#8221; border_type=&#8221;simple&#8221; column_border_width=&#8221;none&#8221; column_border_style=&#8221;solid&#8221;][nectar_post_grid post_type=&#8221;custom&#8221; cpt_name=&#8221;page&#8221; order=&#8221;DESC&#8221; orderby=&#8221;date&#8221; pagination=&#8221;none&#8221; grid_item_spacing=&#8221;10px&#8221; image_size=&#8221;thumbnail&#8221; image_loading=&#8221;default&#8221; animation=&#8221;none&#8221; animation_stagger=&#8221;90&#8243; animation_easing=&#8221;default&#8221; heading_tag=&#8221;h3&#8243; heading_tag_render=&#8221;default&#8221; font_size_max=&#8221;24px&#8221; category_position=&#8221;default&#8221; additional_meta_size=&#8221;default&#8221; custom_fields_location=&#8221;before_post_meta&#8221; grid_style=&#8221;vertical_list&#8221; vertical_list_hover_effect=&#8221;bg_color_change&#8221; vertical_list_text_color_hover=&#8221;#3E5CF2&#8243; vertical_list_border_color=&#8221;#C9C9C9&#8243; text_color=&#8221;dark&#8221; vertical_list_custom_text_color=&#8221;#000000&#8243; border_radius=&#8221;15px&#8221; posts_per_page=&#8221;20&#8243; display_type=&#8221;grid&#8221; custom_query_tax=&#8221;360&#8243;][divider line_type=&#8221;No Line&#8221; custom_height=&#8221;60&#8243; custom_height_tablet=&#8221;50&#8243; custom_height_phone=&#8221;40&#8243;][\/vc_column][\/vc_row]\n","protected":false},"excerpt":{"rendered":"<p>[vc_row type=&#8221;in_container&#8221; full_screen_row_position=&#8221;middle&#8221; column_margin=&#8221;default&#8221; column_direction=&#8221;default&#8221; column_direction_tablet=&#8221;default&#8221; column_direction_phone=&#8221;default&#8221; bg_color=&#8221;#ffffff&#8221; scene_position=&#8221;center&#8221; text_color=&#8221;light&#8221; text_align=&#8221;left&#8221; row_border_radius=&#8221;none&#8221; row_border_radius_applies=&#8221;bg&#8221; row_position_desktop=&#8221;default&#8221; row_position_tablet=&#8221;inherit&#8221; row_position_phone=&#8221;inherit&#8221; overflow=&#8221;visible&#8221; class=&#8221;p-2-0&#8243; overlay_strength=&#8221;0.3&#8243; gradient_direction=&#8221;left_to_right&#8221; shape_divider_position=&#8221;bottom&#8221; bg_image_animation=&#8221;none&#8221; shape_type=&#8221;&#8221; gradient_type=&#8221;default&#8221;][vc_column column_padding=&#8221;no-extra-padding&#8221; column_padding_tablet=&#8221;inherit&#8221; column_padding_phone=&#8221;inherit&#8221; column_padding_position=&#8221;left-right&#8221; flex_gap_desktop=&#8221;10px&#8221; column_element_direction_desktop=&#8221;default&#8221;&#8230;<\/p>\n","protected":false},"author":1,"featured_media":22911,"parent":0,"menu_order":21,"comment_status":"closed","ping_status":"closed","template":"","meta":{"_acf_changed":false,"h5ap_radio_sources":[],"footnotes":""},"page_kiemeles":[],"page_online-evek":[360],"class_list":{"0":"post-6816","1":"page","2":"type-page","3":"status-publish","4":"has-post-thumbnail","6":"page_online-evek-content"},"acf":[],"_links":{"self":[{"href":"https:\/\/balkon.art\/home\/wp-json\/wp\/v2\/pages\/6816","targetHints":{"allow":["GET"]}}],"collection":[{"href":"https:\/\/balkon.art\/home\/wp-json\/wp\/v2\/pages"}],"about":[{"href":"https:\/\/balkon.art\/home\/wp-json\/wp\/v2\/types\/page"}],"author":[{"embeddable":true,"href":"https:\/\/balkon.art\/home\/wp-json\/wp\/v2\/users\/1"}],"replies":[{"embeddable":true,"href":"https:\/\/balkon.art\/home\/wp-json\/wp\/v2\/comments?post=6816"}],"version-history":[{"count":3,"href":"https:\/\/balkon.art\/home\/wp-json\/wp\/v2\/pages\/6816\/revisions"}],"predecessor-version":[{"id":36453,"href":"https:\/\/balkon.art\/home\/wp-json\/wp\/v2\/pages\/6816\/revisions\/36453"}],"wp:featuredmedia":[{"embeddable":true,"href":"https:\/\/balkon.art\/home\/wp-json\/wp\/v2\/media\/22911"}],"wp:attachment":[{"href":"https:\/\/balkon.art\/home\/wp-json\/wp\/v2\/media?parent=6816"}],"wp:term":[{"taxonomy":"page_kiemeles","embeddable":true,"href":"https:\/\/balkon.art\/home\/wp-json\/wp\/v2\/page_kiemeles?post=6816"},{"taxonomy":"page_online-evek","embeddable":true,"href":"https:\/\/balkon.art\/home\/wp-json\/wp\/v2\/page_online-evek?post=6816"}],"curies":[{"name":"wp","href":"https:\/\/api.w.org\/{rel}","templated":true}]}}