{"id":2955,"date":"2017-06-16T17:59:41","date_gmt":"2017-06-16T15:59:41","guid":{"rendered":"https:\/\/balkon.art\/home\/?page_id=2955\/"},"modified":"2024-05-27T10:49:19","modified_gmt":"2024-05-27T08:49:19","slug":"el-nem-kotelezett-muveszet-marinko-sudac-gyujtemenye","status":"publish","type":"page","link":"https:\/\/balkon.art\/home\/online-2017\/el-nem-kotelezett-muveszet-marinko-sudac-gyujtemenye\/","title":{"rendered":"El nem k\u00f6telezett m\u0171v\u00e9szet \u2013 Marinko Sudac gy\u0171jtem\u00e9nye"},"content":{"rendered":"[vc_row type=&#8221;full_width_content&#8221; full_screen_row_position=&#8221;middle&#8221; scene_position=&#8221;center&#8221; text_color=&#8221;dark&#8221; text_align=&#8221;left&#8221; overlay_strength=&#8221;0.3&#8243; shape_divider_position=&#8221;bottom&#8221; bg_image_animation=&#8221;none&#8221;][vc_column column_padding=&#8221;no-extra-padding&#8221; column_padding_position=&#8221;all&#8221; background_color_opacity=&#8221;1&#8243; background_hover_color_opacity=&#8221;1&#8243; column_link_target=&#8221;_self&#8221; column_shadow=&#8221;none&#8221; column_border_radius=&#8221;none&#8221; width=&#8221;1\/1&#8243; tablet_width_inherit=&#8221;default&#8221; tablet_text_alignment=&#8221;default&#8221; phone_text_alignment=&#8221;default&#8221; column_border_width=&#8221;none&#8221; column_border_style=&#8221;solid&#8221; bg_image_animation=&#8221;none&#8221;]<div class='gambit_parallax_row' data-bg-align='' data-direction='fixed' data-opacity='100' data-velocity='-0.3' data-mobile-enabled='parallax-enable-mobile' data-bg-height='1277' data-bg-width='1920' data-bg-image='https:\/\/balkon.art\/home\/ba-app\/uploads\/2017\/06\/balkon-sudac-collection-001-3fg.jpg' data-bg-repeat='false' data-id='' style='display: none'><\/div>[vc_column_text]\n<h3 style=\"color: #d6352e; margin-top: 80px; padding-left: 10%; padding-right: 10%;\">A ki\u00e1ll\u00edt\u00e1son szerepl\u0151 m\u0171v\u00e9szek, m\u0171v\u00e9szeti csoportok, illetve a\u00a0f\u00fcggetlen ki\u00e1ll\u00edt\u00f3helyekhez kapcsolhat\u00f3 arch\u00edv anyagok<\/h3>\n<p class=\"list\" style=\"color: #000000; margin-top: 40px; margin-bottom: 60px;\">Marina ABRAMOVI\u0106, Milan ADAM\u010cIAK, Karel Adamus, At the Moment [ki\u00e1ll\u00edt\u00e1s], ATTALAI G\u00e1bor, Vojin BAKI\u0106, Balatonbogl\u00e1ri k\u00e1polnam\u0171terem, Dimitrije BA\u0160I\u010cEVI\u0106 MANGELOS (Gorgona), BEKE L\u00e1szl\u00f3, Jerzy BERE\u015a, Slavko BOGDANOVI\u0106 (K\u00f4d), BOSCH+BOSCH, Vladim\u00edr BOUDN\u00cdK, Eugen BRIKCIUS, Boris BU\u0106AN, Dubravko BUDI\u0106 (TOK), Dalibor CHATRN\u00dd, Marijan CIGLI\u0106 (OHO), CSERNIK Attila (BOSCH+BOSCH), Radomir DAMNJANOVI\u0106 DAMNJAN, Drago DELLABERNARDINA (BOSCH+BOSCH), Boris DEMUR (Grupa \u0160estorice Autora), Braco DIMITRIJEVI\u0106, Nu\u0161a and Sre\u010do DRAGAN, ERD\u00c9LY Mikl\u00f3s, EXAT 51, The \u0160empas Family, Eugen FELLER, FICZEK Ferenc (P\u00e9csi M\u0171hely), Stano FILKO, Prv\u00fd Otvoren\u00fd ateli\u00e9r [Az els\u0151 nyitott m\u0171hely ki\u00e1ll\u00edt\u00e1s], Ivo GATTIN, G\u00c1YOR Tibor, GEFF \u2013 Genre Film Festival, Iztok GEISTER (OHO), Gorgona, Tomislav GOTOVAC, Grupa \u0160estorice Autora, Milan GRYGAR, Vladimir GUDAC (TOK), GULY\u00c1S Gyula, HAJAS Tibor, Matja\u017e HAN\u017dEK (OHO), HAL\u00c1SZ K\u00e1roly (P\u00e9csi M\u0171hely), Miljenko HORVAT (Gorgona), Sanja IVEKOVI\u0106, \u017deljko JERMAN (Grupa \u0160estorice Autora), Marijan JEV\u0160OVAR (Gorgona), \u017deljko KIPKE, KISM\u00c1NYOKY K\u00e1roly (P\u00e9csi M\u0171hely), KEREKE\u0160 L\u00e1szl\u00f3, KLIVAR Miroslav, Julije KNIFER (Gorgona), Milan KN\u00cd\u017d\u00c1K, J. H. KOCMAN, K\u00f4d, B\u011bla KOL\u00c1\u0158OV\u00c1, J\u00falius KOLLER, Vladimir KOPICL (K\u00f4d), Jaros\u0142aw KOZ\u0141OWSKI, Ivan KO\u017dARI\u0106 (Gorgona), Na\u0161ko KRI\u017dNAR (OHO), Pawe\u0142 KWIEK, Andrzej LACHOWICZ, LADIK Katalin (BOSCH+BOSCH), LAKNER L\u00e1szl\u00f3, Otis LAUBERT, Natalia LL, Vlado MARTEK (Grupa \u0160estorice Autora), Slavko MATKOVI\u0106 (BOSCH+BOSCH), MAURER D\u00f3ra, Karel MILER, Era MILIVOJEVI\u0106, Marijan MOLNAR, Antun MOTIKA, Marian MUDROCH, NET [ki\u00e1ll\u00edt\u00e1s], David NEZ (OHO), Ladislav NOV\u00c1K, OHO, P\u00c1LFALUSI Attila, Mihovil PANSINI, P\u00e9csi M\u0171hely, PERMAFO [Gal\u00e9ria], PERNECZKY G\u00e9za, Vladimir PETEK, Ivan PICELJ, PINCZEHELYI S\u00e1ndor (P\u00e9csi M\u0171hely), Marko POGA\u010cNIK (OHO), Bogdanka POZNANOVI\u0106, Stipo PRANYKO, Red Peristyle, J\u00f3zef ROBAKOWSKI, \u0110uro SEDER (Gorgona), Rudolf SIKORA, Zdzis\u0142aw SOSNOWSKI, Aleksandar SRNEC, ST.AUBY Tam\u00e1s, Jan STEKLIK, Sven STILINOVI\u0106 (Grupa \u0160estorice Autora), Mladen STILINOVI\u0106 (Grupa \u0160estorice Autora), Josip STO\u0160I\u0106, SZALMA L\u00e1szl\u00f3 (BOSCH+BOSCH), SZIJ\u00c1RT\u00d3 K\u00e1lm\u00e1n (P\u00e9csi M\u0171hely), SZOMBATHY B\u00e1lint (BOSCH+BOSCH), Petr \u0160TEMBERA, Slobodan TI\u0160MA (K\u00f4d), Ra\u0161a TODOSIJEVI\u0106, TOK, T\u00d3T Endre, Desider T\u00d3TH, Goran TRBULJAK, Gergelj URKOM, Ji\u0159\u00ed VALOCH, Josip VANI\u0160TA (Gorgona), Verbumprogram, Fedor VU\u010cEMILOVI\u0106, Zbigniew WARPECHOWSKI, Jan WOJNAR, Jana \u017dELIBSK\u00c1<\/p>\n[\/vc_column_text][vc_column_text]\n<h3 style=\"color: #d6352e; margin-top: 0px; padding-left: 10%; padding-right: 10%;\">A ki\u00e1ll\u00edt\u00e1s kur\u00e1tora<\/h3>\n<p class=\"list\" style=\"color: #000000; margin-top: 40px; margin-bottom: 60px;\">Marco SCOTINI, FM Centro per l\u2019Arte Contemporanea, Mil\u00e1n\u00f3 | Milan<\/p>\n[\/vc_column_text][vc_column_text]\n<h3 style=\"color: #d6352e; margin-top: 0px; padding-left: 10%; padding-right: 10%;\">Koordin\u00e1ci\u00f3, a ki\u00e1ll\u00edt\u00e1s budapesti adapt\u00e1ci\u00f3ja<\/h3>\n<p class=\"list\" style=\"color: #000000; margin-top: 40px; margin-bottom: 100px;\">K\u00c1LM\u00c1N Borb\u00e1la, Ludwig M\u00fazeum<br \/>\nDorotea FOTIVEC, Institute for the Research of the Avant-Garde[\/vc_column_text][\/vc_column][\/vc_row][vc_row type=&#8221;full_width_content&#8221; full_screen_row_position=&#8221;middle&#8221; scene_position=&#8221;center&#8221; text_color=&#8221;dark&#8221; text_align=&#8221;left&#8221; overlay_strength=&#8221;0.3&#8243; shape_divider_position=&#8221;bottom&#8221; bg_image_animation=&#8221;none&#8221;][vc_column column_padding=&#8221;no-extra-padding&#8221; column_padding_position=&#8221;all&#8221; background_color_opacity=&#8221;1&#8243; background_hover_color_opacity=&#8221;1&#8243; column_link_target=&#8221;_self&#8221; column_shadow=&#8221;none&#8221; column_border_radius=&#8221;none&#8221; width=&#8221;1\/1&#8243; tablet_width_inherit=&#8221;default&#8221; tablet_text_alignment=&#8221;default&#8221; phone_text_alignment=&#8221;default&#8221; column_border_width=&#8221;none&#8221; column_border_style=&#8221;solid&#8221; bg_image_animation=&#8221;none&#8221;][image_with_animation image_url=&#8221;2957&#8243; alignment=&#8221;&#8221; animation=&#8221;Fade In&#8221; border_radius=&#8221;none&#8221; box_shadow=&#8221;none&#8221; max_width=&#8221;100%&#8221; el_class=&#8221;full-img&#8221;][vc_column_text]\n<p class=\"kepalir-1r-full\">Vojin BAKI\u0106: <em>F\u00e9nyteremt\u0151 form\u00e1k (makett),<\/em> 1964, alum\u00ednium, terrakotta, 505 \u00d7 263 \u00d7 205 mm | <em>Makett a Tito-eml\u00e9km\u0171h\u00f6z<\/em>, 1986, alum\u00ednium, 650 \u00d7 510 \u00d7 480 mm | <em>A Petrova Gor\u00e1n tal\u00e1lhat\u00f3 eml\u00e9km\u0171 makettje,<\/em>\u00a01974, fa, gipsz, 228 \u00d7 155 \u00d7 152 mm | Fot\u00f3k: ELN Ferenc<\/p>\n[\/vc_column_text][\/vc_column][\/vc_row][vc_row type=&#8221;full_width_content&#8221; full_screen_row_position=&#8221;middle&#8221; scene_position=&#8221;center&#8221; text_color=&#8221;dark&#8221; text_align=&#8221;left&#8221; overlay_strength=&#8221;0.3&#8243; shape_divider_position=&#8221;bottom&#8221; bg_image_animation=&#8221;none&#8221;][vc_column column_padding=&#8221;padding-3-percent&#8221; column_padding_position=&#8221;all&#8221; background_color_opacity=&#8221;1&#8243; background_hover_color_opacity=&#8221;1&#8243; column_link_target=&#8221;_self&#8221; column_shadow=&#8221;none&#8221; column_border_radius=&#8221;none&#8221; width=&#8221;1\/1&#8243; tablet_width_inherit=&#8221;default&#8221; tablet_text_alignment=&#8221;default&#8221; phone_text_alignment=&#8221;default&#8221; column_border_width=&#8221;none&#8221; column_border_style=&#8221;solid&#8221; bg_image_animation=&#8221;none&#8221;][image_with_animation image_url=&#8221;3008&#8243; alignment=&#8221;&#8221; animation=&#8221;Fade In&#8221; border_radius=&#8221;none&#8221; box_shadow=&#8221;none&#8221; max_width=&#8221;100%&#8221; el_class=&#8221;full-img&#8221;][\/vc_column][\/vc_row][vc_row type=&#8221;full_width_content&#8221; full_screen_row_position=&#8221;middle&#8221; scene_position=&#8221;center&#8221; text_color=&#8221;dark&#8221; text_align=&#8221;left&#8221; overlay_strength=&#8221;0.3&#8243; shape_divider_position=&#8221;bottom&#8221; bg_image_animation=&#8221;none&#8221;][vc_column column_padding=&#8221;padding-3-percent&#8221; column_padding_position=&#8221;all&#8221; background_color_opacity=&#8221;1&#8243; background_hover_color_opacity=&#8221;1&#8243; column_link_target=&#8221;_self&#8221; column_shadow=&#8221;none&#8221; column_border_radius=&#8221;none&#8221; width=&#8221;1\/1&#8243; tablet_width_inherit=&#8221;default&#8221; tablet_text_alignment=&#8221;default&#8221; phone_text_alignment=&#8221;default&#8221; column_border_width=&#8221;none&#8221; column_border_style=&#8221;solid&#8221; bg_image_animation=&#8221;none&#8221;][image_with_animation image_url=&#8221;2962&#8243; alignment=&#8221;&#8221; animation=&#8221;Fade In&#8221; border_radius=&#8221;none&#8221; box_shadow=&#8221;none&#8221; max_width=&#8221;100%&#8221; el_class=&#8221;full-img&#8221;][vc_column_text]\n<p class=\"kepalir-2r\">Aleksandar SRNEC: <em>C\u00edm n\u00e9lk\u00fcl,<\/em> 1956, olaj, v\u00e1szon, 683 \u00d7 741 mm | <em>1957\/II,<\/em> 1957, olaj, v\u00e1szon, 710 \u00d7 678 mm | <em>KA-13,<\/em> 1956, tempera, karton, 479 \u00d7 677 mm ||| Ivan PICELJ: <em>C\u00edm n\u00e9lk\u00fcl,<\/em> 1952, olaj, v\u00e1szon, 647 \u00d7 807 mm<\/p>\n[\/vc_column_text][\/vc_column][\/vc_row][vc_row type=&#8221;full_width_content&#8221; full_screen_row_position=&#8221;middle&#8221; scene_position=&#8221;center&#8221; text_color=&#8221;dark&#8221; text_align=&#8221;left&#8221; overlay_strength=&#8221;0.3&#8243; shape_divider_position=&#8221;bottom&#8221; bg_image_animation=&#8221;none&#8221;][vc_column column_padding=&#8221;padding-3-percent&#8221; column_padding_position=&#8221;all&#8221; background_color_opacity=&#8221;1&#8243; background_hover_color_opacity=&#8221;1&#8243; column_link_target=&#8221;_self&#8221; column_shadow=&#8221;none&#8221; column_border_radius=&#8221;none&#8221; width=&#8221;1\/1&#8243; tablet_width_inherit=&#8221;default&#8221; tablet_text_alignment=&#8221;default&#8221; phone_text_alignment=&#8221;default&#8221; column_border_width=&#8221;none&#8221; column_border_style=&#8221;solid&#8221; bg_image_animation=&#8221;none&#8221;][image_with_animation image_url=&#8221;2964&#8243; alignment=&#8221;&#8221; animation=&#8221;Fade In&#8221; border_radius=&#8221;none&#8221; box_shadow=&#8221;none&#8221; max_width=&#8221;100%&#8221; el_class=&#8221;full-img&#8221;][vc_column_text]\n<p class=\"kepalir-2r\">Aleksandar SRNEC: <em>Kompoz\u00edci\u00f3 PX-21,<\/em> 1958, f\u00e9m, plexi\u00fcveg, pr\u00e9selt farostlap, formika, 650 \u00d7 850 mm<\/p>\n[\/vc_column_text][\/vc_column][\/vc_row][vc_row type=&#8221;full_width_content&#8221; full_screen_row_position=&#8221;middle&#8221; scene_position=&#8221;center&#8221; text_color=&#8221;dark&#8221; text_align=&#8221;left&#8221; overlay_strength=&#8221;0.3&#8243; shape_divider_position=&#8221;bottom&#8221; bg_image_animation=&#8221;none&#8221;][vc_column column_padding=&#8221;padding-3-percent&#8221; column_padding_position=&#8221;all&#8221; background_color_opacity=&#8221;1&#8243; background_hover_color_opacity=&#8221;1&#8243; column_link_target=&#8221;_self&#8221; column_shadow=&#8221;none&#8221; column_border_radius=&#8221;none&#8221; width=&#8221;1\/1&#8243; tablet_width_inherit=&#8221;default&#8221; tablet_text_alignment=&#8221;default&#8221; phone_text_alignment=&#8221;default&#8221; column_border_width=&#8221;none&#8221; column_border_style=&#8221;solid&#8221; bg_image_animation=&#8221;none&#8221;][image_with_animation image_url=&#8221;2966&#8243; alignment=&#8221;&#8221; animation=&#8221;Fade In&#8221; border_radius=&#8221;none&#8221; box_shadow=&#8221;none&#8221; max_width=&#8221;100%&#8221; el_class=&#8221;full-img&#8221;][vc_column_text]\n<p class=\"kepalir-2l\">Aleksandar SRNEC<\/p>\n[\/vc_column_text][\/vc_column][\/vc_row][vc_row type=&#8221;full_width_content&#8221; full_screen_row_position=&#8221;middle&#8221; scene_position=&#8221;center&#8221; text_color=&#8221;dark&#8221; text_align=&#8221;left&#8221; overlay_strength=&#8221;0.3&#8243; shape_divider_position=&#8221;bottom&#8221; bg_image_animation=&#8221;none&#8221;][vc_column column_padding=&#8221;padding-3-percent&#8221; column_padding_position=&#8221;all&#8221; background_color_opacity=&#8221;1&#8243; background_hover_color_opacity=&#8221;1&#8243; column_link_target=&#8221;_self&#8221; column_shadow=&#8221;none&#8221; column_border_radius=&#8221;none&#8221; width=&#8221;1\/1&#8243; tablet_width_inherit=&#8221;default&#8221; tablet_text_alignment=&#8221;default&#8221; phone_text_alignment=&#8221;default&#8221; column_border_width=&#8221;none&#8221; column_border_style=&#8221;solid&#8221; bg_image_animation=&#8221;none&#8221;][image_with_animation image_url=&#8221;2968&#8243; alignment=&#8221;&#8221; animation=&#8221;Fade In&#8221; border_radius=&#8221;none&#8221; box_shadow=&#8221;none&#8221; max_width=&#8221;100%&#8221; el_class=&#8221;full-img&#8221;][vc_column_text]\n<p class=\"kepalir-2l\">Antun MOTIKA: <em>K\u00eds\u00e9rletek,<\/em> 1942\u20131948, vet\u00edt\u0151g\u00e9p, 1950-es \u00e9vek, f\u00e9m, \u00fcveg, glass, 380 \u00d7 870 \u00d7 280 mm, Antun Motika m\u0171v\u00e9szeti k\u00eds\u00e9rleteinek kivet\u00edtett form\u00e1ja.<\/p>\n[\/vc_column_text][\/vc_column][\/vc_row][vc_row type=&#8221;full_width_content&#8221; full_screen_row_position=&#8221;middle&#8221; scene_position=&#8221;center&#8221; text_color=&#8221;dark&#8221; text_align=&#8221;left&#8221; overlay_strength=&#8221;0.3&#8243; shape_divider_position=&#8221;bottom&#8221; bg_image_animation=&#8221;none&#8221;][vc_column column_padding=&#8221;padding-3-percent&#8221; column_padding_position=&#8221;all&#8221; background_color_opacity=&#8221;1&#8243; background_hover_color_opacity=&#8221;1&#8243; column_link_target=&#8221;_self&#8221; column_shadow=&#8221;none&#8221; column_border_radius=&#8221;none&#8221; width=&#8221;1\/1&#8243; tablet_width_inherit=&#8221;default&#8221; tablet_text_alignment=&#8221;default&#8221; phone_text_alignment=&#8221;default&#8221; column_border_width=&#8221;none&#8221; column_border_style=&#8221;solid&#8221; bg_image_animation=&#8221;none&#8221;][image_with_animation image_url=&#8221;3014&#8243; alignment=&#8221;&#8221; animation=&#8221;Fade In&#8221; border_radius=&#8221;none&#8221; box_shadow=&#8221;none&#8221; max_width=&#8221;100%&#8221; el_class=&#8221;full-img&#8221;][vc_column_text]\n<p class=\"kepalir-2r\">Antun MOTIKA: <em>K\u00eds\u00e9rletek,<\/em> 1942\u20131948, 18 \u00d7 vegyes technika (fest\u00e9k, celof\u00e1n, \u00fcveg, f\u00e9m, m\u0171anyag, r\u00f6ntgen film), v\u00e1ltoz\u00f3 m\u00e9ret<\/p>\n[\/vc_column_text][\/vc_column][\/vc_row][vc_row type=&#8221;full_width_content&#8221; full_screen_row_position=&#8221;middle&#8221; scene_position=&#8221;center&#8221; text_color=&#8221;dark&#8221; text_align=&#8221;left&#8221; overlay_strength=&#8221;0.3&#8243; shape_divider_position=&#8221;bottom&#8221; bg_image_animation=&#8221;none&#8221;][vc_column column_padding=&#8221;padding-3-percent&#8221; column_padding_position=&#8221;all&#8221; background_color_opacity=&#8221;1&#8243; background_hover_color_opacity=&#8221;1&#8243; column_link_target=&#8221;_self&#8221; column_shadow=&#8221;none&#8221; column_border_radius=&#8221;none&#8221; width=&#8221;1\/1&#8243; tablet_width_inherit=&#8221;default&#8221; tablet_text_alignment=&#8221;default&#8221; phone_text_alignment=&#8221;default&#8221; column_border_width=&#8221;none&#8221; column_border_style=&#8221;solid&#8221; bg_image_animation=&#8221;none&#8221;][image_with_animation image_url=&#8221;2972&#8243; alignment=&#8221;&#8221; animation=&#8221;Fade In&#8221; border_radius=&#8221;none&#8221; box_shadow=&#8221;none&#8221; max_width=&#8221;100%&#8221; el_class=&#8221;full-img&#8221;][vc_column_text]\n<p class=\"kepalir-2r\">Antun MOTIKA: <em>C\u00edm n\u00e9lk\u00fcl,<\/em> 1943, koll\u00e1zs, matrica, 508 \u00d7 354 mm<\/p>\n[\/vc_column_text][\/vc_column][\/vc_row][vc_row type=&#8221;full_width_content&#8221; full_screen_row_position=&#8221;middle&#8221; scene_position=&#8221;center&#8221; text_color=&#8221;dark&#8221; text_align=&#8221;left&#8221; overlay_strength=&#8221;0.3&#8243; shape_divider_position=&#8221;bottom&#8221; bg_image_animation=&#8221;none&#8221;][vc_column column_padding=&#8221;padding-3-percent&#8221; column_padding_position=&#8221;all&#8221; background_color_opacity=&#8221;1&#8243; background_hover_color_opacity=&#8221;1&#8243; column_link_target=&#8221;_self&#8221; column_shadow=&#8221;none&#8221; column_border_radius=&#8221;none&#8221; width=&#8221;1\/1&#8243; tablet_width_inherit=&#8221;default&#8221; tablet_text_alignment=&#8221;default&#8221; phone_text_alignment=&#8221;default&#8221; column_border_width=&#8221;none&#8221; column_border_style=&#8221;solid&#8221; bg_image_animation=&#8221;none&#8221;][image_with_animation image_url=&#8221;2989&#8243; alignment=&#8221;&#8221; animation=&#8221;Fade In&#8221; border_radius=&#8221;none&#8221; box_shadow=&#8221;none&#8221; max_width=&#8221;100%&#8221; el_class=&#8221;full-img&#8221;][\/vc_column][\/vc_row][vc_row type=&#8221;full_width_content&#8221; full_screen_row_position=&#8221;middle&#8221; scene_position=&#8221;center&#8221; text_color=&#8221;dark&#8221; text_align=&#8221;left&#8221; overlay_strength=&#8221;0.3&#8243; shape_divider_position=&#8221;bottom&#8221; bg_image_animation=&#8221;none&#8221;][vc_column column_padding=&#8221;padding-3-percent&#8221; column_padding_position=&#8221;all&#8221; background_color_opacity=&#8221;1&#8243; background_hover_color_opacity=&#8221;1&#8243; column_link_target=&#8221;_self&#8221; column_shadow=&#8221;none&#8221; column_border_radius=&#8221;none&#8221; width=&#8221;1\/1&#8243; tablet_width_inherit=&#8221;default&#8221; tablet_text_alignment=&#8221;default&#8221; phone_text_alignment=&#8221;default&#8221; column_border_width=&#8221;none&#8221; column_border_style=&#8221;solid&#8221; bg_image_animation=&#8221;none&#8221;][image_with_animation image_url=&#8221;3006&#8243; alignment=&#8221;&#8221; animation=&#8221;Fade In&#8221; border_radius=&#8221;none&#8221; box_shadow=&#8221;none&#8221; max_width=&#8221;100%&#8221; el_class=&#8221;full-img&#8221;][\/vc_column][\/vc_row][vc_row type=&#8221;full_width_content&#8221; full_screen_row_position=&#8221;middle&#8221; scene_position=&#8221;center&#8221; text_color=&#8221;dark&#8221; text_align=&#8221;left&#8221; overlay_strength=&#8221;0.3&#8243; shape_divider_position=&#8221;bottom&#8221; bg_image_animation=&#8221;none&#8221;][vc_column column_padding=&#8221;padding-3-percent&#8221; column_padding_position=&#8221;all&#8221; background_color_opacity=&#8221;1&#8243; background_hover_color_opacity=&#8221;1&#8243; column_link_target=&#8221;_self&#8221; column_shadow=&#8221;none&#8221; column_border_radius=&#8221;none&#8221; width=&#8221;1\/1&#8243; tablet_width_inherit=&#8221;default&#8221; tablet_text_alignment=&#8221;default&#8221; phone_text_alignment=&#8221;default&#8221; column_border_width=&#8221;none&#8221; column_border_style=&#8221;solid&#8221; bg_image_animation=&#8221;none&#8221;][image_with_animation image_url=&#8221;3004&#8243; alignment=&#8221;&#8221; animation=&#8221;Fade In&#8221; border_radius=&#8221;none&#8221; box_shadow=&#8221;none&#8221; max_width=&#8221;100%&#8221; el_class=&#8221;full-img&#8221;][vc_column_text]\n<p class=\"kepalir-2l\">Marijan JEV\u0160OVAR: <em>C\u00edm n\u00e9lk\u00fcl,<\/em> 1962, olaj, v\u00e1szon, 1203 \u00d7 891 mm ||| \u0110uro SEDER: <em>Sz\u00fcrke festm\u00e9ny,<\/em> 1976, olaj, v\u00e1szon, 973 \u00d7 1301 mm | <em>F\u00e9ny a feket\u00e9ben I.,<\/em> 1963, olaj, v\u00e1szon, 890 \u00d7 1160 mm<\/p>\n[\/vc_column_text][\/vc_column][\/vc_row][vc_row type=&#8221;full_width_content&#8221; full_screen_row_position=&#8221;middle&#8221; scene_position=&#8221;center&#8221; text_color=&#8221;dark&#8221; text_align=&#8221;left&#8221; overlay_strength=&#8221;0.3&#8243; shape_divider_position=&#8221;bottom&#8221; bg_image_animation=&#8221;none&#8221;][vc_column column_padding=&#8221;padding-3-percent&#8221; column_padding_position=&#8221;all&#8221; background_color_opacity=&#8221;1&#8243; background_hover_color_opacity=&#8221;1&#8243; column_link_target=&#8221;_self&#8221; column_shadow=&#8221;none&#8221; column_border_radius=&#8221;none&#8221; width=&#8221;1\/1&#8243; tablet_width_inherit=&#8221;default&#8221; tablet_text_alignment=&#8221;default&#8221; phone_text_alignment=&#8221;default&#8221; column_border_width=&#8221;none&#8221; column_border_style=&#8221;solid&#8221; bg_image_animation=&#8221;none&#8221;][image_with_animation image_url=&#8221;2991&#8243; alignment=&#8221;&#8221; animation=&#8221;Fade In&#8221; border_radius=&#8221;none&#8221; box_shadow=&#8221;none&#8221; max_width=&#8221;100%&#8221; el_class=&#8221;full-img&#8221;][\/vc_column][\/vc_row][vc_row type=&#8221;full_width_content&#8221; full_screen_row_position=&#8221;middle&#8221; scene_position=&#8221;center&#8221; text_color=&#8221;dark&#8221; text_align=&#8221;left&#8221; overlay_strength=&#8221;0.3&#8243; shape_divider_position=&#8221;bottom&#8221; bg_image_animation=&#8221;none&#8221;][vc_column column_padding=&#8221;padding-3-percent&#8221; column_padding_position=&#8221;all&#8221; background_color_opacity=&#8221;1&#8243; background_hover_color_opacity=&#8221;1&#8243; column_link_target=&#8221;_self&#8221; column_shadow=&#8221;none&#8221; column_border_radius=&#8221;none&#8221; width=&#8221;1\/1&#8243; tablet_width_inherit=&#8221;default&#8221; tablet_text_alignment=&#8221;default&#8221; phone_text_alignment=&#8221;default&#8221; column_border_width=&#8221;none&#8221; column_border_style=&#8221;solid&#8221; bg_image_animation=&#8221;none&#8221;][image_with_animation image_url=&#8221;3016&#8243; alignment=&#8221;&#8221; animation=&#8221;Fade In&#8221; border_radius=&#8221;none&#8221; box_shadow=&#8221;none&#8221; max_width=&#8221;100%&#8221; el_class=&#8221;full-img&#8221;][vc_column_text]\n<p class=\"kepalir-2l\">Ivo GATTIN: <em>V\u00f6r\u00f6s felsz\u00edn v\u00e1g\u00e1sokkal,<\/em> 1960, gyanta, pigment, zs\u00e1kv\u00e1szon, 975 \u00d7 1300 mm | <em>A munkafolyamat dokument\u00e1ci\u00f3ja<\/em> (1\u20133), 1962, 3 db fekete-feh\u00e9r fot\u00f3, 500 \u00d7 503 mm | fot\u00f3: Nenad GATTIN | <em>Szabad felsz\u00edn No. 1,<\/em> 1960\u20131961, vegyes technika, v\u00e1szon, 1200 \u00d7 900 mm<\/p>\n[\/vc_column_text][\/vc_column][\/vc_row][vc_row type=&#8221;full_width_content&#8221; full_screen_row_position=&#8221;middle&#8221; scene_position=&#8221;center&#8221; text_color=&#8221;dark&#8221; text_align=&#8221;left&#8221; overlay_strength=&#8221;0.3&#8243; shape_divider_position=&#8221;bottom&#8221; bg_image_animation=&#8221;none&#8221;][vc_column column_padding=&#8221;padding-3-percent&#8221; column_padding_position=&#8221;all&#8221; background_color_opacity=&#8221;1&#8243; background_hover_color_opacity=&#8221;1&#8243; column_link_target=&#8221;_self&#8221; column_shadow=&#8221;none&#8221; column_border_radius=&#8221;none&#8221; width=&#8221;1\/1&#8243; tablet_width_inherit=&#8221;default&#8221; tablet_text_alignment=&#8221;default&#8221; phone_text_alignment=&#8221;default&#8221; column_border_width=&#8221;none&#8221; column_border_style=&#8221;solid&#8221; bg_image_animation=&#8221;none&#8221;][image_with_animation image_url=&#8221;3018&#8243; alignment=&#8221;&#8221; animation=&#8221;Fade In&#8221; border_radius=&#8221;none&#8221; box_shadow=&#8221;none&#8221; max_width=&#8221;100%&#8221; el_class=&#8221;full-img&#8221;][vc_column_text]\n<p class=\"kepalir-2l\">Ivo GATTIN: <em>Lila felsz\u00edn k\u00e9kkel,<\/em> 1960, f\u00e9nyez\u0151 lakk, pigment, kr\u00e9ta, zs\u00e1kv\u00e1szon, 900 \u00d7 1500 mm | <em>Manifesztum a fest\u00e9szet lehetetlens\u00e9g\u00e9r\u0151l,<\/em> 1964, vegyes technika, pap\u00edr, 390 \u00d7 370 mm<\/p>\n[\/vc_column_text][\/vc_column][\/vc_row][vc_row type=&#8221;full_width_content&#8221; full_screen_row_position=&#8221;middle&#8221; scene_position=&#8221;center&#8221; text_color=&#8221;dark&#8221; text_align=&#8221;left&#8221; overlay_strength=&#8221;0.3&#8243; shape_divider_position=&#8221;bottom&#8221; bg_image_animation=&#8221;none&#8221;][vc_column column_padding=&#8221;padding-3-percent&#8221; column_padding_position=&#8221;all&#8221; background_color_opacity=&#8221;1&#8243; background_hover_color_opacity=&#8221;1&#8243; column_link_target=&#8221;_self&#8221; column_shadow=&#8221;none&#8221; column_border_radius=&#8221;none&#8221; width=&#8221;1\/1&#8243; tablet_width_inherit=&#8221;default&#8221; tablet_text_alignment=&#8221;default&#8221; phone_text_alignment=&#8221;default&#8221; column_border_width=&#8221;none&#8221; column_border_style=&#8221;solid&#8221; bg_image_animation=&#8221;none&#8221;][image_with_animation image_url=&#8221;3019&#8243; alignment=&#8221;&#8221; animation=&#8221;Fade In&#8221; border_radius=&#8221;none&#8221; box_shadow=&#8221;none&#8221; max_width=&#8221;100%&#8221; el_class=&#8221;full-img&#8221;][\/vc_column][\/vc_row][vc_row type=&#8221;full_width_content&#8221; full_screen_row_position=&#8221;middle&#8221; scene_position=&#8221;center&#8221; text_color=&#8221;dark&#8221; text_align=&#8221;left&#8221; overlay_strength=&#8221;0.3&#8243; shape_divider_position=&#8221;bottom&#8221; bg_image_animation=&#8221;none&#8221;][vc_column column_padding=&#8221;padding-3-percent&#8221; column_padding_position=&#8221;all&#8221; background_color_opacity=&#8221;1&#8243; background_hover_color_opacity=&#8221;1&#8243; column_link_target=&#8221;_self&#8221; column_shadow=&#8221;none&#8221; column_border_radius=&#8221;none&#8221; width=&#8221;1\/1&#8243; tablet_width_inherit=&#8221;default&#8221; tablet_text_alignment=&#8221;default&#8221; phone_text_alignment=&#8221;default&#8221; column_border_width=&#8221;none&#8221; column_border_style=&#8221;solid&#8221; bg_image_animation=&#8221;none&#8221;][image_with_animation image_url=&#8221;3047&#8243; alignment=&#8221;&#8221; animation=&#8221;Fade In&#8221; border_radius=&#8221;none&#8221; box_shadow=&#8221;none&#8221; max_width=&#8221;100%&#8221; el_class=&#8221;full-img&#8221;][\/vc_column][\/vc_row][vc_row type=&#8221;full_width_content&#8221; full_screen_row_position=&#8221;middle&#8221; scene_position=&#8221;center&#8221; text_color=&#8221;dark&#8221; text_align=&#8221;left&#8221; overlay_strength=&#8221;0.3&#8243; shape_divider_position=&#8221;bottom&#8221; bg_image_animation=&#8221;none&#8221;][vc_column column_padding=&#8221;padding-3-percent&#8221; column_padding_position=&#8221;all&#8221; background_color_opacity=&#8221;1&#8243; background_hover_color_opacity=&#8221;1&#8243; column_link_target=&#8221;_self&#8221; column_shadow=&#8221;none&#8221; column_border_radius=&#8221;none&#8221; width=&#8221;1\/1&#8243; tablet_width_inherit=&#8221;default&#8221; tablet_text_alignment=&#8221;default&#8221; phone_text_alignment=&#8221;default&#8221; column_border_width=&#8221;none&#8221; column_border_style=&#8221;solid&#8221; bg_image_animation=&#8221;none&#8221;][image_with_animation image_url=&#8221;3145&#8243; alignment=&#8221;&#8221; animation=&#8221;Fade In&#8221; border_radius=&#8221;none&#8221; box_shadow=&#8221;none&#8221; max_width=&#8221;100%&#8221; el_class=&#8221;full-img&#8221;][\/vc_column][\/vc_row][vc_row type=&#8221;in_container&#8221; full_screen_row_position=&#8221;middle&#8221; scene_position=&#8221;center&#8221; text_color=&#8221;dark&#8221; text_align=&#8221;left&#8221; overlay_strength=&#8221;0.3&#8243; shape_divider_position=&#8221;bottom&#8221; bg_image_animation=&#8221;none&#8221;][vc_column column_padding=&#8221;padding-3-percent&#8221; column_padding_position=&#8221;all&#8221; background_color_opacity=&#8221;1&#8243; background_hover_color_opacity=&#8221;1&#8243; column_link_target=&#8221;_self&#8221; column_shadow=&#8221;none&#8221; column_border_radius=&#8221;none&#8221; width=&#8221;1\/1&#8243; tablet_width_inherit=&#8221;default&#8221; tablet_text_alignment=&#8221;default&#8221; phone_text_alignment=&#8221;default&#8221; column_border_width=&#8221;none&#8221; column_border_style=&#8221;solid&#8221; bg_image_animation=&#8221;none&#8221;][vc_column_text]<div id='ggpkg_container_0_2955' style='width:100%; height:768px; position: relative;'>\nLoading...\n<\/div>\n<script type='text\/javascript' src='https:\/\/balkon.art\/home\/ba-app\/uploads\/2017\/06\/sudac_collection_01_1\/pano2vr_player.js'><\/script>\n<script type='text\/javascript' src='https:\/\/balkon.art\/home\/ba-app\/uploads\/2017\/06\/sudac_collection_01_1\/skin.js'><\/script>\n<script type='text\/javascript'>\nwindow.addEventListener('load',function() {\nif  (typeof sudac_collection_01_1_pano2vrPlayer != 'undefined') {\n\tpano_0_2955=new sudac_collection_01_1_pano2vrPlayer('ggpkg_container_0_2955');\n} else {\n\tpano_0_2955=new pano2vrPlayer('ggpkg_container_0_2955');\n}\nif  (typeof sudac_collection_01_1_pano2vrSkin != 'undefined') {\n\tskin_0_2955=new sudac_collection_01_1_pano2vrSkin(pano_0_2955, 'https:\/\/balkon.art\/home\/ba-app\/uploads\/2017\/06\/sudac_collection_01_1\/');\n} else {\n\tskin_0_2955=new pano2vrSkin(pano_0_2955, 'https:\/\/balkon.art\/home\/ba-app\/uploads\/2017\/06\/sudac_collection_01_1\/');\n}\npano_0_2955.readConfigUrlAsync('https:\/\/balkon.art\/home\/ba-app\/uploads\/2017\/06\/sudac_collection_01_1\/pano.xml');\nvar contentOverflow = document.getElementById('content') ? document.getElementById('content').style.overflow : '';\npano_0_2955.addListener('fullscreenenter', function() {\n\tif (document.getElementById('content')) {\n\t\tdocument.getElementById('content').style.overflow = 'visible';\n\t}\n});\npano_0_2955.addListener('fullscreenexit', function() {\n\tif (document.getElementById('content')) {\n\t\tdocument.getElementById('content').style.overflow = contentOverflow;\n\t}\n});\n\n});\n<\/script>\n[\/vc_column_text][\/vc_column][\/vc_row][vc_row type=&#8221;full_width_content&#8221; full_screen_row_position=&#8221;middle&#8221; scene_position=&#8221;center&#8221; text_color=&#8221;dark&#8221; text_align=&#8221;left&#8221; overlay_strength=&#8221;0.3&#8243; shape_divider_position=&#8221;bottom&#8221; bg_image_animation=&#8221;none&#8221;][vc_column column_padding=&#8221;padding-3-percent&#8221; column_padding_position=&#8221;all&#8221; background_color_opacity=&#8221;1&#8243; background_hover_color_opacity=&#8221;1&#8243; column_link_target=&#8221;_self&#8221; column_shadow=&#8221;none&#8221; column_border_radius=&#8221;none&#8221; width=&#8221;1\/1&#8243; tablet_width_inherit=&#8221;default&#8221; tablet_text_alignment=&#8221;default&#8221; phone_text_alignment=&#8221;default&#8221; column_border_width=&#8221;none&#8221; column_border_style=&#8221;solid&#8221; bg_image_animation=&#8221;none&#8221;][image_with_animation image_url=&#8221;3049&#8243; alignment=&#8221;&#8221; animation=&#8221;Fade In&#8221; border_radius=&#8221;none&#8221; box_shadow=&#8221;none&#8221; max_width=&#8221;100%&#8221; el_class=&#8221;full-img&#8221;][vc_column_text]\n<p class=\"kepalir-2r\">Dimitrije BA\u0160I\u010cEVI\u0106 MANGELOS: <em>Kimenni vagy bemenni,<\/em> 1956\u20131958, tempera, fa, 375 \u00d7 802 mm | <em>A rekonstrukci\u00f3 t\u00e1jk\u00e9pe,<\/em> 1958, olaj, fa, 312 \u00d7 244 mm |<em> \u00c1b\u00e9c\u00e9, glagolita \u00edr\u00e1s,<\/em> 1951\u20131956, tempera, pr\u00e9seltlemez, 403 \u00d7 355 mm | <em>Manifesztum a f\u00e9nyk\u00e9p\u00e9szetr\u0151l no. 4,<\/em> 1977\u20131978, akril, fa, 614 \u00d7 440 mm | <em>Glagolita bet\u0171 m.5 ,<\/em> 1951\u20131956, olaj, furn\u00e9rlemez, 350 \u00d7 255 mm | <em>Hi\u00e1nyz\u00f3 g\u00e9niusz m.8,<\/em> 1971\u20131977, olaj, furn\u00e9rlemez , 210 \u00d7 160 mm | <em>Der Hund [A kutya ],<\/em> 1977, tempera, fa, 163 \u00d7 371 mm<\/p>\n[\/vc_column_text][\/vc_column][\/vc_row][vc_row type=&#8221;full_width_content&#8221; full_screen_row_position=&#8221;middle&#8221; scene_position=&#8221;center&#8221; text_color=&#8221;dark&#8221; text_align=&#8221;left&#8221; overlay_strength=&#8221;0.3&#8243; shape_divider_position=&#8221;bottom&#8221; bg_image_animation=&#8221;none&#8221;][vc_column column_padding=&#8221;padding-3-percent&#8221; column_padding_position=&#8221;all&#8221; background_color_opacity=&#8221;1&#8243; background_hover_color_opacity=&#8221;1&#8243; column_link_target=&#8221;_self&#8221; column_shadow=&#8221;none&#8221; column_border_radius=&#8221;none&#8221; width=&#8221;1\/1&#8243; tablet_width_inherit=&#8221;default&#8221; tablet_text_alignment=&#8221;default&#8221; phone_text_alignment=&#8221;default&#8221; column_border_width=&#8221;none&#8221; column_border_style=&#8221;solid&#8221; bg_image_animation=&#8221;none&#8221;][image_with_animation image_url=&#8221;3050&#8243; alignment=&#8221;&#8221; animation=&#8221;Fade In&#8221; border_radius=&#8221;none&#8221; box_shadow=&#8221;none&#8221; max_width=&#8221;100%&#8221; el_class=&#8221;full-img&#8221;][\/vc_column][\/vc_row][vc_row type=&#8221;full_width_content&#8221; full_screen_row_position=&#8221;middle&#8221; scene_position=&#8221;center&#8221; text_color=&#8221;dark&#8221; text_align=&#8221;left&#8221; overlay_strength=&#8221;0.3&#8243; shape_divider_position=&#8221;bottom&#8221; bg_image_animation=&#8221;none&#8221;][vc_column column_padding=&#8221;padding-3-percent&#8221; column_padding_position=&#8221;all&#8221; background_color_opacity=&#8221;1&#8243; background_hover_color_opacity=&#8221;1&#8243; column_link_target=&#8221;_self&#8221; column_shadow=&#8221;none&#8221; column_border_radius=&#8221;none&#8221; width=&#8221;1\/1&#8243; tablet_width_inherit=&#8221;default&#8221; tablet_text_alignment=&#8221;default&#8221; phone_text_alignment=&#8221;default&#8221; column_border_width=&#8221;none&#8221; column_border_style=&#8221;solid&#8221; bg_image_animation=&#8221;none&#8221;][image_with_animation image_url=&#8221;3053&#8243; alignment=&#8221;&#8221; animation=&#8221;Fade In&#8221; border_radius=&#8221;none&#8221; box_shadow=&#8221;none&#8221; max_width=&#8221;100%&#8221; el_class=&#8221;full-img&#8221;][vc_column_text]\n<p class=\"kepalir-2l\">P\u00c1LFALUSI Attila: <em>C\u00edm n\u00e9lk\u00fcl,<\/em> 1968, objekt, vegyes technika | object, mixed media, 315 \u00d7 250 \u00d7 135 mm ||| Stipo PRANYKO: <em>C\u00edm n\u00e9lk\u00fcl<\/em>, 1962, akril, sz\u00f6vet, fa, 330 \u00d7 510 mm<\/p>\n[\/vc_column_text][\/vc_column][\/vc_row][vc_row type=&#8221;in_container&#8221; full_screen_row_position=&#8221;middle&#8221; scene_position=&#8221;center&#8221; text_color=&#8221;dark&#8221; text_align=&#8221;left&#8221; overlay_strength=&#8221;0.3&#8243; shape_divider_position=&#8221;bottom&#8221; bg_image_animation=&#8221;none&#8221;][vc_column column_padding=&#8221;padding-3-percent&#8221; column_padding_position=&#8221;all&#8221; background_color_opacity=&#8221;1&#8243; background_hover_color_opacity=&#8221;1&#8243; column_link_target=&#8221;_self&#8221; column_shadow=&#8221;none&#8221; column_border_radius=&#8221;none&#8221; width=&#8221;1\/1&#8243; tablet_width_inherit=&#8221;default&#8221; tablet_text_alignment=&#8221;default&#8221; phone_text_alignment=&#8221;default&#8221; column_border_width=&#8221;none&#8221; column_border_style=&#8221;solid&#8221; bg_image_animation=&#8221;none&#8221;][vc_column_text]<div id='ggpkg_container_1_2955' style='width:100%; height:768px; position: relative;'>\nLoading...\n<\/div>\n<script type='text\/javascript' src='https:\/\/balkon.art\/home\/ba-app\/uploads\/2017\/06\/sudac_collection_02\/pano2vr_player.js'><\/script>\n<script type='text\/javascript' src='https:\/\/balkon.art\/home\/ba-app\/uploads\/2017\/06\/sudac_collection_02\/skin.js'><\/script>\n<script type='text\/javascript'>\nwindow.addEventListener('load',function() {\nif  (typeof sudac_collection_02_pano2vrPlayer != 'undefined') {\n\tpano_1_2955=new sudac_collection_02_pano2vrPlayer('ggpkg_container_1_2955');\n} else {\n\tpano_1_2955=new pano2vrPlayer('ggpkg_container_1_2955');\n}\nif  (typeof sudac_collection_02_pano2vrSkin != 'undefined') {\n\tskin_1_2955=new sudac_collection_02_pano2vrSkin(pano_1_2955, 'https:\/\/balkon.art\/home\/ba-app\/uploads\/2017\/06\/sudac_collection_02\/');\n} else {\n\tskin_1_2955=new pano2vrSkin(pano_1_2955, 'https:\/\/balkon.art\/home\/ba-app\/uploads\/2017\/06\/sudac_collection_02\/');\n}\npano_1_2955.readConfigUrlAsync('https:\/\/balkon.art\/home\/ba-app\/uploads\/2017\/06\/sudac_collection_02\/pano.xml');\nvar contentOverflow = document.getElementById('content') ? document.getElementById('content').style.overflow : '';\npano_1_2955.addListener('fullscreenenter', function() {\n\tif (document.getElementById('content')) {\n\t\tdocument.getElementById('content').style.overflow = 'visible';\n\t}\n});\npano_1_2955.addListener('fullscreenexit', function() {\n\tif (document.getElementById('content')) {\n\t\tdocument.getElementById('content').style.overflow = contentOverflow;\n\t}\n});\n\n});\n<\/script>\n[\/vc_column_text][\/vc_column][\/vc_row][vc_row type=&#8221;full_width_content&#8221; full_screen_row_position=&#8221;middle&#8221; scene_position=&#8221;center&#8221; text_color=&#8221;dark&#8221; text_align=&#8221;left&#8221; overlay_strength=&#8221;0.3&#8243; shape_divider_position=&#8221;bottom&#8221; bg_image_animation=&#8221;none&#8221;][vc_column column_padding=&#8221;padding-3-percent&#8221; column_padding_position=&#8221;all&#8221; background_color_opacity=&#8221;1&#8243; background_hover_color_opacity=&#8221;1&#8243; column_link_target=&#8221;_self&#8221; column_shadow=&#8221;none&#8221; column_border_radius=&#8221;none&#8221; width=&#8221;1\/1&#8243; tablet_width_inherit=&#8221;default&#8221; tablet_text_alignment=&#8221;default&#8221; phone_text_alignment=&#8221;default&#8221; column_border_width=&#8221;none&#8221; column_border_style=&#8221;solid&#8221; bg_image_animation=&#8221;none&#8221;][image_with_animation image_url=&#8221;3075&#8243; alignment=&#8221;&#8221; animation=&#8221;Fade In&#8221; border_radius=&#8221;none&#8221; box_shadow=&#8221;none&#8221; max_width=&#8221;100%&#8221; el_class=&#8221;full-img&#8221;][\/vc_column][\/vc_row][vc_row type=&#8221;full_width_content&#8221; full_screen_row_position=&#8221;middle&#8221; scene_position=&#8221;center&#8221; text_color=&#8221;dark&#8221; text_align=&#8221;left&#8221; overlay_strength=&#8221;0.3&#8243; shape_divider_position=&#8221;bottom&#8221; bg_image_animation=&#8221;none&#8221;][vc_column column_padding=&#8221;padding-3-percent&#8221; column_padding_position=&#8221;all&#8221; background_color_opacity=&#8221;1&#8243; background_hover_color_opacity=&#8221;1&#8243; column_link_target=&#8221;_self&#8221; column_shadow=&#8221;none&#8221; column_border_radius=&#8221;none&#8221; width=&#8221;1\/1&#8243; tablet_width_inherit=&#8221;default&#8221; tablet_text_alignment=&#8221;default&#8221; phone_text_alignment=&#8221;default&#8221; column_border_width=&#8221;none&#8221; column_border_style=&#8221;solid&#8221; bg_image_animation=&#8221;none&#8221;][image_with_animation image_url=&#8221;3068&#8243; alignment=&#8221;&#8221; animation=&#8221;Fade In&#8221; border_radius=&#8221;none&#8221; box_shadow=&#8221;none&#8221; max_width=&#8221;100%&#8221; el_class=&#8221;full-img&#8221;][\/vc_column][\/vc_row][vc_row type=&#8221;full_width_content&#8221; full_screen_row_position=&#8221;middle&#8221; scene_position=&#8221;center&#8221; text_color=&#8221;dark&#8221; text_align=&#8221;left&#8221; overlay_strength=&#8221;0.3&#8243; shape_divider_position=&#8221;bottom&#8221; bg_image_animation=&#8221;none&#8221;][vc_column column_padding=&#8221;padding-3-percent&#8221; column_padding_position=&#8221;all&#8221; background_color_opacity=&#8221;1&#8243; background_hover_color_opacity=&#8221;1&#8243; column_link_target=&#8221;_self&#8221; column_shadow=&#8221;none&#8221; column_border_radius=&#8221;none&#8221; width=&#8221;1\/1&#8243; tablet_width_inherit=&#8221;default&#8221; tablet_text_alignment=&#8221;default&#8221; phone_text_alignment=&#8221;default&#8221; column_border_width=&#8221;none&#8221; column_border_style=&#8221;solid&#8221; bg_image_animation=&#8221;none&#8221;][image_with_animation image_url=&#8221;3070&#8243; alignment=&#8221;&#8221; animation=&#8221;Fade In&#8221; border_radius=&#8221;none&#8221; box_shadow=&#8221;none&#8221; max_width=&#8221;100%&#8221; el_class=&#8221;full-img&#8221;][vc_column_text]\n<p class=\"kepalir-2l\">Stano FILKO: <em>HAPPSOC Ruhat\u00e1r,<\/em> 1966, vegyes technika, v\u00e1ltoz\u00f3 m\u00e9ret | <em>Felf\u00fajhat\u00f3 matrac (Intim),<\/em> 1965, vegyes technika, fest\u00e9k, felf\u00fajhat\u00f3 matrac, 2005 \u00d7 710 mm ||| Stano FILKO, Alex MLYN\u00c1R\u010cIK: <em>HAPPSOC I,<\/em> 1965, g\u00e9pelt sz\u00f6veg, pap\u00edr, 300 \u00d7 210 mm ||| Stano FILKO: <em>HAPPSOC Manifesto,<\/em> 1965, g\u00e9pelt sz\u00f6veg, toll, pap\u00edr, 294 \u00d7 211 mm | <em>HAPPSOC III., A kort\u00e1rss\u00e1g olt\u00e1ra,<\/em> 1966, g\u00e9pelt sz\u00f6veg, pap\u00edr, 295 \u00d7 211 mm | <em>Sz\u00e9k, 4.D,<\/em> \u00e9.n., vegyes technika, 864 \u00d7 407 \u00d7 520 mm | <em>Kozmos 9-1,<\/em> 1970\u20131971, bakelitlemez, tok, 308 \u00d7 275 mm<\/p>\n[\/vc_column_text][\/vc_column][\/vc_row][vc_row type=&#8221;full_width_content&#8221; full_screen_row_position=&#8221;middle&#8221; scene_position=&#8221;center&#8221; text_color=&#8221;dark&#8221; text_align=&#8221;left&#8221; overlay_strength=&#8221;0.3&#8243; shape_divider_position=&#8221;bottom&#8221; bg_image_animation=&#8221;none&#8221;][vc_column column_padding=&#8221;padding-3-percent&#8221; column_padding_position=&#8221;all&#8221; background_color_opacity=&#8221;1&#8243; background_hover_color_opacity=&#8221;1&#8243; column_link_target=&#8221;_self&#8221; column_shadow=&#8221;none&#8221; column_border_radius=&#8221;none&#8221; width=&#8221;1\/1&#8243; tablet_width_inherit=&#8221;default&#8221; tablet_text_alignment=&#8221;default&#8221; phone_text_alignment=&#8221;default&#8221; column_border_width=&#8221;none&#8221; column_border_style=&#8221;solid&#8221; bg_image_animation=&#8221;none&#8221;][image_with_animation image_url=&#8221;3074&#8243; alignment=&#8221;&#8221; animation=&#8221;Fade In&#8221; border_radius=&#8221;none&#8221; box_shadow=&#8221;none&#8221; max_width=&#8221;100%&#8221; el_class=&#8221;full-img&#8221;][vc_column_text]\n<p class=\"kepalir-2r\">Stano FILKO<\/p>\n[\/vc_column_text][\/vc_column][\/vc_row][vc_row type=&#8221;full_width_content&#8221; full_screen_row_position=&#8221;middle&#8221; scene_position=&#8221;center&#8221; text_color=&#8221;dark&#8221; text_align=&#8221;left&#8221; overlay_strength=&#8221;0.3&#8243; shape_divider_position=&#8221;bottom&#8221; bg_image_animation=&#8221;none&#8221;][vc_column column_padding=&#8221;padding-3-percent&#8221; column_padding_position=&#8221;all&#8221; background_color_opacity=&#8221;1&#8243; background_hover_color_opacity=&#8221;1&#8243; column_link_target=&#8221;_self&#8221; column_shadow=&#8221;none&#8221; column_border_radius=&#8221;none&#8221; width=&#8221;1\/1&#8243; tablet_width_inherit=&#8221;default&#8221; tablet_text_alignment=&#8221;default&#8221; phone_text_alignment=&#8221;default&#8221; column_border_width=&#8221;none&#8221; column_border_style=&#8221;solid&#8221; bg_image_animation=&#8221;none&#8221;][image_with_animation image_url=&#8221;3071&#8243; alignment=&#8221;&#8221; animation=&#8221;Fade In&#8221; border_radius=&#8221;none&#8221; box_shadow=&#8221;none&#8221; max_width=&#8221;100%&#8221; el_class=&#8221;full-img&#8221;][\/vc_column][\/vc_row][vc_row type=&#8221;full_width_content&#8221; full_screen_row_position=&#8221;middle&#8221; scene_position=&#8221;center&#8221; text_color=&#8221;dark&#8221; text_align=&#8221;left&#8221; overlay_strength=&#8221;0.3&#8243; shape_divider_position=&#8221;bottom&#8221; bg_image_animation=&#8221;none&#8221;][vc_column column_padding=&#8221;padding-3-percent&#8221; column_padding_position=&#8221;all&#8221; background_color_opacity=&#8221;1&#8243; background_hover_color_opacity=&#8221;1&#8243; column_link_target=&#8221;_self&#8221; column_shadow=&#8221;none&#8221; column_border_radius=&#8221;none&#8221; width=&#8221;1\/1&#8243; tablet_width_inherit=&#8221;default&#8221; tablet_text_alignment=&#8221;default&#8221; phone_text_alignment=&#8221;default&#8221; column_border_width=&#8221;none&#8221; column_border_style=&#8221;solid&#8221; bg_image_animation=&#8221;none&#8221;][image_with_animation image_url=&#8221;3072&#8243; alignment=&#8221;&#8221; animation=&#8221;Fade In&#8221; border_radius=&#8221;none&#8221; box_shadow=&#8221;none&#8221; max_width=&#8221;100%&#8221; el_class=&#8221;full-img&#8221;][\/vc_column][\/vc_row][vc_row type=&#8221;full_width_content&#8221; full_screen_row_position=&#8221;middle&#8221; scene_position=&#8221;center&#8221; text_color=&#8221;dark&#8221; text_align=&#8221;left&#8221; overlay_strength=&#8221;0.3&#8243; shape_divider_position=&#8221;bottom&#8221; bg_image_animation=&#8221;none&#8221;][vc_column column_padding=&#8221;padding-3-percent&#8221; column_padding_position=&#8221;all&#8221; background_color_opacity=&#8221;1&#8243; background_hover_color_opacity=&#8221;1&#8243; column_link_target=&#8221;_self&#8221; column_shadow=&#8221;none&#8221; column_border_radius=&#8221;none&#8221; width=&#8221;1\/1&#8243; tablet_width_inherit=&#8221;default&#8221; tablet_text_alignment=&#8221;default&#8221; phone_text_alignment=&#8221;default&#8221; column_border_width=&#8221;none&#8221; column_border_style=&#8221;solid&#8221; bg_image_animation=&#8221;none&#8221;][image_with_animation image_url=&#8221;3084&#8243; alignment=&#8221;&#8221; animation=&#8221;Fade In&#8221; border_radius=&#8221;none&#8221; box_shadow=&#8221;none&#8221; max_width=&#8221;100%&#8221; el_class=&#8221;full-img&#8221;][vc_column_text]\n<p class=\"kepalir-2l\">Jerzy BERE\u015a: <em>Sz\u00ednev\u00e1ltoz\u00e1s II.,<\/em> 1973, 16 db fekete-feh\u00e9r fot\u00f3, 16 \u00d7 (321 \u00d7 249 mm), akci\u00f3 fot\u00f3dokument\u00e1ci\u00f3ja a Desa Gal\u00e9ri\u00e1ban, Krakk\u00f3, 1973. \u00e1prilis 16., fot\u00f3: J. SZMUC ||| Zdizs\u0142aw SOSNOWSKI: <em>A kapus sorozatb\u00f3l,<\/em> 1976, 4 db fekete-feh\u00e9r fot\u00f3, 4 \u00d7 (635 \u00d7 950 mm)<\/p>\n[\/vc_column_text][\/vc_column][\/vc_row][vc_row type=&#8221;full_width_content&#8221; full_screen_row_position=&#8221;middle&#8221; scene_position=&#8221;center&#8221; text_color=&#8221;dark&#8221; text_align=&#8221;left&#8221; overlay_strength=&#8221;0.3&#8243; shape_divider_position=&#8221;bottom&#8221; bg_image_animation=&#8221;none&#8221;][vc_column column_padding=&#8221;padding-3-percent&#8221; column_padding_position=&#8221;all&#8221; background_color_opacity=&#8221;1&#8243; background_hover_color_opacity=&#8221;1&#8243; column_link_target=&#8221;_self&#8221; column_shadow=&#8221;none&#8221; column_border_radius=&#8221;none&#8221; width=&#8221;1\/1&#8243; tablet_width_inherit=&#8221;default&#8221; tablet_text_alignment=&#8221;default&#8221; phone_text_alignment=&#8221;default&#8221; column_border_width=&#8221;none&#8221; column_border_style=&#8221;solid&#8221; bg_image_animation=&#8221;none&#8221;][image_with_animation image_url=&#8221;3078&#8243; alignment=&#8221;&#8221; animation=&#8221;Fade In&#8221; border_radius=&#8221;none&#8221; box_shadow=&#8221;none&#8221; max_width=&#8221;100%&#8221; el_class=&#8221;full-img&#8221;][\/vc_column][\/vc_row][vc_row type=&#8221;full_width_content&#8221; full_screen_row_position=&#8221;middle&#8221; scene_position=&#8221;center&#8221; text_color=&#8221;dark&#8221; text_align=&#8221;left&#8221; overlay_strength=&#8221;0.3&#8243; shape_divider_position=&#8221;bottom&#8221; bg_image_animation=&#8221;none&#8221;][vc_column column_padding=&#8221;padding-3-percent&#8221; column_padding_position=&#8221;all&#8221; background_color_opacity=&#8221;1&#8243; background_hover_color_opacity=&#8221;1&#8243; column_link_target=&#8221;_self&#8221; column_shadow=&#8221;none&#8221; column_border_radius=&#8221;none&#8221; width=&#8221;1\/1&#8243; tablet_width_inherit=&#8221;default&#8221; tablet_text_alignment=&#8221;default&#8221; phone_text_alignment=&#8221;default&#8221; column_border_width=&#8221;none&#8221; column_border_style=&#8221;solid&#8221; bg_image_animation=&#8221;none&#8221;][image_with_animation image_url=&#8221;3079&#8243; alignment=&#8221;&#8221; animation=&#8221;Fade In&#8221; border_radius=&#8221;none&#8221; box_shadow=&#8221;none&#8221; max_width=&#8221;100%&#8221; el_class=&#8221;full-img&#8221;][vc_column_text]\n<p class=\"kepalir-2l\">GULY\u00c1S Gyula: <em>C\u00edm n\u00e9lk\u00fcl,<\/em> 1973, bazalt, 193 \u00d7 193 \u00d7 193 mm | <em>Centim\u00e9ter,<\/em> 1973, bazalt, f\u00e9m, 193 \u00d7 193 \u00d7 193 mm<\/p>\n[\/vc_column_text][\/vc_column][\/vc_row][vc_row type=&#8221;full_width_content&#8221; full_screen_row_position=&#8221;middle&#8221; scene_position=&#8221;center&#8221; text_color=&#8221;dark&#8221; text_align=&#8221;left&#8221; overlay_strength=&#8221;0.3&#8243; shape_divider_position=&#8221;bottom&#8221; bg_image_animation=&#8221;none&#8221;][vc_column column_padding=&#8221;padding-3-percent&#8221; column_padding_position=&#8221;all&#8221; background_color_opacity=&#8221;1&#8243; background_hover_color_opacity=&#8221;1&#8243; column_link_target=&#8221;_self&#8221; column_shadow=&#8221;none&#8221; column_border_radius=&#8221;none&#8221; width=&#8221;1\/1&#8243; tablet_width_inherit=&#8221;default&#8221; tablet_text_alignment=&#8221;default&#8221; phone_text_alignment=&#8221;default&#8221; column_border_width=&#8221;none&#8221; column_border_style=&#8221;solid&#8221; bg_image_animation=&#8221;none&#8221;][image_with_animation image_url=&#8221;3088&#8243; alignment=&#8221;&#8221; animation=&#8221;Fade In&#8221; border_radius=&#8221;none&#8221; box_shadow=&#8221;none&#8221; max_width=&#8221;100%&#8221; el_class=&#8221;full-img&#8221;][\/vc_column][\/vc_row][vc_row type=&#8221;full_width_content&#8221; full_screen_row_position=&#8221;middle&#8221; scene_position=&#8221;center&#8221; text_color=&#8221;dark&#8221; text_align=&#8221;left&#8221; overlay_strength=&#8221;0.3&#8243; shape_divider_position=&#8221;bottom&#8221; bg_image_animation=&#8221;none&#8221;][vc_column column_padding=&#8221;padding-3-percent&#8221; column_padding_position=&#8221;all&#8221; background_color_opacity=&#8221;1&#8243; background_hover_color_opacity=&#8221;1&#8243; column_link_target=&#8221;_self&#8221; column_shadow=&#8221;none&#8221; column_border_radius=&#8221;none&#8221; width=&#8221;1\/1&#8243; tablet_width_inherit=&#8221;default&#8221; tablet_text_alignment=&#8221;default&#8221; phone_text_alignment=&#8221;default&#8221; column_border_width=&#8221;none&#8221; column_border_style=&#8221;solid&#8221; bg_image_animation=&#8221;none&#8221;][image_with_animation image_url=&#8221;3086&#8243; alignment=&#8221;&#8221; animation=&#8221;Fade In&#8221; border_radius=&#8221;none&#8221; box_shadow=&#8221;none&#8221; max_width=&#8221;100%&#8221; el_class=&#8221;full-img&#8221;][vc_column_text]\n<p class=\"kepalir-2r\">Andrzej LACHOWICZ: <em>Type C,<\/em> 1972, 11 db fekete-feh\u00e9r fot\u00f3, karton, 11 \u00d7 (490 \u00d7 590 mm)<\/p>\n[\/vc_column_text][\/vc_column][\/vc_row][vc_row type=&#8221;full_width_content&#8221; full_screen_row_position=&#8221;middle&#8221; scene_position=&#8221;center&#8221; text_color=&#8221;dark&#8221; text_align=&#8221;left&#8221; overlay_strength=&#8221;0.3&#8243; shape_divider_position=&#8221;bottom&#8221; bg_image_animation=&#8221;none&#8221;][vc_column column_padding=&#8221;padding-3-percent&#8221; column_padding_position=&#8221;all&#8221; background_color_opacity=&#8221;1&#8243; background_hover_color_opacity=&#8221;1&#8243; column_link_target=&#8221;_self&#8221; column_shadow=&#8221;none&#8221; column_border_radius=&#8221;none&#8221; width=&#8221;1\/1&#8243; tablet_width_inherit=&#8221;default&#8221; tablet_text_alignment=&#8221;default&#8221; phone_text_alignment=&#8221;default&#8221; column_border_width=&#8221;none&#8221; column_border_style=&#8221;solid&#8221; bg_image_animation=&#8221;none&#8221;][image_with_animation image_url=&#8221;3082&#8243; alignment=&#8221;&#8221; animation=&#8221;Fade In&#8221; border_radius=&#8221;none&#8221; box_shadow=&#8221;none&#8221; max_width=&#8221;100%&#8221; el_class=&#8221;full-img&#8221;][vc_column_text]\n<p class=\"kepalir-2l\">Natalia LL: A <em>Fogyaszt\u00f3i m\u0171v\u00e9szet<\/em> sorozatb\u00f3l, 1972, 2 db fekete-feh\u00e9r fot\u00f3, v\u00e1szon, 2 \u00d7 (1050 \u00d7 1050 mm)<\/p>\n[\/vc_column_text][\/vc_column][\/vc_row][vc_row type=&#8221;full_width_content&#8221; full_screen_row_position=&#8221;middle&#8221; scene_position=&#8221;center&#8221; text_color=&#8221;dark&#8221; text_align=&#8221;left&#8221; overlay_strength=&#8221;0.3&#8243; shape_divider_position=&#8221;bottom&#8221; bg_image_animation=&#8221;none&#8221;][vc_column column_padding=&#8221;padding-3-percent&#8221; column_padding_position=&#8221;all&#8221; background_color_opacity=&#8221;1&#8243; background_hover_color_opacity=&#8221;1&#8243; column_link_target=&#8221;_self&#8221; column_shadow=&#8221;none&#8221; column_border_radius=&#8221;none&#8221; width=&#8221;1\/1&#8243; tablet_width_inherit=&#8221;default&#8221; tablet_text_alignment=&#8221;default&#8221; phone_text_alignment=&#8221;default&#8221; column_border_width=&#8221;none&#8221; column_border_style=&#8221;solid&#8221; bg_image_animation=&#8221;none&#8221;][image_with_animation image_url=&#8221;3117&#8243; alignment=&#8221;&#8221; animation=&#8221;Fade In&#8221; border_radius=&#8221;none&#8221; box_shadow=&#8221;none&#8221; max_width=&#8221;100%&#8221; el_class=&#8221;full-img&#8221;][\/vc_column][\/vc_row][vc_row type=&#8221;full_width_content&#8221; full_screen_row_position=&#8221;middle&#8221; scene_position=&#8221;center&#8221; text_color=&#8221;dark&#8221; text_align=&#8221;left&#8221; overlay_strength=&#8221;0.3&#8243; shape_divider_position=&#8221;bottom&#8221; bg_image_animation=&#8221;none&#8221;][vc_column column_padding=&#8221;padding-3-percent&#8221; column_padding_position=&#8221;all&#8221; background_color_opacity=&#8221;1&#8243; background_hover_color_opacity=&#8221;1&#8243; column_link_target=&#8221;_self&#8221; column_shadow=&#8221;none&#8221; column_border_radius=&#8221;none&#8221; width=&#8221;1\/1&#8243; tablet_width_inherit=&#8221;default&#8221; tablet_text_alignment=&#8221;default&#8221; phone_text_alignment=&#8221;default&#8221; column_border_width=&#8221;none&#8221; column_border_style=&#8221;solid&#8221; bg_image_animation=&#8221;none&#8221;][image_with_animation image_url=&#8221;3118&#8243; alignment=&#8221;&#8221; animation=&#8221;Fade In&#8221; border_radius=&#8221;none&#8221; box_shadow=&#8221;none&#8221; max_width=&#8221;100%&#8221; el_class=&#8221;full-img&#8221;][vc_column_text]\n<p class=\"kepalir-2l\">Radomir DAMNJANOVI\u0106 DAMNJAN: <em>Z\u00e1szl\u00f3,<\/em> 1974, fest\u00e9k, fa | paint, wood, v\u00e1ltoz\u00f3 m\u00e9ret | various dimensions<\/p>\n[\/vc_column_text][\/vc_column][\/vc_row][vc_row type=&#8221;full_width_content&#8221; full_screen_row_position=&#8221;middle&#8221; scene_position=&#8221;center&#8221; text_color=&#8221;dark&#8221; text_align=&#8221;left&#8221; overlay_strength=&#8221;0.3&#8243; shape_divider_position=&#8221;bottom&#8221; bg_image_animation=&#8221;none&#8221;][vc_column column_padding=&#8221;padding-3-percent&#8221; column_padding_position=&#8221;all&#8221; background_color_opacity=&#8221;1&#8243; background_hover_color_opacity=&#8221;1&#8243; column_link_target=&#8221;_self&#8221; column_shadow=&#8221;none&#8221; column_border_radius=&#8221;none&#8221; width=&#8221;1\/1&#8243; tablet_width_inherit=&#8221;default&#8221; tablet_text_alignment=&#8221;default&#8221; phone_text_alignment=&#8221;default&#8221; column_border_width=&#8221;none&#8221; column_border_style=&#8221;solid&#8221; bg_image_animation=&#8221;none&#8221;][image_with_animation image_url=&#8221;3119&#8243; alignment=&#8221;&#8221; animation=&#8221;Fade In&#8221; border_radius=&#8221;none&#8221; box_shadow=&#8221;none&#8221; max_width=&#8221;100%&#8221; el_class=&#8221;full-img&#8221;][vc_column_text]\n<p class=\"kepalir-2l\">Radomir DAMNJANOVI\u0106 DAMNJAN: <em>F\u00e9lrevezet\u0151 inform\u00e1ci\u00f3k sora,<\/em> 1973, olaj, v\u00e1szon, 1200 \u00d7 1445 mm<\/p>\n[\/vc_column_text][\/vc_column][\/vc_row][vc_row type=&#8221;full_width_content&#8221; full_screen_row_position=&#8221;middle&#8221; scene_position=&#8221;center&#8221; text_color=&#8221;dark&#8221; text_align=&#8221;left&#8221; overlay_strength=&#8221;0.3&#8243; shape_divider_position=&#8221;bottom&#8221; bg_image_animation=&#8221;none&#8221;][vc_column column_padding=&#8221;padding-3-percent&#8221; column_padding_position=&#8221;all&#8221; background_color_opacity=&#8221;1&#8243; background_hover_color_opacity=&#8221;1&#8243; column_link_target=&#8221;_self&#8221; column_shadow=&#8221;none&#8221; column_border_radius=&#8221;none&#8221; width=&#8221;1\/1&#8243; tablet_width_inherit=&#8221;default&#8221; tablet_text_alignment=&#8221;default&#8221; phone_text_alignment=&#8221;default&#8221; column_border_width=&#8221;none&#8221; column_border_style=&#8221;solid&#8221; bg_image_animation=&#8221;none&#8221;][image_with_animation image_url=&#8221;3120&#8243; alignment=&#8221;&#8221; animation=&#8221;Fade In&#8221; border_radius=&#8221;none&#8221; box_shadow=&#8221;none&#8221; max_width=&#8221;100%&#8221; el_class=&#8221;full-img&#8221;][vc_column_text]\n<p class=\"kepalir-2l\">ATTALAI G\u00e1bor<\/p>\n[\/vc_column_text][\/vc_column][\/vc_row][vc_row type=&#8221;full_width_content&#8221; full_screen_row_position=&#8221;middle&#8221; scene_position=&#8221;center&#8221; text_color=&#8221;dark&#8221; text_align=&#8221;left&#8221; overlay_strength=&#8221;0.3&#8243; shape_divider_position=&#8221;bottom&#8221; bg_image_animation=&#8221;none&#8221;][vc_column column_padding=&#8221;padding-3-percent&#8221; column_padding_position=&#8221;all&#8221; background_color_opacity=&#8221;1&#8243; background_hover_color_opacity=&#8221;1&#8243; column_link_target=&#8221;_self&#8221; column_shadow=&#8221;none&#8221; column_border_radius=&#8221;none&#8221; width=&#8221;1\/1&#8243; tablet_width_inherit=&#8221;default&#8221; tablet_text_alignment=&#8221;default&#8221; phone_text_alignment=&#8221;default&#8221; column_border_width=&#8221;none&#8221; column_border_style=&#8221;solid&#8221; bg_image_animation=&#8221;none&#8221;][image_with_animation image_url=&#8221;3143&#8243; alignment=&#8221;&#8221; animation=&#8221;Fade In&#8221; border_radius=&#8221;none&#8221; box_shadow=&#8221;none&#8221; max_width=&#8221;100%&#8221; el_class=&#8221;full-img&#8221;][vc_column_text]\n<p class=\"kepalir-2l\">ATTALAI G\u00e1bor: <em>Red-y Made (fonal g\u00f6mb),<\/em> 1971\u20131974, vegyes technika, fest\u00e9k, 118 \u00d7 \u00d8 133 mm | <em>Red-y Made (fonal g\u00f6mb),<\/em> 1971\u20131974, vegyes technika, fest\u00e9k, 131 \u00d7 \u00d8 130 mm | <em>Red-y Made (konzervdoboz),<\/em> 1971\u20131974, vegyes technika, fest\u00e9k, 89 \u00d7 101 \u00d7 108 mm | <em>Red-y Made (sapka),<\/em> 1971\u20131974, vegyes technika, fest\u00e9k, 125 \u00d7 175 \u00d7 262 mm | <em>Red-y Made (fonalt\u00f6lcs\u00e9r),<\/em> 1971\u20131974, vegyes technika, fest\u00e9k, 186 \u00d7 \u00d8 74 mm | <em>Red-y Made (villa),<\/em> 1971\u20131974, vegyes technika, fest\u00e9k, 22 \u00d7 213 \u00d7 23 mm | <em>Red-y Made (k\u00f6t\u00e9l),<\/em> 1971\u20131974, vegyes technika, fest\u00e9k, 83 \u00d7 \u00d8 270 mm | <em>Red-y Made (kan\u00e1l),<\/em> 1971\u20131974, vegyes technika, fest\u00e9k, 27 \u00d7 46 \u00d7 209 mm<\/p>\n[\/vc_column_text][\/vc_column][\/vc_row][vc_row type=&#8221;full_width_content&#8221; full_screen_row_position=&#8221;middle&#8221; scene_position=&#8221;center&#8221; text_color=&#8221;dark&#8221; text_align=&#8221;left&#8221; overlay_strength=&#8221;0.3&#8243; shape_divider_position=&#8221;bottom&#8221; bg_image_animation=&#8221;none&#8221;][vc_column column_padding=&#8221;padding-3-percent&#8221; column_padding_position=&#8221;all&#8221; background_color_opacity=&#8221;1&#8243; background_hover_color_opacity=&#8221;1&#8243; column_link_target=&#8221;_self&#8221; column_shadow=&#8221;none&#8221; column_border_radius=&#8221;none&#8221; width=&#8221;1\/1&#8243; tablet_width_inherit=&#8221;default&#8221; tablet_text_alignment=&#8221;default&#8221; phone_text_alignment=&#8221;default&#8221; column_border_width=&#8221;none&#8221; column_border_style=&#8221;solid&#8221; bg_image_animation=&#8221;none&#8221;][image_with_animation image_url=&#8221;3122&#8243; alignment=&#8221;&#8221; animation=&#8221;Fade In&#8221; border_radius=&#8221;none&#8221; box_shadow=&#8221;none&#8221; max_width=&#8221;100%&#8221; el_class=&#8221;full-img&#8221;][vc_column_text]\n<p class=\"kepalir-2r\">ATTALAI G\u00e1bor: <em>A fejemben \u00e9l,<\/em> 1970, fekete-feh\u00e9r fot\u00f3, 230 \u00d7 278 mm<\/p>\n[\/vc_column_text][\/vc_column][\/vc_row][vc_row type=&#8221;full_width_content&#8221; full_screen_row_position=&#8221;middle&#8221; scene_position=&#8221;center&#8221; text_color=&#8221;dark&#8221; text_align=&#8221;left&#8221; overlay_strength=&#8221;0.3&#8243; shape_divider_position=&#8221;bottom&#8221; bg_image_animation=&#8221;none&#8221;][vc_column column_padding=&#8221;padding-3-percent&#8221; column_padding_position=&#8221;all&#8221; background_color_opacity=&#8221;1&#8243; background_hover_color_opacity=&#8221;1&#8243; column_link_target=&#8221;_self&#8221; column_shadow=&#8221;none&#8221; column_border_radius=&#8221;none&#8221; width=&#8221;1\/1&#8243; tablet_width_inherit=&#8221;default&#8221; tablet_text_alignment=&#8221;default&#8221; phone_text_alignment=&#8221;default&#8221; column_border_width=&#8221;none&#8221; column_border_style=&#8221;solid&#8221; bg_image_animation=&#8221;none&#8221;][image_with_animation image_url=&#8221;3123&#8243; alignment=&#8221;&#8221; animation=&#8221;Fade In&#8221; border_radius=&#8221;none&#8221; box_shadow=&#8221;none&#8221; max_width=&#8221;100%&#8221; el_class=&#8221;full-img&#8221;][vc_column_text]\n<p class=\"kepalir-2l\">Verbumprogram: <em>Form\u00e1k,<\/em> 1976, 4 db olaj, v\u00e1szon, 4 \u00d7 (1185 \u00d7 840 mm)<\/p>\n[\/vc_column_text][\/vc_column][\/vc_row][vc_row type=&#8221;full_width_content&#8221; full_screen_row_position=&#8221;middle&#8221; scene_position=&#8221;center&#8221; text_color=&#8221;dark&#8221; text_align=&#8221;left&#8221; overlay_strength=&#8221;0.3&#8243; shape_divider_position=&#8221;bottom&#8221; bg_image_animation=&#8221;none&#8221;][vc_column column_padding=&#8221;padding-3-percent&#8221; column_padding_position=&#8221;all&#8221; background_color_opacity=&#8221;1&#8243; background_hover_color_opacity=&#8221;1&#8243; column_link_target=&#8221;_self&#8221; column_shadow=&#8221;none&#8221; column_border_radius=&#8221;none&#8221; width=&#8221;1\/1&#8243; tablet_width_inherit=&#8221;default&#8221; tablet_text_alignment=&#8221;default&#8221; phone_text_alignment=&#8221;default&#8221; column_border_width=&#8221;none&#8221; column_border_style=&#8221;solid&#8221; bg_image_animation=&#8221;none&#8221;][image_with_animation image_url=&#8221;3124&#8243; alignment=&#8221;&#8221; animation=&#8221;Fade In&#8221; border_radius=&#8221;none&#8221; box_shadow=&#8221;none&#8221; max_width=&#8221;100%&#8221; el_class=&#8221;full-img&#8221;][vc_column_text]\n<p class=\"kepalir-2l\">Vladimir KOPICL (K\u00f4d): <em>Semmi sincs m\u00e9g itt, de egy alakzat m\u00e1ris passzolhat hozz\u00e1,<\/em> 1973, fekete-feh\u00e9r fot\u00f3, koll\u00e1zs, collage, 294 \u00d7 207 mm | <em>Semmi sincs m\u00e9g itt, de egy alakzat m\u00e1ris passzolhat hozz\u00e1,<\/em> 1973, fekete-feh\u00e9r fot\u00f3, koll\u00e1zs, 298 \u00d7 208 mm ||| Slavko BOGDANOVI\u0106 (K\u00f4d): <em>Hegesztett k\u00f6nyv,<\/em> 1970, object, vegyes technika, 189 \u00d7 137 mm ||| Slobodan TI\u0160MA (K\u00d4D): <em>Woods of Souls [Lelkek erdeje],<\/em> 1974, 8 mm-es fekete-feh\u00e9r film, hang n\u00e9lk\u00fcl, 3\u201934\u2019<\/p>\n[\/vc_column_text][\/vc_column][\/vc_row][vc_row type=&#8221;full_width_content&#8221; full_screen_row_position=&#8221;middle&#8221; scene_position=&#8221;center&#8221; text_color=&#8221;dark&#8221; text_align=&#8221;left&#8221; overlay_strength=&#8221;0.3&#8243; shape_divider_position=&#8221;bottom&#8221; bg_image_animation=&#8221;none&#8221;][vc_column column_padding=&#8221;padding-3-percent&#8221; column_padding_position=&#8221;all&#8221; background_color_opacity=&#8221;1&#8243; background_hover_color_opacity=&#8221;1&#8243; column_link_target=&#8221;_self&#8221; column_shadow=&#8221;none&#8221; column_border_radius=&#8221;none&#8221; width=&#8221;1\/1&#8243; tablet_width_inherit=&#8221;default&#8221; tablet_text_alignment=&#8221;default&#8221; phone_text_alignment=&#8221;default&#8221; column_border_width=&#8221;none&#8221; column_border_style=&#8221;solid&#8221; bg_image_animation=&#8221;none&#8221;][image_with_animation image_url=&#8221;3126&#8243; alignment=&#8221;&#8221; animation=&#8221;Fade In&#8221; border_radius=&#8221;none&#8221; box_shadow=&#8221;none&#8221; max_width=&#8221;100%&#8221; el_class=&#8221;full-img&#8221;][vc_column_text]\n<p class=\"kepalir-2l\">Dragomir UGREN: <em>C\u00edm n\u00e9lk\u00fcl,<\/em> 1981, akril, g\u00e9z, 6 \u00d7 (248 \u00d7 248 mm)<\/p>\n[\/vc_column_text][\/vc_column][\/vc_row][vc_row type=&#8221;full_width_content&#8221; full_screen_row_position=&#8221;middle&#8221; scene_position=&#8221;center&#8221; text_color=&#8221;dark&#8221; text_align=&#8221;left&#8221; overlay_strength=&#8221;0.3&#8243; shape_divider_position=&#8221;bottom&#8221; bg_image_animation=&#8221;none&#8221;][vc_column column_padding=&#8221;padding-3-percent&#8221; column_padding_position=&#8221;all&#8221; background_color_opacity=&#8221;1&#8243; background_hover_color_opacity=&#8221;1&#8243; column_link_target=&#8221;_self&#8221; column_shadow=&#8221;none&#8221; column_border_radius=&#8221;none&#8221; width=&#8221;1\/1&#8243; tablet_width_inherit=&#8221;default&#8221; tablet_text_alignment=&#8221;default&#8221; phone_text_alignment=&#8221;default&#8221; column_border_width=&#8221;none&#8221; column_border_style=&#8221;solid&#8221; bg_image_animation=&#8221;none&#8221;][image_with_animation image_url=&#8221;3127&#8243; alignment=&#8221;&#8221; animation=&#8221;Fade In&#8221; border_radius=&#8221;none&#8221; box_shadow=&#8221;none&#8221; max_width=&#8221;100%&#8221; el_class=&#8221;full-img&#8221;][vc_column_text]\n<p class=\"kepalir-2l\">Ra\u0161a TODOSIJEVI\u0106 ||| Gergelj URKOM: <em>C\u00edm n\u00e9lk\u00fcl,<\/em> 1976, olaj, v\u00e1szon, 660 \u00d7 660 mm<\/p>\n[\/vc_column_text][\/vc_column][\/vc_row][vc_row type=&#8221;full_width_content&#8221; full_screen_row_position=&#8221;middle&#8221; scene_position=&#8221;center&#8221; text_color=&#8221;dark&#8221; text_align=&#8221;left&#8221; overlay_strength=&#8221;0.3&#8243; shape_divider_position=&#8221;bottom&#8221; bg_image_animation=&#8221;none&#8221;][vc_column column_padding=&#8221;padding-3-percent&#8221; column_padding_position=&#8221;all&#8221; background_color_opacity=&#8221;1&#8243; background_hover_color_opacity=&#8221;1&#8243; column_link_target=&#8221;_self&#8221; column_shadow=&#8221;none&#8221; column_border_radius=&#8221;none&#8221; width=&#8221;1\/1&#8243; tablet_width_inherit=&#8221;default&#8221; tablet_text_alignment=&#8221;default&#8221; phone_text_alignment=&#8221;default&#8221; column_border_width=&#8221;none&#8221; column_border_style=&#8221;solid&#8221; bg_image_animation=&#8221;none&#8221;][image_with_animation image_url=&#8221;3128&#8243; alignment=&#8221;&#8221; animation=&#8221;Fade In&#8221; border_radius=&#8221;none&#8221; box_shadow=&#8221;none&#8221; max_width=&#8221;100%&#8221; el_class=&#8221;full-img&#8221;][vc_column_text]\n<p class=\"kepalir-2l\">Era MILIVOJEVI\u0106: <em>Ragaszt\u00f3szalaggal r\u00f6gz\u00edtett m\u0171v\u00e9sz (Marina Abramovi\u0107), belgr\u00e1di Ifj\u00fas\u00e1gi Kultur\u00e1lis K\u00f6zpontban<\/em>, Belgrade, 1971, 2 db fekete-feh\u00e9r fot\u00f3, 2 \u00d7 (612 \u00d7 519 mm) ||| Marina ABRAMOVI\u0106: <em>Hangenvironment \u2013 Tenger,<\/em> 1972, bakelitlemez, tok, 187 \u00d7 187 mm<\/p>\n[\/vc_column_text][\/vc_column][\/vc_row][vc_row type=&#8221;full_width_content&#8221; full_screen_row_position=&#8221;middle&#8221; scene_position=&#8221;center&#8221; text_color=&#8221;dark&#8221; text_align=&#8221;left&#8221; overlay_strength=&#8221;0.3&#8243; shape_divider_position=&#8221;bottom&#8221; bg_image_animation=&#8221;none&#8221;][vc_column column_padding=&#8221;padding-3-percent&#8221; column_padding_position=&#8221;all&#8221; background_color_opacity=&#8221;1&#8243; background_hover_color_opacity=&#8221;1&#8243; column_link_target=&#8221;_self&#8221; column_shadow=&#8221;none&#8221; column_border_radius=&#8221;none&#8221; width=&#8221;1\/1&#8243; tablet_width_inherit=&#8221;default&#8221; tablet_text_alignment=&#8221;default&#8221; phone_text_alignment=&#8221;default&#8221; column_border_width=&#8221;none&#8221; column_border_style=&#8221;solid&#8221; bg_image_animation=&#8221;none&#8221;][image_with_animation image_url=&#8221;3129&#8243; alignment=&#8221;&#8221; animation=&#8221;Fade In&#8221; border_radius=&#8221;none&#8221; box_shadow=&#8221;none&#8221; max_width=&#8221;100%&#8221; el_class=&#8221;full-img&#8221;][\/vc_column][\/vc_row][vc_row type=&#8221;full_width_content&#8221; full_screen_row_position=&#8221;middle&#8221; scene_position=&#8221;center&#8221; text_color=&#8221;dark&#8221; text_align=&#8221;left&#8221; overlay_strength=&#8221;0.3&#8243; shape_divider_position=&#8221;bottom&#8221; bg_image_animation=&#8221;none&#8221;][vc_column column_padding=&#8221;padding-3-percent&#8221; column_padding_position=&#8221;all&#8221; background_color_opacity=&#8221;1&#8243; background_hover_color_opacity=&#8221;1&#8243; column_link_target=&#8221;_self&#8221; column_shadow=&#8221;none&#8221; column_border_radius=&#8221;none&#8221; width=&#8221;1\/1&#8243; tablet_width_inherit=&#8221;default&#8221; tablet_text_alignment=&#8221;default&#8221; phone_text_alignment=&#8221;default&#8221; column_border_width=&#8221;none&#8221; column_border_style=&#8221;solid&#8221; bg_image_animation=&#8221;none&#8221;][image_with_animation image_url=&#8221;3232&#8243; alignment=&#8221;&#8221; animation=&#8221;Fade In&#8221; border_radius=&#8221;none&#8221; box_shadow=&#8221;none&#8221; max_width=&#8221;100%&#8221; el_class=&#8221;full-img&#8221;][vc_column_text]\n<p class=\"kepalir-2r\">CSERNIK Attila (Bosch+Bosch): <em>Labda,<\/em> 1974, vegyes technika, \u00fajs\u00e1gpap\u00edr, \u00d8 82 mm | <em>Labda,<\/em> 1974 , vegyes technika, \u00fajs\u00e1gpap\u00edr, \u00d8 77 mm |<em> Labda,<\/em> 1974, vegyes technika, \u00fajs\u00e1gpap\u00edr, \u00d8 73 mm |<em> Labda,<\/em> 1974, vegyes technika, \u00fajs\u00e1gpap\u00edr, \u00d8 37 mm | <em>Labda,<\/em> 1974, vegyes technika, \u00fajs\u00e1pap\u00edr, \u00d8 55 mm | <em>C\u00edm n\u00e9lk\u00fcl,<\/em> 1983, \u00fajs\u00e1gpap\u00edr, \u00fcveg, 188 \u00d7 84 \u00d7 84 mm | <em>Suunta,<\/em> 1975, vegyes technika, \u00fajs\u00e1gpap\u00edr, 122 \u00d7 82 \u00d7 82 mm<\/p>\n[\/vc_column_text][\/vc_column][\/vc_row][vc_row type=&#8221;full_width_content&#8221; full_screen_row_position=&#8221;middle&#8221; scene_position=&#8221;center&#8221; text_color=&#8221;dark&#8221; text_align=&#8221;left&#8221; overlay_strength=&#8221;0.3&#8243; shape_divider_position=&#8221;bottom&#8221; bg_image_animation=&#8221;none&#8221;][vc_column column_padding=&#8221;padding-3-percent&#8221; column_padding_position=&#8221;all&#8221; background_color_opacity=&#8221;1&#8243; background_hover_color_opacity=&#8221;1&#8243; column_link_target=&#8221;_self&#8221; column_shadow=&#8221;none&#8221; column_border_radius=&#8221;none&#8221; width=&#8221;1\/1&#8243; tablet_width_inherit=&#8221;default&#8221; tablet_text_alignment=&#8221;default&#8221; phone_text_alignment=&#8221;default&#8221; column_border_width=&#8221;none&#8221; column_border_style=&#8221;solid&#8221; bg_image_animation=&#8221;none&#8221;][image_with_animation image_url=&#8221;3231&#8243; alignment=&#8221;&#8221; animation=&#8221;Fade In&#8221; border_radius=&#8221;none&#8221; box_shadow=&#8221;none&#8221; max_width=&#8221;100%&#8221; el_class=&#8221;full-img&#8221;][vc_column_text]\n<p class=\"kepalir-2l\">T\u00d3T Endre: <em>A te es\u0151d, az \u00e9n es\u0151m,<\/em> 1971, g\u00e9pelt sz\u00f6veg, koll\u00e1zs, pap\u00edr, karton, 290 \u00d7 210 mm | <em>Veryy Special Zer0-tyyest,<\/em> 1974, g\u00e9pelt sz\u00f6veg, nyomat, pap\u00edr, 301 \u00d7 211 mm | <em>Zeropost,<\/em> 1974\u20131976, nyomat, pap\u00edr, 297 \u00d7 211 mm<\/p>\n[\/vc_column_text][\/vc_column][\/vc_row][vc_row type=&#8221;full_width_content&#8221; full_screen_row_position=&#8221;middle&#8221; scene_position=&#8221;center&#8221; text_color=&#8221;dark&#8221; text_align=&#8221;left&#8221; overlay_strength=&#8221;0.3&#8243; shape_divider_position=&#8221;bottom&#8221; bg_image_animation=&#8221;none&#8221;][vc_column column_padding=&#8221;padding-3-percent&#8221; column_padding_position=&#8221;all&#8221; background_color_opacity=&#8221;1&#8243; background_hover_color_opacity=&#8221;1&#8243; column_link_target=&#8221;_self&#8221; column_shadow=&#8221;none&#8221; column_border_radius=&#8221;none&#8221; width=&#8221;1\/1&#8243; tablet_width_inherit=&#8221;default&#8221; tablet_text_alignment=&#8221;default&#8221; phone_text_alignment=&#8221;default&#8221; column_border_width=&#8221;none&#8221; column_border_style=&#8221;solid&#8221; bg_image_animation=&#8221;none&#8221;][image_with_animation image_url=&#8221;3132&#8243; alignment=&#8221;&#8221; animation=&#8221;Fade In&#8221; border_radius=&#8221;none&#8221; box_shadow=&#8221;none&#8221; max_width=&#8221;100%&#8221; el_class=&#8221;full-img&#8221;][vc_column_text]\n<p class=\"kepalir-2l\">MAURER D\u00f3ra: <em>Id\u0151-metaf\u00f3r\u00e1k,<\/em> 1973, fekete-feh\u00e9r fot\u00f3k, v\u00e1szon, koll\u00e1zs, 724 \u00d7 902 mm | <em>Et\u0171d 1., Nevezd meg e cselekm\u00e9nyek sor\u00e1t,<\/em> 1971, fekete-feh\u00e9r fot\u00f3, v\u00e1szon, koll\u00e1zs, 170 \u00d7 1490 mm | <em>Tanulm\u00e1ny minim\u00e1lis mozg\u00e1sokr\u00f3l No. 6.,<\/em> 1972, 7 db fekete-feh\u00e9r fot\u00f3, kr\u00e9ta, koll\u00e1zs, pap\u00edr, 941 \u00d7 646 mm<\/p>\n[\/vc_column_text][\/vc_column][\/vc_row][vc_row type=&#8221;full_width_content&#8221; full_screen_row_position=&#8221;middle&#8221; scene_position=&#8221;center&#8221; text_color=&#8221;dark&#8221; text_align=&#8221;left&#8221; overlay_strength=&#8221;0.3&#8243; shape_divider_position=&#8221;bottom&#8221; bg_image_animation=&#8221;none&#8221;][vc_column column_padding=&#8221;padding-3-percent&#8221; column_padding_position=&#8221;all&#8221; background_color_opacity=&#8221;1&#8243; background_hover_color_opacity=&#8221;1&#8243; column_link_target=&#8221;_self&#8221; column_shadow=&#8221;none&#8221; column_border_radius=&#8221;none&#8221; width=&#8221;1\/1&#8243; tablet_width_inherit=&#8221;default&#8221; tablet_text_alignment=&#8221;default&#8221; phone_text_alignment=&#8221;default&#8221; column_border_width=&#8221;none&#8221; column_border_style=&#8221;solid&#8221; bg_image_animation=&#8221;none&#8221;][image_with_animation image_url=&#8221;3133&#8243; alignment=&#8221;&#8221; animation=&#8221;Fade In&#8221; border_radius=&#8221;none&#8221; box_shadow=&#8221;none&#8221; max_width=&#8221;100%&#8221; el_class=&#8221;full-img&#8221;][\/vc_column][\/vc_row][vc_row type=&#8221;full_width_content&#8221; full_screen_row_position=&#8221;middle&#8221; scene_position=&#8221;center&#8221; text_color=&#8221;dark&#8221; text_align=&#8221;left&#8221; overlay_strength=&#8221;0.3&#8243; shape_divider_position=&#8221;bottom&#8221; bg_image_animation=&#8221;none&#8221;][vc_column column_padding=&#8221;padding-3-percent&#8221; column_padding_position=&#8221;all&#8221; background_color_opacity=&#8221;1&#8243; background_hover_color_opacity=&#8221;1&#8243; column_link_target=&#8221;_self&#8221; column_shadow=&#8221;none&#8221; column_border_radius=&#8221;none&#8221; width=&#8221;1\/1&#8243; tablet_width_inherit=&#8221;default&#8221; tablet_text_alignment=&#8221;default&#8221; phone_text_alignment=&#8221;default&#8221; column_border_width=&#8221;none&#8221; column_border_style=&#8221;solid&#8221; bg_image_animation=&#8221;none&#8221;][image_with_animation image_url=&#8221;3134&#8243; alignment=&#8221;&#8221; animation=&#8221;Fade In&#8221; border_radius=&#8221;none&#8221; box_shadow=&#8221;none&#8221; max_width=&#8221;100%&#8221; el_class=&#8221;full-img&#8221;][vc_column_text]\n<p class=\"kepalir-2l\">Slavko MATKOVI\u0106 (Bosch+Bosch): <em>V\u00edzes\u00e9s,<\/em> 1970, vegyes technika, v\u00e1ltoz\u00f3 m\u00e9ret<\/p>\n[\/vc_column_text][\/vc_column][\/vc_row][vc_row type=&#8221;full_width_content&#8221; full_screen_row_position=&#8221;middle&#8221; scene_position=&#8221;center&#8221; text_color=&#8221;dark&#8221; text_align=&#8221;left&#8221; overlay_strength=&#8221;0.3&#8243; shape_divider_position=&#8221;bottom&#8221; bg_image_animation=&#8221;none&#8221;][vc_column column_padding=&#8221;padding-3-percent&#8221; column_padding_position=&#8221;all&#8221; background_color_opacity=&#8221;1&#8243; background_hover_color_opacity=&#8221;1&#8243; column_link_target=&#8221;_self&#8221; column_shadow=&#8221;none&#8221; column_border_radius=&#8221;none&#8221; width=&#8221;1\/1&#8243; tablet_width_inherit=&#8221;default&#8221; tablet_text_alignment=&#8221;default&#8221; phone_text_alignment=&#8221;default&#8221; column_border_width=&#8221;none&#8221; column_border_style=&#8221;solid&#8221; bg_image_animation=&#8221;none&#8221;][image_with_animation image_url=&#8221;3135&#8243; alignment=&#8221;&#8221; animation=&#8221;Fade In&#8221; border_radius=&#8221;none&#8221; box_shadow=&#8221;none&#8221; max_width=&#8221;100%&#8221; el_class=&#8221;full-img&#8221;][\/vc_column][\/vc_row][vc_row type=&#8221;full_width_content&#8221; full_screen_row_position=&#8221;middle&#8221; scene_position=&#8221;center&#8221; text_color=&#8221;dark&#8221; text_align=&#8221;left&#8221; overlay_strength=&#8221;0.3&#8243; shape_divider_position=&#8221;bottom&#8221; bg_image_animation=&#8221;none&#8221;][vc_column column_padding=&#8221;padding-3-percent&#8221; column_padding_position=&#8221;all&#8221; background_color_opacity=&#8221;1&#8243; background_hover_color_opacity=&#8221;1&#8243; column_link_target=&#8221;_self&#8221; column_shadow=&#8221;none&#8221; column_border_radius=&#8221;none&#8221; width=&#8221;1\/1&#8243; tablet_width_inherit=&#8221;default&#8221; tablet_text_alignment=&#8221;default&#8221; phone_text_alignment=&#8221;default&#8221; column_border_width=&#8221;none&#8221; column_border_style=&#8221;solid&#8221; bg_image_animation=&#8221;none&#8221;][image_with_animation image_url=&#8221;3136&#8243; alignment=&#8221;&#8221; animation=&#8221;Fade In&#8221; border_radius=&#8221;none&#8221; box_shadow=&#8221;none&#8221; max_width=&#8221;100%&#8221; el_class=&#8221;full-img&#8221;][vc_column_text]\n<p class=\"kepalir-2l\">SZOMBATHY B\u00e1lint (Bosch+Bosch): <em>F\u00f6ldalatti szabad sajt\u00f3,<\/em> 1971, vegyes technika, pap\u00edr, 627 \u00d7 355 mm | <em>Footballogram,<\/em> 1970, filctoll, koll\u00e1zs, pap\u00edr, 580 \u00d7 890 mm | <em>H\u00e1rom m\u00f3dszer \u2013 Jugoszl\u00e1via dekonstrukci\u00f3ja,<\/em> 1974, vegyes technika, koll\u00e1zs, 297 \u00d7 211; 3 \u00d7 126 \u00d7 229 mm | <em>Lenin Budapesten,<\/em> 1972, fekete-feh\u00e9r fot\u00f3, 299 \u00d7 397 mm<\/p>\n[\/vc_column_text][\/vc_column][\/vc_row][vc_row type=&#8221;full_width_content&#8221; full_screen_row_position=&#8221;middle&#8221; scene_position=&#8221;center&#8221; text_color=&#8221;dark&#8221; text_align=&#8221;left&#8221; overlay_strength=&#8221;0.3&#8243; shape_divider_position=&#8221;bottom&#8221; bg_image_animation=&#8221;none&#8221;][vc_column column_padding=&#8221;padding-3-percent&#8221; column_padding_position=&#8221;all&#8221; background_color_opacity=&#8221;1&#8243; background_hover_color_opacity=&#8221;1&#8243; column_link_target=&#8221;_self&#8221; column_shadow=&#8221;none&#8221; column_border_radius=&#8221;none&#8221; width=&#8221;1\/1&#8243; tablet_width_inherit=&#8221;default&#8221; tablet_text_alignment=&#8221;default&#8221; phone_text_alignment=&#8221;default&#8221; column_border_width=&#8221;none&#8221; column_border_style=&#8221;solid&#8221; bg_image_animation=&#8221;none&#8221;][image_with_animation image_url=&#8221;3172&#8243; alignment=&#8221;&#8221; animation=&#8221;Fade In&#8221; border_radius=&#8221;none&#8221; box_shadow=&#8221;none&#8221; max_width=&#8221;100%&#8221; el_class=&#8221;full-img&#8221;][vc_column_text]\n<p class=\"kepalir-2l\">SZALMA L\u00e1szl\u00f3 (Bosch+Bosch): <em>Action-A,<\/em> 1971, 8 mm-es sz\u00ednes film, hang n\u00e9lk\u00fcl, 15\u201916\u2019\u2019 | <em>Hommage a Dad\u00e1hoz,<\/em> 1972, fekete-feh\u00e9r fot\u00f3, toll, pap\u00edr, koll\u00e1zs, 470 \u00d7 323 mm | <em>Hommage a Dad\u00e1hoz,<\/em> 1972, 4 db fekete-feh\u00e9r fot\u00f3, toll, pap\u00edr, koll\u00e1zs, 470 \u00d7 323 mm | <em>Hommage a Dad\u00e1hoz,<\/em> 1972, fekete-feh\u00e9r fot\u00f3, toll, pap\u00edr, koll\u00e1zs, 470 \u00d7 323 mm | <em>Hommage a Dad\u00e1hoz,<\/em>\u00a01972, fekete-feh\u00e9r fot\u00f3, toll, pap\u00edr, koll\u00e1zs, 470 \u00d7 323 mm<\/p>\n[\/vc_column_text][\/vc_column][\/vc_row][vc_row type=&#8221;full_width_content&#8221; full_screen_row_position=&#8221;middle&#8221; scene_position=&#8221;center&#8221; text_color=&#8221;dark&#8221; text_align=&#8221;left&#8221; overlay_strength=&#8221;0.3&#8243; shape_divider_position=&#8221;bottom&#8221; bg_image_animation=&#8221;none&#8221;][vc_column column_padding=&#8221;padding-3-percent&#8221; column_padding_position=&#8221;all&#8221; background_color_opacity=&#8221;1&#8243; background_hover_color_opacity=&#8221;1&#8243; column_link_target=&#8221;_self&#8221; column_shadow=&#8221;none&#8221; column_border_radius=&#8221;none&#8221; width=&#8221;1\/1&#8243; tablet_width_inherit=&#8221;default&#8221; tablet_text_alignment=&#8221;default&#8221; phone_text_alignment=&#8221;default&#8221; column_border_width=&#8221;none&#8221; column_border_style=&#8221;solid&#8221; bg_image_animation=&#8221;none&#8221;][image_with_animation image_url=&#8221;3138&#8243; alignment=&#8221;&#8221; animation=&#8221;Fade In&#8221; border_radius=&#8221;none&#8221; box_shadow=&#8221;none&#8221; max_width=&#8221;100%&#8221; el_class=&#8221;full-img&#8221;][vc_column_text]\n<p class=\"kepalir-2l\">Marko POGA\u010cNIK (OHO)<\/p>\n[\/vc_column_text][\/vc_column][\/vc_row][vc_row type=&#8221;full_width_content&#8221; full_screen_row_position=&#8221;middle&#8221; scene_position=&#8221;center&#8221; text_color=&#8221;dark&#8221; text_align=&#8221;left&#8221; overlay_strength=&#8221;0.3&#8243; shape_divider_position=&#8221;bottom&#8221; bg_image_animation=&#8221;none&#8221;][vc_column column_padding=&#8221;padding-3-percent&#8221; column_padding_position=&#8221;all&#8221; background_color_opacity=&#8221;1&#8243; background_hover_color_opacity=&#8221;1&#8243; column_link_target=&#8221;_self&#8221; column_shadow=&#8221;none&#8221; column_border_radius=&#8221;none&#8221; width=&#8221;1\/1&#8243; tablet_width_inherit=&#8221;default&#8221; tablet_text_alignment=&#8221;default&#8221; phone_text_alignment=&#8221;default&#8221; column_border_width=&#8221;none&#8221; column_border_style=&#8221;solid&#8221; bg_image_animation=&#8221;none&#8221;][image_with_animation image_url=&#8221;3139&#8243; alignment=&#8221;&#8221; animation=&#8221;Fade In&#8221; border_radius=&#8221;none&#8221; box_shadow=&#8221;none&#8221; max_width=&#8221;100%&#8221; el_class=&#8221;full-img&#8221;][vc_column_text]\n<p class=\"kepalir-2l\">Na\u0161ko KRI\u017dNAR<\/p>\n[\/vc_column_text][\/vc_column][\/vc_row][vc_row type=&#8221;full_width_content&#8221; full_screen_row_position=&#8221;middle&#8221; scene_position=&#8221;center&#8221; text_color=&#8221;dark&#8221; text_align=&#8221;left&#8221; overlay_strength=&#8221;0.3&#8243; shape_divider_position=&#8221;bottom&#8221; bg_image_animation=&#8221;none&#8221;][vc_column column_padding=&#8221;padding-3-percent&#8221; column_padding_position=&#8221;all&#8221; background_color_opacity=&#8221;1&#8243; background_hover_color_opacity=&#8221;1&#8243; column_link_target=&#8221;_self&#8221; column_shadow=&#8221;none&#8221; column_border_radius=&#8221;none&#8221; width=&#8221;1\/1&#8243; tablet_width_inherit=&#8221;default&#8221; tablet_text_alignment=&#8221;default&#8221; phone_text_alignment=&#8221;default&#8221; column_border_width=&#8221;none&#8221; column_border_style=&#8221;solid&#8221; bg_image_animation=&#8221;none&#8221;][image_with_animation image_url=&#8221;3140&#8243; alignment=&#8221;&#8221; animation=&#8221;Fade In&#8221; border_radius=&#8221;none&#8221; box_shadow=&#8221;none&#8221; max_width=&#8221;100%&#8221; el_class=&#8221;full-img&#8221;][\/vc_column][\/vc_row][vc_row type=&#8221;full_width_content&#8221; full_screen_row_position=&#8221;middle&#8221; scene_position=&#8221;center&#8221; text_color=&#8221;dark&#8221; text_align=&#8221;left&#8221; overlay_strength=&#8221;0.3&#8243; shape_divider_position=&#8221;bottom&#8221; bg_image_animation=&#8221;none&#8221;][vc_column column_padding=&#8221;padding-3-percent&#8221; column_padding_position=&#8221;all&#8221; background_color_opacity=&#8221;1&#8243; background_hover_color_opacity=&#8221;1&#8243; column_link_target=&#8221;_self&#8221; column_shadow=&#8221;none&#8221; column_border_radius=&#8221;none&#8221; width=&#8221;1\/1&#8243; tablet_width_inherit=&#8221;default&#8221; tablet_text_alignment=&#8221;default&#8221; phone_text_alignment=&#8221;default&#8221; column_border_width=&#8221;none&#8221; column_border_style=&#8221;solid&#8221; bg_image_animation=&#8221;none&#8221;][image_with_animation image_url=&#8221;3236&#8243; alignment=&#8221;&#8221; animation=&#8221;Fade In&#8221; border_radius=&#8221;none&#8221; box_shadow=&#8221;none&#8221; max_width=&#8221;100%&#8221; el_class=&#8221;full-img&#8221;][vc_column_text]\n<p class=\"kepalir-2l\">Marko POGA\u010cNIK (OHO): <em>K\u00e9peslapok,<\/em> 1968, vegyes technika, 72 db k\u00e9peslap, 72 \u00d7 (150 \u00d7 100 mm)<\/p>\n[\/vc_column_text][\/vc_column][\/vc_row][vc_row type=&#8221;full_width_content&#8221; full_screen_row_position=&#8221;middle&#8221; scene_position=&#8221;center&#8221; text_color=&#8221;dark&#8221; text_align=&#8221;left&#8221; overlay_strength=&#8221;0.3&#8243; shape_divider_position=&#8221;bottom&#8221; bg_image_animation=&#8221;none&#8221;][vc_column column_padding=&#8221;padding-3-percent&#8221; column_padding_position=&#8221;all&#8221; background_color_opacity=&#8221;1&#8243; background_hover_color_opacity=&#8221;1&#8243; column_link_target=&#8221;_self&#8221; column_shadow=&#8221;none&#8221; column_border_radius=&#8221;none&#8221; width=&#8221;1\/1&#8243; tablet_width_inherit=&#8221;default&#8221; tablet_text_alignment=&#8221;default&#8221; phone_text_alignment=&#8221;default&#8221; column_border_width=&#8221;none&#8221; column_border_style=&#8221;solid&#8221; bg_image_animation=&#8221;none&#8221;][image_with_animation image_url=&#8221;3152&#8243; alignment=&#8221;&#8221; animation=&#8221;Fade In&#8221; border_radius=&#8221;none&#8221; box_shadow=&#8221;none&#8221; max_width=&#8221;100%&#8221; el_class=&#8221;full-img&#8221;][\/vc_column][\/vc_row][vc_row type=&#8221;full_width_content&#8221; full_screen_row_position=&#8221;middle&#8221; scene_position=&#8221;center&#8221; text_color=&#8221;dark&#8221; text_align=&#8221;left&#8221; overlay_strength=&#8221;0.3&#8243; shape_divider_position=&#8221;bottom&#8221; bg_image_animation=&#8221;none&#8221;][vc_column column_padding=&#8221;padding-3-percent&#8221; column_padding_position=&#8221;all&#8221; background_color_opacity=&#8221;1&#8243; background_hover_color_opacity=&#8221;1&#8243; column_link_target=&#8221;_self&#8221; column_shadow=&#8221;none&#8221; column_border_radius=&#8221;none&#8221; width=&#8221;1\/1&#8243; tablet_width_inherit=&#8221;default&#8221; tablet_text_alignment=&#8221;default&#8221; phone_text_alignment=&#8221;default&#8221; column_border_width=&#8221;none&#8221; column_border_style=&#8221;solid&#8221; bg_image_animation=&#8221;none&#8221;][image_with_animation image_url=&#8221;3153&#8243; alignment=&#8221;&#8221; animation=&#8221;Fade In&#8221; border_radius=&#8221;none&#8221; box_shadow=&#8221;none&#8221; max_width=&#8221;100%&#8221; el_class=&#8221;full-img&#8221;][vc_column_text]\n<p class=\"kepalir-2l\">\u017deljko JERMAN (Hat szerz\u0151 csoportja): <em>22.6.1975.,<\/em> 1975, fotok\u00e9miai elj\u00e1r\u00e1s \u00e9s beavatkoz\u00e1s pap\u00edron, 650 \u00d7 680 mm ||| Boris DEMUR (Hat szerz\u0151 csoportja): <em>H\u00fasszor felv\u00e1gott \u00e9s \u00f6sszeragasztott m\u0171,<\/em> 1976, vegyes technika, 303 \u00d7 434 mm | <em>\u00c9l\u0151holt,<\/em> 1974, vegyes technika, 1255 \u00d7 700 m<\/p>\n[\/vc_column_text][\/vc_column][\/vc_row][vc_row type=&#8221;full_width_content&#8221; full_screen_row_position=&#8221;middle&#8221; scene_position=&#8221;center&#8221; text_color=&#8221;dark&#8221; text_align=&#8221;left&#8221; overlay_strength=&#8221;0.3&#8243; shape_divider_position=&#8221;bottom&#8221; bg_image_animation=&#8221;none&#8221;][vc_column column_padding=&#8221;padding-3-percent&#8221; column_padding_position=&#8221;all&#8221; background_color_opacity=&#8221;1&#8243; background_hover_color_opacity=&#8221;1&#8243; column_link_target=&#8221;_self&#8221; column_shadow=&#8221;none&#8221; column_border_radius=&#8221;none&#8221; width=&#8221;1\/1&#8243; tablet_width_inherit=&#8221;default&#8221; tablet_text_alignment=&#8221;default&#8221; phone_text_alignment=&#8221;default&#8221; column_border_width=&#8221;none&#8221; column_border_style=&#8221;solid&#8221; bg_image_animation=&#8221;none&#8221;][image_with_animation image_url=&#8221;3168&#8243; alignment=&#8221;&#8221; animation=&#8221;Fade In&#8221; border_radius=&#8221;none&#8221; box_shadow=&#8221;none&#8221; max_width=&#8221;100%&#8221; el_class=&#8221;full-img&#8221;][\/vc_column][\/vc_row][vc_row type=&#8221;full_width_content&#8221; full_screen_row_position=&#8221;middle&#8221; scene_position=&#8221;center&#8221; text_color=&#8221;dark&#8221; text_align=&#8221;left&#8221; overlay_strength=&#8221;0.3&#8243; shape_divider_position=&#8221;bottom&#8221; bg_image_animation=&#8221;none&#8221;][vc_column column_padding=&#8221;padding-3-percent&#8221; column_padding_position=&#8221;all&#8221; background_color_opacity=&#8221;1&#8243; background_hover_color_opacity=&#8221;1&#8243; column_link_target=&#8221;_self&#8221; column_shadow=&#8221;none&#8221; column_border_radius=&#8221;none&#8221; width=&#8221;1\/1&#8243; tablet_width_inherit=&#8221;default&#8221; tablet_text_alignment=&#8221;default&#8221; phone_text_alignment=&#8221;default&#8221; column_border_width=&#8221;none&#8221; column_border_style=&#8221;solid&#8221; bg_image_animation=&#8221;none&#8221;][image_with_animation image_url=&#8221;3155&#8243; alignment=&#8221;&#8221; animation=&#8221;Fade In&#8221; border_radius=&#8221;none&#8221; box_shadow=&#8221;none&#8221; max_width=&#8221;100%&#8221; el_class=&#8221;full-img&#8221;][vc_column_text]\n<p class=\"kepalir-2r\">Tomislav GOTOVAC: <em>C\u00edm n\u00e9lk\u00fcl (Robni magazin),<\/em> 1964, koll\u00e1zs, 610 \u00d7 1225 mm | <em>C\u00edm n\u00e9lk\u00fcl (Rev\u00fc),<\/em> 1965, koll\u00e1zs, karton, 1253 \u00d7 853 mm | <em>C\u00edm n\u00e9lk\u00fcl (Brunswick),<\/em> 1964\u20131965, koll\u00e1zs, 613 \u00d7 613 mm<\/p>\n[\/vc_column_text][\/vc_column][\/vc_row][vc_row type=&#8221;full_width_content&#8221; full_screen_row_position=&#8221;middle&#8221; scene_position=&#8221;center&#8221; text_color=&#8221;dark&#8221; text_align=&#8221;left&#8221; overlay_strength=&#8221;0.3&#8243; shape_divider_position=&#8221;bottom&#8221; bg_image_animation=&#8221;none&#8221;][vc_column column_padding=&#8221;padding-3-percent&#8221; column_padding_position=&#8221;all&#8221; background_color_opacity=&#8221;1&#8243; background_hover_color_opacity=&#8221;1&#8243; column_link_target=&#8221;_self&#8221; column_shadow=&#8221;none&#8221; column_border_radius=&#8221;none&#8221; width=&#8221;1\/1&#8243; tablet_width_inherit=&#8221;default&#8221; tablet_text_alignment=&#8221;default&#8221; phone_text_alignment=&#8221;default&#8221; column_border_width=&#8221;none&#8221; column_border_style=&#8221;solid&#8221; bg_image_animation=&#8221;none&#8221;][image_with_animation image_url=&#8221;3156&#8243; alignment=&#8221;&#8221; animation=&#8221;Fade In&#8221; border_radius=&#8221;none&#8221; box_shadow=&#8221;none&#8221; max_width=&#8221;100%&#8221; el_class=&#8221;full-img&#8221;][\/vc_column][\/vc_row][vc_row type=&#8221;full_width_content&#8221; full_screen_row_position=&#8221;middle&#8221; scene_position=&#8221;center&#8221; text_color=&#8221;dark&#8221; text_align=&#8221;left&#8221; overlay_strength=&#8221;0.3&#8243; shape_divider_position=&#8221;bottom&#8221; bg_image_animation=&#8221;none&#8221;][vc_column column_padding=&#8221;padding-3-percent&#8221; column_padding_position=&#8221;all&#8221; background_color_opacity=&#8221;1&#8243; background_hover_color_opacity=&#8221;1&#8243; column_link_target=&#8221;_self&#8221; column_shadow=&#8221;none&#8221; column_border_radius=&#8221;none&#8221; width=&#8221;1\/1&#8243; tablet_width_inherit=&#8221;default&#8221; tablet_text_alignment=&#8221;default&#8221; phone_text_alignment=&#8221;default&#8221; column_border_width=&#8221;none&#8221; column_border_style=&#8221;solid&#8221; bg_image_animation=&#8221;none&#8221;][image_with_animation image_url=&#8221;3157&#8243; alignment=&#8221;&#8221; animation=&#8221;Fade In&#8221; border_radius=&#8221;none&#8221; box_shadow=&#8221;none&#8221; max_width=&#8221;100%&#8221; el_class=&#8221;full-img&#8221;][\/vc_column][\/vc_row][vc_row type=&#8221;full_width_content&#8221; full_screen_row_position=&#8221;middle&#8221; scene_position=&#8221;center&#8221; text_color=&#8221;dark&#8221; text_align=&#8221;left&#8221; overlay_strength=&#8221;0.3&#8243; shape_divider_position=&#8221;bottom&#8221; bg_image_animation=&#8221;none&#8221;][vc_column column_padding=&#8221;padding-3-percent&#8221; column_padding_position=&#8221;all&#8221; background_color_opacity=&#8221;1&#8243; background_hover_color_opacity=&#8221;1&#8243; column_link_target=&#8221;_self&#8221; column_shadow=&#8221;none&#8221; column_border_radius=&#8221;none&#8221; width=&#8221;1\/1&#8243; tablet_width_inherit=&#8221;default&#8221; tablet_text_alignment=&#8221;default&#8221; phone_text_alignment=&#8221;default&#8221; column_border_width=&#8221;none&#8221; column_border_style=&#8221;solid&#8221; bg_image_animation=&#8221;none&#8221;][image_with_animation image_url=&#8221;3240&#8243; alignment=&#8221;&#8221; animation=&#8221;Fade In&#8221; border_radius=&#8221;none&#8221; box_shadow=&#8221;none&#8221; max_width=&#8221;100%&#8221; el_class=&#8221;full-img&#8221;][vc_column_text]\n<p class=\"kepalir-2l\">Mladen STILINOVI\u0106 (Hat szerz\u0151 csoportja)<\/p>\n[\/vc_column_text][\/vc_column][\/vc_row][vc_row type=&#8221;full_width_content&#8221; full_screen_row_position=&#8221;middle&#8221; scene_position=&#8221;center&#8221; text_color=&#8221;dark&#8221; text_align=&#8221;left&#8221; overlay_strength=&#8221;0.3&#8243; shape_divider_position=&#8221;bottom&#8221; bg_image_animation=&#8221;none&#8221;][vc_column column_padding=&#8221;padding-3-percent&#8221; column_padding_position=&#8221;all&#8221; background_color_opacity=&#8221;1&#8243; background_hover_color_opacity=&#8221;1&#8243; column_link_target=&#8221;_self&#8221; column_shadow=&#8221;none&#8221; column_border_radius=&#8221;none&#8221; width=&#8221;1\/1&#8243; tablet_width_inherit=&#8221;default&#8221; tablet_text_alignment=&#8221;default&#8221; phone_text_alignment=&#8221;default&#8221; column_border_width=&#8221;none&#8221; column_border_style=&#8221;solid&#8221; bg_image_animation=&#8221;none&#8221;][image_with_animation image_url=&#8221;3160&#8243; alignment=&#8221;&#8221; animation=&#8221;Fade In&#8221; border_radius=&#8221;none&#8221; box_shadow=&#8221;none&#8221; max_width=&#8221;100%&#8221; el_class=&#8221;full-img&#8221;][vc_column_text]\n<p class=\"kepalir-2l\">Vlado MARTEK (Hat szerz\u0151 csoportja): <em>Az eml\u00e9kezet \u00e9rdekelne engem,<\/em> 1974, objekt, f\u00e9m, pap\u00edr, v\u00e1ltoz\u00f3 m\u00e9ret<\/p>\n[\/vc_column_text][\/vc_column][\/vc_row][vc_row type=&#8221;full_width_content&#8221; full_screen_row_position=&#8221;middle&#8221; scene_position=&#8221;center&#8221; text_color=&#8221;dark&#8221; text_align=&#8221;left&#8221; overlay_strength=&#8221;0.3&#8243; shape_divider_position=&#8221;bottom&#8221; bg_image_animation=&#8221;none&#8221;][vc_column column_padding=&#8221;padding-3-percent&#8221; column_padding_position=&#8221;all&#8221; background_color_opacity=&#8221;1&#8243; background_hover_color_opacity=&#8221;1&#8243; column_link_target=&#8221;_self&#8221; column_shadow=&#8221;none&#8221; column_border_radius=&#8221;none&#8221; width=&#8221;1\/1&#8243; tablet_width_inherit=&#8221;default&#8221; tablet_text_alignment=&#8221;default&#8221; phone_text_alignment=&#8221;default&#8221; column_border_width=&#8221;none&#8221; column_border_style=&#8221;solid&#8221; bg_image_animation=&#8221;none&#8221;][image_with_animation image_url=&#8221;3170&#8243; alignment=&#8221;&#8221; animation=&#8221;Fade In&#8221; border_radius=&#8221;none&#8221; box_shadow=&#8221;none&#8221; max_width=&#8221;100%&#8221; el_class=&#8221;full-img&#8221;][\/vc_column][\/vc_row][vc_row type=&#8221;full_width_content&#8221; full_screen_row_position=&#8221;middle&#8221; scene_position=&#8221;center&#8221; text_color=&#8221;dark&#8221; text_align=&#8221;left&#8221; overlay_strength=&#8221;0.3&#8243; shape_divider_position=&#8221;bottom&#8221; bg_image_animation=&#8221;none&#8221;][vc_column column_padding=&#8221;padding-3-percent&#8221; column_padding_position=&#8221;all&#8221; background_color_opacity=&#8221;1&#8243; background_hover_color_opacity=&#8221;1&#8243; column_link_target=&#8221;_self&#8221; column_shadow=&#8221;none&#8221; column_border_radius=&#8221;none&#8221; width=&#8221;1\/1&#8243; tablet_width_inherit=&#8221;default&#8221; tablet_text_alignment=&#8221;default&#8221; phone_text_alignment=&#8221;default&#8221; column_border_width=&#8221;none&#8221; column_border_style=&#8221;solid&#8221; bg_image_animation=&#8221;none&#8221;][image_with_animation image_url=&#8221;3175&#8243; alignment=&#8221;&#8221; animation=&#8221;Fade In&#8221; border_radius=&#8221;none&#8221; box_shadow=&#8221;none&#8221; max_width=&#8221;100%&#8221; el_class=&#8221;full-img&#8221;][vc_column_text]\n<p class=\"kepalir-2l\">Boris BU\u0106AN: <em>M\u0171v\u00e9szet (a Pepsi szerint) \u2013 <\/em>a <em>Bu\u0107an Art<\/em> sorozatb\u00f3l, 1972, akril, v\u00e1szon, 500 \u00d7 700 mm | <em>M\u0171v\u00e9szet (a Dunhill szerint)<\/em> \u2013 a <em>Bu\u0107an Art<\/em> sorozatb\u00f3l, 1972, akril, v\u00e1szon, 500 \u00d7 700 mm ||| PERNECZKY G\u00e9za: <em>F\u00faj\u00f3-koncept \/ M\u0171v\u00e9szet-g\u00f6mb,<\/em> 1971\u20131972, 5 db fekete-feh\u00e9r fot\u00f3, 5 \u00d7 (209 \u00d7 295 mm)<\/p>\n[\/vc_column_text][\/vc_column][\/vc_row][vc_row type=&#8221;full_width_content&#8221; full_screen_row_position=&#8221;middle&#8221; scene_position=&#8221;center&#8221; text_color=&#8221;dark&#8221; text_align=&#8221;left&#8221; overlay_strength=&#8221;0.3&#8243; shape_divider_position=&#8221;bottom&#8221; bg_image_animation=&#8221;none&#8221;][vc_column column_padding=&#8221;padding-3-percent&#8221; column_padding_position=&#8221;all&#8221; background_color_opacity=&#8221;1&#8243; background_hover_color_opacity=&#8221;1&#8243; column_link_target=&#8221;_self&#8221; column_shadow=&#8221;none&#8221; column_border_radius=&#8221;none&#8221; width=&#8221;1\/1&#8243; tablet_width_inherit=&#8221;default&#8221; tablet_text_alignment=&#8221;default&#8221; phone_text_alignment=&#8221;default&#8221; column_border_width=&#8221;none&#8221; column_border_style=&#8221;solid&#8221; bg_image_animation=&#8221;none&#8221;][image_with_animation image_url=&#8221;3165&#8243; alignment=&#8221;&#8221; animation=&#8221;Fade In&#8221; border_radius=&#8221;none&#8221; box_shadow=&#8221;none&#8221; max_width=&#8221;100%&#8221; el_class=&#8221;full-img&#8221;][\/vc_column][\/vc_row][vc_row type=&#8221;full_width_content&#8221; full_screen_row_position=&#8221;middle&#8221; scene_position=&#8221;center&#8221; text_color=&#8221;dark&#8221; text_align=&#8221;left&#8221; overlay_strength=&#8221;0.3&#8243; shape_divider_position=&#8221;bottom&#8221; bg_image_animation=&#8221;none&#8221;][vc_column column_padding=&#8221;padding-3-percent&#8221; column_padding_position=&#8221;all&#8221; background_color_opacity=&#8221;1&#8243; background_hover_color_opacity=&#8221;1&#8243; column_link_target=&#8221;_self&#8221; column_shadow=&#8221;none&#8221; column_border_radius=&#8221;none&#8221; width=&#8221;1\/1&#8243; tablet_width_inherit=&#8221;default&#8221; tablet_text_alignment=&#8221;default&#8221; phone_text_alignment=&#8221;default&#8221; column_border_width=&#8221;none&#8221; column_border_style=&#8221;solid&#8221; bg_image_animation=&#8221;none&#8221;][image_with_animation image_url=&#8221;3242&#8243; alignment=&#8221;&#8221; animation=&#8221;Fade In&#8221; border_radius=&#8221;none&#8221; box_shadow=&#8221;none&#8221; max_width=&#8221;100%&#8221; el_class=&#8221;full-img&#8221;][vc_column_text]\n<p class=\"kepalir-2r\">Braco DIMITRIJEVI\u0106: Diptychos Post Historicus (Albrecht D\u00fcrer, Andrija Resnik), 1974, 2 db olaj, v\u00e1szon, 2 \u00d7 (507 \u00d7 975 mm), r\u00e9szletek<\/p>\n[\/vc_column_text][\/vc_column][\/vc_row][vc_row type=&#8221;full_width_content&#8221; full_screen_row_position=&#8221;middle&#8221; scene_position=&#8221;center&#8221; text_color=&#8221;dark&#8221; text_align=&#8221;left&#8221; overlay_strength=&#8221;0.3&#8243; shape_divider_position=&#8221;bottom&#8221; bg_image_animation=&#8221;none&#8221;][vc_column column_padding=&#8221;padding-3-percent&#8221; column_padding_position=&#8221;all&#8221; background_color_opacity=&#8221;1&#8243; background_hover_color_opacity=&#8221;1&#8243; column_link_target=&#8221;_self&#8221; column_shadow=&#8221;none&#8221; column_border_radius=&#8221;none&#8221; width=&#8221;1\/1&#8243; tablet_width_inherit=&#8221;default&#8221; tablet_text_alignment=&#8221;default&#8221; phone_text_alignment=&#8221;default&#8221; column_border_width=&#8221;none&#8221; column_border_style=&#8221;solid&#8221; bg_image_animation=&#8221;none&#8221;][image_with_animation image_url=&#8221;3243&#8243; alignment=&#8221;&#8221; animation=&#8221;Fade In&#8221; border_radius=&#8221;none&#8221; box_shadow=&#8221;none&#8221; max_width=&#8221;100%&#8221; el_class=&#8221;full-img&#8221;][\/vc_column][\/vc_row][vc_row type=&#8221;full_width_content&#8221; full_screen_row_position=&#8221;middle&#8221; scene_position=&#8221;center&#8221; text_color=&#8221;dark&#8221; text_align=&#8221;left&#8221; top_padding=&#8221;45&#8243; overlay_strength=&#8221;0.3&#8243; shape_divider_position=&#8221;bottom&#8221; bg_image_animation=&#8221;none&#8221;][vc_column column_padding=&#8221;padding-3-percent&#8221; column_padding_position=&#8221;all&#8221; background_color_opacity=&#8221;1&#8243; background_hover_color_opacity=&#8221;1&#8243; column_link_target=&#8221;_self&#8221; column_shadow=&#8221;none&#8221; column_border_radius=&#8221;none&#8221; width=&#8221;1\/1&#8243; tablet_width_inherit=&#8221;default&#8221; tablet_text_alignment=&#8221;default&#8221; phone_text_alignment=&#8221;default&#8221; column_border_width=&#8221;none&#8221; column_border_style=&#8221;solid&#8221; bg_image_animation=&#8221;none&#8221;][vc_column_text]\n<p class=\"kepalir-2l\">L\u00e9nyegesebb d\u00e1tumok a ki\u00e1ll\u00edt\u00e1son szerepl\u0151 m\u0171v\u00e9szek, m\u0171v\u00e9szcsoportok \u00e9s f\u00fcggetlen m\u0171v\u00e9szeti helyek vonatkoz\u00e1s\u00e1ban<\/p>\n[\/vc_column_text][divider line_type=&#8221;No Line&#8221; custom_height=&#8221;15&#8243;][vc_column_text]<div class=\"panorama360 type-flat\" style=\"height:827px;\"><div class=\"panorama-view\" data-width=\"2715\" data-height=\"827\" data-width=\"2715\" data-is360=\"false\" data-sliding-interval=\"40\" data-block-contextmenu=\"true\"><div class=\"panorama-container\"><img decoding=\"async\" src=\"https:\/\/balkon.art\/home\/ba-app\/uploads\/2017\/06\/time-line-2715x827.png\" alt=\"\"><\/div><div class=\"panorama-spinner\"><\/div><\/div><\/div>[\/vc_column_text][\/vc_column][\/vc_row][vc_row type=&#8221;full_width_content&#8221; full_screen_row_position=&#8221;middle&#8221; vertically_center_columns=&#8221;true&#8221; scene_position=&#8221;center&#8221; text_color=&#8221;dark&#8221; text_align=&#8221;center&#8221; color_overlay=&#8221;rgba(255,255,255,0.92)&#8221; overlay_strength=&#8221;0.95&#8243; shape_divider_position=&#8221;bottom&#8221; bg_image_animation=&#8221;none&#8221; shape_type=&#8221;&#8221;][vc_column column_padding=&#8221;no-extra-padding&#8221; column_padding_position=&#8221;all&#8221; background_color_opacity=&#8221;1&#8243; background_hover_color_opacity=&#8221;1&#8243; column_link_target=&#8221;_self&#8221; column_shadow=&#8221;none&#8221; column_border_radius=&#8221;none&#8221; el_class=&#8221;p-3-3&#8243; width=&#8221;1\/1&#8243; tablet_width_inherit=&#8221;default&#8221; tablet_text_alignment=&#8221;default&#8221; phone_text_alignment=&#8221;default&#8221; column_border_width=&#8221;none&#8221; column_border_style=&#8221;solid&#8221; bg_image_animation=&#8221;none&#8221;]<div class=\"sharing-default-minimal\"><div class=\"nectar-social default\" data-position=\"left\" data-color-override=\"override\"><div class=\"nectar-social-inner\"><a class='facebook-share nectar-sharing' href='#' title='Share this'>  <i class='fa fa-facebook'><\/i> <span class='social-text'>Share<\/span> <\/a><a class='twitter-share nectar-sharing' href='#' title='Share this'> <i class='fa icon-salient-x-twitter'><\/i> <span class='social-text'>Share<\/span> <\/a><a class='pinterest-share nectar-sharing' href='#' title='Pin this'> <i class='fa fa-pinterest'><\/i> <span class='social-text'>Pin<\/span> <\/a><\/div><\/div><\/div>[\/vc_column][\/vc_row]\n","protected":false},"excerpt":{"rendered":"<p>[vc_row type=&#8221;full_width_content&#8221; full_screen_row_position=&#8221;middle&#8221; scene_position=&#8221;center&#8221; text_color=&#8221;dark&#8221; text_align=&#8221;left&#8221; overlay_strength=&#8221;0.3&#8243; shape_divider_position=&#8221;bottom&#8221; bg_image_animation=&#8221;none&#8221;][vc_column column_padding=&#8221;no-extra-padding&#8221; column_padding_position=&#8221;all&#8221; background_color_opacity=&#8221;1&#8243; background_hover_color_opacity=&#8221;1&#8243; column_link_target=&#8221;_self&#8221; column_shadow=&#8221;none&#8221; column_border_radius=&#8221;none&#8221; width=&#8221;1\/1&#8243; tablet_width_inherit=&#8221;default&#8221; tablet_text_alignment=&#8221;default&#8221; phone_text_alignment=&#8221;default&#8221; column_border_width=&#8221;none&#8221; column_border_style=&#8221;solid&#8221; bg_image_animation=&#8221;none&#8221;][vc_column_text] A ki\u00e1ll\u00edt\u00e1son szerepl\u0151 m\u0171v\u00e9szek, m\u0171v\u00e9szeti csoportok, illetve&#8230;<\/p>\n","protected":false},"author":1,"featured_media":3250,"parent":342,"menu_order":122,"comment_status":"closed","ping_status":"closed","template":"","meta":{"_acf_changed":false,"h5ap_radio_sources":[],"footnotes":""},"page_kiemeles":[],"page_online-evek":[],"class_list":["post-2955","page","type-page","status-publish","has-post-thumbnail"],"acf":[],"_links":{"self":[{"href":"https:\/\/balkon.art\/home\/wp-json\/wp\/v2\/pages\/2955","targetHints":{"allow":["GET"]}}],"collection":[{"href":"https:\/\/balkon.art\/home\/wp-json\/wp\/v2\/pages"}],"about":[{"href":"https:\/\/balkon.art\/home\/wp-json\/wp\/v2\/types\/page"}],"author":[{"embeddable":true,"href":"https:\/\/balkon.art\/home\/wp-json\/wp\/v2\/users\/1"}],"replies":[{"embeddable":true,"href":"https:\/\/balkon.art\/home\/wp-json\/wp\/v2\/comments?post=2955"}],"version-history":[{"count":0,"href":"https:\/\/balkon.art\/home\/wp-json\/wp\/v2\/pages\/2955\/revisions"}],"up":[{"embeddable":true,"href":"https:\/\/balkon.art\/home\/wp-json\/wp\/v2\/pages\/342"}],"wp:featuredmedia":[{"embeddable":true,"href":"https:\/\/balkon.art\/home\/wp-json\/wp\/v2\/media\/3250"}],"wp:attachment":[{"href":"https:\/\/balkon.art\/home\/wp-json\/wp\/v2\/media?parent=2955"}],"wp:term":[{"taxonomy":"page_kiemeles","embeddable":true,"href":"https:\/\/balkon.art\/home\/wp-json\/wp\/v2\/page_kiemeles?post=2955"},{"taxonomy":"page_online-evek","embeddable":true,"href":"https:\/\/balkon.art\/home\/wp-json\/wp\/v2\/page_online-evek?post=2955"}],"curies":[{"name":"wp","href":"https:\/\/api.w.org\/{rel}","templated":true}]}}