{"id":28407,"date":"2021-12-12T11:23:52","date_gmt":"2021-12-12T10:23:52","guid":{"rendered":"https:\/\/balkon.art\/home\/?page_id=28407"},"modified":"2024-05-01T12:10:32","modified_gmt":"2024-05-01T10:10:32","slug":"gerhard-richter-valos-latszat-absztrakt-kepek","status":"publish","type":"page","link":"https:\/\/balkon.art\/home\/online-2021\/gerhard-richter-valos-latszat-absztrakt-kepek\/","title":{"rendered":"Gerhard Richter: <em>Val\u00f3s l\u00e1tszat<\/em> | Absztrakt k\u00e9pek"},"content":{"rendered":"[vc_row type=&#8221;full_width_background&#8221; full_screen_row_position=&#8221;middle&#8221; column_margin=&#8221;default&#8221; column_direction=&#8221;default&#8221; column_direction_tablet=&#8221;default&#8221; column_direction_phone=&#8221;default&#8221; scene_position=&#8221;center&#8221; text_color=&#8221;dark&#8221; text_align=&#8221;left&#8221; row_border_radius=&#8221;none&#8221; row_border_radius_applies=&#8221;bg&#8221; overflow=&#8221;visible&#8221; class=&#8221;p-6-0&#8243; advanced_gradient_angle=&#8221;0&#8243; overlay_strength=&#8221;0.3&#8243; gradient_direction=&#8221;left_to_right&#8221; shape_divider_position=&#8221;bottom&#8221; bg_image_animation=&#8221;none&#8221; shape_type=&#8221;&#8221; gradient_type=&#8221;default&#8221;][vc_column column_padding=&#8221;no-extra-padding&#8221; column_padding_tablet=&#8221;inherit&#8221; column_padding_phone=&#8221;inherit&#8221; column_padding_position=&#8221;all&#8221; column_element_spacing=&#8221;default&#8221; background_color_opacity=&#8221;1&#8243; background_hover_color_opacity=&#8221;1&#8243; column_shadow=&#8221;none&#8221; column_border_radius=&#8221;none&#8221; column_link_target=&#8221;_self&#8221; column_position=&#8221;default&#8221; gradient_direction=&#8221;left_to_right&#8221; overlay_strength=&#8221;0.3&#8243; width=&#8221;1\/1&#8243; tablet_width_inherit=&#8221;default&#8221; tablet_text_alignment=&#8221;default&#8221; phone_text_alignment=&#8221;default&#8221; animation_type=&#8221;default&#8221; bg_image_animation=&#8221;none&#8221; border_type=&#8221;simple&#8221; column_border_width=&#8221;none&#8221; column_border_style=&#8221;solid&#8221;][vc_column_text el_class=&#8221;p-2-0 text-20r&#8221;]\n<h2>Gerhard Richter: <em>Val\u00f3s l\u00e1tszat<\/em><\/h2>\n<h3>Absztrakt k\u00e9pek<\/h3>\n[\/vc_column_text][vc_column_text el_class=&#8221;p-2-0&#8243;]\n<h4>Sz\u00e9pm\u0171v\u00e9szeti M\u00fazeum \u2013 Magyar Nemzeti Gal\u00e9ria, Budapest<br \/>\n2021. augusztus 27 \u2013 november 28.<\/h4>\n[\/vc_column_text][vc_column_text el_class=&#8221;p-1-0&#8243;]\n<h4>Kur\u00e1tor: B\u00f3di Kinga<\/h4>\n[\/vc_column_text][\/vc_column][\/vc_row][vc_row type=&#8221;full_width_content&#8221; full_screen_row_position=&#8221;middle&#8221; column_margin=&#8221;default&#8221; column_direction=&#8221;default&#8221; column_direction_tablet=&#8221;default&#8221; column_direction_phone=&#8221;default&#8221; scene_position=&#8221;center&#8221; text_color=&#8221;dark&#8221; text_align=&#8221;left&#8221; row_border_radius=&#8221;none&#8221; row_border_radius_applies=&#8221;bg&#8221; overflow=&#8221;visible&#8221; class=&#8221;p-4-0&#8243; advanced_gradient_angle=&#8221;0&#8243; overlay_strength=&#8221;0.3&#8243; gradient_direction=&#8221;left_to_right&#8221; shape_divider_position=&#8221;bottom&#8221; bg_image_animation=&#8221;none&#8221; shape_type=&#8221;&#8221; gradient_type=&#8221;default&#8221;][vc_column column_padding=&#8221;no-extra-padding&#8221; column_padding_tablet=&#8221;inherit&#8221; column_padding_phone=&#8221;inherit&#8221; column_padding_position=&#8221;right&#8221; column_element_spacing=&#8221;default&#8221; background_color_opacity=&#8221;1&#8243; background_hover_color_opacity=&#8221;1&#8243; column_shadow=&#8221;none&#8221; column_border_radius=&#8221;none&#8221; column_link_target=&#8221;_self&#8221; column_position=&#8221;default&#8221; gradient_direction=&#8221;left_to_right&#8221; overlay_strength=&#8221;0.3&#8243; width=&#8221;1\/1&#8243; tablet_width_inherit=&#8221;default&#8221; tablet_text_alignment=&#8221;default&#8221; phone_text_alignment=&#8221;default&#8221; animation_type=&#8221;default&#8221; bg_image_animation=&#8221;none&#8221; border_type=&#8221;simple&#8221; column_border_width=&#8221;none&#8221; column_border_style=&#8221;solid&#8221;][image_with_animation image_url=&#8221;28417&#8243; image_size=&#8221;full&#8221; animation_type=&#8221;entrance&#8221; animation=&#8221;Fade In&#8221; hover_animation=&#8221;none&#8221; alignment=&#8221;&#8221; img_link_large=&#8221;yes&#8221; border_radius=&#8221;none&#8221; box_shadow=&#8221;none&#8221; image_loading=&#8221;default&#8221; max_width=&#8221;100%&#8221; max_width_mobile=&#8221;default&#8221; el_class=&#8221;full-img&#8221;][\/vc_column][\/vc_row][vc_row type=&#8221;in_container&#8221; full_screen_row_position=&#8221;middle&#8221; column_margin=&#8221;default&#8221; column_direction=&#8221;default&#8221; column_direction_tablet=&#8221;default&#8221; column_direction_phone=&#8221;default&#8221; scene_position=&#8221;center&#8221; text_color=&#8221;dark&#8221; text_align=&#8221;left&#8221; row_border_radius=&#8221;none&#8221; row_border_radius_applies=&#8221;bg&#8221; overflow=&#8221;visible&#8221; class=&#8221;p-4-0&#8243; advanced_gradient_angle=&#8221;0&#8243; overlay_strength=&#8221;0.3&#8243; gradient_direction=&#8221;left_to_right&#8221; shape_divider_position=&#8221;bottom&#8221; bg_image_animation=&#8221;none&#8221; shape_type=&#8221;&#8221; gradient_type=&#8221;default&#8221;][vc_column column_padding=&#8221;no-extra-padding&#8221; column_padding_tablet=&#8221;inherit&#8221; column_padding_phone=&#8221;inherit&#8221; column_padding_position=&#8221;all&#8221; column_element_spacing=&#8221;default&#8221; background_color_opacity=&#8221;1&#8243; background_hover_color_opacity=&#8221;1&#8243; column_shadow=&#8221;none&#8221; column_border_radius=&#8221;none&#8221; column_link_target=&#8221;_self&#8221; column_position=&#8221;default&#8221; gradient_direction=&#8221;left_to_right&#8221; overlay_strength=&#8221;0.3&#8243; width=&#8221;1\/1&#8243; tablet_width_inherit=&#8221;default&#8221; tablet_text_alignment=&#8221;default&#8221; phone_text_alignment=&#8221;default&#8221; animation_type=&#8221;default&#8221; bg_image_animation=&#8221;none&#8221; border_type=&#8221;simple&#8221; column_border_width=&#8221;none&#8221; column_border_style=&#8221;solid&#8221;][vc_column_text el_class=&#8221;p-2-0 text-20r&#8221;]\n<h3>Absztrakt k\u00e9pek<\/h3>\n[\/vc_column_text][vc_column_text el_class=&#8221;p-2-0 text-20r&#8221;]\n<p class=\"gr\">\u201eNem hiszek az abszol\u00fat k\u00e9pben, csup\u00e1n k\u00f6zel\u00edt\u00e9sek l\u00e9teznek, \u00fajabb \u00e9s \u00fajabb pr\u00f3b\u00e1lkoz\u00e1sok \u00e9s nekiindul\u00e1sok.\u201d (Gerhard Richter)<\/p>\n[\/vc_column_text][vc_column_text el_class=&#8221;text-20r p-4-0&#8243;]<span class=\"small\">Gerhard Richter<\/span> az 1970-es \u00e9vek \u00f3ta k\u00e9sz\u00edt absztrakt k\u00e9peket, amelyekhez az 1980-as \u00e9vek k\u00f6zep\u00e9n kifejlesztett egy saj\u00e1tos technik\u00e1t: az ecset mellett (vagy helyett) a rendelkez\u00e9sre \u00e1ll\u00f3 teljes fel\u00fcletet \u00e1tfog\u00f3 sim\u00edt\u00f3k\u00e9ssel, raklival k\u00e9sz\u00edti festm\u00e9nyeit. A sim\u00edt\u00f3k\u00e9s minimaliz\u00e1lja a form\u00e1k alakul\u00e1s\u00e1nak kontroll\u00e1l\u00e1s\u00e1t, mik\u00f6zben a k\u00fcl\u00f6nb\u00f6z\u0151 sz\u00ednek elken\u00e9s\u00e9nek folyamata \u00fajra \u00e9s \u00fajra \u201eready-made\u201d absztrakt festm\u00e9nyeket eredm\u00e9nyez, amelyek el\u0151tt \u00e1llva Richternek azt kell m\u00e9rlegelnie, hogy ism\u00e9t \u00e1tfesse vagy k\u00e9sz m\u0171nek nyilv\u00e1n\u00edtsa \u0151ket.<\/p>\n<p>A folyamatos ingadoz\u00e1s az avantg\u00e1rd \u00e9s a tradicion\u00e1lis megk\u00f6zel\u00edt\u00e9s, a szem\u00e9lyes tapasztalat \u00e9s a szubjekt\u00edv motiv\u00e1ci\u00f3, a konstrukci\u00f3 \u00e9s a destrukci\u00f3, az \u00e1tl\u00e1that\u00f3s\u00e1g \u00e9s a hom\u00e1lyoss\u00e1g, az egyedi m\u0171vek \u00e9s a sorozatok k\u00f6z\u00f6tt \u00e9pp\u00fagy meghat\u00e1rozza Richter munk\u00e1ss\u00e1g\u00e1t, mint a narr\u00e1ci\u00f3 \u00e9s a sz\u00f3tlans\u00e1g ellent\u00e9te. A szuggeszti\u00f3 \u00e9s az elt\u0171n\u0151 megfoghatatlans\u00e1g\/\u00e9rthet\u0151s\u00e9g k\u00f6nnyen felfoghat\u00f3k leitmot\u00edvumszer\u0171 vizu\u00e1lis sz\u00e1nd\u00e9koss\u00e1gk\u00e9nt, amely \u00e1thatja az \u00e9letm\u0171vet, \u00e9s egy olyan diskurzust gener\u00e1l, amely \u00fajra \u00e9s \u00fajra el\u0151seg\u00edti \u201ea sz\u00e9p l\u00e1tszat reflex\u00edv meger\u0151s\u00edt\u00e9s\u00e9t\u201d (Klaus Kr\u00fcger). Nem a val\u00f3s\u00e1got kell k\u00e9pre vinni, hanem \u201ea realit\u00e1s l\u00e1tszat\u00e1t\u201d. \u201eNem az a l\u00e9nyeg, hogy meg tudjuk-e csin\u00e1lni, hanem az, hogy l\u00e1tjuk-e, mi az. A l\u00e1t\u00e1s a d\u00f6nt\u0151 mozzanat, amelynek r\u00e9v\u00e9n v\u00e9g\u00fcl felold\u00f3dik a k\u00fcl\u00f6nbs\u00e9g a m\u0171 k\u00e9sz\u00edt\u0151je \u00e9s a n\u00e9z\u0151je k\u00f6z\u00f6tt\u201d \u2013 fogalmazott Richter.[\/vc_column_text][\/vc_column][\/vc_row][vc_row type=&#8221;full_width_content&#8221; full_screen_row_position=&#8221;middle&#8221; column_margin=&#8221;default&#8221; column_direction=&#8221;default&#8221; column_direction_tablet=&#8221;default&#8221; column_direction_phone=&#8221;default&#8221; scene_position=&#8221;center&#8221; text_color=&#8221;dark&#8221; text_align=&#8221;left&#8221; row_border_radius=&#8221;none&#8221; row_border_radius_applies=&#8221;bg&#8221; overflow=&#8221;visible&#8221; class=&#8221;p-6-0&#8243; advanced_gradient_angle=&#8221;0&#8243; overlay_strength=&#8221;0.3&#8243; gradient_direction=&#8221;left_to_right&#8221; shape_divider_position=&#8221;bottom&#8221; bg_image_animation=&#8221;none&#8221; shape_type=&#8221;&#8221; gradient_type=&#8221;default&#8221;][vc_column column_padding=&#8221;no-extra-padding&#8221; column_padding_tablet=&#8221;inherit&#8221; column_padding_phone=&#8221;inherit&#8221; column_padding_position=&#8221;right&#8221; column_element_spacing=&#8221;default&#8221; background_color_opacity=&#8221;1&#8243; background_hover_color_opacity=&#8221;1&#8243; column_shadow=&#8221;none&#8221; column_border_radius=&#8221;none&#8221; column_link_target=&#8221;_self&#8221; column_position=&#8221;default&#8221; gradient_direction=&#8221;left_to_right&#8221; overlay_strength=&#8221;0.3&#8243; width=&#8221;1\/1&#8243; tablet_width_inherit=&#8221;default&#8221; tablet_text_alignment=&#8221;default&#8221; phone_text_alignment=&#8221;default&#8221; animation_type=&#8221;default&#8221; bg_image_animation=&#8221;none&#8221; border_type=&#8221;simple&#8221; column_border_width=&#8221;none&#8221; column_border_style=&#8221;solid&#8221;][image_with_animation image_url=&#8221;28419&#8243; image_size=&#8221;full&#8221; animation_type=&#8221;entrance&#8221; animation=&#8221;Fade In&#8221; hover_animation=&#8221;none&#8221; alignment=&#8221;&#8221; img_link_large=&#8221;yes&#8221; border_radius=&#8221;none&#8221; box_shadow=&#8221;none&#8221; image_loading=&#8221;default&#8221; max_width=&#8221;100%&#8221; max_width_mobile=&#8221;default&#8221; el_class=&#8221;full-img&#8221;][vc_column_text]\n<p class=\"kepalir-1r-full\">Gerhard Richter: <em>Cs\u00edk<\/em> (Strip, CR: 927-9), 2012, digit\u00e1lis nyomat, pap\u00edr, Dibond t\u00e1bla \u00e9s Perspex (Diasec) k\u00f6z\u00f6tt, 210\u00d7230 cm; <em>Absztrakt festm\u00e9ny<\/em> (Abstraktes Bild, CR: 875-10), 2001, olaj, v\u00e1szon, 122\u00d782 cm; <em>Absztrakt festm\u00e9ny<\/em> (Abstraktes Bild, CR: 611-1), 1986, olaj, v\u00e1szon, 200\u00d7140 cm; <em>Pavilon<\/em> (Pavillon, CR: 489-1), 1982, olaj, v\u00e1szon, 100\u00d770 cm \u00a9 Fot\u00f3k: Eln Ferenc<\/p>\n[\/vc_column_text][\/vc_column][\/vc_row][vc_row type=&#8221;full_width_content&#8221; full_screen_row_position=&#8221;middle&#8221; column_margin=&#8221;default&#8221; column_direction=&#8221;default&#8221; column_direction_tablet=&#8221;default&#8221; column_direction_phone=&#8221;default&#8221; scene_position=&#8221;center&#8221; text_color=&#8221;dark&#8221; text_align=&#8221;left&#8221; row_border_radius=&#8221;none&#8221; row_border_radius_applies=&#8221;bg&#8221; overflow=&#8221;visible&#8221; class=&#8221;p-8-0&#8243; advanced_gradient_angle=&#8221;0&#8243; overlay_strength=&#8221;0.3&#8243; gradient_direction=&#8221;left_to_right&#8221; shape_divider_position=&#8221;bottom&#8221; bg_image_animation=&#8221;none&#8221; shape_type=&#8221;&#8221; gradient_type=&#8221;default&#8221;][vc_column column_padding=&#8221;no-extra-padding&#8221; column_padding_tablet=&#8221;inherit&#8221; column_padding_phone=&#8221;inherit&#8221; column_padding_position=&#8221;right&#8221; column_element_spacing=&#8221;default&#8221; background_color_opacity=&#8221;1&#8243; background_hover_color_opacity=&#8221;1&#8243; column_shadow=&#8221;none&#8221; column_border_radius=&#8221;none&#8221; column_link_target=&#8221;_self&#8221; column_position=&#8221;default&#8221; gradient_direction=&#8221;left_to_right&#8221; overlay_strength=&#8221;0.3&#8243; width=&#8221;1\/1&#8243; tablet_width_inherit=&#8221;default&#8221; tablet_text_alignment=&#8221;default&#8221; phone_text_alignment=&#8221;default&#8221; animation_type=&#8221;default&#8221; bg_image_animation=&#8221;none&#8221; border_type=&#8221;simple&#8221; column_border_width=&#8221;none&#8221; column_border_style=&#8221;solid&#8221;][image_with_animation image_url=&#8221;28421&#8243; image_size=&#8221;full&#8221; animation_type=&#8221;entrance&#8221; animation=&#8221;Fade In&#8221; hover_animation=&#8221;none&#8221; alignment=&#8221;&#8221; img_link_large=&#8221;yes&#8221; border_radius=&#8221;none&#8221; box_shadow=&#8221;none&#8221; image_loading=&#8221;default&#8221; max_width=&#8221;100%&#8221; max_width_mobile=&#8221;default&#8221; el_class=&#8221;full-img&#8221;][vc_column_text]\n<p class=\"kepalir-1r-full\">Gerhard Richter: <em>Cs\u00edk<\/em> (Strip, CR: 927-9), 2012, digit\u00e1lis nyomat, pap\u00edr, Dibond t\u00e1bla \u00e9s Perspex (Diasec) k\u00f6z\u00f6tt, 210\u00d7230 cm; <em>Absztrakt festm\u00e9ny<\/em> (Abstraktes Bild, CR: 875-10), 2001, olaj, v\u00e1szon, 122\u00d782 cm; <em>Absztrakt festm\u00e9ny<\/em> (Abstraktes Bild, CR: 611-1), 1986, olaj, v\u00e1szon, 200\u00d7140 cm<\/p>\n[\/vc_column_text][\/vc_column][\/vc_row][vc_row type=&#8221;full_width_content&#8221; full_screen_row_position=&#8221;middle&#8221; column_margin=&#8221;default&#8221; column_direction=&#8221;default&#8221; column_direction_tablet=&#8221;default&#8221; column_direction_phone=&#8221;default&#8221; scene_position=&#8221;center&#8221; text_color=&#8221;dark&#8221; text_align=&#8221;left&#8221; row_border_radius=&#8221;none&#8221; row_border_radius_applies=&#8221;bg&#8221; overflow=&#8221;visible&#8221; class=&#8221;p-8-0 full-20r-1000&#8243; advanced_gradient_angle=&#8221;0&#8243; overlay_strength=&#8221;0.3&#8243; gradient_direction=&#8221;left_to_right&#8221; shape_divider_position=&#8221;bottom&#8221; bg_image_animation=&#8221;none&#8221; shape_type=&#8221;&#8221; gradient_type=&#8221;default&#8221;][vc_column column_padding=&#8221;no-extra-padding&#8221; column_padding_tablet=&#8221;inherit&#8221; column_padding_phone=&#8221;inherit&#8221; column_padding_position=&#8221;right&#8221; column_element_spacing=&#8221;default&#8221; background_color_opacity=&#8221;1&#8243; background_hover_color_opacity=&#8221;1&#8243; column_shadow=&#8221;none&#8221; column_border_radius=&#8221;none&#8221; column_link_target=&#8221;_self&#8221; column_position=&#8221;default&#8221; gradient_direction=&#8221;left_to_right&#8221; overlay_strength=&#8221;0.3&#8243; width=&#8221;1\/1&#8243; tablet_width_inherit=&#8221;default&#8221; tablet_text_alignment=&#8221;default&#8221; phone_text_alignment=&#8221;default&#8221; animation_type=&#8221;default&#8221; bg_image_animation=&#8221;none&#8221; border_type=&#8221;simple&#8221; column_border_width=&#8221;none&#8221; column_border_style=&#8221;solid&#8221;][image_with_animation image_url=&#8221;28423&#8243; image_size=&#8221;full&#8221; animation_type=&#8221;entrance&#8221; animation=&#8221;Fade In&#8221; hover_animation=&#8221;none&#8221; alignment=&#8221;&#8221; img_link_large=&#8221;yes&#8221; border_radius=&#8221;none&#8221; box_shadow=&#8221;none&#8221; image_loading=&#8221;default&#8221; max_width=&#8221;100%&#8221; max_width_mobile=&#8221;default&#8221; el_class=&#8221;full-img&#8221;][vc_column_text]\n<p class=\"kepalir-1r-full\">Gerhard Richter: <em>Absztrakt festm\u00e9ny<\/em> (Abstraktes Bild, CR: 875-10), 2001, olaj, v\u00e1szon, 122\u00d782 cm<\/p>\n[\/vc_column_text][\/vc_column][\/vc_row][vc_row type=&#8221;full_width_content&#8221; full_screen_row_position=&#8221;middle&#8221; column_margin=&#8221;default&#8221; column_direction=&#8221;default&#8221; column_direction_tablet=&#8221;default&#8221; column_direction_phone=&#8221;default&#8221; scene_position=&#8221;center&#8221; text_color=&#8221;dark&#8221; text_align=&#8221;left&#8221; row_border_radius=&#8221;none&#8221; row_border_radius_applies=&#8221;bg&#8221; overflow=&#8221;visible&#8221; class=&#8221;p-8-0&#8243; advanced_gradient_angle=&#8221;0&#8243; overlay_strength=&#8221;0.3&#8243; gradient_direction=&#8221;left_to_right&#8221; shape_divider_position=&#8221;bottom&#8221; bg_image_animation=&#8221;none&#8221; shape_type=&#8221;&#8221; gradient_type=&#8221;default&#8221;][vc_column column_padding=&#8221;no-extra-padding&#8221; column_padding_tablet=&#8221;inherit&#8221; column_padding_phone=&#8221;inherit&#8221; column_padding_position=&#8221;right&#8221; column_element_spacing=&#8221;default&#8221; background_color_opacity=&#8221;1&#8243; background_hover_color_opacity=&#8221;1&#8243; column_shadow=&#8221;none&#8221; column_border_radius=&#8221;none&#8221; column_link_target=&#8221;_self&#8221; column_position=&#8221;default&#8221; gradient_direction=&#8221;left_to_right&#8221; overlay_strength=&#8221;0.3&#8243; width=&#8221;1\/1&#8243; tablet_width_inherit=&#8221;default&#8221; tablet_text_alignment=&#8221;default&#8221; phone_text_alignment=&#8221;default&#8221; animation_type=&#8221;default&#8221; bg_image_animation=&#8221;none&#8221; border_type=&#8221;simple&#8221; column_border_width=&#8221;none&#8221; column_border_style=&#8221;solid&#8221;][image_with_animation image_url=&#8221;28892&#8243; image_size=&#8221;full&#8221; animation_type=&#8221;entrance&#8221; animation=&#8221;Fade In&#8221; hover_animation=&#8221;none&#8221; alignment=&#8221;&#8221; img_link_large=&#8221;yes&#8221; border_radius=&#8221;none&#8221; box_shadow=&#8221;none&#8221; image_loading=&#8221;default&#8221; max_width=&#8221;100%&#8221; max_width_mobile=&#8221;default&#8221; el_class=&#8221;full-img&#8221;][vc_column_text]\n<p class=\"kepalir-1r-full\">Gerhard Richter: <em>Cs\u00edk<\/em> (Strip, CR: 927-9), 2012, digit\u00e1lis nyomat, pap\u00edr, Dibond t\u00e1bla \u00e9s Perspex (Diasec) k\u00f6z\u00f6tt, 210\u00d7230 cm (r\u00e9szlet)<\/p>\n[\/vc_column_text][\/vc_column][\/vc_row][vc_row type=&#8221;full_width_content&#8221; full_screen_row_position=&#8221;middle&#8221; column_margin=&#8221;default&#8221; column_direction=&#8221;default&#8221; column_direction_tablet=&#8221;default&#8221; column_direction_phone=&#8221;default&#8221; scene_position=&#8221;center&#8221; text_color=&#8221;dark&#8221; text_align=&#8221;left&#8221; row_border_radius=&#8221;none&#8221; row_border_radius_applies=&#8221;bg&#8221; overflow=&#8221;visible&#8221; class=&#8221;p-8-0&#8243; advanced_gradient_angle=&#8221;0&#8243; overlay_strength=&#8221;0.3&#8243; gradient_direction=&#8221;left_to_right&#8221; shape_divider_position=&#8221;bottom&#8221; bg_image_animation=&#8221;none&#8221; shape_type=&#8221;&#8221; gradient_type=&#8221;default&#8221;][vc_column column_padding=&#8221;no-extra-padding&#8221; column_padding_tablet=&#8221;inherit&#8221; column_padding_phone=&#8221;inherit&#8221; column_padding_position=&#8221;right&#8221; column_element_spacing=&#8221;default&#8221; background_color_opacity=&#8221;1&#8243; background_hover_color_opacity=&#8221;1&#8243; column_shadow=&#8221;none&#8221; column_border_radius=&#8221;none&#8221; column_link_target=&#8221;_self&#8221; column_position=&#8221;default&#8221; gradient_direction=&#8221;left_to_right&#8221; overlay_strength=&#8221;0.3&#8243; width=&#8221;1\/1&#8243; tablet_width_inherit=&#8221;default&#8221; tablet_text_alignment=&#8221;default&#8221; phone_text_alignment=&#8221;default&#8221; animation_type=&#8221;default&#8221; bg_image_animation=&#8221;none&#8221; border_type=&#8221;simple&#8221; column_border_width=&#8221;none&#8221; column_border_style=&#8221;solid&#8221;][image_with_animation image_url=&#8221;28426&#8243; image_size=&#8221;full&#8221; animation_type=&#8221;entrance&#8221; animation=&#8221;Fade In&#8221; hover_animation=&#8221;none&#8221; alignment=&#8221;&#8221; img_link_large=&#8221;yes&#8221; border_radius=&#8221;none&#8221; box_shadow=&#8221;none&#8221; image_loading=&#8221;default&#8221; max_width=&#8221;100%&#8221; max_width_mobile=&#8221;default&#8221; el_class=&#8221;full-img&#8221;][vc_column_text]\n<p class=\"kepalir-1r-full\">Gerhard Richter: <em>Absztrakt festm\u00e9ny<\/em> (Abstraktes Bild, CR: 893-3), 2005, olaj, Dibond t\u00e1bla, 27,5\u00d733,9 cm; <em>Feh\u00e9r<\/em> (Wei\u00df, CR: 899-8), 2006, olaj, Dibond t\u00e1bla, 30\u00d744 cm; <em>Feh\u00e9r<\/em> (Wei\u00df, CR: 895-3), 2006, olaj, Dibond t\u00e1bla, 30\u00d744 cm;<em> Sz\u00fcrke<\/em> (Grau, CR: 899-1), 2006, olaj, Dibond t\u00e1bla, 30\u00d744 cm; <em>06. nov. 19.<\/em> (19. Nov. 06, CR: 19.11.2006), 2005, olaj, pap\u00edr, 105\u00d795 cm<\/p>\n[\/vc_column_text][\/vc_column][\/vc_row][vc_row type=&#8221;full_width_content&#8221; full_screen_row_position=&#8221;middle&#8221; column_margin=&#8221;default&#8221; column_direction=&#8221;default&#8221; column_direction_tablet=&#8221;default&#8221; column_direction_phone=&#8221;default&#8221; scene_position=&#8221;center&#8221; text_color=&#8221;dark&#8221; text_align=&#8221;left&#8221; row_border_radius=&#8221;none&#8221; row_border_radius_applies=&#8221;bg&#8221; overflow=&#8221;visible&#8221; class=&#8221;p-8-0 full-20r-1000&#8243; advanced_gradient_angle=&#8221;0&#8243; overlay_strength=&#8221;0.3&#8243; gradient_direction=&#8221;left_to_right&#8221; shape_divider_position=&#8221;bottom&#8221; bg_image_animation=&#8221;none&#8221; shape_type=&#8221;&#8221; gradient_type=&#8221;default&#8221;][vc_column column_padding=&#8221;no-extra-padding&#8221; column_padding_tablet=&#8221;inherit&#8221; column_padding_phone=&#8221;inherit&#8221; column_padding_position=&#8221;right&#8221; column_element_spacing=&#8221;default&#8221; background_color_opacity=&#8221;1&#8243; background_hover_color_opacity=&#8221;1&#8243; column_shadow=&#8221;none&#8221; column_border_radius=&#8221;none&#8221; column_link_target=&#8221;_self&#8221; column_position=&#8221;default&#8221; gradient_direction=&#8221;left_to_right&#8221; overlay_strength=&#8221;0.3&#8243; width=&#8221;1\/1&#8243; tablet_width_inherit=&#8221;default&#8221; tablet_text_alignment=&#8221;default&#8221; phone_text_alignment=&#8221;default&#8221; animation_type=&#8221;default&#8221; bg_image_animation=&#8221;none&#8221; border_type=&#8221;simple&#8221; column_border_width=&#8221;none&#8221; column_border_style=&#8221;solid&#8221;][image_with_animation image_url=&#8221;28428&#8243; image_size=&#8221;full&#8221; animation_type=&#8221;entrance&#8221; animation=&#8221;Fade In&#8221; hover_animation=&#8221;none&#8221; alignment=&#8221;&#8221; img_link_large=&#8221;yes&#8221; border_radius=&#8221;none&#8221; box_shadow=&#8221;none&#8221; image_loading=&#8221;default&#8221; max_width=&#8221;100%&#8221; max_width_mobile=&#8221;default&#8221; el_class=&#8221;full-img&#8221;][vc_column_text]\n<p class=\"kepalir-1r-full\">Gerhard Richter: <em>06. nov. 19.<\/em> (19. Nov. 06, CR: 19.11.2006), 2005, olaj, pap\u00edr, 105\u00d795 cm<\/p>\n[\/vc_column_text][\/vc_column][\/vc_row][vc_row type=&#8221;full_width_content&#8221; full_screen_row_position=&#8221;middle&#8221; column_margin=&#8221;default&#8221; column_direction=&#8221;default&#8221; column_direction_tablet=&#8221;default&#8221; column_direction_phone=&#8221;default&#8221; scene_position=&#8221;center&#8221; text_color=&#8221;dark&#8221; text_align=&#8221;left&#8221; row_border_radius=&#8221;none&#8221; row_border_radius_applies=&#8221;bg&#8221; overflow=&#8221;visible&#8221; class=&#8221;p-8-0 full-20r-1000&#8243; advanced_gradient_angle=&#8221;0&#8243; overlay_strength=&#8221;0.3&#8243; gradient_direction=&#8221;left_to_right&#8221; shape_divider_position=&#8221;bottom&#8221; bg_image_animation=&#8221;none&#8221; shape_type=&#8221;&#8221; gradient_type=&#8221;default&#8221;][vc_column column_padding=&#8221;no-extra-padding&#8221; column_padding_tablet=&#8221;inherit&#8221; column_padding_phone=&#8221;inherit&#8221; column_padding_position=&#8221;right&#8221; column_element_spacing=&#8221;default&#8221; background_color_opacity=&#8221;1&#8243; background_hover_color_opacity=&#8221;1&#8243; column_shadow=&#8221;none&#8221; column_border_radius=&#8221;none&#8221; column_link_target=&#8221;_self&#8221; column_position=&#8221;default&#8221; gradient_direction=&#8221;left_to_right&#8221; overlay_strength=&#8221;0.3&#8243; width=&#8221;1\/1&#8243; tablet_width_inherit=&#8221;default&#8221; tablet_text_alignment=&#8221;default&#8221; phone_text_alignment=&#8221;default&#8221; animation_type=&#8221;default&#8221; bg_image_animation=&#8221;none&#8221; border_type=&#8221;simple&#8221; column_border_width=&#8221;none&#8221; column_border_style=&#8221;solid&#8221;][image_with_animation image_url=&#8221;28430&#8243; image_size=&#8221;full&#8221; animation_type=&#8221;entrance&#8221; animation=&#8221;Fade In&#8221; hover_animation=&#8221;none&#8221; alignment=&#8221;&#8221; img_link_large=&#8221;yes&#8221; border_radius=&#8221;none&#8221; box_shadow=&#8221;none&#8221; image_loading=&#8221;default&#8221; max_width=&#8221;100%&#8221; max_width_mobile=&#8221;default&#8221; el_class=&#8221;full-img&#8221;][vc_column_text]\n<p class=\"kepalir-1r-full\">Gerhard Richter: <em> Sz\u00fcrke<\/em> (Grau, CR: 899-1), 2006, olaj, Dibond t\u00e1bla, 30\u00d744 cm<\/p>\n[\/vc_column_text][\/vc_column][\/vc_row][vc_row type=&#8221;full_width_content&#8221; full_screen_row_position=&#8221;middle&#8221; column_margin=&#8221;default&#8221; column_direction=&#8221;default&#8221; column_direction_tablet=&#8221;default&#8221; column_direction_phone=&#8221;default&#8221; scene_position=&#8221;center&#8221; text_color=&#8221;dark&#8221; text_align=&#8221;left&#8221; row_border_radius=&#8221;none&#8221; row_border_radius_applies=&#8221;bg&#8221; overflow=&#8221;visible&#8221; class=&#8221;p-8-0 full-20r-1000&#8243; advanced_gradient_angle=&#8221;0&#8243; overlay_strength=&#8221;0.3&#8243; gradient_direction=&#8221;left_to_right&#8221; shape_divider_position=&#8221;bottom&#8221; bg_image_animation=&#8221;none&#8221; shape_type=&#8221;&#8221; gradient_type=&#8221;default&#8221;][vc_column column_padding=&#8221;no-extra-padding&#8221; column_padding_tablet=&#8221;inherit&#8221; column_padding_phone=&#8221;inherit&#8221; column_padding_position=&#8221;right&#8221; column_element_spacing=&#8221;default&#8221; background_color_opacity=&#8221;1&#8243; background_hover_color_opacity=&#8221;1&#8243; column_shadow=&#8221;none&#8221; column_border_radius=&#8221;none&#8221; column_link_target=&#8221;_self&#8221; column_position=&#8221;default&#8221; gradient_direction=&#8221;left_to_right&#8221; overlay_strength=&#8221;0.3&#8243; width=&#8221;1\/1&#8243; tablet_width_inherit=&#8221;default&#8221; tablet_text_alignment=&#8221;default&#8221; phone_text_alignment=&#8221;default&#8221; animation_type=&#8221;default&#8221; bg_image_animation=&#8221;none&#8221; border_type=&#8221;simple&#8221; column_border_width=&#8221;none&#8221; column_border_style=&#8221;solid&#8221;][image_with_animation image_url=&#8221;28432&#8243; image_size=&#8221;full&#8221; animation_type=&#8221;entrance&#8221; animation=&#8221;Fade In&#8221; hover_animation=&#8221;none&#8221; alignment=&#8221;&#8221; img_link_large=&#8221;yes&#8221; border_radius=&#8221;none&#8221; box_shadow=&#8221;none&#8221; image_loading=&#8221;default&#8221; max_width=&#8221;100%&#8221; max_width_mobile=&#8221;default&#8221; el_class=&#8221;full-img&#8221;][vc_column_text]\n<p class=\"kepalir-1r-full\">Gerhard Richter: <em>Feh\u00e9r<\/em> (Wei\u00df, CR: 895-3), 2006, olaj, Dibond t\u00e1bla, 30\u00d744 cm<\/p>\n[\/vc_column_text][\/vc_column][\/vc_row][vc_row type=&#8221;full_width_content&#8221; full_screen_row_position=&#8221;middle&#8221; column_margin=&#8221;default&#8221; column_direction=&#8221;default&#8221; column_direction_tablet=&#8221;default&#8221; column_direction_phone=&#8221;default&#8221; scene_position=&#8221;center&#8221; text_color=&#8221;dark&#8221; text_align=&#8221;left&#8221; row_border_radius=&#8221;none&#8221; row_border_radius_applies=&#8221;bg&#8221; overflow=&#8221;visible&#8221; class=&#8221;p-8-0 full-20l-1000&#8243; advanced_gradient_angle=&#8221;0&#8243; overlay_strength=&#8221;0.3&#8243; gradient_direction=&#8221;left_to_right&#8221; shape_divider_position=&#8221;bottom&#8221; bg_image_animation=&#8221;none&#8221; shape_type=&#8221;&#8221; gradient_type=&#8221;default&#8221;][vc_column column_padding=&#8221;no-extra-padding&#8221; column_padding_tablet=&#8221;inherit&#8221; column_padding_phone=&#8221;inherit&#8221; column_padding_position=&#8221;right&#8221; column_element_spacing=&#8221;default&#8221; background_color_opacity=&#8221;1&#8243; background_hover_color_opacity=&#8221;1&#8243; column_shadow=&#8221;none&#8221; column_border_radius=&#8221;none&#8221; column_link_target=&#8221;_self&#8221; column_position=&#8221;default&#8221; gradient_direction=&#8221;left_to_right&#8221; overlay_strength=&#8221;0.3&#8243; width=&#8221;1\/1&#8243; tablet_width_inherit=&#8221;default&#8221; tablet_text_alignment=&#8221;default&#8221; phone_text_alignment=&#8221;default&#8221; animation_type=&#8221;default&#8221; bg_image_animation=&#8221;none&#8221; border_type=&#8221;simple&#8221; column_border_width=&#8221;none&#8221; column_border_style=&#8221;solid&#8221;][image_with_animation image_url=&#8221;28434&#8243; image_size=&#8221;full&#8221; animation_type=&#8221;entrance&#8221; animation=&#8221;Fade In&#8221; hover_animation=&#8221;none&#8221; alignment=&#8221;&#8221; img_link_large=&#8221;yes&#8221; border_radius=&#8221;none&#8221; box_shadow=&#8221;none&#8221; image_loading=&#8221;default&#8221; max_width=&#8221;100%&#8221; max_width_mobile=&#8221;default&#8221; el_class=&#8221;full-img&#8221;][vc_column_text]\n<p class=\"kepalir-1l-full\">Gerhard Richter: <em>Absztrakt festm\u00e9ny<\/em> (Abstraktes Bild, CR: 893-3), 2005, olaj, Dibond t\u00e1bla, 27,5\u00d733,9 cm<\/p>\n[\/vc_column_text][\/vc_column][\/vc_row][vc_row type=&#8221;full_width_content&#8221; full_screen_row_position=&#8221;middle&#8221; column_margin=&#8221;default&#8221; column_direction=&#8221;default&#8221; column_direction_tablet=&#8221;default&#8221; column_direction_phone=&#8221;default&#8221; scene_position=&#8221;center&#8221; text_color=&#8221;dark&#8221; text_align=&#8221;left&#8221; row_border_radius=&#8221;none&#8221; row_border_radius_applies=&#8221;bg&#8221; overflow=&#8221;visible&#8221; class=&#8221;p-8-0&#8243; advanced_gradient_angle=&#8221;0&#8243; overlay_strength=&#8221;0.3&#8243; gradient_direction=&#8221;left_to_right&#8221; shape_divider_position=&#8221;bottom&#8221; bg_image_animation=&#8221;none&#8221; shape_type=&#8221;&#8221; gradient_type=&#8221;default&#8221;][vc_column column_padding=&#8221;no-extra-padding&#8221; column_padding_tablet=&#8221;inherit&#8221; column_padding_phone=&#8221;inherit&#8221; column_padding_position=&#8221;right&#8221; column_element_spacing=&#8221;default&#8221; background_color_opacity=&#8221;1&#8243; background_hover_color_opacity=&#8221;1&#8243; column_shadow=&#8221;none&#8221; column_border_radius=&#8221;none&#8221; column_link_target=&#8221;_self&#8221; column_position=&#8221;default&#8221; gradient_direction=&#8221;left_to_right&#8221; overlay_strength=&#8221;0.3&#8243; width=&#8221;1\/1&#8243; tablet_width_inherit=&#8221;default&#8221; tablet_text_alignment=&#8221;default&#8221; phone_text_alignment=&#8221;default&#8221; animation_type=&#8221;default&#8221; bg_image_animation=&#8221;none&#8221; border_type=&#8221;simple&#8221; column_border_width=&#8221;none&#8221; column_border_style=&#8221;solid&#8221;][image_with_animation image_url=&#8221;28436&#8243; image_size=&#8221;full&#8221; animation_type=&#8221;entrance&#8221; animation=&#8221;Fade In&#8221; hover_animation=&#8221;none&#8221; alignment=&#8221;&#8221; img_link_large=&#8221;yes&#8221; border_radius=&#8221;none&#8221; box_shadow=&#8221;none&#8221; image_loading=&#8221;default&#8221; max_width=&#8221;100%&#8221; max_width_mobile=&#8221;default&#8221; el_class=&#8221;full-img&#8221;][\/vc_column][\/vc_row][vc_row type=&#8221;full_width_content&#8221; full_screen_row_position=&#8221;middle&#8221; column_margin=&#8221;default&#8221; column_direction=&#8221;default&#8221; column_direction_tablet=&#8221;default&#8221; column_direction_phone=&#8221;default&#8221; scene_position=&#8221;center&#8221; text_color=&#8221;dark&#8221; text_align=&#8221;left&#8221; row_border_radius=&#8221;none&#8221; row_border_radius_applies=&#8221;bg&#8221; overflow=&#8221;visible&#8221; class=&#8221;p-10-0&#8243; advanced_gradient_angle=&#8221;0&#8243; overlay_strength=&#8221;0.3&#8243; gradient_direction=&#8221;left_to_right&#8221; shape_divider_position=&#8221;bottom&#8221; bg_image_animation=&#8221;none&#8221; shape_type=&#8221;&#8221; gradient_type=&#8221;default&#8221;][vc_column column_padding=&#8221;no-extra-padding&#8221; column_padding_tablet=&#8221;inherit&#8221; column_padding_phone=&#8221;inherit&#8221; column_padding_position=&#8221;right&#8221; column_element_spacing=&#8221;default&#8221; background_color_opacity=&#8221;1&#8243; background_hover_color_opacity=&#8221;1&#8243; column_shadow=&#8221;none&#8221; column_border_radius=&#8221;none&#8221; column_link_target=&#8221;_self&#8221; column_position=&#8221;default&#8221; gradient_direction=&#8221;left_to_right&#8221; overlay_strength=&#8221;0.3&#8243; width=&#8221;1\/1&#8243; tablet_width_inherit=&#8221;default&#8221; tablet_text_alignment=&#8221;default&#8221; phone_text_alignment=&#8221;default&#8221; animation_type=&#8221;default&#8221; bg_image_animation=&#8221;none&#8221; border_type=&#8221;simple&#8221; column_border_width=&#8221;none&#8221; column_border_style=&#8221;solid&#8221;][image_with_animation image_url=&#8221;28441&#8243; image_size=&#8221;full&#8221; animation_type=&#8221;entrance&#8221; animation=&#8221;Fade In&#8221; hover_animation=&#8221;none&#8221; alignment=&#8221;&#8221; img_link_large=&#8221;yes&#8221; border_radius=&#8221;none&#8221; box_shadow=&#8221;none&#8221; image_loading=&#8221;default&#8221; max_width=&#8221;100%&#8221; max_width_mobile=&#8221;default&#8221; el_class=&#8221;full-img&#8221;][vc_column_text]\n<p class=\"kepalir-1r-full\">Gerhard Richter: <em>V\u00f6r\u00f6s-k\u00e9k-s\u00e1rga<\/em> (Rot-Blau-Gelb, CR: 329), 1972, olaj, v\u00e1szon, 300\u00d7250 cm; <em>A B, csend<\/em> (A, B, Still, CR: 612-4), 1986, olaj, v\u00e1szon, 225\u00d7200 cm; <em>Absztrakt festm\u00e9ny<\/em> (CR: 952-3), 2017, olaj, v\u00e1szon, 200\u00d7200 cm<\/p>\n[\/vc_column_text][\/vc_column][\/vc_row][vc_row type=&#8221;full_width_content&#8221; full_screen_row_position=&#8221;middle&#8221; column_margin=&#8221;default&#8221; column_direction=&#8221;default&#8221; column_direction_tablet=&#8221;default&#8221; column_direction_phone=&#8221;default&#8221; scene_position=&#8221;center&#8221; text_color=&#8221;dark&#8221; text_align=&#8221;left&#8221; row_border_radius=&#8221;none&#8221; row_border_radius_applies=&#8221;bg&#8221; overflow=&#8221;visible&#8221; class=&#8221;p-8-0&#8243; advanced_gradient_angle=&#8221;0&#8243; overlay_strength=&#8221;0.3&#8243; gradient_direction=&#8221;left_to_right&#8221; shape_divider_position=&#8221;bottom&#8221; bg_image_animation=&#8221;none&#8221; shape_type=&#8221;&#8221; gradient_type=&#8221;default&#8221;][vc_column column_padding=&#8221;no-extra-padding&#8221; column_padding_tablet=&#8221;inherit&#8221; column_padding_phone=&#8221;inherit&#8221; column_padding_position=&#8221;right&#8221; column_element_spacing=&#8221;default&#8221; background_color_opacity=&#8221;1&#8243; background_hover_color_opacity=&#8221;1&#8243; column_shadow=&#8221;none&#8221; column_border_radius=&#8221;none&#8221; column_link_target=&#8221;_self&#8221; column_position=&#8221;default&#8221; gradient_direction=&#8221;left_to_right&#8221; overlay_strength=&#8221;0.3&#8243; width=&#8221;1\/1&#8243; tablet_width_inherit=&#8221;default&#8221; tablet_text_alignment=&#8221;default&#8221; phone_text_alignment=&#8221;default&#8221; animation_type=&#8221;default&#8221; bg_image_animation=&#8221;none&#8221; border_type=&#8221;simple&#8221; column_border_width=&#8221;none&#8221; column_border_style=&#8221;solid&#8221;][image_with_animation image_url=&#8221;28439&#8243; image_size=&#8221;full&#8221; animation_type=&#8221;entrance&#8221; animation=&#8221;Fade In&#8221; hover_animation=&#8221;none&#8221; alignment=&#8221;&#8221; img_link_large=&#8221;yes&#8221; border_radius=&#8221;none&#8221; box_shadow=&#8221;none&#8221; image_loading=&#8221;default&#8221; max_width=&#8221;100%&#8221; max_width_mobile=&#8221;default&#8221; el_class=&#8221;full-img&#8221;][vc_column_text]\n<p class=\"kepalir-1r-full\">Gerhard Richter: <em>A B, csend<\/em> (A, B, Still, CR: 612-4), 1986, olaj, v\u00e1szon, 225\u00d7200 cm; <em>Absztrakt festm\u00e9ny<\/em> (CR: 952-3), 2017, olaj, v\u00e1szon, 200\u00d7200 cm<\/p>\n[\/vc_column_text][\/vc_column][\/vc_row][vc_row type=&#8221;full_width_content&#8221; full_screen_row_position=&#8221;middle&#8221; column_margin=&#8221;default&#8221; column_direction=&#8221;default&#8221; column_direction_tablet=&#8221;default&#8221; column_direction_phone=&#8221;default&#8221; scene_position=&#8221;center&#8221; text_color=&#8221;dark&#8221; text_align=&#8221;left&#8221; row_border_radius=&#8221;none&#8221; row_border_radius_applies=&#8221;bg&#8221; overflow=&#8221;visible&#8221; class=&#8221;p-8-0&#8243; advanced_gradient_angle=&#8221;0&#8243; overlay_strength=&#8221;0.3&#8243; gradient_direction=&#8221;left_to_right&#8221; shape_divider_position=&#8221;bottom&#8221; bg_image_animation=&#8221;none&#8221; shape_type=&#8221;&#8221; gradient_type=&#8221;default&#8221;][vc_column column_padding=&#8221;no-extra-padding&#8221; column_padding_tablet=&#8221;inherit&#8221; column_padding_phone=&#8221;inherit&#8221; column_padding_position=&#8221;right&#8221; column_element_spacing=&#8221;default&#8221; background_color_opacity=&#8221;1&#8243; background_hover_color_opacity=&#8221;1&#8243; column_shadow=&#8221;none&#8221; column_border_radius=&#8221;none&#8221; column_link_target=&#8221;_self&#8221; column_position=&#8221;default&#8221; gradient_direction=&#8221;left_to_right&#8221; overlay_strength=&#8221;0.3&#8243; width=&#8221;1\/1&#8243; tablet_width_inherit=&#8221;default&#8221; tablet_text_alignment=&#8221;default&#8221; phone_text_alignment=&#8221;default&#8221; animation_type=&#8221;default&#8221; bg_image_animation=&#8221;none&#8221; border_type=&#8221;simple&#8221; column_border_width=&#8221;none&#8221; column_border_style=&#8221;solid&#8221;][image_with_animation image_url=&#8221;28450&#8243; image_size=&#8221;full&#8221; animation_type=&#8221;entrance&#8221; animation=&#8221;Fade In&#8221; hover_animation=&#8221;none&#8221; alignment=&#8221;&#8221; img_link_large=&#8221;yes&#8221; border_radius=&#8221;none&#8221; box_shadow=&#8221;none&#8221; image_loading=&#8221;default&#8221; max_width=&#8221;100%&#8221; max_width_mobile=&#8221;default&#8221; el_class=&#8221;full-img&#8221;][vc_column_text]\n<p class=\"kepalir-1r-full\">Gerhard Richter: <em>Iv\u00f3 n\u0151<\/em> (Trinkende Frau, CR: 196-1), 1968, olaj, v\u00e1szon, 95\u00d7115 cm; <em>Takar\u00f3<\/em> (Decke, CR: 680-3), 1988, olaj, v\u00e1szon, 200\u00d7140 cm; <em>Sz\u00fcrke<\/em> (Grau, CR: 396), 1976, olaj, v\u00e1szon, 200\u00d7200 cm<\/p>\n[\/vc_column_text][\/vc_column][\/vc_row][vc_row type=&#8221;full_width_content&#8221; full_screen_row_position=&#8221;middle&#8221; column_margin=&#8221;default&#8221; column_direction=&#8221;default&#8221; column_direction_tablet=&#8221;default&#8221; column_direction_phone=&#8221;default&#8221; scene_position=&#8221;center&#8221; text_color=&#8221;dark&#8221; text_align=&#8221;left&#8221; row_border_radius=&#8221;none&#8221; row_border_radius_applies=&#8221;bg&#8221; overflow=&#8221;visible&#8221; class=&#8221;p-8-0&#8243; advanced_gradient_angle=&#8221;0&#8243; overlay_strength=&#8221;0.3&#8243; gradient_direction=&#8221;left_to_right&#8221; shape_divider_position=&#8221;bottom&#8221; bg_image_animation=&#8221;none&#8221; shape_type=&#8221;&#8221; gradient_type=&#8221;default&#8221;][vc_column column_padding=&#8221;no-extra-padding&#8221; column_padding_tablet=&#8221;inherit&#8221; column_padding_phone=&#8221;inherit&#8221; column_padding_position=&#8221;right&#8221; column_element_spacing=&#8221;default&#8221; background_color_opacity=&#8221;1&#8243; background_hover_color_opacity=&#8221;1&#8243; column_shadow=&#8221;none&#8221; column_border_radius=&#8221;none&#8221; column_link_target=&#8221;_self&#8221; column_position=&#8221;default&#8221; gradient_direction=&#8221;left_to_right&#8221; overlay_strength=&#8221;0.3&#8243; width=&#8221;1\/1&#8243; tablet_width_inherit=&#8221;default&#8221; tablet_text_alignment=&#8221;default&#8221; phone_text_alignment=&#8221;default&#8221; animation_type=&#8221;default&#8221; bg_image_animation=&#8221;none&#8221; border_type=&#8221;simple&#8221; column_border_width=&#8221;none&#8221; column_border_style=&#8221;solid&#8221;][image_with_animation image_url=&#8221;28443&#8243; image_size=&#8221;full&#8221; animation_type=&#8221;entrance&#8221; animation=&#8221;Fade In&#8221; hover_animation=&#8221;none&#8221; alignment=&#8221;&#8221; img_link_large=&#8221;yes&#8221; border_radius=&#8221;none&#8221; box_shadow=&#8221;none&#8221; image_loading=&#8221;default&#8221; max_width=&#8221;100%&#8221; max_width_mobile=&#8221;default&#8221; el_class=&#8221;full-img&#8221;][vc_column_text]\n<p class=\"kepalir-1r-full\">Gerhard Richter: <em>Sz\u00fcrke<\/em> (Grau, CR: 396), 1976, olaj, v\u00e1szon, 200\u00d7200 cm<\/p>\n[\/vc_column_text][\/vc_column][\/vc_row][vc_row type=&#8221;full_width_content&#8221; full_screen_row_position=&#8221;middle&#8221; column_margin=&#8221;default&#8221; column_direction=&#8221;default&#8221; column_direction_tablet=&#8221;default&#8221; column_direction_phone=&#8221;default&#8221; scene_position=&#8221;center&#8221; text_color=&#8221;dark&#8221; text_align=&#8221;left&#8221; row_border_radius=&#8221;none&#8221; row_border_radius_applies=&#8221;bg&#8221; overflow=&#8221;visible&#8221; class=&#8221;p-8-0 full-20r-1000&#8243; advanced_gradient_angle=&#8221;0&#8243; overlay_strength=&#8221;0.3&#8243; gradient_direction=&#8221;left_to_right&#8221; shape_divider_position=&#8221;bottom&#8221; bg_image_animation=&#8221;none&#8221; shape_type=&#8221;&#8221; gradient_type=&#8221;default&#8221;][vc_column column_padding=&#8221;no-extra-padding&#8221; column_padding_tablet=&#8221;inherit&#8221; column_padding_phone=&#8221;inherit&#8221; column_padding_position=&#8221;right&#8221; column_element_spacing=&#8221;default&#8221; background_color_opacity=&#8221;1&#8243; background_hover_color_opacity=&#8221;1&#8243; column_shadow=&#8221;none&#8221; column_border_radius=&#8221;none&#8221; column_link_target=&#8221;_self&#8221; column_position=&#8221;default&#8221; gradient_direction=&#8221;left_to_right&#8221; overlay_strength=&#8221;0.3&#8243; width=&#8221;1\/1&#8243; tablet_width_inherit=&#8221;default&#8221; tablet_text_alignment=&#8221;default&#8221; phone_text_alignment=&#8221;default&#8221; animation_type=&#8221;default&#8221; bg_image_animation=&#8221;none&#8221; border_type=&#8221;simple&#8221; column_border_width=&#8221;none&#8221; column_border_style=&#8221;solid&#8221;][image_with_animation image_url=&#8221;28452&#8243; image_size=&#8221;full&#8221; animation_type=&#8221;entrance&#8221; animation=&#8221;Fade In&#8221; hover_animation=&#8221;none&#8221; alignment=&#8221;&#8221; img_link_large=&#8221;yes&#8221; border_radius=&#8221;none&#8221; box_shadow=&#8221;none&#8221; image_loading=&#8221;default&#8221; max_width=&#8221;100%&#8221; max_width_mobile=&#8221;default&#8221; el_class=&#8221;full-img&#8221;][vc_column_text]\n<p class=\"kepalir-1r-full\">Gerhard Richter: <em>Takar\u00f3<\/em> (Decke, CR: 680-3), 1988, olaj, v\u00e1szon, 200\u00d7140 cm<\/p>\n[\/vc_column_text][\/vc_column][\/vc_row][vc_row type=&#8221;full_width_content&#8221; full_screen_row_position=&#8221;middle&#8221; column_margin=&#8221;default&#8221; column_direction=&#8221;default&#8221; column_direction_tablet=&#8221;default&#8221; column_direction_phone=&#8221;default&#8221; scene_position=&#8221;center&#8221; text_color=&#8221;dark&#8221; text_align=&#8221;left&#8221; row_border_radius=&#8221;none&#8221; row_border_radius_applies=&#8221;bg&#8221; overflow=&#8221;visible&#8221; class=&#8221;p-8-0&#8243; advanced_gradient_angle=&#8221;0&#8243; overlay_strength=&#8221;0.3&#8243; gradient_direction=&#8221;left_to_right&#8221; shape_divider_position=&#8221;bottom&#8221; bg_image_animation=&#8221;none&#8221; shape_type=&#8221;&#8221; gradient_type=&#8221;default&#8221;][vc_column column_padding=&#8221;no-extra-padding&#8221; column_padding_tablet=&#8221;inherit&#8221; column_padding_phone=&#8221;inherit&#8221; column_padding_position=&#8221;right&#8221; column_element_spacing=&#8221;default&#8221; background_color_opacity=&#8221;1&#8243; background_hover_color_opacity=&#8221;1&#8243; column_shadow=&#8221;none&#8221; column_border_radius=&#8221;none&#8221; column_link_target=&#8221;_self&#8221; column_position=&#8221;default&#8221; gradient_direction=&#8221;left_to_right&#8221; overlay_strength=&#8221;0.3&#8243; width=&#8221;1\/1&#8243; tablet_width_inherit=&#8221;default&#8221; tablet_text_alignment=&#8221;default&#8221; phone_text_alignment=&#8221;default&#8221; animation_type=&#8221;default&#8221; bg_image_animation=&#8221;none&#8221; border_type=&#8221;simple&#8221; column_border_width=&#8221;none&#8221; column_border_style=&#8221;solid&#8221;][image_with_animation image_url=&#8221;28445&#8243; image_size=&#8221;full&#8221; animation_type=&#8221;entrance&#8221; animation=&#8221;Fade In&#8221; hover_animation=&#8221;none&#8221; alignment=&#8221;&#8221; img_link_large=&#8221;yes&#8221; border_radius=&#8221;none&#8221; box_shadow=&#8221;none&#8221; image_loading=&#8221;default&#8221; max_width=&#8221;100%&#8221; max_width_mobile=&#8221;default&#8221; el_class=&#8221;full-img&#8221;][vc_column_text]\n<p class=\"kepalir-1r-full\">Gerhard Richter: <em>Iv\u00f3 n\u0151<\/em> (Trinkende Frau, CR: 196-1), 1968, olaj, v\u00e1szon, 95\u00d7115 cm<\/p>\n[\/vc_column_text][\/vc_column][\/vc_row][vc_row type=&#8221;full_width_content&#8221; full_screen_row_position=&#8221;middle&#8221; column_margin=&#8221;default&#8221; column_direction=&#8221;default&#8221; column_direction_tablet=&#8221;default&#8221; column_direction_phone=&#8221;default&#8221; scene_position=&#8221;center&#8221; text_color=&#8221;dark&#8221; text_align=&#8221;left&#8221; row_border_radius=&#8221;none&#8221; row_border_radius_applies=&#8221;bg&#8221; overflow=&#8221;visible&#8221; class=&#8221;p-8-0 full-5-40&#8243; advanced_gradient_angle=&#8221;0&#8243; overlay_strength=&#8221;0.3&#8243; gradient_direction=&#8221;left_to_right&#8221; shape_divider_position=&#8221;bottom&#8221; bg_image_animation=&#8221;none&#8221; shape_type=&#8221;&#8221; gradient_type=&#8221;default&#8221;][vc_column column_padding=&#8221;no-extra-padding&#8221; column_padding_tablet=&#8221;inherit&#8221; column_padding_phone=&#8221;inherit&#8221; column_padding_position=&#8221;right&#8221; column_element_spacing=&#8221;default&#8221; background_color_opacity=&#8221;1&#8243; background_hover_color_opacity=&#8221;1&#8243; column_shadow=&#8221;none&#8221; column_border_radius=&#8221;none&#8221; column_link_target=&#8221;_self&#8221; column_position=&#8221;default&#8221; gradient_direction=&#8221;left_to_right&#8221; overlay_strength=&#8221;0.3&#8243; width=&#8221;1\/1&#8243; tablet_width_inherit=&#8221;default&#8221; tablet_text_alignment=&#8221;default&#8221; phone_text_alignment=&#8221;default&#8221; animation_type=&#8221;default&#8221; bg_image_animation=&#8221;none&#8221; border_type=&#8221;simple&#8221; column_border_width=&#8221;none&#8221; column_border_style=&#8221;solid&#8221;][vc_column_text]<div class=\"pt-cv-wrapper\"><div class=\"pt-cv-view pt-cv-grid pt-cv-colsys pt-cv-content-hover pt-cv-clickable effect-ud pt-cv-overlay-middle pt-cv-left\" id=\"pt-cv-view-353653ea9j\"><div data-id=\"pt-cv-page-1\" class=\"pt-cv-page\" data-cvc=\"4\"><div class=\"col-md-3 col-sm-6 col-xs-12 pt-cv-content-item pt-cv-1-col\"  data-pid=\"28163\"><div class='pt-cv-ifield'><div class=\"pt-cv-hover-wrapper\"><a href=\"https:\/\/balkon.art\/home\/online-2021\/gerhard-richter-valos-latszat-11-3-2021-5-4-2021\/\" class=\"_self pt-cv-href-thumbnail pt-cv-thumb-default cvplbd\" target=\"_self\" ><img loading=\"lazy\" decoding=\"async\" width=\"600\" height=\"315\" src=\"https:\/\/balkon.art\/home\/ba-app\/uploads\/2021\/12\/2021-gerhard-richter-mng-1200x630-1-768x403-600x315.jpg\" class=\"pt-cv-thumbnail img-none\" alt=\"Gerhard Richter: &lt;em&gt;Val\u00f3s l\u00e1tszat&lt;\/em&gt; | &lt;em&gt;11.3.2021\u20135.4.2021&lt;\/em&gt;\" srcset=\"https:\/\/balkon.art\/home\/ba-app\/uploads\/2021\/12\/2021-gerhard-richter-mng-1200x630-1-768x403-600x315.jpg\" sizes=\"auto, (max-width: 600px) 100vw, 600px\" \/><\/a><div class=\"pt-cv-mask\"><h6 class=\"pt-cv-animation-left pt-cv-title\"><a href=\"https:\/\/balkon.art\/home\/online-2021\/gerhard-richter-valos-latszat-11-3-2021-5-4-2021\/\" class=\"_self cvplbd\" target=\"_self\" >Gerhard Richter: <em>Val\u00f3s l\u00e1tszat<\/em> | <em>11.3.2021\u20135.4.2021<\/em><\/a><\/h6><\/div><\/div><\/div><\/div>\n<div class=\"col-md-3 col-sm-6 col-xs-12 pt-cv-content-item pt-cv-1-col\"  data-pid=\"28364\"><div class='pt-cv-ifield'><div class=\"pt-cv-hover-wrapper\"><a href=\"https:\/\/balkon.art\/home\/online-2021\/gerhard-richter-valos-latszat-1961-elott-homalyositas-a-kezdetek\/\" class=\"_self pt-cv-href-thumbnail pt-cv-thumb-default cvplbd\" target=\"_self\" ><img loading=\"lazy\" decoding=\"async\" width=\"600\" height=\"315\" src=\"https:\/\/balkon.art\/home\/ba-app\/uploads\/2021\/12\/homalyositas-kezdetek-1200x630-1-768x403-600x315.jpg\" class=\"pt-cv-thumbnail img-none\" alt=\"Gerhard Richter: &lt;em&gt;Val\u00f3s l\u00e1tszat&lt;\/em&gt; | 1961 el\u0151tt; Hom\u00e1lyos\u00edt\u00e1s: a kezdetek\" srcset=\"https:\/\/balkon.art\/home\/ba-app\/uploads\/2021\/12\/homalyositas-kezdetek-1200x630-1-768x403-600x315.jpg\" sizes=\"auto, (max-width: 600px) 100vw, 600px\" \/><\/a><div class=\"pt-cv-mask\"><h6 class=\"pt-cv-animation-left pt-cv-title\"><a href=\"https:\/\/balkon.art\/home\/online-2021\/gerhard-richter-valos-latszat-1961-elott-homalyositas-a-kezdetek\/\" class=\"_self cvplbd\" target=\"_self\" >Gerhard Richter: <em>Val\u00f3s l\u00e1tszat<\/em> | 1961 el\u0151tt; Hom\u00e1lyos\u00edt\u00e1s: a kezdetek<\/a><\/h6><\/div><\/div><\/div><\/div>\n<div class=\"col-md-3 col-sm-6 col-xs-12 pt-cv-content-item pt-cv-1-col\"  data-pid=\"27883\"><div class='pt-cv-ifield'><div class=\"pt-cv-hover-wrapper\"><a href=\"https:\/\/balkon.art\/home\/online-2021\/gerhard-richter-valos-latszat-48-portre\/\" class=\"_self pt-cv-href-thumbnail pt-cv-thumb-default cvplbd\" target=\"_self\" ><img loading=\"lazy\" decoding=\"async\" width=\"600\" height=\"315\" src=\"https:\/\/balkon.art\/home\/ba-app\/uploads\/2021\/11\/48-portre-gerhard-richter-1200x630-1-768x403-600x315.jpg\" class=\"pt-cv-thumbnail img-none\" alt=\"Gerhard Richter: &lt;em&gt;Val\u00f3s l\u00e1tszat&lt;\/em&gt; | &lt;em&gt;48 portr\u00e9&lt;\/em&gt;\" srcset=\"https:\/\/balkon.art\/home\/ba-app\/uploads\/2021\/11\/48-portre-gerhard-richter-1200x630-1-768x403-600x315.jpg\" sizes=\"auto, (max-width: 600px) 100vw, 600px\" \/><\/a><div class=\"pt-cv-mask\"><h6 class=\"pt-cv-animation-left pt-cv-title\"><a href=\"https:\/\/balkon.art\/home\/online-2021\/gerhard-richter-valos-latszat-48-portre\/\" class=\"_self cvplbd\" target=\"_self\" >Gerhard Richter: <em>Val\u00f3s l\u00e1tszat<\/em> | <em>48 portr\u00e9<\/em><\/a><\/h6><\/div><\/div><\/div><\/div>\n<div class=\"col-md-3 col-sm-6 col-xs-12 pt-cv-content-item pt-cv-1-col\"  data-pid=\"28250\"><div class='pt-cv-ifield'><div class=\"pt-cv-hover-wrapper\"><a href=\"https:\/\/balkon.art\/home\/online-2021\/gerhard-richter-valos-latszat-180-szin-ablakracs-kereszt\/\" class=\"_self pt-cv-href-thumbnail pt-cv-thumb-default cvplbd\" target=\"_self\" ><img loading=\"lazy\" decoding=\"async\" width=\"600\" height=\"315\" src=\"https:\/\/balkon.art\/home\/ba-app\/uploads\/2021\/12\/180-szin-1200x630-1-1-768x403-600x315.jpg\" class=\"pt-cv-thumbnail img-none\" alt=\"Gerhard Richter: &lt;em&gt;Val\u00f3s l\u00e1tszat&lt;\/em&gt; | &lt;em&gt;180 sz\u00edn; Ablakr\u00e1cs; Kereszt&lt;\/em&gt;\" srcset=\"https:\/\/balkon.art\/home\/ba-app\/uploads\/2021\/12\/180-szin-1200x630-1-1-768x403-600x315.jpg\" sizes=\"auto, (max-width: 600px) 100vw, 600px\" \/><\/a><div class=\"pt-cv-mask\"><h6 class=\"pt-cv-animation-left pt-cv-title\"><a href=\"https:\/\/balkon.art\/home\/online-2021\/gerhard-richter-valos-latszat-180-szin-ablakracs-kereszt\/\" class=\"_self cvplbd\" target=\"_self\" >Gerhard Richter: <em>Val\u00f3s l\u00e1tszat<\/em> | <em>180 sz\u00edn; Ablakr\u00e1cs; Kereszt<\/em><\/a><\/h6><\/div><\/div><\/div><\/div>\n<div class=\"col-md-3 col-sm-6 col-xs-12 pt-cv-content-item pt-cv-1-col\"  data-pid=\"28093\"><div class='pt-cv-ifield'><div class=\"pt-cv-hover-wrapper\"><a href=\"https:\/\/balkon.art\/home\/online-2021\/gerhard-richter-valos-latszat-angyali-udvozlet-tiziano-utan\/\" class=\"_self pt-cv-href-thumbnail pt-cv-thumb-default cvplbd\" target=\"_self\" ><img loading=\"lazy\" decoding=\"async\" width=\"600\" height=\"315\" src=\"https:\/\/balkon.art\/home\/ba-app\/uploads\/2021\/11\/balkon-gerhard-richter-tiziano-fb-768x403-600x315.jpg\" class=\"pt-cv-thumbnail img-none\" alt=\"Gerhard Richter: &lt;em&gt;Val\u00f3s l\u00e1tszat&lt;\/em&gt; | &lt;em&gt;Angyali \u00fcdv\u00f6zlet Tiziano ut\u00e1n&lt;\/em&gt;\" srcset=\"https:\/\/balkon.art\/home\/ba-app\/uploads\/2021\/11\/balkon-gerhard-richter-tiziano-fb-768x403-600x315.jpg\" sizes=\"auto, (max-width: 600px) 100vw, 600px\" \/><\/a><div class=\"pt-cv-mask\"><h6 class=\"pt-cv-animation-left pt-cv-title\"><a href=\"https:\/\/balkon.art\/home\/online-2021\/gerhard-richter-valos-latszat-angyali-udvozlet-tiziano-utan\/\" class=\"_self cvplbd\" target=\"_self\" >Gerhard Richter: <em>Val\u00f3s l\u00e1tszat<\/em> | <em>Angyali \u00fcdv\u00f6zlet Tiziano ut\u00e1n<\/em><\/a><\/h6><\/div><\/div><\/div><\/div>\n<div class=\"col-md-3 col-sm-6 col-xs-12 pt-cv-content-item pt-cv-1-col\"  data-pid=\"28619\"><div class='pt-cv-ifield'><div class=\"pt-cv-hover-wrapper\"><a href=\"https:\/\/balkon.art\/home\/online-2021\/gerhard-richter-valos-latszat-muveszettorteneti-reflexiok\/\" class=\"_self pt-cv-href-thumbnail pt-cv-thumb-default cvplbd\" target=\"_self\" ><img loading=\"lazy\" decoding=\"async\" width=\"600\" height=\"315\" src=\"https:\/\/balkon.art\/home\/ba-app\/uploads\/2021\/12\/gerhard-richter-mng-valos-latszat-reflexiok-1200x630-2-768x403-600x315.jpg\" class=\"pt-cv-thumbnail img-none\" alt=\"Gerhard Richter: &lt;em&gt;Val\u00f3s l\u00e1tszat&lt;\/em&gt; | M\u0171v\u00e9szett\u00f6rt\u00e9neti reflexi\u00f3k\" srcset=\"https:\/\/balkon.art\/home\/ba-app\/uploads\/2021\/12\/gerhard-richter-mng-valos-latszat-reflexiok-1200x630-2-768x403-600x315.jpg\" sizes=\"auto, (max-width: 600px) 100vw, 600px\" \/><\/a><div class=\"pt-cv-mask\"><h6 class=\"pt-cv-animation-left pt-cv-title\"><a href=\"https:\/\/balkon.art\/home\/online-2021\/gerhard-richter-valos-latszat-muveszettorteneti-reflexiok\/\" class=\"_self cvplbd\" target=\"_self\" >Gerhard Richter: <em>Val\u00f3s l\u00e1tszat<\/em> | M\u0171v\u00e9szett\u00f6rt\u00e9neti reflexi\u00f3k<\/a><\/h6><\/div><\/div><\/div><\/div>\n<div class=\"col-md-3 col-sm-6 col-xs-12 pt-cv-content-item pt-cv-1-col\"  data-pid=\"28407\"><div class='pt-cv-ifield'><div class=\"pt-cv-hover-wrapper\"><a href=\"https:\/\/balkon.art\/home\/online-2021\/gerhard-richter-valos-latszat-absztrakt-kepek\/\" class=\"_self pt-cv-href-thumbnail pt-cv-thumb-default cvplbd\" target=\"_self\" ><img loading=\"lazy\" decoding=\"async\" width=\"600\" height=\"315\" src=\"https:\/\/balkon.art\/home\/ba-app\/uploads\/2021\/12\/gerhard-richter-absztrakt-kepek-mng-1200x630-1-768x403-600x315.jpg\" class=\"pt-cv-thumbnail img-none\" alt=\"Gerhard Richter: &lt;em&gt;Val\u00f3s l\u00e1tszat&lt;\/em&gt; | Absztrakt k\u00e9pek\" srcset=\"https:\/\/balkon.art\/home\/ba-app\/uploads\/2021\/12\/gerhard-richter-absztrakt-kepek-mng-1200x630-1-768x403-600x315.jpg\" sizes=\"auto, (max-width: 600px) 100vw, 600px\" \/><\/a><div class=\"pt-cv-mask\"><h6 class=\"pt-cv-animation-left pt-cv-title\"><a href=\"https:\/\/balkon.art\/home\/online-2021\/gerhard-richter-valos-latszat-absztrakt-kepek\/\" class=\"_self cvplbd\" target=\"_self\" >Gerhard Richter: <em>Val\u00f3s l\u00e1tszat<\/em> | Absztrakt k\u00e9pek<\/a><\/h6><\/div><\/div><\/div><\/div>\n<div class=\"col-md-3 col-sm-6 col-xs-12 pt-cv-content-item pt-cv-1-col\"  data-pid=\"28667\"><div class='pt-cv-ifield'><div class=\"pt-cv-hover-wrapper\"><a href=\"https:\/\/balkon.art\/home\/online-2021\/gerhard-richter-valos-latszat-birkenau\/\" class=\"_self pt-cv-href-thumbnail pt-cv-thumb-default cvplbd\" target=\"_self\" ><img loading=\"lazy\" decoding=\"async\" width=\"600\" height=\"315\" src=\"https:\/\/balkon.art\/home\/ba-app\/uploads\/2021\/12\/gerhard-richter-valos-latszat-birkenau-1200x630-1-1-768x403-600x315.jpg\" class=\"pt-cv-thumbnail img-none\" alt=\"Gerhard Richter: &lt;em&gt;Val\u00f3s l\u00e1tszat&lt;\/em&gt; | &lt;em&gt;Birkenau, Sz\u00fcrke t\u00fck\u00f6r&lt;\/em&gt;\" srcset=\"https:\/\/balkon.art\/home\/ba-app\/uploads\/2021\/12\/gerhard-richter-valos-latszat-birkenau-1200x630-1-1-768x403-600x315.jpg\" sizes=\"auto, (max-width: 600px) 100vw, 600px\" \/><\/a><div class=\"pt-cv-mask\"><h6 class=\"pt-cv-animation-left pt-cv-title\"><a href=\"https:\/\/balkon.art\/home\/online-2021\/gerhard-richter-valos-latszat-birkenau\/\" class=\"_self cvplbd\" target=\"_self\" >Gerhard Richter: <em>Val\u00f3s l\u00e1tszat<\/em> | <em>Birkenau, Sz\u00fcrke t\u00fck\u00f6r<\/em><\/a><\/h6><\/div><\/div><\/div><\/div><\/div><\/div><\/div>\t\t\t<style type=\"text\/css\" id=\"pt-cv-inline-style-7e49e6a21k\">#pt-cv-view-353653ea9j .pt-cv-content-item { padding-top: 20px !important; padding-bottom: 20px !important; }\n#pt-cv-view-353653ea9j  .pt-cv-ifield   { border-radius: 10px 10px 0px 0px !important; }\n#pt-cv-view-353653ea9j .pt-cv-title a, #pt-cv-view-353653ea9j  .panel-title { font-size: 14px !important; line-height: 1.3 !important; color: #ffffff !important; }\n@media (min-width: 768px) and (max-width: 991px) {#pt-cv-view-353653ea9j .pt-cv-title a, #pt-cv-view-353653ea9j  .panel-title { font-size: 14px !important }}\n@media (max-width: 767px) {#pt-cv-view-353653ea9j .pt-cv-title a, #pt-cv-view-353653ea9j  .panel-title { font-size: 13px !important }}\n#pt-cv-view-353653ea9j  .pt-cv-title a:hover, #pt-cv-view-353653ea9j  .panel-title:hover   { font-size: 14px !important; line-height: 1.3 !important; color: #ffffff !important; }\n@media (min-width: 768px) and (max-width: 991px) {#pt-cv-view-353653ea9j  .pt-cv-title a:hover, #pt-cv-view-353653ea9j  .panel-title:hover   { font-size: 14px !important }}\n@media (max-width: 767px) {#pt-cv-view-353653ea9j  .pt-cv-title a:hover, #pt-cv-view-353653ea9j  .panel-title:hover   { font-size: 13px !important }}\n#pt-cv-view-353653ea9j  .pt-cv-content-item:hover .pt-cv-hover-wrapper::before   { background-color: rgba(145,145,145,0.21) !important; }\n#pt-cv-view-353653ea9j .pt-cv-readmore  { color: #ffffff !important; background-color: #f6653c !important; }\n#pt-cv-view-353653ea9j .pt-cv-readmore:hover  { color: #f6653c !important; background-color: #ffffff !important; }\n#pt-cv-view-353653ea9j  + .pt-cv-pagination-wrapper .pt-cv-more-inactive , #pt-cv-view-353653ea9j  + .pt-cv-pagination-wrapper .pagination a, .pt-cv-pagination[data-sid='353653ea9j'] a { color: #000000 !important; background-color: #ffffff !important; }\n#pt-cv-view-353653ea9j { text-align: left; }<\/style>\r\n\t\t\t[\/vc_column_text][\/vc_column][\/vc_row][vc_row type=&#8221;full_width_background&#8221; full_screen_row_position=&#8221;middle&#8221; column_margin=&#8221;default&#8221; column_direction=&#8221;default&#8221; column_direction_tablet=&#8221;default&#8221; column_direction_phone=&#8221;default&#8221; scene_position=&#8221;center&#8221; text_color=&#8221;dark&#8221; text_align=&#8221;left&#8221; row_border_radius=&#8221;none&#8221; row_border_radius_applies=&#8221;bg&#8221; overflow=&#8221;visible&#8221; class=&#8221;p-10-0&#8243; advanced_gradient_angle=&#8221;0&#8243; overlay_strength=&#8221;0.3&#8243; gradient_direction=&#8221;left_to_right&#8221; shape_divider_position=&#8221;bottom&#8221; bg_image_animation=&#8221;none&#8221; shape_type=&#8221;&#8221; gradient_type=&#8221;default&#8221;][vc_column column_padding=&#8221;no-extra-padding&#8221; column_padding_tablet=&#8221;inherit&#8221; column_padding_phone=&#8221;inherit&#8221; column_padding_position=&#8221;all&#8221; column_element_spacing=&#8221;default&#8221; centered_text=&#8221;true&#8221; background_color_opacity=&#8221;1&#8243; background_hover_color_opacity=&#8221;1&#8243; column_shadow=&#8221;none&#8221; column_border_radius=&#8221;none&#8221; column_link_target=&#8221;_self&#8221; column_position=&#8221;default&#8221; advanced_gradient_angle=&#8221;0&#8243; gradient_direction=&#8221;left_to_right&#8221; overlay_strength=&#8221;0.3&#8243; width=&#8221;1\/1&#8243; tablet_width_inherit=&#8221;default&#8221; tablet_text_alignment=&#8221;default&#8221; phone_text_alignment=&#8221;default&#8221; animation_type=&#8221;default&#8221; bg_image_animation=&#8221;none&#8221; border_type=&#8221;simple&#8221; column_border_width=&#8221;none&#8221; column_border_style=&#8221;solid&#8221; gradient_type=&#8221;default&#8221;][nectar_icon icon_family=&#8221;fontawesome&#8221; icon_style=&#8221;border-animation&#8221; icon_border_thickness=&#8221;1px&#8221; icon_color_type=&#8221;color_scheme&#8221; icon_color=&#8221;Accent-Color&#8221; icon_padding=&#8221;5px&#8221; icon_fontawesome=&#8221;fa fa-list&#8221; icon_size=&#8221;30&#8243; url=&#8221;https:\/\/balkon.art\/home\/gerhard-richter-valos-latszat\/&#8221; margin_right=&#8221;30px&#8221;][nectar_icon icon_family=&#8221;fontawesome&#8221; icon_style=&#8221;border-animation&#8221; icon_border_thickness=&#8221;1px&#8221; icon_color_type=&#8221;color_scheme&#8221; icon_color=&#8221;Accent-Color&#8221; icon_padding=&#8221;5px&#8221; icon_fontawesome=&#8221;fa fa-align-justify&#8221; icon_size=&#8221;30&#8243; url=&#8221;https:\/\/balkon.art\/home\/a-dialektika-dialektikaja-gerhard-richter-valos-latszat\/&#8221;][\/vc_column][\/vc_row][vc_row type=&#8221;full_width_content&#8221; full_screen_row_position=&#8221;middle&#8221; column_margin=&#8221;default&#8221; column_direction=&#8221;default&#8221; column_direction_tablet=&#8221;default&#8221; column_direction_phone=&#8221;default&#8221; scene_position=&#8221;center&#8221; text_color=&#8221;dark&#8221; text_align=&#8221;center&#8221; row_border_radius=&#8221;none&#8221; row_border_radius_applies=&#8221;bg&#8221; overflow=&#8221;visible&#8221; overlay_strength=&#8221;0.3&#8243; gradient_direction=&#8221;left_to_right&#8221; shape_divider_position=&#8221;bottom&#8221; bg_image_animation=&#8221;none&#8221; shape_type=&#8221;&#8221;][vc_column column_padding=&#8221;no-extra-padding&#8221; column_padding_tablet=&#8221;inherit&#8221; column_padding_phone=&#8221;inherit&#8221; column_padding_position=&#8221;all&#8221; column_element_spacing=&#8221;default&#8221; centered_text=&#8221;true&#8221; background_color_opacity=&#8221;1&#8243; background_hover_color_opacity=&#8221;1&#8243; column_shadow=&#8221;none&#8221; column_border_radius=&#8221;none&#8221; column_link_target=&#8221;_self&#8221; column_position=&#8221;default&#8221; el_class=&#8221;p-3-4&#8243; gradient_direction=&#8221;left_to_right&#8221; overlay_strength=&#8221;0.3&#8243; width=&#8221;1\/1&#8243; tablet_width_inherit=&#8221;default&#8221; tablet_text_alignment=&#8221;default&#8221; phone_text_alignment=&#8221;default&#8221; animation_type=&#8221;default&#8221; bg_image_animation=&#8221;none&#8221; border_type=&#8221;simple&#8221; column_border_width=&#8221;none&#8221; column_border_style=&#8221;solid&#8221;]<div class=\"sharing-default-minimal\"><div class=\"nectar-social default\" data-position=\"left\" data-color-override=\"override\"><div class=\"nectar-social-inner\"><a class='facebook-share nectar-sharing' href='#' title='Share this'>  <i class='fa fa-facebook'><\/i> <span class='social-text'>Share<\/span> <\/a><a class='twitter-share nectar-sharing' href='#' title='Share this'> <i class='fa icon-salient-x-twitter'><\/i> <span class='social-text'>Share<\/span> <\/a><a class='pinterest-share nectar-sharing' href='#' title='Pin this'> <i class='fa fa-pinterest'><\/i> <span class='social-text'>Pin<\/span> <\/a><\/div><\/div><\/div>[\/vc_column][\/vc_row]\n","protected":false},"excerpt":{"rendered":"<p>[vc_row type=&#8221;full_width_background&#8221; full_screen_row_position=&#8221;middle&#8221; column_margin=&#8221;default&#8221; column_direction=&#8221;default&#8221; column_direction_tablet=&#8221;default&#8221; column_direction_phone=&#8221;default&#8221; scene_position=&#8221;center&#8221; text_color=&#8221;dark&#8221; text_align=&#8221;left&#8221; row_border_radius=&#8221;none&#8221; row_border_radius_applies=&#8221;bg&#8221; overflow=&#8221;visible&#8221; class=&#8221;p-6-0&#8243; advanced_gradient_angle=&#8221;0&#8243; overlay_strength=&#8221;0.3&#8243; gradient_direction=&#8221;left_to_right&#8221; shape_divider_position=&#8221;bottom&#8221; bg_image_animation=&#8221;none&#8221; shape_type=&#8221;&#8221; gradient_type=&#8221;default&#8221;][vc_column column_padding=&#8221;no-extra-padding&#8221; column_padding_tablet=&#8221;inherit&#8221; column_padding_phone=&#8221;inherit&#8221; column_padding_position=&#8221;all&#8221; column_element_spacing=&#8221;default&#8221; background_color_opacity=&#8221;1&#8243; background_hover_color_opacity=&#8221;1&#8243; column_shadow=&#8221;none&#8221; column_border_radius=&#8221;none&#8221;&#8230;<\/p>\n","protected":false},"author":1,"featured_media":28414,"parent":26138,"menu_order":147,"comment_status":"closed","ping_status":"closed","template":"","meta":{"_acf_changed":false,"h5ap_radio_sources":[],"footnotes":""},"page_kiemeles":[],"page_online-evek":[],"class_list":["post-28407","page","type-page","status-publish","has-post-thumbnail"],"acf":[],"_links":{"self":[{"href":"https:\/\/balkon.art\/home\/wp-json\/wp\/v2\/pages\/28407","targetHints":{"allow":["GET"]}}],"collection":[{"href":"https:\/\/balkon.art\/home\/wp-json\/wp\/v2\/pages"}],"about":[{"href":"https:\/\/balkon.art\/home\/wp-json\/wp\/v2\/types\/page"}],"author":[{"embeddable":true,"href":"https:\/\/balkon.art\/home\/wp-json\/wp\/v2\/users\/1"}],"replies":[{"embeddable":true,"href":"https:\/\/balkon.art\/home\/wp-json\/wp\/v2\/comments?post=28407"}],"version-history":[{"count":0,"href":"https:\/\/balkon.art\/home\/wp-json\/wp\/v2\/pages\/28407\/revisions"}],"up":[{"embeddable":true,"href":"https:\/\/balkon.art\/home\/wp-json\/wp\/v2\/pages\/26138"}],"wp:featuredmedia":[{"embeddable":true,"href":"https:\/\/balkon.art\/home\/wp-json\/wp\/v2\/media\/28414"}],"wp:attachment":[{"href":"https:\/\/balkon.art\/home\/wp-json\/wp\/v2\/media?parent=28407"}],"wp:term":[{"taxonomy":"page_kiemeles","embeddable":true,"href":"https:\/\/balkon.art\/home\/wp-json\/wp\/v2\/page_kiemeles?post=28407"},{"taxonomy":"page_online-evek","embeddable":true,"href":"https:\/\/balkon.art\/home\/wp-json\/wp\/v2\/page_online-evek?post=28407"}],"curies":[{"name":"wp","href":"https:\/\/api.w.org\/{rel}","templated":true}]}}