{"id":11692,"date":"2018-07-08T19:29:54","date_gmt":"2018-07-08T17:29:54","guid":{"rendered":"https:\/\/balkon.art\/home\/?page_id=11692"},"modified":"2019-06-06T10:29:00","modified_gmt":"2019-06-06T08:29:00","slug":"bogi-dia-szaturnusz-fai","status":"publish","type":"page","link":"https:\/\/balkon.art\/home\/online-2018\/bogi-dia-szaturnusz-fai\/","title":{"rendered":"B\u00f6gi Dia: <em>Szaturnusz f\u00e1i<\/em>"},"content":{"rendered":"[vc_row type=&#8221;in_container&#8221; full_screen_row_position=&#8221;middle&#8221; scene_position=&#8221;center&#8221; text_color=&#8221;dark&#8221; text_align=&#8221;left&#8221; overlay_strength=&#8221;0.3&#8243; shape_divider_position=&#8221;bottom&#8221; bg_image_animation=&#8221;none&#8221;][vc_column column_padding=&#8221;no-extra-padding&#8221; column_padding_position=&#8221;all&#8221; background_color_opacity=&#8221;1&#8243; background_hover_color_opacity=&#8221;1&#8243; column_link_target=&#8221;_self&#8221; column_shadow=&#8221;none&#8221; column_border_radius=&#8221;none&#8221; width=&#8221;1\/1&#8243; tablet_width_inherit=&#8221;default&#8221; tablet_text_alignment=&#8221;default&#8221; phone_text_alignment=&#8221;default&#8221; column_border_width=&#8221;none&#8221; column_border_style=&#8221;solid&#8221; bg_image_animation=&#8221;none&#8221;][divider line_type=&#8221;No Line&#8221; custom_height=&#8221;70&#8243;][vc_column_text]\n<h4>Labor Gal\u00e9ria, Budapest<br \/>\n2018. m\u00e1jus 23\u201327.<\/h4>\n[\/vc_column_text][divider line_type=&#8221;No Line&#8221; custom_height=&#8221;25&#8243;][vc_column_text]\n<h4 class=\"cur\">Kur\u00e1tor: Szegedy-Masz\u00e1k Zsuzsanna<\/h4>\n[\/vc_column_text][divider line_type=&#8221;No Line&#8221; custom_height=&#8221;20&#8243;][\/vc_column][\/vc_row][vc_row type=&#8221;full_width_content&#8221; full_screen_row_position=&#8221;middle&#8221; scene_position=&#8221;center&#8221; text_color=&#8221;dark&#8221; text_align=&#8221;left&#8221; class=&#8221;full-0-15&#8243; overlay_strength=&#8221;0.3&#8243; shape_divider_position=&#8221;bottom&#8221; bg_image_animation=&#8221;none&#8221; shape_type=&#8221;&#8221;][vc_column column_padding=&#8221;no-extra-padding&#8221; column_padding_position=&#8221;left-right&#8221; background_color_opacity=&#8221;1&#8243; background_hover_color_opacity=&#8221;1&#8243; column_link_target=&#8221;_self&#8221; column_shadow=&#8221;none&#8221; column_border_radius=&#8221;none&#8221; width=&#8221;1\/1&#8243; tablet_width_inherit=&#8221;default&#8221; tablet_text_alignment=&#8221;default&#8221; phone_text_alignment=&#8221;default&#8221; column_border_width=&#8221;none&#8221; column_border_style=&#8221;solid&#8221; bg_image_animation=&#8221;none&#8221;][vc_column_text]\n<p class=\"kepalir-l-0-15\">\u00a9 Fot\u00f3k: Juh\u00e1sz G. Tam\u00e1s<\/p>\n[\/vc_column_text][divider line_type=&#8221;No Line&#8221; custom_height=&#8221;5&#8243;][image_with_animation image_url=&#8221;11693&#8243; alignment=&#8221;center&#8221; animation=&#8221;Fade In&#8221; img_link_large=&#8221;yes&#8221; border_radius=&#8221;none&#8221; box_shadow=&#8221;none&#8221; max_width=&#8221;100%&#8221; el_class=&#8221;full-img&#8221;][\/vc_column][\/vc_row][vc_row type=&#8221;full_width_content&#8221; full_screen_row_position=&#8221;middle&#8221; scene_position=&#8221;center&#8221; text_color=&#8221;dark&#8221; text_align=&#8221;left&#8221; class=&#8221;full-5-40&#8243; overlay_strength=&#8221;0.3&#8243; shape_divider_position=&#8221;bottom&#8221; bg_image_animation=&#8221;none&#8221; shape_type=&#8221;&#8221;][vc_column column_padding=&#8221;no-extra-padding&#8221; column_padding_position=&#8221;right&#8221; background_color_opacity=&#8221;1&#8243; background_hover_color_opacity=&#8221;1&#8243; column_link_target=&#8221;_self&#8221; column_shadow=&#8221;none&#8221; column_border_radius=&#8221;none&#8221; width=&#8221;1\/1&#8243; tablet_width_inherit=&#8221;default&#8221; tablet_text_alignment=&#8221;default&#8221; phone_text_alignment=&#8221;default&#8221; column_border_width=&#8221;none&#8221; column_border_style=&#8221;solid&#8221; bg_image_animation=&#8221;none&#8221;][divider line_type=&#8221;No Line&#8221; custom_height=&#8221;80&#8243;][image_with_animation image_url=&#8221;11695&#8243; alignment=&#8221;center&#8221; animation=&#8221;Fade In&#8221; img_link_large=&#8221;yes&#8221; border_radius=&#8221;none&#8221; box_shadow=&#8221;none&#8221; max_width=&#8221;100%&#8221; el_class=&#8221;full-img&#8221;][vc_column_text]\n<p class=\"kepalir-1r\">B\u00f6gi Dia: <em>Halast\u00f3 (tanulm\u00e1ny),<\/em> 2018, digit\u00e1lis nyomat, 2<span class=\"txt-x\">1\u00d72<\/span>9,7 cm<\/p>\n[\/vc_column_text][\/vc_column][\/vc_row][vc_row type=&#8221;in_container&#8221; full_screen_row_position=&#8221;middle&#8221; scene_position=&#8221;center&#8221; text_color=&#8221;dark&#8221; text_align=&#8221;left&#8221; overlay_strength=&#8221;0.3&#8243; shape_divider_position=&#8221;bottom&#8221; bg_image_animation=&#8221;none&#8221; shape_type=&#8221;&#8221;][vc_column column_padding=&#8221;no-extra-padding&#8221; column_padding_position=&#8221;right&#8221; background_color_opacity=&#8221;1&#8243; background_hover_color_opacity=&#8221;1&#8243; column_link_target=&#8221;_self&#8221; column_shadow=&#8221;none&#8221; column_border_radius=&#8221;none&#8221; width=&#8221;1\/1&#8243; tablet_width_inherit=&#8221;default&#8221; tablet_text_alignment=&#8221;default&#8221; phone_text_alignment=&#8221;default&#8221; column_border_width=&#8221;none&#8221; column_border_style=&#8221;solid&#8221; bg_image_animation=&#8221;none&#8221;][divider line_type=&#8221;No Line&#8221; custom_height=&#8221;60&#8243;][vc_column_text]\n<h4>B\u00f6gi Dia: <em>Szaturnusz f\u00e1i<\/em><\/h4>\n[\/vc_column_text][divider line_type=&#8221;No Line&#8221; custom_height=&#8221;35&#8243;][vc_column_text]Az emberi sors meg\u00e9rt\u00e9s\u00e9hez \u2013 kort\u00f3l \u00e9s kult\u00far\u00e1t\u00f3l f\u00fcggetlen\u00fcl \u2013 gyakran a n\u00f6v\u00e9nyvil\u00e1ghoz fordulunk seg\u00edts\u00e9g\u00e9rt: szinte \u00f6nk\u00e9ntelen\u00fcl haszn\u00e1ljuk a f\u00e1k vil\u00e1g\u00e1b\u00f3l \u00e9s \u00e9letciklus\u00e1b\u00f3l, az emberi \u00e9letre k\u00f6lcs\u00f6nz\u00f6tt azon kifejez\u00e9seket, mint p\u00e9ld\u00e1ul a csemete, a kivir\u00e1gzott, a lelombozott, az elf\u00e1sult vagy a gy\u00f6k\u00e9rtelen. A Szaturnusszal \u00f6sszekapcsolt befel\u00e9 fordul\u00f3, kontemplat\u00edv jellem \u00e9rtelm\u00e9ben n\u00e9met nyelvter\u00fcleten a kopasz, halott f\u00e1kat a XVI. sz\u00e1zadt\u00f3l kezdve Szaturnusz f\u00e1inak nevezt\u00e9k.<span class=\"index\">1<\/span> \u201e(A melankolikus [Saturnine]) az ismeretlent nem olyasminek l\u00e1tja, amit kell\u0151 felk\u00e9sz\u00fclts\u00e9ggel el\u0151bb-ut\u00f3bb be lehet cserk\u00e9szni, hanem ami az emberi l\u00e9tez\u00e9s \u00e9s gondolkod\u00e1s legbels\u0151 centruma.\u201d<span class=\"index\">2<\/span> <span class=\"small\">B\u00f6gi Dia<\/span> alkot\u00e1sai sem v\u00e1laszok \u00e9s megfejt\u00e9sek, hanem, a m\u0171v\u00e9sz szavaival a \u201efelsz\u00e1molhatatlan bizonytalans\u00e1g elfogad\u00e1s\u00e1ra tett k\u00eds\u00e9rletek\u201d.<\/p>\n<p>A ki\u00e1ll\u00edt\u00e1s k\u00f6zponti eleme egy sz\u00e9nporral beter\u00edtett fel\u00fclet a f\u00f6ld\u00f6n, mely a befagyott horg\u00e1sztavakon v\u00e1gott l\u00e9kek fel\u00fcletbont\u00f3 gesztus\u00e1t id\u00e9zi. A sz\u00e9n, minden szerves vegy\u00fclet alapja; a vegy\u00fcletekben val\u00f3 megk\u00f6t\u00e9se biztos\u00edtja a f\u00e1k szil\u00e1rds\u00e1g\u00e1hoz sz\u00fcks\u00e9ges anyagot. A l\u00e9kv\u00e1g\u00e1s viszont az ember beavatkoz\u00e1sa a term\u00e9szetben, amely megbontja a szil\u00e1rdnak t\u0171n\u0151, de t\u00f6r\u00e9keny r\u00e9teget. A sz\u00e9nporral lesz\u00f3rt fel\u00fclet hat\u00e1raira, a j\u00e1rhat\u00f3nak v\u00e9lt fel\u00fcletben rejl\u0151 vesz\u00e9lyre n\u00e9gy besz\u00fart \u00e1g figyelmeztet. A majdnem r\u00fcgyez\u0151 \u00e1gakat az alkot\u00f3 a tavat k\u00f6r\u00fclvev\u0151 erd\u0151ben v\u00e1gta ki. Olyan vessz\u0151k ezek, melyek a vadon t\u00f6bbi \u00e1g\u00e1val ellent\u00e9tben elakadtak a tavaszi \u00fajj\u00e1\u00e9led\u00e9sben, elmaradt a levelek n\u00f6veked\u00e9se \u00e9s \u00edgy, \u201ej\u00e9gbe\u201d sz\u00farva az \u00fajj\u00e1sz\u00fclet\u00e9s lehet\u0151s\u00e9ge is g\u00e1tolva van. Az elm\u00fal\u00e1s, \u00e9s az \u00fajj\u00e1sz\u00fclet\u00e9s azonban nem z\u00e1rja ki egym\u00e1st, ahogyan a Beuys m\u0171term\u00e9ben n\u00e9gy \u00e9ven kereszt\u00fcl \u00e1ll\u00f3 kar\u00e1csonyfa pusztul\u00e1sa is egy m\u00e1sik \u00e9letciklusra, az \u00e9letnek a hal\u00e1lban val\u00f3 folytat\u00e1s\u00e1ra h\u00edvta fel a figyelmet.<\/p>\n<p>B\u00f6gi Dia <em>Szaturnusz f\u00e1i<\/em> c\u00edm\u0171 ki\u00e1ll\u00edt\u00e1s\u00e1n l\u00e1that\u00f3 alkot\u00e1sok az \u00fajj\u00e1sz\u00fclet\u00e9s, az ideigleness\u00e9g \u00e9s az elm\u00fal\u00e1s \u00f6sszeegyeztethet\u0151s\u00e9g\u00e9t taglalj\u00e1k.<\/p>\n<p class=\"kepalir-1r\">Szegedy-Masz\u00e1k Zsuzsanna<\/p>\n[\/vc_column_text][divider line_type=&#8221;No Line&#8221; custom_height=&#8221;35&#8243;][vc_column_text]\n<p class=\"footnote-anchor\">1<\/p>\n<p class=\"szcena-2014-lj\">F\u00f6ld\u00e9nyi F. L\u00e1szl\u00f3: <em>Caspar David Friedrich,<\/em> Helikon, 1986, 34. o.<\/p>\n<p class=\"footnote-anchor\">2<\/p>\n<p class=\"szcena-2014-lj\">F\u00f6ld\u00e9nyi F. L\u00e1szl\u00f3: <em>A melank\u00f3lia dics\u00e9rete,<\/em> Jelenkor, 2017, 30. o.<\/p>\n[\/vc_column_text][divider line_type=&#8221;No Line&#8221; custom_height=&#8221;80&#8243;][\/vc_column][\/vc_row][vc_row type=&#8221;full_width_content&#8221; full_screen_row_position=&#8221;middle&#8221; scene_position=&#8221;center&#8221; text_color=&#8221;dark&#8221; text_align=&#8221;left&#8221; class=&#8221;full-20-40&#8243; overlay_strength=&#8221;0.3&#8243; shape_divider_position=&#8221;bottom&#8221; bg_image_animation=&#8221;none&#8221; shape_type=&#8221;&#8221;][vc_column column_padding=&#8221;no-extra-padding&#8221; column_padding_position=&#8221;right&#8221; background_color_opacity=&#8221;1&#8243; background_hover_color_opacity=&#8221;1&#8243; column_link_target=&#8221;_self&#8221; column_shadow=&#8221;none&#8221; column_border_radius=&#8221;none&#8221; width=&#8221;1\/1&#8243; tablet_width_inherit=&#8221;default&#8221; tablet_text_alignment=&#8221;default&#8221; phone_text_alignment=&#8221;default&#8221; column_border_width=&#8221;none&#8221; column_border_style=&#8221;solid&#8221; bg_image_animation=&#8221;none&#8221;][image_with_animation image_url=&#8221;11701&#8243; alignment=&#8221;center&#8221; animation=&#8221;Fade In&#8221; img_link_large=&#8221;yes&#8221; border_radius=&#8221;none&#8221; box_shadow=&#8221;none&#8221; max_width=&#8221;100%&#8221; el_class=&#8221;full-img&#8221;][vc_column_text]\n<p class=\"kepalir-1r\">B\u00f6gi Dia:<em> A l\u00e9kek melank\u00f3li\u00e1ja,<\/em> 2018, fasz\u00e9n, fa\u00e1gak, gyapj\u00fafonal, v\u00e1ltoz\u00f3 m\u00e9ret<\/p>\n[\/vc_column_text][divider line_type=&#8221;No Line&#8221; custom_height=&#8221;80&#8243;][\/vc_column][\/vc_row][vc_row type=&#8221;full_width_content&#8221; full_screen_row_position=&#8221;middle&#8221; scene_position=&#8221;center&#8221; text_color=&#8221;dark&#8221; text_align=&#8221;left&#8221; class=&#8221;full-5-25&#8243; overlay_strength=&#8221;0.3&#8243; shape_divider_position=&#8221;bottom&#8221; bg_image_animation=&#8221;none&#8221; shape_type=&#8221;&#8221;][vc_column column_padding=&#8221;padding-2-percent&#8221; column_padding_position=&#8221;left-right&#8221; background_color_opacity=&#8221;1&#8243; background_hover_color_opacity=&#8221;1&#8243; column_link_target=&#8221;_self&#8221; column_shadow=&#8221;none&#8221; column_border_radius=&#8221;none&#8221; width=&#8221;1\/2&#8243; tablet_width_inherit=&#8221;default&#8221; tablet_text_alignment=&#8221;default&#8221; phone_text_alignment=&#8221;default&#8221; column_border_width=&#8221;none&#8221; column_border_style=&#8221;solid&#8221; bg_image_animation=&#8221;none&#8221; offset=&#8221;vc_col-xs-6&#8243;][image_with_animation image_url=&#8221;11699&#8243; alignment=&#8221;center&#8221; animation=&#8221;Fade In&#8221; img_link_large=&#8221;yes&#8221; border_radius=&#8221;none&#8221; box_shadow=&#8221;none&#8221; max_width=&#8221;100%&#8221; el_class=&#8221;full-img&#8221;][\/vc_column][vc_column column_padding=&#8221;padding-2-percent&#8221; column_padding_position=&#8221;left-right&#8221; background_color_opacity=&#8221;1&#8243; background_hover_color_opacity=&#8221;1&#8243; column_link_target=&#8221;_self&#8221; column_shadow=&#8221;none&#8221; column_border_radius=&#8221;none&#8221; width=&#8221;1\/2&#8243; tablet_width_inherit=&#8221;default&#8221; tablet_text_alignment=&#8221;default&#8221; phone_text_alignment=&#8221;default&#8221; column_border_width=&#8221;none&#8221; column_border_style=&#8221;solid&#8221; bg_image_animation=&#8221;none&#8221; offset=&#8221;vc_col-xs-6&#8243;][image_with_animation image_url=&#8221;11736&#8243; alignment=&#8221;center&#8221; animation=&#8221;Fade In&#8221; img_link_large=&#8221;yes&#8221; border_radius=&#8221;none&#8221; box_shadow=&#8221;none&#8221; max_width=&#8221;100%&#8221; el_class=&#8221;full-img&#8221;][\/vc_column][\/vc_row][vc_row type=&#8221;in_container&#8221; full_screen_row_position=&#8221;middle&#8221; scene_position=&#8221;center&#8221; text_color=&#8221;dark&#8221; text_align=&#8221;left&#8221; overlay_strength=&#8221;0.3&#8243; shape_divider_position=&#8221;bottom&#8221; bg_image_animation=&#8221;none&#8221; shape_type=&#8221;&#8221;][vc_column column_padding=&#8221;no-extra-padding&#8221; column_padding_position=&#8221;right&#8221; background_color_opacity=&#8221;1&#8243; background_hover_color_opacity=&#8221;1&#8243; column_link_target=&#8221;_self&#8221; column_shadow=&#8221;none&#8221; column_border_radius=&#8221;none&#8221; width=&#8221;1\/1&#8243; tablet_width_inherit=&#8221;default&#8221; tablet_text_alignment=&#8221;default&#8221; phone_text_alignment=&#8221;default&#8221; column_border_width=&#8221;none&#8221; column_border_style=&#8221;solid&#8221; bg_image_animation=&#8221;none&#8221;][divider line_type=&#8221;No Line&#8221; custom_height=&#8221;80&#8243;][vc_column_text]\n<h4>Szaturnusz f\u00e1i, avagy k\u00f6rforg\u00e1s a megrekedtben<\/h4>\n[\/vc_column_text][divider line_type=&#8221;No Line&#8221; custom_height=&#8221;35&#8243;][vc_column_text]A befel\u00e9 fordul\u00f3, kontemplat\u00edv, szaturnuszi jellem \u00e9rtelm\u00e9ben n\u00e9met nyelvter\u00fcleten a kopasz, halott f\u00e1kat a XVI. sz\u00e1zadt\u00f3l kezdve Szaturnusz f\u00e1inak nevezt\u00e9k.<\/p>\n<p>De a fogalom pandantjak\u00e9nt nevezhetn\u00e9nk \u0151ket ak\u00e1r a kontempl\u00e1ci\u00f3 f\u00e1inak is, amelyek a k\u00f6rforg\u00e1s, elm\u00fal\u00e1s \u00e9s az \u00fajj\u00e1sz\u00fclet\u00e9s folytonoss\u00e1g\u00e1n r\u00e9vednek. Azon a folytonoss\u00e1gon, amely mindig olyan mag\u00e1t\u00f3l \u00e9rtet\u0151d\u0151, de amelynek val\u00f3s\u00e1g\u00e1ra soha, senki nem tett m\u00e9g \u00edg\u00e9retet.<\/p>\n<p>\u00c9s mi t\u00f6rt\u00e9nik akkor, ha ebbe a mag\u00e1t\u00f3l \u00e9rtet\u0151d\u0151 folytonoss\u00e1gba be\u00e1ll a csend, \u00e9s a fa tavasszal nem hoz \u00faj r\u00fcgyeket, ha kontemplat\u00edv r\u00e9ved\u00e9se mintegy belefagy a t\u00e9lbe? Fizikai jelenl\u00e9te ugyan marad, de r\u00e9szv\u00e9tele az \u00e1lland\u00f3nak hitt k\u00f6rforg\u00e1sban visszamarad, \u00e9s az \u00e1tmenet \u00e1llapot\u00e1ban \u00f6r\u00f6kre megreked.<\/p>\n<p>B\u00f6gi Dia ki\u00e1ll\u00edt\u00e1sa a term\u00e9szet l\u00e1tv\u00e1nyos \u00e9s mag\u00e1t\u00f3l \u00e9rtet\u0151d\u0151 folytonoss\u00e1gait, \u00e9s a folytonoss\u00e1gba olykor be\u00e1ll\u00f3 megrekedt csend lenyomatait t\u00e9rk\u00e9pezi fel.<\/p>\n<p>A ki\u00e1ll\u00edt\u00e1s alapmot\u00edvuma a m\u0171v\u00e9sz otthona k\u00f6zel\u00e9ben tal\u00e1lhat\u00f3 horg\u00e1szt\u00f3, amelynek v\u00edzt\u00fckr\u00e9t \u00e9s az \u00e9vszakok k\u00f6rforg\u00e1sa \u00e1ltal folyton v\u00e1ltoz\u00f3 k\u00f6rnyezet\u00e9t B\u00f6gi egy esztend\u0151n \u00e1t dokument\u00e1lta. Megfigyel\u00e9sei sor\u00e1n nagy er\u0151fesz\u00edt\u00e9seket t\u00e9ve az \u00e1lland\u00f3 \u00e9s a v\u00e1ltoz\u00f3, az elm\u00fal\u00e1s \u00e9s az \u00fajj\u00e1sz\u00fclet\u00e9s nyomainak tetten\u00e9r\u00e9s\u00e9re. A ki\u00e1ll\u00edt\u00f3t\u00e9r h\u00e1rom term\u00e9ben az \u00e9bred\u0151 \u00e9s hanyatl\u00f3 k\u00f6rk\u00f6r\u00f6ss\u00e9g f\u00e1zisait k\u00f6vethetj\u00fck nyomon.<\/p>\n<p>A megfigyelt \u00e9s elcs\u00edpett \u00e1talakul\u00e1sok azonban nem evidensen k\u00f6sz\u00f6nnek vissza a k\u00e9pek \u00e9s az install\u00e1ci\u00f3 fel\u00fcleteir\u0151l. A kipattan\u00f3 tavaszi lombok sz\u00ednpomp\u00e1ja, a halast\u00f3 megannyi sz\u00ednes \u00e9l\u0151l\u00e9nye, a t\u00f3 k\u00f6r\u00fcli fl\u00f3ra \u00e9s fauna, geometrikus idomokba z\u00e1rva, monokr\u00f3m sz\u00ednmez\u0151kk\u00e9 reduk\u00e1lva, mintegy megdermedt val\u00f3s\u00e1gk\u00e9nt elevenedik meg sz\u00e1munkra.<\/p>\n<p>Mintha az \u00e1talakul\u00e1s folytonoss\u00e1g\u00e1nak kimerev\u00edtett pillanatait l\u00e1tn\u00e1nk \u00e9pp. A ciklikuss\u00e1g szakaszai k\u00f6z\u00f6tt be\u00e1ll\u00f3 csendet. A v\u00e9gz\u0151d\u00e9s \u00e9s az \u00faj kezdet k\u00f6z\u00f6tti sz\u00fcrke z\u00f3n\u00e1t, a term\u00e9kenys\u00e9g \u00e9s term\u00e9ketlens\u00e9g k\u00f6z\u00f6tti senki f\u00f6ldj\u00e9nek hamusz\u00edn sz\u00fcrk\u00e9be borult v\u00edzi\u00f3j\u00e1t.<\/p>\n<p>\u00c9s az sem v\u00e9letlen, ha a l\u00e1tottak azonnal olyan m\u0171v\u00e9szett\u00f6rt\u00e9neti hivatkoz\u00e1sokat id\u00e9znek fel benn\u00fcnk, mint Caspar David Friedrich romantikus t\u00e1jk\u00e9peinek kopasz f\u00e1i, vagy egy \u00f3kori th\u00e9bai s\u00edrkamra halastav\u00e1nak falfestm\u00e9nye.<\/p>\n<p>B\u00f6gi alkot\u00f3i praxisa gyakran oper\u00e1l m\u0171v\u00e9szett\u00f6rt\u00e9neti referenci\u00e1kkal. Kor\u00e1bbi munk\u00e1iban t\u00f6bbek k\u00f6z\u00f6tt hivatkoz\u00e1sk\u00e9nt tal\u00e1lkozhatunk Jan van Eyck ikonikus konvex t\u00fckr\u00e9vel, Giorgone <em>A vihar<\/em> c\u00edm\u0171 festm\u00e9ny\u00e9nek megfejt\u00e9s k\u00eds\u00e9rlet\u00e9vel, vagy ak\u00e1r a K\u00e1rolyi Zsigmond \u00e9letm\u0171ben is sok\u00e1ig f\u0151szereppel b\u00edr\u00f3<em> Tangram<\/em> logikai j\u00e1t\u00e9k reflexi\u00f3ival. De b\u00e1rmilyen hivatkoz\u00e1st is dolgoznak fel, \u00e9rtelmeznek \u00e1t, vagy j\u00e1tszanak \u00fajra B\u00f6gi alkot\u00e1sai, k\u00e9pi t\u00f6rekv\u00e9seinek kiindul\u00e1si \u00e9s egyben v\u00e9gpontja is annak a misztikus mozzanatnak a firtat\u00e1sa, hogy hogyan absztrah\u00e1l\u00f3dik \u00e9s hogyan absztrah\u00e1lhat\u00f3 a l\u00e1tv\u00e1ny? Hogyan akkumul\u00e1lhat\u00f3 egyetlen k\u00e9pi t\u00e9rben a l\u00e1t\u00e1st maxim\u00e1lis pr\u00f3bat\u00e9tel el\u00e9 \u00e1ll\u00edtva a horizont\u00e1lis \u00e9s a vertik\u00e1lis perspekt\u00edva? Hogyan transzform\u00e1lhat\u00f3 a h\u00e1romdimenzi\u00f3s kiterjed\u00e9s egyetlen vonal, \u00e1rny\u00e9k \u00e9s kiterjed\u00e9s n\u00e9lk\u00fcli gomolyg\u00f3 \u00f6rv\u00e9ny\u00e9be? \u00c9s v\u00e9g\u00fcl hogyan koptathat\u00f3 le az \u00e1br\u00e1zol\u00e1sr\u00f3l a sz\u00edn, hogyan reduk\u00e1lhat\u00f3 a l\u00e1tv\u00e1ny egyetlen monokr\u00f3m mez\u0151v\u00e9? A megtal\u00e1lt \u00e9s \u00fajra\u00e9rtelmezett hivatkoz\u00e1sok, a megfigyelt folyamatok \u2013 jelen ki\u00e1ll\u00edt\u00e1s eset\u00e9ben a term\u00e9szet \u00fajj\u00e1sz\u00fclet\u0151 ciklikuss\u00e1ga \u2013 B\u00f6gi praxis\u00e1ban minden esetben aszketikusan reduk\u00e1lt k\u00e9pmez\u0151kk\u00e9nt sz\u00fcletnek \u00fajra.<\/p>\n<p>S\u0151t k\u00e9pfel\u00fcletei, bele\u00e9rtve a ki\u00e1ll\u00edt\u00e1s k\u00f6zponti install\u00e1ci\u00f3j\u00e1t \u00e9s az azt k\u00eds\u00e9r\u0151 rajzot \u00e9s fot\u00f3dokument\u00e1ci\u00f3t is, a melank\u00f3lia \u00e1br\u00e1zol\u00e1s iskolap\u00e9ld\u00e1i is lehetn\u00e9nek. A kopasz fa\u00e1gak mag\u00e1nya m\u00e9g sz\u00edvszor\u00edt\u00f3bb a befagyott halast\u00f3 grafitperem\u00e9n \u00e1gaskodva. Csenev\u00e9sz, gy\u00f6k\u00e9rtelen test\u00fck a sz\u00fcrk\u00e9re dermedt t\u00e1jban m\u00e1r a rem\u00e9ny cs\u00edr\u00e1it sem hordozz\u00e1k magukban.<\/p>\n<p>Megrekedtek.<\/p>\n<p>Megrekedtek a kiteljesed\u00e9sben \u00e9s megrekedtek a term\u00e9szet szunnyad\u00f3 \u00e9s \u00fajra\u00e9bred\u0151 ciklikuss\u00e1g\u00e1nak k\u00f6rforg\u00e1s\u00e1ban. Melank\u00f3li\u00e1juk a l\u00e9tez\u00e9s egy m\u00e1sik dimenzi\u00f3ja fel\u00e9 lend\u00edtette \u0151ket, az \u00e9letnek a hal\u00e1lban val\u00f3 felt\u00e9telezett folytat\u00e1s\u00e1ban, mint ahogyan Beuys m\u0171term\u00e9ben a n\u00e9gy \u00e9ven kereszt\u00fcl pusztul\u00f3 kar\u00e1csonyfa is az \u00e9letnek egy m\u00e1sik ciklus\u00e1ba l\u00e9pve nem a hal\u00e1lra val\u00f3 \u00e1lland\u00f3 eml\u00e9kez\u00e9st, hanem az \u00e9letnek a hal\u00e1lban val\u00f3 folytat\u00e1s\u00e1t sugallta\u2026<\/p>\n<p>A ki\u00e1ll\u00edt\u00e1st megnyitom!<\/p>\n<p class=\"kepalir-1r\">Zsikla M\u00f3nika<\/p>\n[\/vc_column_text][divider line_type=&#8221;No Line&#8221; custom_height=&#8221;40&#8243;][\/vc_column][\/vc_row][vc_row type=&#8221;full_width_content&#8221; full_screen_row_position=&#8221;middle&#8221; scene_position=&#8221;center&#8221; text_color=&#8221;dark&#8221; text_align=&#8221;left&#8221; class=&#8221;full-5-25&#8243; overlay_strength=&#8221;0.3&#8243; shape_divider_position=&#8221;bottom&#8221; bg_image_animation=&#8221;none&#8221; shape_type=&#8221;&#8221;][vc_column column_padding=&#8221;padding-2-percent&#8221; column_padding_position=&#8221;left-right&#8221; background_color_opacity=&#8221;1&#8243; background_hover_color_opacity=&#8221;1&#8243; column_link_target=&#8221;_self&#8221; column_shadow=&#8221;none&#8221; column_border_radius=&#8221;none&#8221; width=&#8221;1\/2&#8243; tablet_width_inherit=&#8221;default&#8221; tablet_text_alignment=&#8221;default&#8221; phone_text_alignment=&#8221;default&#8221; column_border_width=&#8221;none&#8221; column_border_style=&#8221;solid&#8221; bg_image_animation=&#8221;none&#8221; offset=&#8221;vc_col-xs-6&#8243;][image_with_animation image_url=&#8221;11703&#8243; alignment=&#8221;center&#8221; animation=&#8221;Fade In&#8221; img_link_large=&#8221;yes&#8221; border_radius=&#8221;none&#8221; box_shadow=&#8221;none&#8221; max_width=&#8221;100%&#8221; el_class=&#8221;full-img&#8221;][\/vc_column][vc_column column_padding=&#8221;padding-2-percent&#8221; column_padding_position=&#8221;left-right&#8221; background_color_opacity=&#8221;1&#8243; background_hover_color_opacity=&#8221;1&#8243; column_link_target=&#8221;_self&#8221; column_shadow=&#8221;none&#8221; column_border_radius=&#8221;none&#8221; width=&#8221;1\/2&#8243; tablet_width_inherit=&#8221;default&#8221; tablet_text_alignment=&#8221;default&#8221; phone_text_alignment=&#8221;default&#8221; column_border_width=&#8221;none&#8221; column_border_style=&#8221;solid&#8221; bg_image_animation=&#8221;none&#8221; offset=&#8221;vc_col-xs-6&#8243;][image_with_animation image_url=&#8221;11705&#8243; alignment=&#8221;center&#8221; animation=&#8221;Fade In&#8221; img_link_large=&#8221;yes&#8221; border_radius=&#8221;none&#8221; box_shadow=&#8221;none&#8221; max_width=&#8221;100%&#8221; el_class=&#8221;full-img&#8221;][\/vc_column][\/vc_row][vc_row type=&#8221;full_width_content&#8221; full_screen_row_position=&#8221;middle&#8221; scene_position=&#8221;center&#8221; text_color=&#8221;dark&#8221; text_align=&#8221;left&#8221; class=&#8221;full-20-60&#8243; overlay_strength=&#8221;0.3&#8243; shape_divider_position=&#8221;bottom&#8221; bg_image_animation=&#8221;none&#8221; shape_type=&#8221;&#8221;][vc_column column_padding=&#8221;no-extra-padding&#8221; column_padding_position=&#8221;right&#8221; background_color_opacity=&#8221;1&#8243; background_hover_color_opacity=&#8221;1&#8243; column_link_target=&#8221;_self&#8221; column_shadow=&#8221;none&#8221; column_border_radius=&#8221;none&#8221; width=&#8221;1\/1&#8243; tablet_width_inherit=&#8221;default&#8221; tablet_text_alignment=&#8221;default&#8221; phone_text_alignment=&#8221;default&#8221; column_border_width=&#8221;none&#8221; column_border_style=&#8221;solid&#8221; bg_image_animation=&#8221;none&#8221;][divider line_type=&#8221;No Line&#8221; custom_height=&#8221;80&#8243;][image_with_animation image_url=&#8221;11707&#8243; alignment=&#8221;center&#8221; animation=&#8221;Fade In&#8221; img_link_large=&#8221;yes&#8221; border_radius=&#8221;none&#8221; box_shadow=&#8221;none&#8221; max_width=&#8221;100%&#8221; el_class=&#8221;full-img&#8221;][vc_column_text]\n<p class=\"kepalir-1r\">B\u00f6gi Dia:<em> A l\u00e9kek melank\u00f3li\u00e1ja,<\/em> 2018, (r\u00e9szletek)<\/p>\n[\/vc_column_text][\/vc_column][\/vc_row][vc_row type=&#8221;full_width_content&#8221; full_screen_row_position=&#8221;middle&#8221; scene_position=&#8221;center&#8221; text_color=&#8221;dark&#8221; text_align=&#8221;left&#8221; class=&#8221;full-20-60&#8243; overlay_strength=&#8221;0.3&#8243; shape_divider_position=&#8221;bottom&#8221; bg_image_animation=&#8221;none&#8221; shape_type=&#8221;&#8221;][vc_column column_padding=&#8221;no-extra-padding&#8221; column_padding_position=&#8221;right&#8221; background_color_opacity=&#8221;1&#8243; background_hover_color_opacity=&#8221;1&#8243; column_link_target=&#8221;_self&#8221; column_shadow=&#8221;none&#8221; column_border_radius=&#8221;none&#8221; width=&#8221;1\/1&#8243; tablet_width_inherit=&#8221;default&#8221; tablet_text_alignment=&#8221;default&#8221; phone_text_alignment=&#8221;default&#8221; column_border_width=&#8221;none&#8221; column_border_style=&#8221;solid&#8221; bg_image_animation=&#8221;none&#8221;][divider line_type=&#8221;No Line&#8221; custom_height=&#8221;80&#8243;][image_with_animation image_url=&#8221;11717&#8243; alignment=&#8221;center&#8221; animation=&#8221;Fade In&#8221; img_link_large=&#8221;yes&#8221; border_radius=&#8221;none&#8221; box_shadow=&#8221;none&#8221; max_width=&#8221;100%&#8221; el_class=&#8221;full-img&#8221;][vc_column_text]\n<p class=\"kepalir-1r\">B\u00f6gi Dia:<em> A l\u00e9kek melank\u00f3li\u00e1ja,<\/em> 2018, fasz\u00e9n, fa\u00e1gak, gyapj\u00fafonal, v\u00e1ltoz\u00f3 m\u00e9ret<\/p>\n[\/vc_column_text][\/vc_column][\/vc_row][vc_row type=&#8221;full_width_content&#8221; full_screen_row_position=&#8221;middle&#8221; scene_position=&#8221;center&#8221; text_color=&#8221;dark&#8221; text_align=&#8221;left&#8221; overlay_strength=&#8221;0.3&#8243; shape_divider_position=&#8221;bottom&#8221; bg_image_animation=&#8221;none&#8221; shape_type=&#8221;&#8221;][vc_column column_padding=&#8221;no-extra-padding&#8221; column_padding_position=&#8221;left-right&#8221; background_color_opacity=&#8221;1&#8243; background_hover_color_opacity=&#8221;1&#8243; column_link_target=&#8221;_self&#8221; column_shadow=&#8221;none&#8221; column_border_radius=&#8221;none&#8221; width=&#8221;1\/1&#8243; tablet_width_inherit=&#8221;default&#8221; tablet_text_alignment=&#8221;default&#8221; phone_text_alignment=&#8221;default&#8221; column_border_width=&#8221;none&#8221; column_border_style=&#8221;solid&#8221; bg_image_animation=&#8221;none&#8221;][divider line_type=&#8221;No Line&#8221; custom_height=&#8221;80&#8243;][image_with_animation image_url=&#8221;11732&#8243; alignment=&#8221;center&#8221; animation=&#8221;Fade In&#8221; img_link_large=&#8221;yes&#8221; border_radius=&#8221;none&#8221; box_shadow=&#8221;none&#8221; max_width=&#8221;100%&#8221; el_class=&#8221;full-img&#8221;][\/vc_column][\/vc_row][vc_row type=&#8221;full_width_content&#8221; full_screen_row_position=&#8221;middle&#8221; scene_position=&#8221;center&#8221; text_color=&#8221;dark&#8221; text_align=&#8221;left&#8221; class=&#8221;full-5-40&#8243; overlay_strength=&#8221;0.3&#8243; shape_divider_position=&#8221;bottom&#8221; bg_image_animation=&#8221;none&#8221; shape_type=&#8221;&#8221;][vc_column column_padding=&#8221;no-extra-padding&#8221; column_padding_position=&#8221;right&#8221; background_color_opacity=&#8221;1&#8243; background_hover_color_opacity=&#8221;1&#8243; column_link_target=&#8221;_self&#8221; column_shadow=&#8221;none&#8221; column_border_radius=&#8221;none&#8221; width=&#8221;1\/1&#8243; tablet_width_inherit=&#8221;default&#8221; tablet_text_alignment=&#8221;default&#8221; phone_text_alignment=&#8221;default&#8221; column_border_width=&#8221;none&#8221; column_border_style=&#8221;solid&#8221; bg_image_animation=&#8221;none&#8221;][divider line_type=&#8221;No Line&#8221; custom_height=&#8221;80&#8243;][image_with_animation image_url=&#8221;11734&#8243; alignment=&#8221;center&#8221; animation=&#8221;Fade In&#8221; img_link_large=&#8221;yes&#8221; border_radius=&#8221;none&#8221; box_shadow=&#8221;none&#8221; max_width=&#8221;100%&#8221; el_class=&#8221;full-img&#8221;][vc_column_text]\n<p class=\"kepalir-1r\">B\u00f6gi Dia:<em> Az Ismeretlen lakhelye,<\/em> 2018, plexi, pap\u00edr, grafitceruza, 2<span class=\"txt-x\">1\u00d72<\/span>9,7 cm<\/p>\n[\/vc_column_text][\/vc_column][\/vc_row][vc_row type=&#8221;full_width_content&#8221; full_screen_row_position=&#8221;middle&#8221; vertically_center_columns=&#8221;true&#8221; scene_position=&#8221;center&#8221; text_color=&#8221;dark&#8221; text_align=&#8221;center&#8221; color_overlay=&#8221;rgba(255,255,255,0.92)&#8221; overlay_strength=&#8221;0.95&#8243; shape_divider_position=&#8221;bottom&#8221; bg_image_animation=&#8221;none&#8221; shape_type=&#8221;&#8221;][vc_column column_padding=&#8221;no-extra-padding&#8221; column_padding_position=&#8221;all&#8221; background_color_opacity=&#8221;1&#8243; background_hover_color_opacity=&#8221;1&#8243; column_link_target=&#8221;_self&#8221; column_shadow=&#8221;none&#8221; column_border_radius=&#8221;none&#8221; el_class=&#8221;p-3-3&#8243; width=&#8221;1\/1&#8243; tablet_width_inherit=&#8221;default&#8221; tablet_text_alignment=&#8221;default&#8221; phone_text_alignment=&#8221;default&#8221; column_border_width=&#8221;none&#8221; column_border_style=&#8221;solid&#8221; bg_image_animation=&#8221;none&#8221;]<div class=\"sharing-default-minimal\"><div class=\"nectar-social default\" data-position=\"left\" data-color-override=\"override\"><div class=\"nectar-social-inner\"><a class='facebook-share nectar-sharing' href='#' title='Share this'>  <i class='fa fa-facebook'><\/i> <span class='social-text'>Share<\/span> <\/a><a class='twitter-share nectar-sharing' href='#' title='Share this'> <i class='fa icon-salient-x-twitter'><\/i> <span class='social-text'>Share<\/span> <\/a><a class='pinterest-share nectar-sharing' href='#' title='Pin this'> <i class='fa fa-pinterest'><\/i> <span class='social-text'>Pin<\/span> <\/a><\/div><\/div><\/div>[\/vc_column][\/vc_row]\n","protected":false},"excerpt":{"rendered":"<p>[vc_row type=&#8221;in_container&#8221; full_screen_row_position=&#8221;middle&#8221; scene_position=&#8221;center&#8221; text_color=&#8221;dark&#8221; text_align=&#8221;left&#8221; overlay_strength=&#8221;0.3&#8243; shape_divider_position=&#8221;bottom&#8221; bg_image_animation=&#8221;none&#8221;][vc_column column_padding=&#8221;no-extra-padding&#8221; column_padding_position=&#8221;all&#8221; background_color_opacity=&#8221;1&#8243; background_hover_color_opacity=&#8221;1&#8243; column_link_target=&#8221;_self&#8221; column_shadow=&#8221;none&#8221; column_border_radius=&#8221;none&#8221; width=&#8221;1\/1&#8243; tablet_width_inherit=&#8221;default&#8221; tablet_text_alignment=&#8221;default&#8221; phone_text_alignment=&#8221;default&#8221; column_border_width=&#8221;none&#8221; column_border_style=&#8221;solid&#8221; bg_image_animation=&#8221;none&#8221;][divider line_type=&#8221;No Line&#8221; custom_height=&#8221;70&#8243;][vc_column_text] Labor Gal\u00e9ria, Budapest 2018&#8230;.<\/p>\n","protected":false},"author":1,"featured_media":12124,"parent":6816,"menu_order":100,"comment_status":"closed","ping_status":"closed","template":"","meta":{"_acf_changed":false,"h5ap_radio_sources":[],"footnotes":""},"page_kiemeles":[],"page_online-evek":[],"class_list":["post-11692","page","type-page","status-publish","has-post-thumbnail"],"acf":[],"_links":{"self":[{"href":"https:\/\/balkon.art\/home\/wp-json\/wp\/v2\/pages\/11692","targetHints":{"allow":["GET"]}}],"collection":[{"href":"https:\/\/balkon.art\/home\/wp-json\/wp\/v2\/pages"}],"about":[{"href":"https:\/\/balkon.art\/home\/wp-json\/wp\/v2\/types\/page"}],"author":[{"embeddable":true,"href":"https:\/\/balkon.art\/home\/wp-json\/wp\/v2\/users\/1"}],"replies":[{"embeddable":true,"href":"https:\/\/balkon.art\/home\/wp-json\/wp\/v2\/comments?post=11692"}],"version-history":[{"count":0,"href":"https:\/\/balkon.art\/home\/wp-json\/wp\/v2\/pages\/11692\/revisions"}],"up":[{"embeddable":true,"href":"https:\/\/balkon.art\/home\/wp-json\/wp\/v2\/pages\/6816"}],"wp:featuredmedia":[{"embeddable":true,"href":"https:\/\/balkon.art\/home\/wp-json\/wp\/v2\/media\/12124"}],"wp:attachment":[{"href":"https:\/\/balkon.art\/home\/wp-json\/wp\/v2\/media?parent=11692"}],"wp:term":[{"taxonomy":"page_kiemeles","embeddable":true,"href":"https:\/\/balkon.art\/home\/wp-json\/wp\/v2\/page_kiemeles?post=11692"},{"taxonomy":"page_online-evek","embeddable":true,"href":"https:\/\/balkon.art\/home\/wp-json\/wp\/v2\/page_online-evek?post=11692"}],"curies":[{"name":"wp","href":"https:\/\/api.w.org\/{rel}","templated":true}]}}