{"id":11544,"date":"2018-07-09T15:00:44","date_gmt":"2018-07-09T13:00:44","guid":{"rendered":"https:\/\/balkon.art\/home\/?page_id=11544"},"modified":"2021-10-09T00:42:27","modified_gmt":"2021-10-08T22:42:27","slug":"turk-peter-minden-nem-latszik-7","status":"publish","type":"page","link":"https:\/\/balkon.art\/home\/online-2018\/turk-peter-minden-nem-latszik-7\/","title":{"rendered":"<em>minden nem l\u00e1tszik<\/em> \u2013 T\u00dcRK P\u00c9TER (1943\u20132015) \u00e9letm\u0171ki\u00e1ll\u00edt\u00e1sa | 7"},"content":{"rendered":"[vc_row type=&#8221;in_container&#8221; full_screen_row_position=&#8221;middle&#8221; column_margin=&#8221;default&#8221; column_direction=&#8221;default&#8221; column_direction_tablet=&#8221;default&#8221; column_direction_phone=&#8221;default&#8221; scene_position=&#8221;center&#8221; text_color=&#8221;dark&#8221; text_align=&#8221;left&#8221; row_border_radius=&#8221;none&#8221; row_border_radius_applies=&#8221;bg&#8221; overlay_strength=&#8221;0.3&#8243; gradient_direction=&#8221;left_to_right&#8221; shape_divider_position=&#8221;bottom&#8221; bg_image_animation=&#8221;none&#8221;][vc_column column_padding=&#8221;no-extra-padding&#8221; column_padding_tablet=&#8221;inherit&#8221; column_padding_phone=&#8221;inherit&#8221; column_padding_position=&#8221;all&#8221; column_element_spacing=&#8221;default&#8221; background_color_opacity=&#8221;1&#8243; background_hover_color_opacity=&#8221;1&#8243; column_shadow=&#8221;none&#8221; column_border_radius=&#8221;none&#8221; column_link_target=&#8221;_self&#8221; gradient_direction=&#8221;left_to_right&#8221; overlay_strength=&#8221;0.3&#8243; width=&#8221;1\/1&#8243; tablet_width_inherit=&#8221;default&#8221; tablet_text_alignment=&#8221;default&#8221; phone_text_alignment=&#8221;default&#8221; bg_image_animation=&#8221;none&#8221; border_type=&#8221;simple&#8221; column_border_width=&#8221;none&#8221; column_border_style=&#8221;solid&#8221;][divider line_type=&#8221;No Line&#8221; custom_height=&#8221;25&#8243;][vc_column_text]\n<p class=\"str-title-3\">7<\/p>\n<h3 class=\"title-1\">Valami a foszf\u00e9njelekb\u0151l, Valami a VALAMI sz\u00f3 bet\u0171ib\u0151l, Sz\u00e1mok, KENY\u00c9R V\u00cdZ | 1987\u20131990<\/h3>\n[\/vc_column_text][divider line_type=&#8221;No Line&#8221; custom_height=&#8221;25&#8243;][vc_column_text]\n<h4>Ludwig M\u00fazeum \u2013 Kort\u00e1rs M\u0171v\u00e9szeti M\u00fazeum, Budapest<br \/>\n2018. \u00e1prilis 20 \u2013 j\u00fanius 24.<\/h4>\n[\/vc_column_text][divider line_type=&#8221;No Line&#8221; custom_height=&#8221;50&#8243;][\/vc_column][\/vc_row][vc_row type=&#8221;full_width_content&#8221; full_screen_row_position=&#8221;middle&#8221; column_margin=&#8221;default&#8221; column_direction=&#8221;default&#8221; column_direction_tablet=&#8221;default&#8221; column_direction_phone=&#8221;default&#8221; scene_position=&#8221;center&#8221; text_color=&#8221;dark&#8221; text_align=&#8221;left&#8221; row_border_radius=&#8221;none&#8221; row_border_radius_applies=&#8221;bg&#8221; overlay_strength=&#8221;0.3&#8243; gradient_direction=&#8221;left_to_right&#8221; shape_divider_position=&#8221;bottom&#8221; bg_image_animation=&#8221;none&#8221; shape_type=&#8221;&#8221;][vc_column column_padding=&#8221;no-extra-padding&#8221; column_padding_tablet=&#8221;inherit&#8221; column_padding_phone=&#8221;inherit&#8221; column_padding_position=&#8221;right&#8221; column_element_spacing=&#8221;default&#8221; background_color_opacity=&#8221;1&#8243; background_hover_color_opacity=&#8221;1&#8243; column_shadow=&#8221;none&#8221; column_border_radius=&#8221;none&#8221; column_link_target=&#8221;_self&#8221; gradient_direction=&#8221;left_to_right&#8221; overlay_strength=&#8221;0.3&#8243; width=&#8221;1\/1&#8243; tablet_width_inherit=&#8221;default&#8221; tablet_text_alignment=&#8221;default&#8221; phone_text_alignment=&#8221;default&#8221; bg_image_animation=&#8221;none&#8221; border_type=&#8221;simple&#8221; column_border_width=&#8221;none&#8221; column_border_style=&#8221;solid&#8221;][vc_column_text]\n<p class=\"kepalir-1l-full\">\u00a9 Fot\u00f3k: Eln Ferenc<\/p>\n[\/vc_column_text][divider line_type=&#8221;No Line&#8221; custom_height=&#8221;5&#8243;][image_with_animation image_url=&#8221;11550&#8243; animation=&#8221;Fade In&#8221; hover_animation=&#8221;none&#8221; alignment=&#8221;center&#8221; img_link_large=&#8221;yes&#8221; border_radius=&#8221;none&#8221; box_shadow=&#8221;none&#8221; image_loading=&#8221;default&#8221; max_width=&#8221;100%&#8221; max_width_mobile=&#8221;default&#8221; el_class=&#8221;full-img&#8221;][vc_column_text]\n<p class=\"kepalir-1r-full\">T\u00fcrk P\u00e9ter: <em>KENY\u00c9R V\u00cdZ-sorozat [1-4.],<\/em> 1990, pap\u00edr, ragaszt\u00f3, porfest\u00e9k | <em>Valami a VALAMI sz\u00f3 bet\u0171ib\u0151l [1-12.],<\/em> 1988, m\u0171nyom\u00f3 pap\u00edr, porfest\u00e9k<\/p>\n[\/vc_column_text][\/vc_column][\/vc_row][vc_row type=&#8221;full_width_content&#8221; full_screen_row_position=&#8221;middle&#8221; column_margin=&#8221;default&#8221; column_direction=&#8221;default&#8221; column_direction_tablet=&#8221;default&#8221; column_direction_phone=&#8221;default&#8221; scene_position=&#8221;center&#8221; text_color=&#8221;dark&#8221; text_align=&#8221;left&#8221; row_border_radius=&#8221;none&#8221; row_border_radius_applies=&#8221;bg&#8221; overlay_strength=&#8221;0.3&#8243; gradient_direction=&#8221;left_to_right&#8221; shape_divider_position=&#8221;bottom&#8221; bg_image_animation=&#8221;none&#8221; shape_type=&#8221;&#8221;][vc_column column_padding=&#8221;no-extra-padding&#8221; column_padding_tablet=&#8221;inherit&#8221; column_padding_phone=&#8221;inherit&#8221; column_padding_position=&#8221;right&#8221; column_element_spacing=&#8221;default&#8221; background_color_opacity=&#8221;1&#8243; background_hover_color_opacity=&#8221;1&#8243; column_shadow=&#8221;none&#8221; column_border_radius=&#8221;none&#8221; column_link_target=&#8221;_self&#8221; gradient_direction=&#8221;left_to_right&#8221; overlay_strength=&#8221;0.3&#8243; width=&#8221;1\/1&#8243; tablet_width_inherit=&#8221;default&#8221; tablet_text_alignment=&#8221;default&#8221; phone_text_alignment=&#8221;default&#8221; bg_image_animation=&#8221;none&#8221; border_type=&#8221;simple&#8221; column_border_width=&#8221;none&#8221; column_border_style=&#8221;solid&#8221;][divider line_type=&#8221;No Line&#8221; custom_height=&#8221;80&#8243;][image_with_animation image_url=&#8221;11557&#8243; animation=&#8221;Fade In&#8221; hover_animation=&#8221;none&#8221; alignment=&#8221;center&#8221; img_link_large=&#8221;yes&#8221; border_radius=&#8221;none&#8221; box_shadow=&#8221;none&#8221; image_loading=&#8221;default&#8221; max_width=&#8221;100%&#8221; max_width_mobile=&#8221;default&#8221; el_class=&#8221;full-img&#8221;][vc_column_text]\n<p class=\"kepalir-1r-full\">T\u00fcrk P\u00e9ter: <em>Sz\u00e1mok [1-4.],<\/em> 1987\u20131988 k., m\u0171nyom\u00f3 pap\u00edr, porfest\u00e9k | <em>Valami a foszf\u00e9njelekb\u0151l [1-18.],<\/em> 1987, m\u0171nyom\u00f3 pap\u00edr, porfest\u00e9k<\/p>\n[\/vc_column_text][\/vc_column][\/vc_row][vc_row type=&#8221;full_width_content&#8221; full_screen_row_position=&#8221;middle&#8221; column_margin=&#8221;default&#8221; column_direction=&#8221;default&#8221; column_direction_tablet=&#8221;default&#8221; column_direction_phone=&#8221;default&#8221; scene_position=&#8221;center&#8221; text_color=&#8221;dark&#8221; text_align=&#8221;left&#8221; row_border_radius=&#8221;none&#8221; row_border_radius_applies=&#8221;bg&#8221; class=&#8221;full-16l-2&#8243; overlay_strength=&#8221;0.3&#8243; gradient_direction=&#8221;left_to_right&#8221; shape_divider_position=&#8221;bottom&#8221; bg_image_animation=&#8221;none&#8221; shape_type=&#8221;&#8221;][vc_column column_padding=&#8221;no-extra-padding&#8221; column_padding_tablet=&#8221;inherit&#8221; column_padding_phone=&#8221;inherit&#8221; column_padding_position=&#8221;right&#8221; column_element_spacing=&#8221;default&#8221; background_color_opacity=&#8221;1&#8243; background_hover_color_opacity=&#8221;1&#8243; column_shadow=&#8221;none&#8221; column_border_radius=&#8221;none&#8221; column_link_target=&#8221;_self&#8221; gradient_direction=&#8221;left_to_right&#8221; overlay_strength=&#8221;0.3&#8243; width=&#8221;1\/1&#8243; tablet_width_inherit=&#8221;default&#8221; tablet_text_alignment=&#8221;default&#8221; phone_text_alignment=&#8221;default&#8221; bg_image_animation=&#8221;none&#8221; border_type=&#8221;simple&#8221; column_border_width=&#8221;none&#8221; column_border_style=&#8221;solid&#8221;][divider line_type=&#8221;No Line&#8221; custom_height=&#8221;80&#8243;][image_with_animation image_url=&#8221;11559&#8243; animation=&#8221;Fade In&#8221; hover_animation=&#8221;none&#8221; alignment=&#8221;center&#8221; img_link_large=&#8221;yes&#8221; border_radius=&#8221;none&#8221; box_shadow=&#8221;none&#8221; image_loading=&#8221;default&#8221; max_width=&#8221;100%&#8221; max_width_mobile=&#8221;default&#8221; el_class=&#8221;full-img&#8221;][vc_column_text]\n<p class=\"kepalir-1r-full\">T\u00fcrk P\u00e9ter: <em>Valami a foszf\u00e9njelekb\u0151l [1-18.],<\/em> 1987, m\u0171nyom\u00f3 pap\u00edr, porfest\u00e9k<\/p>\n[\/vc_column_text][\/vc_column][\/vc_row][vc_row type=&#8221;full_width_content&#8221; full_screen_row_position=&#8221;middle&#8221; column_margin=&#8221;default&#8221; column_direction=&#8221;default&#8221; column_direction_tablet=&#8221;default&#8221; column_direction_phone=&#8221;default&#8221; scene_position=&#8221;center&#8221; text_color=&#8221;dark&#8221; text_align=&#8221;left&#8221; row_border_radius=&#8221;none&#8221; row_border_radius_applies=&#8221;bg&#8221; overlay_strength=&#8221;0.3&#8243; gradient_direction=&#8221;left_to_right&#8221; shape_divider_position=&#8221;bottom&#8221; bg_image_animation=&#8221;none&#8221; shape_type=&#8221;&#8221;][vc_column column_padding=&#8221;no-extra-padding&#8221; column_padding_tablet=&#8221;inherit&#8221; column_padding_phone=&#8221;inherit&#8221; column_padding_position=&#8221;right&#8221; column_element_spacing=&#8221;default&#8221; background_color_opacity=&#8221;1&#8243; background_hover_color_opacity=&#8221;1&#8243; column_shadow=&#8221;none&#8221; column_border_radius=&#8221;none&#8221; column_link_target=&#8221;_self&#8221; gradient_direction=&#8221;left_to_right&#8221; overlay_strength=&#8221;0.3&#8243; width=&#8221;1\/1&#8243; tablet_width_inherit=&#8221;default&#8221; tablet_text_alignment=&#8221;default&#8221; phone_text_alignment=&#8221;default&#8221; bg_image_animation=&#8221;none&#8221; border_type=&#8221;simple&#8221; column_border_width=&#8221;none&#8221; column_border_style=&#8221;solid&#8221;][divider line_type=&#8221;No Line&#8221; custom_height=&#8221;80&#8243;][image_with_animation image_url=&#8221;11565&#8243; animation=&#8221;Fade In&#8221; hover_animation=&#8221;none&#8221; alignment=&#8221;center&#8221; img_link_large=&#8221;yes&#8221; border_radius=&#8221;none&#8221; box_shadow=&#8221;none&#8221; image_loading=&#8221;default&#8221; max_width=&#8221;100%&#8221; max_width_mobile=&#8221;default&#8221; el_class=&#8221;full-img&#8221;][vc_column_text]\n<p class=\"kepalir-1r-full\">T\u00fcrk P\u00e9ter: <em>KENY\u00c9R V\u00cdZ-sorozat [1-18.],<\/em> 1990, pap\u00edr, ragaszt\u00f3, porfest\u00e9k<\/p>\n[\/vc_column_text][\/vc_column][\/vc_row][vc_row type=&#8221;in_container&#8221; full_screen_row_position=&#8221;middle&#8221; column_margin=&#8221;default&#8221; column_direction=&#8221;default&#8221; column_direction_tablet=&#8221;default&#8221; column_direction_phone=&#8221;default&#8221; scene_position=&#8221;center&#8221; text_color=&#8221;dark&#8221; text_align=&#8221;left&#8221; row_border_radius=&#8221;none&#8221; row_border_radius_applies=&#8221;bg&#8221; overlay_strength=&#8221;0.3&#8243; gradient_direction=&#8221;left_to_right&#8221; shape_divider_position=&#8221;bottom&#8221; bg_image_animation=&#8221;none&#8221;][vc_column column_padding=&#8221;no-extra-padding&#8221; column_padding_tablet=&#8221;inherit&#8221; column_padding_phone=&#8221;inherit&#8221; column_padding_position=&#8221;all&#8221; column_element_spacing=&#8221;default&#8221; background_color_opacity=&#8221;1&#8243; background_hover_color_opacity=&#8221;1&#8243; column_shadow=&#8221;none&#8221; column_border_radius=&#8221;none&#8221; column_link_target=&#8221;_self&#8221; gradient_direction=&#8221;left_to_right&#8221; overlay_strength=&#8221;0.3&#8243; width=&#8221;1\/1&#8243; tablet_width_inherit=&#8221;default&#8221; tablet_text_alignment=&#8221;default&#8221; phone_text_alignment=&#8221;default&#8221; bg_image_animation=&#8221;none&#8221; border_type=&#8221;simple&#8221; column_border_width=&#8221;none&#8221; column_border_style=&#8221;solid&#8221;][divider line_type=&#8221;No Line&#8221; custom_height=&#8221;80&#8243;][vc_column_text]\n<h4>Valami a foszf\u00e9njelekb\u0151l, Valami a VALAMI sz\u00f3 bet\u0171ib\u0151l, Sz\u00e1mok, KENY\u00c9R V\u00cdZ | 1987\u20131990<\/h4>\n[\/vc_column_text][divider line_type=&#8221;No Line&#8221; custom_height=&#8221;25&#8243;][vc_column_text]\n<p class=\"leiras-l-2\">Az itt ki\u00e1ll\u00edtott munk\u00e1k annak a n\u00e9z\u0151pontv\u00e1lt\u00e1snak a dokumentumai, amelynek eredm\u00e9nyek\u00e9pp alapvet\u0151en \u00e1talakulnak T\u00fcrk elk\u00e9pzel\u00e9sei a <em>m\u0171v\u00e9szet-tudom\u00e1ny-hit<\/em> viszonyrendszer hierarchi\u00e1j\u00e1r\u00f3l, illetve az isteni \u00e9s a m\u0171v\u00e9szi teremt\u00e9s kapcsolat\u00e1r\u00f3l.<\/p>\n<p class=\"leiras-l-2\">Az 1980-as \u00e9vek tudom\u00e1nyos sz\u00f6vegekt\u0151l, kutat\u00e1si eredm\u00e9nyekt\u0151l is inspir\u00e1lt, az \u201eoptikai \u00e9s a lelki \u00f6sszef\u00fcgg\u00e9seit\u201d kutat\u00f3 sorozatai istentapasztalat\u00e1nak k\u00f6zeg\u00e9ben egy megv\u00e1ltozott val\u00f3s\u00e1g\u00e9rtelmez\u00e9s lenyomataiv\u00e1 v\u00e1lnak. A terepet a m\u00e1r birtokolt tud\u00e1s: a megel\u0151z\u0151 id\u0151szak egy-egy k\u00e9rd\u00e9sk\u00f6rt szisztematikusan kibont\u00f3, egyre kifinomultabb kutat\u00e1si elj\u00e1r\u00e1sai biztos\u00edtj\u00e1k, k\u00e9sz\u00edtik el\u0151. A kor\u00e1bbi hasonl\u00f3, fot\u00f3alap\u00fa m\u0171t\u00edpusokt\u00f3l elt\u00e9r\u0151en, ahol \u201eaz el\u0151t\u0171n\u00e9snek \u00e9s a megjelen\u00e9snek\u201d kiemelt szerepe volt, T\u00fcrk most m\u00e1s technik\u00e1t alkalmaz: fest\u00e9kporos vatta \u00e9rint\u00e9seivel teszi l\u00e1that\u00f3v\u00e1 a v\u00edztiszta ragaszt\u00f3 megsz\u00e1rad\u00e1s ut\u00e1n \u201el\u00e1thatatlann\u00e1\u201d v\u00e1l\u00f3 ecsetnyomait. A foszf\u00e9njelek form\u00e1kba-csoportokba rendez\u0151d\u0151 \u201ek\u00e9pt\u00e1bl\u00e1it\u201d, majd a Sz\u00e1mok, illetve a VALAMI (bet\u0171)konstrukci\u00f3it m\u00e1sf\u00e9l-k\u00e9t\u00e9ves sz\u00fcnet ut\u00e1n a KENY\u00c9R V\u00cdZ sorozat \u201ealaprajzai\u201d k\u00f6vetik. Az \u00e9rtelmez\u00e9si keretek, a szellemi h\u00e1tt\u00e9r megv\u00e1ltoz\u00e1sa t\u00f6bbletjelent\u00e9st ad a rejt\u0151zk\u00f6d\u0151 r\u00e9tegek fest\u00e9kporral el\u0151h\u00edvott, mint\u00e1zatba \u00f6sszekapcsol\u00f3d\u00f3 r\u00e9szleteinek. A foszf\u00e9njelek \u201eformaadatt\u00e1ra\u201d, a VALAMI enigm\u00e1ja \u00e1tadja a hely\u00e9t a KENY\u00c9R \u00e9s V\u00cdZ bizonyoss\u00e1g\u00e1nak.<\/p>\n<p class=\"leiras-l-2\">A G\u00e9mes P\u00e9ternek aj\u00e1nlott Le Mans-i anzix (1997) egym\u00e1sra cs\u00fasztatott \u00e9s kivet\u00edtett di\u00e1inak egym\u00e1sra rajzol\u00e1sa id\u0151- \u00e9s t\u00e9rz\u00e1rv\u00e1nyk\u00e9nt s\u0171r\u00edtve mutatja T\u00fcrk szem\u00e9vel mindazt, amit a m\u0171v\u00e9szt\u00e1rs G\u00e9mes m\u00e1r nem l\u00e1thatott, mivel betegs\u00e9ge miatt nem tudott r\u00e9szt venni a k\u00f6z\u00f6s franciaorsz\u00e1gi ki\u00e1ll\u00edt\u00e1son (<em>Dix artistes hongrois, Abbaye de l\u2019Epau,<\/em> 1994).<\/p>\n<p class=\"leiras-l-2\">A <em>S\u00e1rga g\u00f6rbe b\u00f6gre k\u00f6rbe<\/em> T\u00fcrk utols\u00f3 munk\u00e1ja 2015-b\u0151l, amelyben visszat\u00e9r az \u0151t eg\u00e9sz \u00e9letm\u0171v\u00e9ben foglalkoztat\u00f3 gy\u0171r\u00e9ses, a \u201eg\u00f6rbe s\u00edkot\u201d kiter\u00edt\u0151 technik\u00e1hoz.<\/p>\n<p class=\"kepalir-1r\">Sz\u00e1zados L\u00e1szl\u00f3<\/p>\n[\/vc_column_text][\/vc_column][\/vc_row][vc_row type=&#8221;full_width_content&#8221; full_screen_row_position=&#8221;middle&#8221; column_margin=&#8221;default&#8221; column_direction=&#8221;default&#8221; column_direction_tablet=&#8221;default&#8221; column_direction_phone=&#8221;default&#8221; scene_position=&#8221;center&#8221; text_color=&#8221;dark&#8221; text_align=&#8221;left&#8221; row_border_radius=&#8221;none&#8221; row_border_radius_applies=&#8221;bg&#8221; overlay_strength=&#8221;0.3&#8243; gradient_direction=&#8221;left_to_right&#8221; shape_divider_position=&#8221;bottom&#8221; bg_image_animation=&#8221;none&#8221; shape_type=&#8221;&#8221;][vc_column column_padding=&#8221;no-extra-padding&#8221; column_padding_tablet=&#8221;inherit&#8221; column_padding_phone=&#8221;inherit&#8221; column_padding_position=&#8221;right&#8221; column_element_spacing=&#8221;default&#8221; background_color_opacity=&#8221;1&#8243; background_hover_color_opacity=&#8221;1&#8243; column_shadow=&#8221;none&#8221; column_border_radius=&#8221;none&#8221; column_link_target=&#8221;_self&#8221; gradient_direction=&#8221;left_to_right&#8221; overlay_strength=&#8221;0.3&#8243; width=&#8221;1\/1&#8243; tablet_width_inherit=&#8221;default&#8221; tablet_text_alignment=&#8221;default&#8221; phone_text_alignment=&#8221;default&#8221; bg_image_animation=&#8221;none&#8221; border_type=&#8221;simple&#8221; column_border_width=&#8221;none&#8221; column_border_style=&#8221;solid&#8221;][divider line_type=&#8221;No Line&#8221; custom_height=&#8221;35&#8243;][image_with_animation image_url=&#8221;11572&#8243; animation=&#8221;Fade In&#8221; hover_animation=&#8221;none&#8221; alignment=&#8221;center&#8221; img_link_large=&#8221;yes&#8221; border_radius=&#8221;none&#8221; box_shadow=&#8221;none&#8221; image_loading=&#8221;default&#8221; max_width=&#8221;100%&#8221; max_width_mobile=&#8221;default&#8221; el_class=&#8221;full-img&#8221;][\/vc_column][\/vc_row][vc_row type=&#8221;full_width_content&#8221; full_screen_row_position=&#8221;middle&#8221; column_margin=&#8221;default&#8221; column_direction=&#8221;default&#8221; column_direction_tablet=&#8221;default&#8221; column_direction_phone=&#8221;default&#8221; scene_position=&#8221;center&#8221; text_color=&#8221;dark&#8221; text_align=&#8221;left&#8221; row_border_radius=&#8221;none&#8221; row_border_radius_applies=&#8221;bg&#8221; class=&#8221;full-5-25&#8243; overlay_strength=&#8221;0.3&#8243; gradient_direction=&#8221;left_to_right&#8221; shape_divider_position=&#8221;bottom&#8221; bg_image_animation=&#8221;none&#8221; shape_type=&#8221;&#8221;][vc_column column_padding=&#8221;no-extra-padding&#8221; column_padding_tablet=&#8221;inherit&#8221; column_padding_phone=&#8221;inherit&#8221; column_padding_position=&#8221;right&#8221; column_element_spacing=&#8221;default&#8221; background_color_opacity=&#8221;1&#8243; background_hover_color_opacity=&#8221;1&#8243; column_shadow=&#8221;none&#8221; column_border_radius=&#8221;none&#8221; column_link_target=&#8221;_self&#8221; gradient_direction=&#8221;left_to_right&#8221; overlay_strength=&#8221;0.3&#8243; width=&#8221;1\/1&#8243; tablet_width_inherit=&#8221;default&#8221; tablet_text_alignment=&#8221;default&#8221; phone_text_alignment=&#8221;default&#8221; bg_image_animation=&#8221;none&#8221; border_type=&#8221;simple&#8221; column_border_width=&#8221;none&#8221; column_border_style=&#8221;solid&#8221;][divider line_type=&#8221;No Line&#8221; custom_height=&#8221;80&#8243;][image_with_animation image_url=&#8221;11574&#8243; animation=&#8221;Fade In&#8221; hover_animation=&#8221;none&#8221; alignment=&#8221;center&#8221; img_link_large=&#8221;yes&#8221; border_radius=&#8221;none&#8221; box_shadow=&#8221;none&#8221; image_loading=&#8221;default&#8221; max_width=&#8221;100%&#8221; max_width_mobile=&#8221;default&#8221; el_class=&#8221;full-img&#8221;][vc_column_text]\n<p class=\"kepalir-1r\">T\u00fcrk P\u00e9ter: <em>S\u00e1rga g\u00f6rbe b\u00f6gre k\u00f6rbe,<\/em> 2015, gy\u0171rt keny\u00e9rpap\u00edr, \u00fcveg<\/p>\n[\/vc_column_text][\/vc_column][\/vc_row][vc_row type=&#8221;full_width_content&#8221; full_screen_row_position=&#8221;middle&#8221; column_margin=&#8221;default&#8221; column_direction=&#8221;default&#8221; column_direction_tablet=&#8221;default&#8221; column_direction_phone=&#8221;default&#8221; scene_position=&#8221;center&#8221; text_color=&#8221;dark&#8221; text_align=&#8221;left&#8221; row_border_radius=&#8221;none&#8221; row_border_radius_applies=&#8221;bg&#8221; overlay_strength=&#8221;0.3&#8243; gradient_direction=&#8221;left_to_right&#8221; shape_divider_position=&#8221;bottom&#8221; bg_image_animation=&#8221;none&#8221; shape_type=&#8221;&#8221;][vc_column column_padding=&#8221;no-extra-padding&#8221; column_padding_tablet=&#8221;inherit&#8221; column_padding_phone=&#8221;inherit&#8221; column_padding_position=&#8221;right&#8221; column_element_spacing=&#8221;default&#8221; background_color_opacity=&#8221;1&#8243; background_hover_color_opacity=&#8221;1&#8243; column_shadow=&#8221;none&#8221; column_border_radius=&#8221;none&#8221; column_link_target=&#8221;_self&#8221; gradient_direction=&#8221;left_to_right&#8221; overlay_strength=&#8221;0.3&#8243; width=&#8221;1\/1&#8243; tablet_width_inherit=&#8221;default&#8221; tablet_text_alignment=&#8221;default&#8221; phone_text_alignment=&#8221;default&#8221; bg_image_animation=&#8221;none&#8221; border_type=&#8221;simple&#8221; column_border_width=&#8221;none&#8221; column_border_style=&#8221;solid&#8221;][divider line_type=&#8221;No Line&#8221; custom_height=&#8221;80&#8243;][image_with_animation image_url=&#8221;11570&#8243; animation=&#8221;Fade In&#8221; hover_animation=&#8221;none&#8221; alignment=&#8221;center&#8221; img_link_large=&#8221;yes&#8221; border_radius=&#8221;none&#8221; box_shadow=&#8221;none&#8221; image_loading=&#8221;default&#8221; max_width=&#8221;100%&#8221; max_width_mobile=&#8221;default&#8221; el_class=&#8221;full-img&#8221;][vc_column_text]\n<p class=\"kepalir-1r-full\">T\u00fcrk P\u00e9ter: <em>Le Mans-i \u00fatirajzok G\u00e9mes P\u00e9ternek,<\/em> 1997, pap\u00edr, toll<\/p>\n[\/vc_column_text][\/vc_column][\/vc_row][vc_row type=&#8221;in_container&#8221; full_screen_row_position=&#8221;middle&#8221; column_margin=&#8221;default&#8221; column_direction=&#8221;default&#8221; column_direction_tablet=&#8221;default&#8221; column_direction_phone=&#8221;default&#8221; scene_position=&#8221;center&#8221; text_color=&#8221;dark&#8221; text_align=&#8221;center&#8221; row_border_radius=&#8221;none&#8221; row_border_radius_applies=&#8221;bg&#8221; class=&#8221;cont-20-0&#8243; overlay_strength=&#8221;0.3&#8243; gradient_direction=&#8221;left_to_right&#8221; shape_divider_position=&#8221;bottom&#8221; bg_image_animation=&#8221;none&#8221; shape_type=&#8221;&#8221;][vc_column column_padding=&#8221;no-extra-padding&#8221; column_padding_tablet=&#8221;inherit&#8221; column_padding_phone=&#8221;inherit&#8221; column_padding_position=&#8221;left-right&#8221; column_element_spacing=&#8221;default&#8221; background_color_opacity=&#8221;1&#8243; background_hover_color_opacity=&#8221;1&#8243; column_shadow=&#8221;none&#8221; column_border_radius=&#8221;none&#8221; column_link_target=&#8221;_self&#8221; gradient_direction=&#8221;left_to_right&#8221; overlay_strength=&#8221;0.3&#8243; width=&#8221;1\/1&#8243; tablet_width_inherit=&#8221;default&#8221; tablet_text_alignment=&#8221;default&#8221; phone_text_alignment=&#8221;default&#8221; bg_image_animation=&#8221;none&#8221; border_type=&#8221;simple&#8221; column_border_width=&#8221;none&#8221; column_border_style=&#8221;solid&#8221;][divider line_type=&#8221;No Line&#8221; custom_height=&#8221;120&#8243;][vc_column_text]<div class=\"pt-cv-wrapper\"><div class=\"pt-cv-view pt-cv-grid pt-cv-colsys pt-cv-content-hover pt-cv-clickable effect-lr pt-cv-overlay-middle\" id=\"pt-cv-view-bb0b9f27et\"><div data-id=\"pt-cv-page-1\" class=\"pt-cv-page\" data-cvc=\"5\"><div class=\"col-md-2 col-sm-6 col-xs-6 pt-cv-content-item pt-cv-1-col\"  data-pid=\"10288\"><div class='pt-cv-ifield'><a href=\"https:\/\/balkon.art\/home\/online-2018\/turk-peter-minden-nem-latszik-1\/\" class=\"_self pt-cv-href-thumbnail pt-cv-thumb-default cvplbd\" target=\"_self\" ><img loading=\"lazy\" decoding=\"async\" width=\"600\" height=\"403\" src=\"https:\/\/balkon.art\/home\/ba-app\/uploads\/2018\/06\/balkon-turk-peter-01-fb-600x403.jpg\" class=\"pt-cv-thumbnail img-none\" alt=\"&lt;em&gt;minden nem l\u00e1tszik&lt;\/em&gt; \u2013 T\u00dcRK P\u00c9TER (1943\u20132015) \u00e9letm\u0171ki\u00e1ll\u00edt\u00e1sa | 1\" srcset=\"https:\/\/balkon.art\/home\/ba-app\/uploads\/2018\/06\/balkon-turk-peter-01-fb-600x403.jpg 600w, https:\/\/balkon.art\/home\/ba-app\/uploads\/2018\/06\/balkon-turk-peter-01-fb-400x269.jpg 400w\" sizes=\"auto, (max-width: 600px) 100vw, 600px\" \/><\/a><\/div><\/div>\n<div class=\"col-md-2 col-sm-6 col-xs-6 pt-cv-content-item pt-cv-1-col\"  data-pid=\"10566\"><div class='pt-cv-ifield'><a href=\"https:\/\/balkon.art\/home\/online-2018\/turk-peter-minden-nem-latszik-2\/\" class=\"_self pt-cv-href-thumbnail pt-cv-thumb-default cvplbd\" target=\"_self\" ><img loading=\"lazy\" decoding=\"async\" width=\"600\" height=\"403\" src=\"https:\/\/balkon.art\/home\/ba-app\/uploads\/2018\/07\/balkon-turk-peter-kert-fb-600x403.jpg\" class=\"pt-cv-thumbnail img-none\" alt=\"&lt;em&gt;minden nem l\u00e1tszik&lt;\/em&gt; \u2013 T\u00dcRK P\u00c9TER (1943\u20132015) \u00e9letm\u0171ki\u00e1ll\u00edt\u00e1sa | 2\" srcset=\"https:\/\/balkon.art\/home\/ba-app\/uploads\/2018\/07\/balkon-turk-peter-kert-fb-600x403.jpg 600w, https:\/\/balkon.art\/home\/ba-app\/uploads\/2018\/07\/balkon-turk-peter-kert-fb-400x269.jpg 400w\" sizes=\"auto, (max-width: 600px) 100vw, 600px\" \/><\/a><\/div><\/div>\n<div class=\"col-md-2 col-sm-6 col-xs-6 pt-cv-content-item pt-cv-1-col\"  data-pid=\"10677\"><div class='pt-cv-ifield'><a href=\"https:\/\/balkon.art\/home\/online-2018\/turk-peter-minden-nem-latszik-3\/\" class=\"_self pt-cv-href-thumbnail pt-cv-thumb-default cvplbd\" target=\"_self\" ><img loading=\"lazy\" decoding=\"async\" width=\"600\" height=\"403\" src=\"https:\/\/balkon.art\/home\/ba-app\/uploads\/2018\/07\/Ibalkon-turk-peter-technikai-kiserletek-fb-600x403.jpg\" class=\"pt-cv-thumbnail img-none\" alt=\"&lt;em&gt;minden nem l\u00e1tszik&lt;\/em&gt; \u2013 T\u00dcRK P\u00c9TER (1943\u20132015) \u00e9letm\u0171ki\u00e1ll\u00edt\u00e1sa | 3\" srcset=\"https:\/\/balkon.art\/home\/ba-app\/uploads\/2018\/07\/Ibalkon-turk-peter-technikai-kiserletek-fb-600x403.jpg 600w, https:\/\/balkon.art\/home\/ba-app\/uploads\/2018\/07\/Ibalkon-turk-peter-technikai-kiserletek-fb-400x269.jpg 400w\" sizes=\"auto, (max-width: 600px) 100vw, 600px\" \/><\/a><\/div><\/div>\n<div class=\"col-md-2 col-sm-6 col-xs-6 pt-cv-content-item pt-cv-1-col\"  data-pid=\"10752\"><div class='pt-cv-ifield'><a href=\"https:\/\/balkon.art\/home\/online-2018\/turk-peter-minden-nem-latszik-4\/\" class=\"_self pt-cv-href-thumbnail pt-cv-thumb-default cvplbd\" target=\"_self\" ><img loading=\"lazy\" decoding=\"async\" width=\"600\" height=\"403\" src=\"https:\/\/balkon.art\/home\/ba-app\/uploads\/2018\/07\/balkon-turk-peter-koncept-fb-600x403.jpg\" class=\"pt-cv-thumbnail img-none\" alt=\"&lt;em&gt;minden nem l\u00e1tszik&lt;\/em&gt; \u2013 T\u00dcRK P\u00c9TER (1943\u20132015) \u00e9letm\u0171ki\u00e1ll\u00edt\u00e1sa | 4\" srcset=\"https:\/\/balkon.art\/home\/ba-app\/uploads\/2018\/07\/balkon-turk-peter-koncept-fb-600x403.jpg 600w, https:\/\/balkon.art\/home\/ba-app\/uploads\/2018\/07\/balkon-turk-peter-koncept-fb-400x269.jpg 400w\" sizes=\"auto, (max-width: 600px) 100vw, 600px\" \/><\/a><\/div><\/div>\n<div class=\"col-md-4 col-sm-6 col-xs-6 pt-cv-content-item pt-cv-1-col\"  data-pid=\"11151\"><div class='pt-cv-ifield'><a href=\"https:\/\/balkon.art\/home\/online-2018\/turk-peter-minden-nem-latszik-5\/\" class=\"_self pt-cv-href-thumbnail pt-cv-thumb-default cvplbd\" target=\"_self\" ><img loading=\"lazy\" decoding=\"async\" width=\"600\" height=\"403\" src=\"https:\/\/balkon.art\/home\/ba-app\/uploads\/2018\/07\/balkon-turk-peter-koncept-foto-fb-600x403.jpg\" class=\"pt-cv-thumbnail img-none\" alt=\"&lt;em&gt;minden nem l\u00e1tszik&lt;\/em&gt; \u2013 T\u00dcRK P\u00c9TER (1943\u20132015) \u00e9letm\u0171ki\u00e1ll\u00edt\u00e1sa | 5\" srcset=\"https:\/\/balkon.art\/home\/ba-app\/uploads\/2018\/07\/balkon-turk-peter-koncept-foto-fb-600x403.jpg 600w, https:\/\/balkon.art\/home\/ba-app\/uploads\/2018\/07\/balkon-turk-peter-koncept-foto-fb-400x269.jpg 400w\" sizes=\"auto, (max-width: 600px) 100vw, 600px\" \/><\/a><\/div><\/div>\n<div class=\"col-md-2 col-sm-6 col-xs-6 pt-cv-content-item pt-cv-1-col\"  data-pid=\"11360\"><div class='pt-cv-ifield'><a href=\"https:\/\/balkon.art\/home\/online-2018\/turk-peter-minden-nem-latszik-6\/\" class=\"_self pt-cv-href-thumbnail pt-cv-thumb-default cvplbd\" target=\"_self\" ><img loading=\"lazy\" decoding=\"async\" width=\"600\" height=\"403\" src=\"https:\/\/balkon.art\/home\/ba-app\/uploads\/2018\/07\/pszichogramok-fb-600x403.jpg\" class=\"pt-cv-thumbnail img-none\" alt=\"&lt;em&gt;minden nem l\u00e1tszik&lt;\/em&gt; \u2013 T\u00dcRK P\u00c9TER (1943\u20132015) \u00e9letm\u0171ki\u00e1ll\u00edt\u00e1sa | 6\" srcset=\"https:\/\/balkon.art\/home\/ba-app\/uploads\/2018\/07\/pszichogramok-fb-600x403.jpg 600w, https:\/\/balkon.art\/home\/ba-app\/uploads\/2018\/07\/pszichogramok-fb-400x269.jpg 400w\" sizes=\"auto, (max-width: 600px) 100vw, 600px\" \/><\/a><\/div><\/div>\n<div class=\"col-md-2 col-sm-6 col-xs-6 pt-cv-content-item pt-cv-1-col\"  data-pid=\"11544\"><div class='pt-cv-ifield'><a href=\"https:\/\/balkon.art\/home\/online-2018\/turk-peter-minden-nem-latszik-7\/\" class=\"_self pt-cv-href-thumbnail pt-cv-thumb-default cvplbd\" target=\"_self\" ><img loading=\"lazy\" decoding=\"async\" width=\"600\" height=\"403\" src=\"https:\/\/balkon.art\/home\/ba-app\/uploads\/2018\/07\/balkon-turk-peter-07-fb-600x403.jpg\" class=\"pt-cv-thumbnail img-none\" alt=\"&lt;em&gt;minden nem l\u00e1tszik&lt;\/em&gt; \u2013 T\u00dcRK P\u00c9TER (1943\u20132015) \u00e9letm\u0171ki\u00e1ll\u00edt\u00e1sa | 7\" srcset=\"https:\/\/balkon.art\/home\/ba-app\/uploads\/2018\/07\/balkon-turk-peter-07-fb-600x403.jpg 600w, https:\/\/balkon.art\/home\/ba-app\/uploads\/2018\/07\/balkon-turk-peter-07-fb-400x269.jpg 400w\" sizes=\"auto, (max-width: 600px) 100vw, 600px\" \/><\/a><\/div><\/div>\n<div class=\"col-md-2 col-sm-6 col-xs-6 pt-cv-content-item pt-cv-1-col\"  data-pid=\"11583\"><div class='pt-cv-ifield'><a href=\"https:\/\/balkon.art\/home\/online-2018\/turk-peter-minden-nem-latszik-8\/\" class=\"_self pt-cv-href-thumbnail pt-cv-thumb-default cvplbd\" target=\"_self\" ><img loading=\"lazy\" decoding=\"async\" width=\"600\" height=\"403\" src=\"https:\/\/balkon.art\/home\/ba-app\/uploads\/2018\/07\/balkon-turk-peter-08-fb1-600x403.jpg\" class=\"pt-cv-thumbnail img-none\" alt=\"&lt;em&gt;minden nem l\u00e1tszik&lt;\/em&gt; \u2013 T\u00dcRK P\u00c9TER (1943\u20132015) \u00e9letm\u0171ki\u00e1ll\u00edt\u00e1sa | 8\" srcset=\"https:\/\/balkon.art\/home\/ba-app\/uploads\/2018\/07\/balkon-turk-peter-08-fb1-600x403.jpg 600w, https:\/\/balkon.art\/home\/ba-app\/uploads\/2018\/07\/balkon-turk-peter-08-fb1-400x269.jpg 400w\" sizes=\"auto, (max-width: 600px) 100vw, 600px\" \/><\/a><\/div><\/div>\n<div class=\"col-md-2 col-sm-6 col-xs-6 pt-cv-content-item pt-cv-1-col\"  data-pid=\"11607\"><div class='pt-cv-ifield'><a href=\"https:\/\/balkon.art\/home\/online-2018\/turk-peter-minden-nem-latszik-9\/\" class=\"_self pt-cv-href-thumbnail pt-cv-thumb-default cvplbd\" target=\"_self\" ><img loading=\"lazy\" decoding=\"async\" width=\"600\" height=\"403\" src=\"https:\/\/balkon.art\/home\/ba-app\/uploads\/2018\/07\/balkon-turk-peter-09-fb-600x403.jpg\" class=\"pt-cv-thumbnail img-none\" alt=\"&lt;em&gt;minden nem l\u00e1tszik&lt;\/em&gt; \u2013 T\u00dcRK P\u00c9TER (1943\u20132015) \u00e9letm\u0171ki\u00e1ll\u00edt\u00e1sa | 9\" srcset=\"https:\/\/balkon.art\/home\/ba-app\/uploads\/2018\/07\/balkon-turk-peter-09-fb-600x403.jpg 600w, https:\/\/balkon.art\/home\/ba-app\/uploads\/2018\/07\/balkon-turk-peter-09-fb-400x269.jpg 400w\" sizes=\"auto, (max-width: 600px) 100vw, 600px\" \/><\/a><\/div><\/div>\n<div class=\"col-md-4 col-sm-6 col-xs-6 pt-cv-content-item pt-cv-1-col\"  data-pid=\"11767\"><div class='pt-cv-ifield'><a href=\"https:\/\/balkon.art\/home\/online-2018\/turk-peter-minden-nem-latszik-10\/\" class=\"_self pt-cv-href-thumbnail pt-cv-thumb-default cvplbd\" target=\"_self\" ><img loading=\"lazy\" decoding=\"async\" width=\"600\" height=\"403\" src=\"https:\/\/balkon.art\/home\/ba-app\/uploads\/2018\/07\/balkon-turk-peter-10-fb-600x403.jpg\" class=\"pt-cv-thumbnail img-none\" alt=\"&lt;em&gt;minden nem l\u00e1tszik&lt;\/em&gt; \u2013 T\u00dcRK P\u00c9TER (1943\u20132015) \u00e9letm\u0171ki\u00e1ll\u00edt\u00e1sa | 10\" srcset=\"https:\/\/balkon.art\/home\/ba-app\/uploads\/2018\/07\/balkon-turk-peter-10-fb-600x403.jpg 600w, https:\/\/balkon.art\/home\/ba-app\/uploads\/2018\/07\/balkon-turk-peter-10-fb-400x269.jpg 400w\" sizes=\"auto, (max-width: 600px) 100vw, 600px\" \/><\/a><\/div><\/div><\/div><\/div><\/div>\t\t\t<style type=\"text\/css\" id=\"pt-cv-inline-style-c772b5bgj4\">#pt-cv-view-bb0b9f27et .pt-cv-content-item { padding-bottom: 30px !important; }\n#pt-cv-view-bb0b9f27et  .pt-cv-ifield   { border-radius: 10px 10px 0px 0px !important; }\n#pt-cv-view-bb0b9f27et .pt-cv-title a, #pt-cv-view-bb0b9f27et  .panel-title { font-weight: 600 !important; }\n#pt-cv-view-bb0b9f27et  .pt-cv-hover-wrapper::before   { background-color: rgba(0,0,0,.3) !important; }\n#pt-cv-view-bb0b9f27et  .pt-cv-content-item:hover .pt-cv-hover-wrapper::before   { background-color: rgba(51,51,51,.6) !important; }\n#pt-cv-view-bb0b9f27et:not(.pt-cv-nohover) .pt-cv-mask *   { color: #fff; }\n#pt-cv-view-bb0b9f27et .pt-cv-readmore  { color: #ffffff !important; background-color: #00aeef !important; }\n#pt-cv-view-bb0b9f27et .pt-cv-readmore:hover  { color: #ffffff !important; background-color: #00aeef !important; }<\/style>\r\n\t\t\t[\/vc_column_text][divider line_type=&#8221;No Line&#8221; custom_height=&#8221;60&#8243;][nectar_icon icon_family=&#8221;fontawesome&#8221; icon_style=&#8221;border-animation&#8221; icon_border_thickness=&#8221;1px&#8221; icon_color_type=&#8221;color_scheme&#8221; icon_color=&#8221;Accent-Color&#8221; icon_padding=&#8221;10px&#8221; icon_fontawesome=&#8221;fa fa-list&#8221; icon_size=&#8221;30&#8243; url=&#8221;https:\/\/balkon.art\/home\/minden-nem-latszik-turk-peter-1943-2015-eletmukiallitasa\/&#8221;][\/vc_column][\/vc_row][vc_row type=&#8221;full_width_content&#8221; full_screen_row_position=&#8221;middle&#8221; column_margin=&#8221;default&#8221; vertically_center_columns=&#8221;true&#8221; column_direction=&#8221;default&#8221; column_direction_tablet=&#8221;default&#8221; column_direction_phone=&#8221;default&#8221; scene_position=&#8221;center&#8221; text_color=&#8221;dark&#8221; text_align=&#8221;center&#8221; row_border_radius=&#8221;none&#8221; row_border_radius_applies=&#8221;bg&#8221; color_overlay=&#8221;rgba(255,255,255,0.92)&#8221; overlay_strength=&#8221;0.95&#8243; gradient_direction=&#8221;left_to_right&#8221; shape_divider_position=&#8221;bottom&#8221; bg_image_animation=&#8221;none&#8221; shape_type=&#8221;&#8221;][vc_column column_padding=&#8221;no-extra-padding&#8221; column_padding_tablet=&#8221;inherit&#8221; column_padding_phone=&#8221;inherit&#8221; column_padding_position=&#8221;all&#8221; column_element_spacing=&#8221;default&#8221; background_color_opacity=&#8221;1&#8243; background_hover_color_opacity=&#8221;1&#8243; column_shadow=&#8221;none&#8221; column_border_radius=&#8221;none&#8221; column_link_target=&#8221;_self&#8221; el_class=&#8221;p-3-3&#8243; gradient_direction=&#8221;left_to_right&#8221; overlay_strength=&#8221;0.3&#8243; width=&#8221;1\/1&#8243; tablet_width_inherit=&#8221;default&#8221; tablet_text_alignment=&#8221;default&#8221; phone_text_alignment=&#8221;default&#8221; bg_image_animation=&#8221;none&#8221; border_type=&#8221;simple&#8221; column_border_width=&#8221;none&#8221; column_border_style=&#8221;solid&#8221;]<div class=\"sharing-default-minimal\"><div class=\"nectar-social default\" data-position=\"left\" data-color-override=\"override\"><div class=\"nectar-social-inner\"><a class='facebook-share nectar-sharing' href='#' title='Share this'>  <i class='fa fa-facebook'><\/i> <span class='social-text'>Share<\/span> <\/a><a class='twitter-share nectar-sharing' href='#' title='Share this'> <i class='fa icon-salient-x-twitter'><\/i> <span class='social-text'>Share<\/span> <\/a><a class='pinterest-share nectar-sharing' href='#' title='Pin this'> <i class='fa fa-pinterest'><\/i> <span class='social-text'>Pin<\/span> <\/a><\/div><\/div><\/div>[\/vc_column][\/vc_row]\n","protected":false},"excerpt":{"rendered":"<p>[vc_row type=&#8221;in_container&#8221; full_screen_row_position=&#8221;middle&#8221; column_margin=&#8221;default&#8221; column_direction=&#8221;default&#8221; column_direction_tablet=&#8221;default&#8221; column_direction_phone=&#8221;default&#8221; scene_position=&#8221;center&#8221; text_color=&#8221;dark&#8221; text_align=&#8221;left&#8221; row_border_radius=&#8221;none&#8221; row_border_radius_applies=&#8221;bg&#8221; overlay_strength=&#8221;0.3&#8243; gradient_direction=&#8221;left_to_right&#8221; shape_divider_position=&#8221;bottom&#8221; bg_image_animation=&#8221;none&#8221;][vc_column column_padding=&#8221;no-extra-padding&#8221; column_padding_tablet=&#8221;inherit&#8221; column_padding_phone=&#8221;inherit&#8221; column_padding_position=&#8221;all&#8221; column_element_spacing=&#8221;default&#8221; background_color_opacity=&#8221;1&#8243; background_hover_color_opacity=&#8221;1&#8243; column_shadow=&#8221;none&#8221; column_border_radius=&#8221;none&#8221; column_link_target=&#8221;_self&#8221; gradient_direction=&#8221;left_to_right&#8221; overlay_strength=&#8221;0.3&#8243; width=&#8221;1\/1&#8243; tablet_width_inherit=&#8221;default&#8221;&#8230;<\/p>\n","protected":false},"author":1,"featured_media":11581,"parent":6816,"menu_order":11,"comment_status":"closed","ping_status":"closed","template":"","meta":{"_acf_changed":false,"h5ap_radio_sources":[],"footnotes":""},"page_kiemeles":[],"page_online-evek":[],"class_list":["post-11544","page","type-page","status-publish","has-post-thumbnail"],"acf":[],"_links":{"self":[{"href":"https:\/\/balkon.art\/home\/wp-json\/wp\/v2\/pages\/11544","targetHints":{"allow":["GET"]}}],"collection":[{"href":"https:\/\/balkon.art\/home\/wp-json\/wp\/v2\/pages"}],"about":[{"href":"https:\/\/balkon.art\/home\/wp-json\/wp\/v2\/types\/page"}],"author":[{"embeddable":true,"href":"https:\/\/balkon.art\/home\/wp-json\/wp\/v2\/users\/1"}],"replies":[{"embeddable":true,"href":"https:\/\/balkon.art\/home\/wp-json\/wp\/v2\/comments?post=11544"}],"version-history":[{"count":0,"href":"https:\/\/balkon.art\/home\/wp-json\/wp\/v2\/pages\/11544\/revisions"}],"up":[{"embeddable":true,"href":"https:\/\/balkon.art\/home\/wp-json\/wp\/v2\/pages\/6816"}],"wp:featuredmedia":[{"embeddable":true,"href":"https:\/\/balkon.art\/home\/wp-json\/wp\/v2\/media\/11581"}],"wp:attachment":[{"href":"https:\/\/balkon.art\/home\/wp-json\/wp\/v2\/media?parent=11544"}],"wp:term":[{"taxonomy":"page_kiemeles","embeddable":true,"href":"https:\/\/balkon.art\/home\/wp-json\/wp\/v2\/page_kiemeles?post=11544"},{"taxonomy":"page_online-evek","embeddable":true,"href":"https:\/\/balkon.art\/home\/wp-json\/wp\/v2\/page_online-evek?post=11544"}],"curies":[{"name":"wp","href":"https:\/\/api.w.org\/{rel}","templated":true}]}}