{"id":10288,"date":"2018-07-09T08:00:08","date_gmt":"2018-07-09T06:00:08","guid":{"rendered":"https:\/\/balkon.art\/home\/?page_id=10288"},"modified":"2021-10-09T00:33:45","modified_gmt":"2021-10-08T22:33:45","slug":"turk-peter-minden-nem-latszik-1","status":"publish","type":"page","link":"https:\/\/balkon.art\/home\/online-2018\/turk-peter-minden-nem-latszik-1\/","title":{"rendered":"<em>minden nem l\u00e1tszik<\/em> \u2013 T\u00dcRK P\u00c9TER (1943\u20132015) \u00e9letm\u0171ki\u00e1ll\u00edt\u00e1sa | 1"},"content":{"rendered":"[vc_row type=&#8221;in_container&#8221; full_screen_row_position=&#8221;middle&#8221; column_margin=&#8221;default&#8221; column_direction=&#8221;default&#8221; column_direction_tablet=&#8221;default&#8221; column_direction_phone=&#8221;default&#8221; scene_position=&#8221;center&#8221; text_color=&#8221;dark&#8221; text_align=&#8221;left&#8221; row_border_radius=&#8221;none&#8221; row_border_radius_applies=&#8221;bg&#8221; overlay_strength=&#8221;0.3&#8243; gradient_direction=&#8221;left_to_right&#8221; shape_divider_position=&#8221;bottom&#8221; bg_image_animation=&#8221;none&#8221;][vc_column column_padding=&#8221;no-extra-padding&#8221; column_padding_tablet=&#8221;inherit&#8221; column_padding_phone=&#8221;inherit&#8221; column_padding_position=&#8221;all&#8221; column_element_spacing=&#8221;default&#8221; background_color_opacity=&#8221;1&#8243; background_hover_color_opacity=&#8221;1&#8243; column_shadow=&#8221;none&#8221; column_border_radius=&#8221;none&#8221; column_link_target=&#8221;_self&#8221; gradient_direction=&#8221;left_to_right&#8221; overlay_strength=&#8221;0.3&#8243; width=&#8221;1\/1&#8243; tablet_width_inherit=&#8221;default&#8221; tablet_text_alignment=&#8221;default&#8221; phone_text_alignment=&#8221;default&#8221; bg_image_animation=&#8221;none&#8221; border_type=&#8221;simple&#8221; column_border_width=&#8221;none&#8221; column_border_style=&#8221;solid&#8221;][divider line_type=&#8221;No Line&#8221; custom_height=&#8221;25&#8243;][vc_column_text]\n<p class=\"str-title-3\">1<\/p>\n<h3 class=\"title-1\"><em>K\u00e9rd\u0151jeles akci\u00f3k<\/em> \u00e9s <em>El\u00e9v\u00fcl\u00e9si akci\u00f3k<\/em> | <span style=\"color: #000000 !important;\">1971\u201372 \u2013 1993<\/span><\/h3>\n[\/vc_column_text][divider line_type=&#8221;No Line&#8221; custom_height=&#8221;25&#8243;][vc_column_text]\n<h4>Ludwig M\u00fazeum \u2013 Kort\u00e1rs M\u0171v\u00e9szeti M\u00fazeum, Budapest<br \/>\n2018. \u00e1prilis 20 \u2013 j\u00fanius 24.<\/h4>\n[\/vc_column_text][divider line_type=&#8221;No Line&#8221; custom_height=&#8221;50&#8243;][\/vc_column][\/vc_row][vc_row type=&#8221;full_width_content&#8221; full_screen_row_position=&#8221;middle&#8221; column_margin=&#8221;default&#8221; column_direction=&#8221;default&#8221; column_direction_tablet=&#8221;default&#8221; column_direction_phone=&#8221;default&#8221; scene_position=&#8221;center&#8221; text_color=&#8221;dark&#8221; text_align=&#8221;left&#8221; row_border_radius=&#8221;none&#8221; row_border_radius_applies=&#8221;bg&#8221; class=&#8221;full-16r-2&#8243; overlay_strength=&#8221;0.3&#8243; gradient_direction=&#8221;left_to_right&#8221; shape_divider_position=&#8221;bottom&#8221; bg_image_animation=&#8221;none&#8221; shape_type=&#8221;&#8221;][vc_column column_padding=&#8221;no-extra-padding&#8221; column_padding_tablet=&#8221;inherit&#8221; column_padding_phone=&#8221;inherit&#8221; column_padding_position=&#8221;right&#8221; column_element_spacing=&#8221;default&#8221; background_color_opacity=&#8221;1&#8243; background_hover_color_opacity=&#8221;1&#8243; column_shadow=&#8221;none&#8221; column_border_radius=&#8221;none&#8221; column_link_target=&#8221;_self&#8221; gradient_direction=&#8221;left_to_right&#8221; overlay_strength=&#8221;0.3&#8243; width=&#8221;1\/1&#8243; tablet_width_inherit=&#8221;default&#8221; tablet_text_alignment=&#8221;default&#8221; phone_text_alignment=&#8221;default&#8221; bg_image_animation=&#8221;none&#8221; border_type=&#8221;simple&#8221; column_border_width=&#8221;none&#8221; column_border_style=&#8221;solid&#8221;][vc_column_text]\n<p class=\"kepalir-1l-full\">\u00a9 Fot\u00f3k: Eln Ferenc<\/p>\n[\/vc_column_text][divider line_type=&#8221;No Line&#8221; custom_height=&#8221;5&#8243;][image_with_animation image_url=&#8221;10291&#8243; animation=&#8221;Fade In&#8221; hover_animation=&#8221;none&#8221; alignment=&#8221;center&#8221; img_link_large=&#8221;yes&#8221; border_radius=&#8221;none&#8221; box_shadow=&#8221;none&#8221; image_loading=&#8221;default&#8221; max_width=&#8221;100%&#8221; max_width_mobile=&#8221;default&#8221; el_class=&#8221;full-img&#8221;][\/vc_column][\/vc_row][vc_row type=&#8221;full_width_content&#8221; full_screen_row_position=&#8221;middle&#8221; column_margin=&#8221;default&#8221; column_direction=&#8221;default&#8221; column_direction_tablet=&#8221;default&#8221; column_direction_phone=&#8221;default&#8221; scene_position=&#8221;center&#8221; text_color=&#8221;dark&#8221; text_align=&#8221;left&#8221; row_border_radius=&#8221;none&#8221; row_border_radius_applies=&#8221;bg&#8221; class=&#8221;full-16l-2&#8243; overlay_strength=&#8221;0.3&#8243; gradient_direction=&#8221;left_to_right&#8221; shape_divider_position=&#8221;bottom&#8221; bg_image_animation=&#8221;none&#8221; shape_type=&#8221;&#8221;][vc_column column_padding=&#8221;no-extra-padding&#8221; column_padding_tablet=&#8221;inherit&#8221; column_padding_phone=&#8221;inherit&#8221; column_padding_position=&#8221;left&#8221; column_element_spacing=&#8221;default&#8221; background_color_opacity=&#8221;1&#8243; background_hover_color_opacity=&#8221;1&#8243; column_shadow=&#8221;none&#8221; column_border_radius=&#8221;none&#8221; column_link_target=&#8221;_self&#8221; gradient_direction=&#8221;left_to_right&#8221; overlay_strength=&#8221;0.3&#8243; width=&#8221;1\/1&#8243; tablet_width_inherit=&#8221;default&#8221; tablet_text_alignment=&#8221;default&#8221; phone_text_alignment=&#8221;default&#8221; bg_image_animation=&#8221;none&#8221; border_type=&#8221;simple&#8221; column_border_width=&#8221;none&#8221; column_border_style=&#8221;solid&#8221;][divider line_type=&#8221;No Line&#8221; custom_height=&#8221;80&#8243;][image_with_animation image_url=&#8221;10293&#8243; animation=&#8221;Fade In&#8221; hover_animation=&#8221;none&#8221; alignment=&#8221;center&#8221; img_link_large=&#8221;yes&#8221; border_radius=&#8221;none&#8221; box_shadow=&#8221;none&#8221; image_loading=&#8221;default&#8221; max_width=&#8221;100%&#8221; max_width_mobile=&#8221;default&#8221; el_class=&#8221;full-img&#8221;][vc_column_text]\n<p class=\"kepalir-1r-full\">(jobbra) T\u00fcrk P\u00e9ter: \u201e<em>?!\u201d (K\u00e9rd\u00e9s) 1-12.,<\/em> 1971\/1993, fekete-feh\u00e9r f\u00e9nyk\u00e9pek kartonra kas\u00edrozva, Sz\u00e9pm\u0171v\u00e9szeti M\u00fazeum \u2013 Magyar Nemzeti Gal\u00e9ria<\/p>\n[\/vc_column_text][\/vc_column][\/vc_row][vc_row type=&#8221;in_container&#8221; full_screen_row_position=&#8221;middle&#8221; column_margin=&#8221;default&#8221; column_direction=&#8221;default&#8221; column_direction_tablet=&#8221;default&#8221; column_direction_phone=&#8221;default&#8221; scene_position=&#8221;center&#8221; text_color=&#8221;dark&#8221; text_align=&#8221;left&#8221; row_border_radius=&#8221;none&#8221; row_border_radius_applies=&#8221;bg&#8221; overlay_strength=&#8221;0.3&#8243; gradient_direction=&#8221;left_to_right&#8221; shape_divider_position=&#8221;bottom&#8221; bg_image_animation=&#8221;none&#8221;][vc_column column_padding=&#8221;no-extra-padding&#8221; column_padding_tablet=&#8221;inherit&#8221; column_padding_phone=&#8221;inherit&#8221; column_padding_position=&#8221;all&#8221; column_element_spacing=&#8221;default&#8221; background_color_opacity=&#8221;1&#8243; background_hover_color_opacity=&#8221;1&#8243; column_shadow=&#8221;none&#8221; column_border_radius=&#8221;none&#8221; column_link_target=&#8221;_self&#8221; gradient_direction=&#8221;left_to_right&#8221; overlay_strength=&#8221;0.3&#8243; width=&#8221;1\/1&#8243; tablet_width_inherit=&#8221;default&#8221; tablet_text_alignment=&#8221;default&#8221; phone_text_alignment=&#8221;default&#8221; bg_image_animation=&#8221;none&#8221; border_type=&#8221;simple&#8221; column_border_width=&#8221;none&#8221; column_border_style=&#8221;solid&#8221;][divider line_type=&#8221;No Line&#8221; custom_height=&#8221;60&#8243;][vc_column_text]\n<p class=\"leiras-l-2\">T\u00dcRK P\u00c9TER (1943\u20132015) a magyar neoavantg\u00e1rd 1960-as \u00e9vek m\u00e1sodik fel\u00e9ben indul\u00f3 \u201enagy gener\u00e1ci\u00f3j\u00e1nak\u201d \u00e9pp\u00fagy meghat\u00e1roz\u00f3 alakja volt, mint a kort\u00e1rs magyar szc\u00e9n\u00e1nak. K\u00f6vetkezetes \u00e9s koherens, konceptu\u00e1lis ir\u00e1nyults\u00e1g\u00fa p\u00e1ly\u00e1j\u00e1nak minden korszak\u00e1ban kiemelked\u0151 jelent\u0151s\u00e9g\u0171 m\u0171veket alkotott. Munk\u00e1ss\u00e1g\u00e1nak teljess\u00e9ge, amelyet jobb\u00e1ra csak a sz\u0171kebb szakma ismert, eddig m\u00e9g soha nem v\u00e1lt \u201e\u00f6sszeolvashat\u00f3v\u00e1\u201d, \u00e1ttekinthet\u0151v\u00e9. Elfeledett \u00e9s ismeretlen r\u00e9tegeinek gazdags\u00e1ga \u00e9s \u00f6sszetetts\u00e9ge csak a rendszerez\u0151 kutat\u00f3munka sor\u00e1n t\u00e1rult fel.<\/p>\n<p class=\"leiras-l-2\">A vil\u00e1g gazdags\u00e1g\u00e1t az emberi l\u00e9pt\u00e9kekhez igazod\u00f3 eszk\u00f6z\u00f6kkel (tudom\u00e1ny, m\u0171v\u00e9szet) felm\u00e9rni \u00e9s le\u00edrni lehetetlen. A teljess\u00e9g, a t\u00f6k\u00e9letes megfoghat\u00f3s\u00e1g kics\u00faszik a k\u00e9zb\u0151l. A v\u00e1gy azonban adott, s T\u00fcrk eset\u00e9ben is folyamatos bels\u0151 ig\u00e9ny volt: \u201eAlkatom szerint arra van hajland\u00f3s\u00e1gom, hogy a k\u00fclvil\u00e1g esem\u00e9nyeit \u00e9rzelmileg \u00e9ljem \u00e1t. A racion\u00e1lis oldalam hi\u00e1ny\u00e1t \u00e9rezve kezdtem alak\u00edtani magamat egy elemz\u0151bb gondolkod\u00e1sra. A vil\u00e1g kimer\u00edthetetlens\u00e9g\u00e9nek \u00e9rz\u00e9se azt k\u00e9nyszer\u00edti feladatomul, hogy \u00e9rtelemmel \u00e9s \u00e9rz\u00e9keimmel egyar\u00e1nt forduljak minden fel\u00e9. [\u2026]\u00a0A m\u0171v\u00e9szet gyakorlata sz\u00e1momra eszk\u00f6z \u00e9s program, amely szem\u00e9lyesebb\u00e9, \u00e1ttekinthet\u0151v\u00e9 teszi a l\u00e9tet, az \u00e9letemet. Program az\u00e9rt, mert a meg\u00fajul\u00e1somat csak rajta kereszt\u00fcl rem\u00e9lhetem.\u201d<\/p>\n<p class=\"leiras-l-2\">Ennek a \u201egyakorlatnak\u201d a sor\u00e1n p\u00e1ly\u00e1j\u00e1nak els\u0151 szakasz\u00e1ban az \u00e9lm\u00e9nyeit, bels\u0151 tapasztalatait elrendez\u0151 \u00e9rtelmez\u00e9si strukt\u00far\u00e1k \u00e9s s\u00e9m\u00e1k a tudom\u00e1ny m\u00f3dszereihez, illetve kutat\u00e1sai eredm\u00e9nyeihez k\u00f6t\u0151dtek. Egy v\u00e1ratlan \u00e9lm\u00e9ny, 1989-es istentapasztalat\u00e1nak spiritu\u00e1lis ereje azonban \u2012 m\u00e1sf\u00e9l \u00e9vre megszak\u00edtva a m\u0171v\u00e9szi alkot\u00f3munka folyamat\u00e1t \u2012 alapjaiban v\u00e1ltoztatja meg T\u00fcrk \u00e9let\u00e9t, a m\u0171v\u00e9szet\u2013tudom\u00e1ny\u2013hit viszonyrendszer hierarchi\u00e1j\u00e1r\u00f3l vallott elk\u00e9pzel\u00e9seit.<\/p>\n<p class=\"leiras-l-2\">A kor\u00e1bban st\u00edlusokban, m\u0171fajokban, egym\u00e1s mellett fut\u00f3 \u201et\u00f6rt\u00e9netekben\u201d gazdag \u00e9letm\u0171 f\u00f3kusz\u00e1ltabb\u00e1 v\u00e1lik. Egy k\u00e9rd\u00e9sk\u00f6r aspektusait 5\u201310 \u00e9ves programokban bontja ki, l\u00e1that\u00f3v\u00e1 t\u00e9ve egy rejt\u0151zk\u00f6d\u0151, de megismer\u00e9sre v\u00e1r\u00f3 \u00e9s v\u00e1gy\u00f3, transzcendens vil\u00e1got. T\u00fcrk P\u00e9ter a megtal\u00e1lt \u00f6r\u00f6k\u00e9rv\u00e9ny\u0171 viszony\u00edt\u00e1si pontnak k\u00f6sz\u00f6nhet\u0151en lev\u00e1lik a m\u0171v\u00e9szeti szc\u00e9na igazod\u00e1si \u00e9s \u00e9rv\u00e9nyes\u00fcl\u00e9si k\u00e9nyszereir\u0151l, kil\u00e9p a st\u00edluskateg\u00f3ri\u00e1k keretei k\u00f6z\u00fcl.<\/p>\n<p class=\"leiras-l-2\">N\u00e9z\u0151pontv\u00e1lt\u00e1sa \u00fagy emeli ki a h\u00e9tk\u00f6znapi vil\u00e1gb\u00f3l, hogy egyben r\u00e1 is ir\u00e1ny\u00edtja a figyelm\u00e9t. L\u00e1tsz\u00f3lag ban\u00e1lisnak t\u0171n\u0151 t\u00e1rgyak, jelens\u00e9gek k\u00e9pesek \u201egondolat-m\u00e1gnesk\u00e9nt\u201d, medit\u00e1ci\u00f3s objektumk\u00e9nt m\u0171k\u00f6dni. De \u00e9pp ezeken a h\u00e9tk\u00f6znapi \u201et\u00fcnem\u00e9nyeken\u201d kereszt\u00fcl nyitnak \u00e1tj\u00e1r\u00f3kat a koncentr\u00e1lt figyelem, a szinte \u201eemberi k\u00f6zrem\u0171k\u00f6d\u00e9s n\u00e9lk\u00fcli\u201d, \u201egenerat\u00edv\u201d k\u00e9palkot\u00e1s m\u00f3djai. T\u00fcrk sorozatainak \u00e9s l\u00e1tv\u00e1nyelemz\u00e9seinek mint\u00e1zat\u00e1ban \u00fagy sejlik fel a v\u00e9gtelen, \u201ea nem emberhez val\u00f3 t\u00f6k\u00e9letess\u00e9g\u201d, hogy k\u00f6zben szembes\u00edt korl\u00e1tainkkal is.<\/p>\n<p class=\"leiras-l-2\">N\u00e9z\u0151pontv\u00e1lt\u00e1sa \u00fagy emeli ki a h\u00e9tk\u00f6znapi vil\u00e1gb\u00f3l, hogy egyben r\u00e1 is ir\u00e1ny\u00edtja a figyelm\u00e9t. L\u00e1tsz\u00f3lag ban\u00e1lisnak t\u0171n\u0151 t\u00e1rgyak, jelens\u00e9gek k\u00e9pesek \u201egondolat-m\u00e1gnesk\u00e9nt\u201d, medit\u00e1ci\u00f3s objektumk\u00e9nt m\u0171k\u00f6dni. De \u00e9pp ezeken a h\u00e9tk\u00f6znapi \u201et\u00fcnem\u00e9nyeken\u201d kereszt\u00fcl nyitnak \u00e1tj\u00e1r\u00f3kat a koncentr\u00e1lt figyelem, a szinte \u201eemberi k\u00f6zrem\u0171k\u00f6d\u00e9s n\u00e9lk\u00fcli\u201d, \u201egenerat\u00edv\u201d k\u00e9palkot\u00e1s m\u00f3djai. T\u00fcrk sorozatainak \u00e9s l\u00e1tv\u00e1nyelemz\u00e9seinek mint\u00e1zat\u00e1ban \u00fagy sejlik fel a v\u00e9gtelen, \u201ea nem emberhez val\u00f3 t\u00f6k\u00e9letess\u00e9g\u201d, hogy k\u00f6zben szembes\u00edt korl\u00e1tainkkal is.<\/p>\n<p class=\"leiras-l-2\">Az \u00e9letm\u0171 \u00fagy v\u00e1lik sz\u00e9t a k\u00e9t \u2012 az istentapasztalat el\u0151tti \u00e9s ut\u00e1ni \u2012 peri\u00f3dusra, hogy sz\u00e1mos sz\u00e1llal k\u00f6t\u0151dnek egym\u00e1shoz benn\u00fck m\u0171vek, m\u0171csoportok. Alapbe\u00e1ll\u00edt\u00f3d\u00e1sok, szerkeszt\u00e9si elvek, r\u00e9g nem haszn\u00e1lt, de \u201esz\u00e1mon tartott\u201d mot\u00edvumok, technik\u00e1k v\u00e1ndorolnak, transzform\u00e1l\u00f3dnak \u00e1t, hasznosulnak az adott c\u00e9loknak megfelel\u0151en. A m\u0171v\u00e9szi alkat adotts\u00e1gai v\u00e1ltozatlanok: a rendszerelv\u0171s\u00e9g, az analitikus, strukt\u00far\u00e1kban, ugyanakkor sorozatokban val\u00f3 gondolkod\u00e1s jellemzi. Ezek r\u00e9v\u00e9n \u00e1lland\u00f3an jelen van az a T\u00fcrk szavaival \u00e9lve \u201e\u00e9ltet\u0151 k\u00edv\u00e1ncsis\u00e1g\u201d, amelynek fenntart\u00e1sa \u201ea l\u00e1that\u00f3 \u00e9s l\u00e1thatatlan viszonylat\u00e1ban medret teremt, ahov\u00e1 az \u00e9let bek\u00e9redzkedik\u201d.\u00a0Ki\u00e1ll\u00edt\u00e1sunkon ennek a v\u00e1ltoz\u00e9kony, de m\u00e9gis \u00e1lland\u00f3 elemeket tartalmaz\u00f3 t\u00e9r- \u00e9s id\u0151beli \u00f6sszef\u00fcgg\u00e9srendszernek a f\u0151bb alapmot\u00edvumait, ism\u00e9tl\u0151d\u0151, egym\u00e1sba alakul\u00f3 mint\u00e1zatait szeretn\u00e9nk bemutatni.<\/p>\n<p class=\"leiras-l-2\">Nagy \u00e9s \u00f6sszetett \u00e9letm\u0171 T\u00fcrk P\u00e9ter\u00e9, sok (l\u00e1tsz\u00f3lagos) ism\u00e9tl\u00e9ssel, apr\u00f3, alig \u00e9rz\u00e9kelhet\u0151 elmozdul\u00e1ssal. Mint egy bonyolult sz\u00f6v\u00e9s\u0171 sz\u0151nyeg: hozz\u00e1 kell lassulni, id\u0151t kell hagyni az egyes sz\u00e1lak, mot\u00edvumok sz\u00e9tsz\u00e1laz\u00e1s\u00e1ra, v\u00e1ndorl\u00e1suk k\u00f6vet\u00e9s\u00e9re, a gondolatmenetek megismer\u00e9s\u00e9re. De a befektetett energia megt\u00e9r\u00fcl: a m\u00e1sodik vil\u00e1gh\u00e1bor\u00fa ut\u00e1ni modern magyar k\u00e9pz\u0151m\u0171v\u00e9szet egyik legizgalmasabb, eddig kev\u00e9ss\u00e9 ismert \u00e9letm\u0171ve t\u00e1rulhat fel a figyelmes szeml\u00e9l\u0151 el\u0151tt.<\/p>\n<p class=\"kepalir-1r\">Sz\u00e1zados L\u00e1szl\u00f3<\/p>\n[\/vc_column_text][\/vc_column][\/vc_row][vc_row type=&#8221;full_width_content&#8221; full_screen_row_position=&#8221;middle&#8221; column_margin=&#8221;default&#8221; column_direction=&#8221;default&#8221; column_direction_tablet=&#8221;default&#8221; column_direction_phone=&#8221;default&#8221; scene_position=&#8221;center&#8221; text_color=&#8221;dark&#8221; text_align=&#8221;left&#8221; row_border_radius=&#8221;none&#8221; row_border_radius_applies=&#8221;bg&#8221; overlay_strength=&#8221;0.3&#8243; gradient_direction=&#8221;left_to_right&#8221; shape_divider_position=&#8221;bottom&#8221; bg_image_animation=&#8221;none&#8221; shape_type=&#8221;&#8221;][vc_column column_padding=&#8221;no-extra-padding&#8221; column_padding_tablet=&#8221;inherit&#8221; column_padding_phone=&#8221;inherit&#8221; column_padding_position=&#8221;all&#8221; column_element_spacing=&#8221;default&#8221; background_color_opacity=&#8221;1&#8243; background_hover_color_opacity=&#8221;1&#8243; column_shadow=&#8221;none&#8221; column_border_radius=&#8221;none&#8221; column_link_target=&#8221;_self&#8221; gradient_direction=&#8221;left_to_right&#8221; overlay_strength=&#8221;0.3&#8243; width=&#8221;1\/1&#8243; tablet_width_inherit=&#8221;default&#8221; tablet_text_alignment=&#8221;default&#8221; phone_text_alignment=&#8221;default&#8221; bg_image_animation=&#8221;none&#8221; border_type=&#8221;simple&#8221; column_border_width=&#8221;none&#8221; column_border_style=&#8221;solid&#8221;][divider line_type=&#8221;No Line&#8221; custom_height=&#8221;30&#8243;][image_with_animation image_url=&#8221;10295&#8243; animation=&#8221;Fade In&#8221; hover_animation=&#8221;none&#8221; alignment=&#8221;center&#8221; img_link_large=&#8221;yes&#8221; border_radius=&#8221;none&#8221; box_shadow=&#8221;none&#8221; image_loading=&#8221;default&#8221; max_width=&#8221;100%&#8221; max_width_mobile=&#8221;default&#8221; el_class=&#8221;full-img&#8221;][\/vc_column][\/vc_row][vc_row type=&#8221;full_width_content&#8221; full_screen_row_position=&#8221;middle&#8221; column_margin=&#8221;default&#8221; column_direction=&#8221;default&#8221; column_direction_tablet=&#8221;default&#8221; column_direction_phone=&#8221;default&#8221; scene_position=&#8221;center&#8221; text_color=&#8221;dark&#8221; text_align=&#8221;left&#8221; row_border_radius=&#8221;none&#8221; row_border_radius_applies=&#8221;bg&#8221; class=&#8221;full-16r-2&#8243; overlay_strength=&#8221;0.3&#8243; gradient_direction=&#8221;left_to_right&#8221; shape_divider_position=&#8221;bottom&#8221; bg_image_animation=&#8221;none&#8221; shape_type=&#8221;&#8221;][vc_column column_padding=&#8221;no-extra-padding&#8221; column_padding_tablet=&#8221;inherit&#8221; column_padding_phone=&#8221;inherit&#8221; column_padding_position=&#8221;right&#8221; column_element_spacing=&#8221;default&#8221; background_color_opacity=&#8221;1&#8243; background_hover_color_opacity=&#8221;1&#8243; column_shadow=&#8221;none&#8221; column_border_radius=&#8221;none&#8221; column_link_target=&#8221;_self&#8221; gradient_direction=&#8221;left_to_right&#8221; overlay_strength=&#8221;0.3&#8243; width=&#8221;1\/1&#8243; tablet_width_inherit=&#8221;default&#8221; tablet_text_alignment=&#8221;default&#8221; phone_text_alignment=&#8221;default&#8221; bg_image_animation=&#8221;none&#8221; border_type=&#8221;simple&#8221; column_border_width=&#8221;none&#8221; column_border_style=&#8221;solid&#8221;][divider line_type=&#8221;No Line&#8221; custom_height=&#8221;80&#8243;][image_with_animation image_url=&#8221;10299&#8243; animation=&#8221;Fade In&#8221; hover_animation=&#8221;none&#8221; alignment=&#8221;center&#8221; img_link_large=&#8221;yes&#8221; border_radius=&#8221;none&#8221; box_shadow=&#8221;none&#8221; image_loading=&#8221;default&#8221; max_width=&#8221;100%&#8221; max_width_mobile=&#8221;default&#8221; el_class=&#8221;full-img&#8221;][vc_column_text]\n<p class=\"kepalir-1r\">T\u00fcrk P\u00e9ter: <em>?! (K\u00e9rd\u0151jeles sorozat),<\/em> 1971, v\u00e1szon, valkid, pap\u00edr applik\u00e1ci\u00f3, S\u00e1r\u00e1nszki P\u00e9ter tulajdona | <em>C\u00edm n\u00e9lk\u00fcl (K\u00e9rd\u0151jeles-sorozat I-III.),<\/em> 1971, v\u00e1szon, valkid | Sz\u00e9pm\u0171v\u00e9szeti M\u00fazeum \u2013 Magyar Nemzeti Gal\u00e9ria<\/p>\n[\/vc_column_text][\/vc_column][\/vc_row][vc_row type=&#8221;full_width_content&#8221; full_screen_row_position=&#8221;middle&#8221; column_margin=&#8221;default&#8221; column_direction=&#8221;default&#8221; column_direction_tablet=&#8221;default&#8221; column_direction_phone=&#8221;default&#8221; scene_position=&#8221;center&#8221; text_color=&#8221;dark&#8221; text_align=&#8221;left&#8221; row_border_radius=&#8221;none&#8221; row_border_radius_applies=&#8221;bg&#8221; class=&#8221;full-16l-2&#8243; overlay_strength=&#8221;0.3&#8243; gradient_direction=&#8221;left_to_right&#8221; shape_divider_position=&#8221;bottom&#8221; bg_image_animation=&#8221;none&#8221; shape_type=&#8221;&#8221;][vc_column column_padding=&#8221;no-extra-padding&#8221; column_padding_tablet=&#8221;inherit&#8221; column_padding_phone=&#8221;inherit&#8221; column_padding_position=&#8221;left-right&#8221; column_element_spacing=&#8221;default&#8221; background_color_opacity=&#8221;1&#8243; background_hover_color_opacity=&#8221;1&#8243; column_shadow=&#8221;none&#8221; column_border_radius=&#8221;none&#8221; column_link_target=&#8221;_self&#8221; gradient_direction=&#8221;left_to_right&#8221; overlay_strength=&#8221;0.3&#8243; width=&#8221;1\/1&#8243; tablet_width_inherit=&#8221;default&#8221; tablet_text_alignment=&#8221;default&#8221; phone_text_alignment=&#8221;default&#8221; bg_image_animation=&#8221;none&#8221; border_type=&#8221;simple&#8221; column_border_width=&#8221;none&#8221; column_border_style=&#8221;solid&#8221;][divider line_type=&#8221;No Line&#8221; custom_height=&#8221;60&#8243;][image_with_animation image_url=&#8221;10300&#8243; animation=&#8221;Fade In&#8221; hover_animation=&#8221;none&#8221; alignment=&#8221;center&#8221; img_link_large=&#8221;yes&#8221; border_radius=&#8221;none&#8221; box_shadow=&#8221;none&#8221; image_loading=&#8221;default&#8221; max_width=&#8221;100%&#8221; max_width_mobile=&#8221;default&#8221; el_class=&#8221;full-img&#8221;][vc_column_text]\n<p class=\"kepalir-1r-full\">T\u00fcrk P\u00e9ter: <em>El\u00e9v\u00fcl\u00e9si akci\u00f3,<\/em> K\u00e1polnam\u0171terem, Balatonbogl\u00e1r, 1972. augusztus 15., Gal\u00e1ntai Gy\u00f6rgy fot\u00f3i | <em>El\u00e9v\u00fcl\u00e9si akci\u00f3,<\/em> (Balatonszepezd?) 1972 k.<\/p>\n[\/vc_column_text][\/vc_column][\/vc_row][vc_row type=&#8221;in_container&#8221; full_screen_row_position=&#8221;middle&#8221; column_margin=&#8221;default&#8221; column_direction=&#8221;default&#8221; column_direction_tablet=&#8221;default&#8221; column_direction_phone=&#8221;default&#8221; scene_position=&#8221;center&#8221; text_color=&#8221;dark&#8221; text_align=&#8221;left&#8221; row_border_radius=&#8221;none&#8221; row_border_radius_applies=&#8221;bg&#8221; overlay_strength=&#8221;0.3&#8243; gradient_direction=&#8221;left_to_right&#8221; shape_divider_position=&#8221;bottom&#8221; bg_image_animation=&#8221;none&#8221;][vc_column column_padding=&#8221;no-extra-padding&#8221; column_padding_tablet=&#8221;inherit&#8221; column_padding_phone=&#8221;inherit&#8221; column_padding_position=&#8221;all&#8221; column_element_spacing=&#8221;default&#8221; background_color_opacity=&#8221;1&#8243; background_hover_color_opacity=&#8221;1&#8243; column_shadow=&#8221;none&#8221; column_border_radius=&#8221;none&#8221; column_link_target=&#8221;_self&#8221; gradient_direction=&#8221;left_to_right&#8221; overlay_strength=&#8221;0.3&#8243; width=&#8221;1\/1&#8243; tablet_width_inherit=&#8221;default&#8221; tablet_text_alignment=&#8221;default&#8221; phone_text_alignment=&#8221;default&#8221; bg_image_animation=&#8221;none&#8221; border_type=&#8221;simple&#8221; column_border_width=&#8221;none&#8221; column_border_style=&#8221;solid&#8221;][divider line_type=&#8221;No Line&#8221; custom_height=&#8221;60&#8243;][vc_column_text]\n<h4><em>K\u00e9rd\u0151jeles akci\u00f3k<\/em> \u00e9s <em>El\u00e9v\u00fcl\u00e9si akci\u00f3k<\/em><br \/>\n1971\u201372 \u2013 1993<\/h4>\n[\/vc_column_text][divider line_type=&#8221;No Line&#8221; custom_height=&#8221;50&#8243;][vc_column_text]\n<p class=\"leiras-l-2\">A ki\u00e1ll\u00edt\u00e1s fel\u00fct\u00e9sek\u00e9nt T\u00fcrk P\u00e9ter emblematikus, vissza-visszat\u00e9r\u0151, \u201e\u00fajra\u00e9rtelmezett\u201d mot\u00edvumait (k\u00e9rd\u0151jel \u00e9s \u201eid\u0151z\u00edtett X\u201d) \u00e9s ezek vari\u00e1ci\u00f3it mutatjuk be, amelyek az \u00e9letp\u00e1lya eg\u00e9sze szempontj\u00e1b\u00f3l is t\u00f6bbletjelent\u00e9ssel b\u00edrnak.<\/p>\n<p class=\"leiras-l-2\">A r\u00f6videbb \u00e9s hosszabb fot\u00f3sorozatokon r\u00f6gz\u00edtett k\u00e9rd\u0151jeles \u00e9s el\u00e9v\u00fcl\u00e9si akci\u00f3k k\u00f6zege t\u00f6bbnyire szem\u00e9lyes \u2012 a sz\u00fcl\u0151k pesterzs\u00e9beti h\u00e1z\u00e1nak,\u00a0illetve a csal\u00e1d balatonszepezdi nyaral\u00f3j\u00e1nak kertje (1971\u20131972) \u2012, az esem\u00e9nyek r\u00f6gz\u00edt\u0151i csal\u00e1dtagok vagy bar\u00e1tok voltak. Nyilv\u00e1noss\u00e1got csak a balatonbogl\u00e1ri k\u00e1polnat\u00e1rlatokon kaptak (1972), ahol j\u00f3r\u00e9szt Gal\u00e1ntai Gy\u00f6rgy dokument\u00e1lta \u0151ket. Visszaeml\u00e9kez\u00e9se szerint azonban m\u00e9g a <em>K\u00e9rd\u0151jeles akci\u00f3<\/em> st\u00e1ci\u00f3i \u2012 a feh\u00e9r pap\u00edrlapokra sablonnal f\u00fajt v\u00f6r\u00f6s k\u00e9rd\u0151jelek \u00fatja a k\u00e1poln\u00e1t\u00f3l a k\u00f6zelben tal\u00e1lhat\u00f3 fesz\u00fclet talapzat\u00e1ig \u2012 is szinte csak T\u00fcrk sz\u00e1m\u00e1ra fontos mag\u00e1nperformanszk\u00e9nt zajlottak.<\/p>\n<p class=\"leiras-l-2\">Az <em>El\u00e9v\u00fcl\u00e9si akci\u00f3<\/em> sor\u00e1n az <em>Id\u0151z\u00edtett X<\/em> nyomtatott lapjait ragasztotta a k\u00e1polna k\u00fcsz\u00f6b\u00e9nek k\u00e9t oldal\u00e1ra, eny\u00e9szetre \u00edt\u00e9lve. A <em>Panaszfal<\/em> k\u00e9rd\u0151jelei a Beke L\u00e1szl\u00f3 \u00e1ltal szervezett \u00fan. <em>Cseh-szlov\u00e1k-magyar m\u0171v\u00e9szeti tal\u00e1lkoz\u00f3<\/em> sor\u00e1n ker\u00fcltek a k\u00e1polna fal\u00e1ra.<\/p>\n<p class=\"leiras-l-2\">A m\u0171faji vari\u00e1ci\u00f3k k\u00f6r\u00e9t tov\u00e1bb b\u0151v\u00edtik a body art, az akci\u00f3m\u0171v\u00e9szet, a szemiotika \u00e9s a konceptu\u00e1lis m\u0171v\u00e9szet metsz\u00e9spontj\u00e1ban \u00e9rtelmezhet\u0151 munk\u00e1k alapmot\u00edvumait felhaszn\u00e1l\u00f3 k\u00e9rd\u0151jeles-dobozok (1971\u20131972 k\u00f6r\u00fcl), illetve az azokat reduk\u00e1lt sz\u00ednvil\u00e1ggal kombin\u00e1l\u00f3 festm\u00e9nyek (1971\u20131972). A nyelvi \u00e9rtelmez\u00e9s jelei, a fogalmi gondolkod\u00e1s m\u0171veletei vizu\u00e1lis kompoz\u00edci\u00f3s elemk\u00e9nt, s\u00edk- \u00e9s t\u00e9rform\u00e1kat alak\u00edt\u00f3 mozg\u00e1sok \u201eszerepl\u0151ik\u00e9nt\u201d t\u00e1gabb gondolati mez\u0151ket nyitnak egym\u00e1sba. Egy fontos probl\u00e9m\u00e1r\u00f3l \u2012 k\u00e9rd\u0151jel \u2012 az adott \u00e9rtelmez\u00e9si-s\u00edkb\u00f3l, k\u00f6zegb\u0151l kil\u00e9pve, a k\u00e9rd\u00e9st \u201et\u00e9rbe ford\u00edtva\u201d, 90 fokkal elforgatva kider\u00fclhet, hogy az maga az \u00e1ll\u00edt\u00e1s\u00a0\u2012 felki\u00e1lt\u00f3jel \u2012, teh\u00e1t mag\u00e1ban hordozza a lehets\u00e9ges v\u00e1laszt is.<\/p>\n<p class=\"leiras-l-2\">Ahogy T\u00fcrk eset\u00e9ben mindig, a h\u00e1tteret az \u00e1ltal\u00e1nos emberi kond\u00edci\u00f3k adj\u00e1k: a saj\u00e1t \u00e9lethelyzetre \u00e9s annak v\u00e1ltoz\u00e1s\u00e1ra, a (m\u0171v\u00e9szi) \u00f6nmegval\u00f3s\u00edt\u00e1s lehet\u0151s\u00e9geire, a hit k\u00e9rd\u00e9seire t\u00f6rt\u00e9n\u0151 reflexi\u00f3k. A v\u00e1ratlan felismer\u00e9sekb\u0151l, \u201emegvil\u00e1gosod\u00e1sokb\u00f3l\u201d sz\u00e1rmaz\u00f3 n\u00e9z\u0151pontv\u00e1lt\u00e1sok lehet\u0151s\u00e9g\u00e9t dokument\u00e1lja a k\u00e9rd\u0151jeles munk\u00e1k \u00faj sorozatt\u00e1 szervez\u00e9se 1993-ban.<\/p>\n<p class=\"kepalir-1r\">Sz\u00e1zados L\u00e1szl\u00f3<\/p>\n[\/vc_column_text][\/vc_column][\/vc_row][vc_row type=&#8221;full_width_content&#8221; full_screen_row_position=&#8221;middle&#8221; column_margin=&#8221;default&#8221; column_direction=&#8221;default&#8221; column_direction_tablet=&#8221;default&#8221; column_direction_phone=&#8221;default&#8221; scene_position=&#8221;center&#8221; text_color=&#8221;dark&#8221; text_align=&#8221;left&#8221; row_border_radius=&#8221;none&#8221; row_border_radius_applies=&#8221;bg&#8221; class=&#8221;full-16r-2&#8243; overlay_strength=&#8221;0.3&#8243; gradient_direction=&#8221;left_to_right&#8221; shape_divider_position=&#8221;bottom&#8221; bg_image_animation=&#8221;none&#8221; shape_type=&#8221;&#8221;][vc_column column_padding=&#8221;no-extra-padding&#8221; column_padding_tablet=&#8221;inherit&#8221; column_padding_phone=&#8221;inherit&#8221; column_padding_position=&#8221;left-right&#8221; column_element_spacing=&#8221;default&#8221; background_color_opacity=&#8221;1&#8243; background_hover_color_opacity=&#8221;1&#8243; column_shadow=&#8221;none&#8221; column_border_radius=&#8221;none&#8221; column_link_target=&#8221;_self&#8221; gradient_direction=&#8221;left_to_right&#8221; overlay_strength=&#8221;0.3&#8243; width=&#8221;1\/1&#8243; tablet_width_inherit=&#8221;default&#8221; tablet_text_alignment=&#8221;default&#8221; phone_text_alignment=&#8221;default&#8221; bg_image_animation=&#8221;none&#8221; border_type=&#8221;simple&#8221; column_border_width=&#8221;none&#8221; column_border_style=&#8221;solid&#8221;][divider line_type=&#8221;No Line&#8221; custom_height=&#8221;30&#8243;][image_with_animation image_url=&#8221;10303&#8243; animation=&#8221;Fade In&#8221; hover_animation=&#8221;none&#8221; alignment=&#8221;center&#8221; img_link_large=&#8221;yes&#8221; border_radius=&#8221;none&#8221; box_shadow=&#8221;none&#8221; image_loading=&#8221;default&#8221; max_width=&#8221;100%&#8221; max_width_mobile=&#8221;default&#8221; el_class=&#8221;full-img&#8221;][vc_column_text]\n<p class=\"kepalir-1l-full\">T\u00fcrk P\u00e9ter: <em>K\u00e9rd\u0151jeles akci\u00f3 1-3.,<\/em> Balatonszepezd, 1972 | <em>K\u00e9rd\u0151jeles akci\u00f3 1-3.,<\/em> Balatonszepezd, 1972<\/p>\n[\/vc_column_text][\/vc_column][\/vc_row][vc_row type=&#8221;full_width_content&#8221; full_screen_row_position=&#8221;middle&#8221; column_margin=&#8221;default&#8221; column_direction=&#8221;default&#8221; column_direction_tablet=&#8221;default&#8221; column_direction_phone=&#8221;default&#8221; scene_position=&#8221;center&#8221; text_color=&#8221;dark&#8221; text_align=&#8221;left&#8221; row_border_radius=&#8221;none&#8221; row_border_radius_applies=&#8221;bg&#8221; class=&#8221;full-16l-2&#8243; overlay_strength=&#8221;0.3&#8243; gradient_direction=&#8221;left_to_right&#8221; shape_divider_position=&#8221;bottom&#8221; bg_image_animation=&#8221;none&#8221; shape_type=&#8221;&#8221;][vc_column column_padding=&#8221;no-extra-padding&#8221; column_padding_tablet=&#8221;inherit&#8221; column_padding_phone=&#8221;inherit&#8221; column_padding_position=&#8221;left-right&#8221; column_element_spacing=&#8221;default&#8221; background_color_opacity=&#8221;1&#8243; background_hover_color_opacity=&#8221;1&#8243; column_shadow=&#8221;none&#8221; column_border_radius=&#8221;none&#8221; column_link_target=&#8221;_self&#8221; gradient_direction=&#8221;left_to_right&#8221; overlay_strength=&#8221;0.3&#8243; width=&#8221;1\/1&#8243; tablet_width_inherit=&#8221;default&#8221; tablet_text_alignment=&#8221;default&#8221; phone_text_alignment=&#8221;default&#8221; bg_image_animation=&#8221;none&#8221; border_type=&#8221;simple&#8221; column_border_width=&#8221;none&#8221; column_border_style=&#8221;solid&#8221;][divider line_type=&#8221;No Line&#8221; custom_height=&#8221;60&#8243;][image_with_animation image_url=&#8221;10304&#8243; animation=&#8221;Fade In&#8221; hover_animation=&#8221;none&#8221; alignment=&#8221;center&#8221; img_link_large=&#8221;yes&#8221; border_radius=&#8221;none&#8221; box_shadow=&#8221;none&#8221; image_loading=&#8221;default&#8221; max_width=&#8221;100%&#8221; max_width_mobile=&#8221;default&#8221; el_class=&#8221;full-img&#8221;][vc_column_text]\n<p class=\"kepalir-1l\">T\u00fcrk P\u00e9ter: <em>K\u00e9rd\u0151jeles akci\u00f3 1-7.,<\/em> Balatonbogl\u00e1r, 1972. augusztus 15., Gal\u00e1ntai Gy\u00f6rgy fot\u00f3i | T\u00fcrk P\u00e9ter a <em>Panaszfal<\/em> k\u00e9sz\u00edt\u00e9se k\u00f6zben, <em>Cseh-szlov\u00e1k-magyar m\u0171v\u00e9szeti tal\u00e1lkoz\u00f3,<\/em> K\u00e1polnam\u0171terem, Balatonbogl\u00e1r, 1972. augusztus 26-27. | <em>K\u00e9rd\u0151jeles \u00f6narck\u00e9p,<\/em> 1972 k.<\/p>\n[\/vc_column_text][\/vc_column][\/vc_row][vc_row type=&#8221;full_width_content&#8221; full_screen_row_position=&#8221;middle&#8221; column_margin=&#8221;default&#8221; column_direction=&#8221;default&#8221; column_direction_tablet=&#8221;default&#8221; column_direction_phone=&#8221;default&#8221; scene_position=&#8221;center&#8221; text_color=&#8221;dark&#8221; text_align=&#8221;left&#8221; row_border_radius=&#8221;none&#8221; row_border_radius_applies=&#8221;bg&#8221; class=&#8221;full-5-25&#8243; overlay_strength=&#8221;0.3&#8243; gradient_direction=&#8221;left_to_right&#8221; shape_divider_position=&#8221;bottom&#8221; bg_image_animation=&#8221;none&#8221; shape_type=&#8221;&#8221;][vc_column column_padding=&#8221;no-extra-padding&#8221; column_padding_tablet=&#8221;inherit&#8221; column_padding_phone=&#8221;inherit&#8221; column_padding_position=&#8221;all&#8221; column_element_spacing=&#8221;default&#8221; background_color_opacity=&#8221;1&#8243; background_hover_color_opacity=&#8221;1&#8243; column_shadow=&#8221;none&#8221; column_border_radius=&#8221;none&#8221; column_link_target=&#8221;_self&#8221; gradient_direction=&#8221;left_to_right&#8221; overlay_strength=&#8221;0.3&#8243; width=&#8221;1\/1&#8243; tablet_width_inherit=&#8221;default&#8221; tablet_text_alignment=&#8221;default&#8221; phone_text_alignment=&#8221;default&#8221; bg_image_animation=&#8221;none&#8221; border_type=&#8221;simple&#8221; column_border_width=&#8221;none&#8221; column_border_style=&#8221;solid&#8221;][divider line_type=&#8221;No Line&#8221; custom_height=&#8221;60&#8243;][\/vc_column][\/vc_row][vc_row type=&#8221;full_width_content&#8221; full_screen_row_position=&#8221;middle&#8221; column_margin=&#8221;default&#8221; column_direction=&#8221;default&#8221; column_direction_tablet=&#8221;default&#8221; column_direction_phone=&#8221;default&#8221; scene_position=&#8221;center&#8221; text_color=&#8221;dark&#8221; text_align=&#8221;left&#8221; row_border_radius=&#8221;none&#8221; row_border_radius_applies=&#8221;bg&#8221; zindex=&#8221;10000&#8243; class=&#8221;full-5-25&#8243; overlay_strength=&#8221;0.3&#8243; gradient_direction=&#8221;left_to_right&#8221; shape_divider_position=&#8221;bottom&#8221; bg_image_animation=&#8221;none&#8221; shape_type=&#8221;&#8221;][vc_column column_padding=&#8221;no-extra-padding&#8221; column_padding_tablet=&#8221;inherit&#8221; column_padding_phone=&#8221;inherit&#8221; column_padding_position=&#8221;all&#8221; column_element_spacing=&#8221;default&#8221; background_color_opacity=&#8221;1&#8243; background_hover_color_opacity=&#8221;1&#8243; column_shadow=&#8221;none&#8221; column_border_radius=&#8221;none&#8221; column_link_target=&#8221;_self&#8221; gradient_direction=&#8221;left_to_right&#8221; overlay_strength=&#8221;0.3&#8243; width=&#8221;1\/1&#8243; tablet_width_inherit=&#8221;default&#8221; tablet_text_alignment=&#8221;default&#8221; phone_text_alignment=&#8221;default&#8221; bg_image_animation=&#8221;none&#8221; border_type=&#8221;simple&#8221; column_border_width=&#8221;none&#8221; column_border_style=&#8221;solid&#8221;][vc_column_text]<div id='ggpkg_container_0_10288' style='width:100%; height:768px; position: relative;'>\nLoading...\n<\/div>\n<script type='text\/javascript' src='https:\/\/balkon.art\/home\/ba-app\/uploads\/2018\/07\/1_ter_1_tarlo_bal_ut\/pano2vr_player.js'><\/script>\n<script type='text\/javascript' src='https:\/\/balkon.art\/home\/ba-app\/uploads\/2018\/07\/1_ter_1_tarlo_bal_ut\/skin.js'><\/script>\n<script type='text\/javascript'>\nwindow.addEventListener('load',function() {\nif  (typeof _1_ter_1_tarlo_bal_ut_pano2vrPlayer != 'undefined') {\n\tpano_0_10288=new _1_ter_1_tarlo_bal_ut_pano2vrPlayer('ggpkg_container_0_10288');\n} else {\n\tpano_0_10288=new pano2vrPlayer('ggpkg_container_0_10288');\n}\nif  (typeof _1_ter_1_tarlo_bal_ut_pano2vrSkin != 'undefined') {\n\tskin_0_10288=new _1_ter_1_tarlo_bal_ut_pano2vrSkin(pano_0_10288, 'https:\/\/balkon.art\/home\/ba-app\/uploads\/2018\/07\/1_ter_1_tarlo_bal_ut\/');\n} else {\n\tskin_0_10288=new pano2vrSkin(pano_0_10288, 'https:\/\/balkon.art\/home\/ba-app\/uploads\/2018\/07\/1_ter_1_tarlo_bal_ut\/');\n}\npano_0_10288.readConfigUrlAsync('https:\/\/balkon.art\/home\/ba-app\/uploads\/2018\/07\/1_ter_1_tarlo_bal_ut\/pano.xml');\nvar contentOverflow = document.getElementById('content') ? document.getElementById('content').style.overflow : '';\npano_0_10288.addListener('fullscreenenter', function() {\n\tif (document.getElementById('content')) {\n\t\tdocument.getElementById('content').style.overflow = 'visible';\n\t}\n});\npano_0_10288.addListener('fullscreenexit', function() {\n\tif (document.getElementById('content')) {\n\t\tdocument.getElementById('content').style.overflow = contentOverflow;\n\t}\n});\n\n});\n<\/script>\n[\/vc_column_text][\/vc_column][\/vc_row][vc_row type=&#8221;full_width_content&#8221; full_screen_row_position=&#8221;middle&#8221; column_margin=&#8221;default&#8221; column_direction=&#8221;default&#8221; column_direction_tablet=&#8221;default&#8221; column_direction_phone=&#8221;default&#8221; scene_position=&#8221;center&#8221; text_color=&#8221;dark&#8221; text_align=&#8221;left&#8221; row_border_radius=&#8221;none&#8221; row_border_radius_applies=&#8221;bg&#8221; class=&#8221;full-5-25&#8243; overlay_strength=&#8221;0.3&#8243; gradient_direction=&#8221;left_to_right&#8221; shape_divider_position=&#8221;bottom&#8221; bg_image_animation=&#8221;none&#8221; shape_type=&#8221;&#8221;][vc_column column_padding=&#8221;no-extra-padding&#8221; column_padding_tablet=&#8221;inherit&#8221; column_padding_phone=&#8221;inherit&#8221; column_padding_position=&#8221;all&#8221; column_element_spacing=&#8221;default&#8221; background_color_opacity=&#8221;1&#8243; background_hover_color_opacity=&#8221;1&#8243; column_shadow=&#8221;none&#8221; column_border_radius=&#8221;none&#8221; column_link_target=&#8221;_self&#8221; gradient_direction=&#8221;left_to_right&#8221; overlay_strength=&#8221;0.3&#8243; width=&#8221;1\/1&#8243; tablet_width_inherit=&#8221;default&#8221; tablet_text_alignment=&#8221;default&#8221; phone_text_alignment=&#8221;default&#8221; bg_image_animation=&#8221;none&#8221; border_type=&#8221;simple&#8221; column_border_width=&#8221;none&#8221; column_border_style=&#8221;solid&#8221;][divider line_type=&#8221;No Line&#8221; custom_height=&#8221;60&#8243;][\/vc_column][\/vc_row][vc_row type=&#8221;full_width_content&#8221; full_screen_row_position=&#8221;middle&#8221; column_margin=&#8221;default&#8221; column_direction=&#8221;default&#8221; column_direction_tablet=&#8221;default&#8221; column_direction_phone=&#8221;default&#8221; scene_position=&#8221;center&#8221; text_color=&#8221;dark&#8221; text_align=&#8221;left&#8221; row_border_radius=&#8221;none&#8221; row_border_radius_applies=&#8221;bg&#8221; zindex=&#8221;15000&#8243; class=&#8221;full-5-25&#8243; overlay_strength=&#8221;0.3&#8243; gradient_direction=&#8221;left_to_right&#8221; shape_divider_position=&#8221;bottom&#8221; bg_image_animation=&#8221;none&#8221; shape_type=&#8221;&#8221;][vc_column column_padding=&#8221;no-extra-padding&#8221; column_padding_tablet=&#8221;inherit&#8221; column_padding_phone=&#8221;inherit&#8221; column_padding_position=&#8221;all&#8221; column_element_spacing=&#8221;default&#8221; background_color_opacity=&#8221;1&#8243; background_hover_color_opacity=&#8221;1&#8243; column_shadow=&#8221;none&#8221; column_border_radius=&#8221;none&#8221; column_link_target=&#8221;_self&#8221; gradient_direction=&#8221;left_to_right&#8221; overlay_strength=&#8221;0.3&#8243; width=&#8221;1\/1&#8243; tablet_width_inherit=&#8221;default&#8221; tablet_text_alignment=&#8221;default&#8221; phone_text_alignment=&#8221;default&#8221; bg_image_animation=&#8221;none&#8221; border_type=&#8221;simple&#8221; column_border_width=&#8221;none&#8221; column_border_style=&#8221;solid&#8221;][vc_column_text]<div id='ggpkg_container_1_10288' style='width:100%; height:768px; position: relative;'>\nLoading...\n<\/div>\n<script type='text\/javascript' src='https:\/\/balkon.art\/home\/ba-app\/uploads\/2018\/07\/1_ter_1_tarlo_jobb_ut\/pano2vr_player.js'><\/script>\n<script type='text\/javascript' src='https:\/\/balkon.art\/home\/ba-app\/uploads\/2018\/07\/1_ter_1_tarlo_jobb_ut\/skin.js'><\/script>\n<script type='text\/javascript'>\nwindow.addEventListener('load',function() {\nif  (typeof _1_ter_1_tarlo_jobb_ut_pano2vrPlayer != 'undefined') {\n\tpano_1_10288=new _1_ter_1_tarlo_jobb_ut_pano2vrPlayer('ggpkg_container_1_10288');\n} else {\n\tpano_1_10288=new pano2vrPlayer('ggpkg_container_1_10288');\n}\nif  (typeof _1_ter_1_tarlo_jobb_ut_pano2vrSkin != 'undefined') {\n\tskin_1_10288=new _1_ter_1_tarlo_jobb_ut_pano2vrSkin(pano_1_10288, 'https:\/\/balkon.art\/home\/ba-app\/uploads\/2018\/07\/1_ter_1_tarlo_jobb_ut\/');\n} else {\n\tskin_1_10288=new pano2vrSkin(pano_1_10288, 'https:\/\/balkon.art\/home\/ba-app\/uploads\/2018\/07\/1_ter_1_tarlo_jobb_ut\/');\n}\npano_1_10288.readConfigUrlAsync('https:\/\/balkon.art\/home\/ba-app\/uploads\/2018\/07\/1_ter_1_tarlo_jobb_ut\/pano.xml');\nvar contentOverflow = document.getElementById('content') ? document.getElementById('content').style.overflow : '';\npano_1_10288.addListener('fullscreenenter', function() {\n\tif (document.getElementById('content')) {\n\t\tdocument.getElementById('content').style.overflow = 'visible';\n\t}\n});\npano_1_10288.addListener('fullscreenexit', function() {\n\tif (document.getElementById('content')) {\n\t\tdocument.getElementById('content').style.overflow = contentOverflow;\n\t}\n});\n\n});\n<\/script>\n[\/vc_column_text][\/vc_column][\/vc_row][vc_row type=&#8221;full_width_content&#8221; full_screen_row_position=&#8221;middle&#8221; column_margin=&#8221;default&#8221; column_direction=&#8221;default&#8221; column_direction_tablet=&#8221;default&#8221; column_direction_phone=&#8221;default&#8221; scene_position=&#8221;center&#8221; text_color=&#8221;dark&#8221; text_align=&#8221;left&#8221; row_border_radius=&#8221;none&#8221; row_border_radius_applies=&#8221;bg&#8221; class=&#8221;full-5-25&#8243; overlay_strength=&#8221;0.3&#8243; gradient_direction=&#8221;left_to_right&#8221; shape_divider_position=&#8221;bottom&#8221; bg_image_animation=&#8221;none&#8221; shape_type=&#8221;&#8221;][vc_column column_padding=&#8221;no-extra-padding&#8221; column_padding_tablet=&#8221;inherit&#8221; column_padding_phone=&#8221;inherit&#8221; column_padding_position=&#8221;all&#8221; column_element_spacing=&#8221;default&#8221; background_color_opacity=&#8221;1&#8243; background_hover_color_opacity=&#8221;1&#8243; column_shadow=&#8221;none&#8221; column_border_radius=&#8221;none&#8221; column_link_target=&#8221;_self&#8221; gradient_direction=&#8221;left_to_right&#8221; overlay_strength=&#8221;0.3&#8243; width=&#8221;1\/1&#8243; tablet_width_inherit=&#8221;default&#8221; tablet_text_alignment=&#8221;default&#8221; phone_text_alignment=&#8221;default&#8221; bg_image_animation=&#8221;none&#8221; border_type=&#8221;simple&#8221; column_border_width=&#8221;none&#8221; column_border_style=&#8221;solid&#8221;][divider line_type=&#8221;No Line&#8221; custom_height=&#8221;60&#8243;][\/vc_column][\/vc_row][vc_row type=&#8221;full_width_content&#8221; full_screen_row_position=&#8221;middle&#8221; column_margin=&#8221;default&#8221; column_direction=&#8221;default&#8221; column_direction_tablet=&#8221;default&#8221; column_direction_phone=&#8221;default&#8221; scene_position=&#8221;center&#8221; text_color=&#8221;dark&#8221; text_align=&#8221;left&#8221; row_border_radius=&#8221;none&#8221; row_border_radius_applies=&#8221;bg&#8221; zindex=&#8221;20000&#8243; class=&#8221;full-5-25&#8243; overlay_strength=&#8221;0.3&#8243; gradient_direction=&#8221;left_to_right&#8221; shape_divider_position=&#8221;bottom&#8221; bg_image_animation=&#8221;none&#8221; shape_type=&#8221;&#8221;][vc_column column_padding=&#8221;no-extra-padding&#8221; column_padding_tablet=&#8221;inherit&#8221; column_padding_phone=&#8221;inherit&#8221; column_padding_position=&#8221;all&#8221; column_element_spacing=&#8221;default&#8221; background_color_opacity=&#8221;1&#8243; background_hover_color_opacity=&#8221;1&#8243; column_shadow=&#8221;none&#8221; column_border_radius=&#8221;none&#8221; column_link_target=&#8221;_self&#8221; gradient_direction=&#8221;left_to_right&#8221; overlay_strength=&#8221;0.3&#8243; width=&#8221;1\/1&#8243; tablet_width_inherit=&#8221;default&#8221; tablet_text_alignment=&#8221;default&#8221; phone_text_alignment=&#8221;default&#8221; bg_image_animation=&#8221;none&#8221; border_type=&#8221;simple&#8221; column_border_width=&#8221;none&#8221; column_border_style=&#8221;solid&#8221;][vc_column_text]<div id='ggpkg_container_2_10288' style='width:100%; height:768px; position: relative;'>\nLoading...\n<\/div>\n<script type='text\/javascript' src='https:\/\/balkon.art\/home\/ba-app\/uploads\/2018\/07\/1_ter_2_tarlo_ut\/pano2vr_player.js'><\/script>\n<script type='text\/javascript' src='https:\/\/balkon.art\/home\/ba-app\/uploads\/2018\/07\/1_ter_2_tarlo_ut\/skin.js'><\/script>\n<script type='text\/javascript'>\nwindow.addEventListener('load',function() {\nif  (typeof _1_ter_2_tarlo_ut_pano2vrPlayer != 'undefined') {\n\tpano_2_10288=new _1_ter_2_tarlo_ut_pano2vrPlayer('ggpkg_container_2_10288');\n} else {\n\tpano_2_10288=new pano2vrPlayer('ggpkg_container_2_10288');\n}\nif  (typeof _1_ter_2_tarlo_ut_pano2vrSkin != 'undefined') {\n\tskin_2_10288=new _1_ter_2_tarlo_ut_pano2vrSkin(pano_2_10288, 'https:\/\/balkon.art\/home\/ba-app\/uploads\/2018\/07\/1_ter_2_tarlo_ut\/');\n} else {\n\tskin_2_10288=new pano2vrSkin(pano_2_10288, 'https:\/\/balkon.art\/home\/ba-app\/uploads\/2018\/07\/1_ter_2_tarlo_ut\/');\n}\npano_2_10288.readConfigUrlAsync('https:\/\/balkon.art\/home\/ba-app\/uploads\/2018\/07\/1_ter_2_tarlo_ut\/pano.xml');\nvar contentOverflow = document.getElementById('content') ? document.getElementById('content').style.overflow : '';\npano_2_10288.addListener('fullscreenenter', function() {\n\tif (document.getElementById('content')) {\n\t\tdocument.getElementById('content').style.overflow = 'visible';\n\t}\n});\npano_2_10288.addListener('fullscreenexit', function() {\n\tif (document.getElementById('content')) {\n\t\tdocument.getElementById('content').style.overflow = contentOverflow;\n\t}\n});\n\n});\n<\/script>\n[\/vc_column_text][\/vc_column][\/vc_row][vc_row type=&#8221;full_width_content&#8221; full_screen_row_position=&#8221;middle&#8221; column_margin=&#8221;default&#8221; column_direction=&#8221;default&#8221; column_direction_tablet=&#8221;default&#8221; column_direction_phone=&#8221;default&#8221; scene_position=&#8221;center&#8221; text_color=&#8221;dark&#8221; text_align=&#8221;left&#8221; row_border_radius=&#8221;none&#8221; row_border_radius_applies=&#8221;bg&#8221; class=&#8221;full-5-25&#8243; overlay_strength=&#8221;0.3&#8243; gradient_direction=&#8221;left_to_right&#8221; shape_divider_position=&#8221;bottom&#8221; bg_image_animation=&#8221;none&#8221; shape_type=&#8221;&#8221;][vc_column column_padding=&#8221;no-extra-padding&#8221; column_padding_tablet=&#8221;inherit&#8221; column_padding_phone=&#8221;inherit&#8221; column_padding_position=&#8221;all&#8221; column_element_spacing=&#8221;default&#8221; background_color_opacity=&#8221;1&#8243; background_hover_color_opacity=&#8221;1&#8243; column_shadow=&#8221;none&#8221; column_border_radius=&#8221;none&#8221; column_link_target=&#8221;_self&#8221; gradient_direction=&#8221;left_to_right&#8221; overlay_strength=&#8221;0.3&#8243; width=&#8221;1\/1&#8243; tablet_width_inherit=&#8221;default&#8221; tablet_text_alignment=&#8221;default&#8221; phone_text_alignment=&#8221;default&#8221; bg_image_animation=&#8221;none&#8221; border_type=&#8221;simple&#8221; column_border_width=&#8221;none&#8221; column_border_style=&#8221;solid&#8221;][vc_column_text]\n<p class=\"kepalir-1r\" style=\"margin-top: -20px; padding-left: 25%;\">T\u00fcrk P\u00e9ter: (fel\u00fcl) <em>Vari\u00e1ci\u00f3s k\u00eds\u00e9rlet nyitott \u00e9s z\u00e1rt k\u00e9rd\u00e9sekkel 1-4.,<\/em> 1971\u20131972 k., pap\u00edr, karton, nyomdafest\u00e9k, Szent Istv\u00e1n Kir\u00e1ly M\u00fazeum, Sz\u00e9kesfeh\u00e9rv\u00e1r | (k\u00f6z\u00e9pen) <em>Vari\u00e1ci\u00f3s k\u00eds\u00e9rlet nyitott \u00e9s z\u00e1rt k\u00e9rd\u00e9sekkel 1-24.,<\/em> 1971\u20131972 k., fekete-feh\u00e9r f\u00e9nyk\u00e9pek kartonra kas\u00edrozva, Szent Istv\u00e1n Kir\u00e1ly M\u00fazeum, Sz\u00e9kesfeh\u00e9rv\u00e1r<\/p>\n[\/vc_column_text][\/vc_column][\/vc_row][vc_row type=&#8221;in_container&#8221; full_screen_row_position=&#8221;middle&#8221; column_margin=&#8221;default&#8221; column_direction=&#8221;default&#8221; column_direction_tablet=&#8221;default&#8221; column_direction_phone=&#8221;default&#8221; scene_position=&#8221;center&#8221; text_color=&#8221;dark&#8221; text_align=&#8221;center&#8221; row_border_radius=&#8221;none&#8221; row_border_radius_applies=&#8221;bg&#8221; class=&#8221;cont-20-0&#8243; overlay_strength=&#8221;0.3&#8243; gradient_direction=&#8221;left_to_right&#8221; shape_divider_position=&#8221;bottom&#8221; bg_image_animation=&#8221;none&#8221; shape_type=&#8221;&#8221;][vc_column column_padding=&#8221;no-extra-padding&#8221; column_padding_tablet=&#8221;inherit&#8221; column_padding_phone=&#8221;inherit&#8221; column_padding_position=&#8221;all&#8221; column_element_spacing=&#8221;default&#8221; background_color_opacity=&#8221;1&#8243; background_hover_color_opacity=&#8221;1&#8243; column_shadow=&#8221;none&#8221; column_border_radius=&#8221;none&#8221; column_link_target=&#8221;_self&#8221; gradient_direction=&#8221;left_to_right&#8221; overlay_strength=&#8221;0.3&#8243; width=&#8221;1\/1&#8243; tablet_width_inherit=&#8221;default&#8221; tablet_text_alignment=&#8221;default&#8221; phone_text_alignment=&#8221;default&#8221; bg_image_animation=&#8221;none&#8221; border_type=&#8221;simple&#8221; column_border_width=&#8221;none&#8221; column_border_style=&#8221;solid&#8221;][divider line_type=&#8221;No Line&#8221; custom_height=&#8221;120&#8243;][vc_column_text]<div class=\"pt-cv-wrapper\"><div class=\"pt-cv-view pt-cv-grid pt-cv-colsys pt-cv-content-hover pt-cv-clickable effect-lr pt-cv-overlay-middle\" id=\"pt-cv-view-bb0b9f27et\"><div data-id=\"pt-cv-page-1\" class=\"pt-cv-page\" data-cvc=\"5\"><div class=\"col-md-2 col-sm-6 col-xs-6 pt-cv-content-item pt-cv-1-col\"  data-pid=\"10288\"><div class='pt-cv-ifield'><a href=\"https:\/\/balkon.art\/home\/online-2018\/turk-peter-minden-nem-latszik-1\/\" class=\"_self pt-cv-href-thumbnail pt-cv-thumb-default cvplbd\" target=\"_self\" ><img loading=\"lazy\" decoding=\"async\" width=\"600\" height=\"403\" src=\"https:\/\/balkon.art\/home\/ba-app\/uploads\/2018\/06\/balkon-turk-peter-01-fb-600x403.jpg\" class=\"pt-cv-thumbnail img-none\" alt=\"&lt;em&gt;minden nem l\u00e1tszik&lt;\/em&gt; \u2013 T\u00dcRK P\u00c9TER (1943\u20132015) \u00e9letm\u0171ki\u00e1ll\u00edt\u00e1sa | 1\" srcset=\"https:\/\/balkon.art\/home\/ba-app\/uploads\/2018\/06\/balkon-turk-peter-01-fb-600x403.jpg 600w, https:\/\/balkon.art\/home\/ba-app\/uploads\/2018\/06\/balkon-turk-peter-01-fb-400x269.jpg 400w\" sizes=\"auto, (max-width: 600px) 100vw, 600px\" \/><\/a><\/div><\/div>\n<div class=\"col-md-2 col-sm-6 col-xs-6 pt-cv-content-item pt-cv-1-col\"  data-pid=\"10566\"><div class='pt-cv-ifield'><a href=\"https:\/\/balkon.art\/home\/online-2018\/turk-peter-minden-nem-latszik-2\/\" class=\"_self pt-cv-href-thumbnail pt-cv-thumb-default cvplbd\" target=\"_self\" ><img loading=\"lazy\" decoding=\"async\" width=\"600\" height=\"403\" src=\"https:\/\/balkon.art\/home\/ba-app\/uploads\/2018\/07\/balkon-turk-peter-kert-fb-600x403.jpg\" class=\"pt-cv-thumbnail img-none\" alt=\"&lt;em&gt;minden nem l\u00e1tszik&lt;\/em&gt; \u2013 T\u00dcRK P\u00c9TER (1943\u20132015) \u00e9letm\u0171ki\u00e1ll\u00edt\u00e1sa | 2\" srcset=\"https:\/\/balkon.art\/home\/ba-app\/uploads\/2018\/07\/balkon-turk-peter-kert-fb-600x403.jpg 600w, https:\/\/balkon.art\/home\/ba-app\/uploads\/2018\/07\/balkon-turk-peter-kert-fb-400x269.jpg 400w\" sizes=\"auto, (max-width: 600px) 100vw, 600px\" \/><\/a><\/div><\/div>\n<div class=\"col-md-2 col-sm-6 col-xs-6 pt-cv-content-item pt-cv-1-col\"  data-pid=\"10677\"><div class='pt-cv-ifield'><a href=\"https:\/\/balkon.art\/home\/online-2018\/turk-peter-minden-nem-latszik-3\/\" class=\"_self pt-cv-href-thumbnail pt-cv-thumb-default cvplbd\" target=\"_self\" ><img loading=\"lazy\" decoding=\"async\" width=\"600\" height=\"403\" src=\"https:\/\/balkon.art\/home\/ba-app\/uploads\/2018\/07\/Ibalkon-turk-peter-technikai-kiserletek-fb-600x403.jpg\" class=\"pt-cv-thumbnail img-none\" alt=\"&lt;em&gt;minden nem l\u00e1tszik&lt;\/em&gt; \u2013 T\u00dcRK P\u00c9TER (1943\u20132015) \u00e9letm\u0171ki\u00e1ll\u00edt\u00e1sa | 3\" srcset=\"https:\/\/balkon.art\/home\/ba-app\/uploads\/2018\/07\/Ibalkon-turk-peter-technikai-kiserletek-fb-600x403.jpg 600w, https:\/\/balkon.art\/home\/ba-app\/uploads\/2018\/07\/Ibalkon-turk-peter-technikai-kiserletek-fb-400x269.jpg 400w\" sizes=\"auto, (max-width: 600px) 100vw, 600px\" \/><\/a><\/div><\/div>\n<div class=\"col-md-2 col-sm-6 col-xs-6 pt-cv-content-item pt-cv-1-col\"  data-pid=\"10752\"><div class='pt-cv-ifield'><a href=\"https:\/\/balkon.art\/home\/online-2018\/turk-peter-minden-nem-latszik-4\/\" class=\"_self pt-cv-href-thumbnail pt-cv-thumb-default cvplbd\" target=\"_self\" ><img loading=\"lazy\" decoding=\"async\" width=\"600\" height=\"403\" src=\"https:\/\/balkon.art\/home\/ba-app\/uploads\/2018\/07\/balkon-turk-peter-koncept-fb-600x403.jpg\" class=\"pt-cv-thumbnail img-none\" alt=\"&lt;em&gt;minden nem l\u00e1tszik&lt;\/em&gt; \u2013 T\u00dcRK P\u00c9TER (1943\u20132015) \u00e9letm\u0171ki\u00e1ll\u00edt\u00e1sa | 4\" srcset=\"https:\/\/balkon.art\/home\/ba-app\/uploads\/2018\/07\/balkon-turk-peter-koncept-fb-600x403.jpg 600w, https:\/\/balkon.art\/home\/ba-app\/uploads\/2018\/07\/balkon-turk-peter-koncept-fb-400x269.jpg 400w\" sizes=\"auto, (max-width: 600px) 100vw, 600px\" \/><\/a><\/div><\/div>\n<div class=\"col-md-4 col-sm-6 col-xs-6 pt-cv-content-item pt-cv-1-col\"  data-pid=\"11151\"><div class='pt-cv-ifield'><a href=\"https:\/\/balkon.art\/home\/online-2018\/turk-peter-minden-nem-latszik-5\/\" class=\"_self pt-cv-href-thumbnail pt-cv-thumb-default cvplbd\" target=\"_self\" ><img loading=\"lazy\" decoding=\"async\" width=\"600\" height=\"403\" src=\"https:\/\/balkon.art\/home\/ba-app\/uploads\/2018\/07\/balkon-turk-peter-koncept-foto-fb-600x403.jpg\" class=\"pt-cv-thumbnail img-none\" alt=\"&lt;em&gt;minden nem l\u00e1tszik&lt;\/em&gt; \u2013 T\u00dcRK P\u00c9TER (1943\u20132015) \u00e9letm\u0171ki\u00e1ll\u00edt\u00e1sa | 5\" srcset=\"https:\/\/balkon.art\/home\/ba-app\/uploads\/2018\/07\/balkon-turk-peter-koncept-foto-fb-600x403.jpg 600w, https:\/\/balkon.art\/home\/ba-app\/uploads\/2018\/07\/balkon-turk-peter-koncept-foto-fb-400x269.jpg 400w\" sizes=\"auto, (max-width: 600px) 100vw, 600px\" \/><\/a><\/div><\/div>\n<div class=\"col-md-2 col-sm-6 col-xs-6 pt-cv-content-item pt-cv-1-col\"  data-pid=\"11360\"><div class='pt-cv-ifield'><a href=\"https:\/\/balkon.art\/home\/online-2018\/turk-peter-minden-nem-latszik-6\/\" class=\"_self pt-cv-href-thumbnail pt-cv-thumb-default cvplbd\" target=\"_self\" ><img loading=\"lazy\" decoding=\"async\" width=\"600\" height=\"403\" src=\"https:\/\/balkon.art\/home\/ba-app\/uploads\/2018\/07\/pszichogramok-fb-600x403.jpg\" class=\"pt-cv-thumbnail img-none\" alt=\"&lt;em&gt;minden nem l\u00e1tszik&lt;\/em&gt; \u2013 T\u00dcRK P\u00c9TER (1943\u20132015) \u00e9letm\u0171ki\u00e1ll\u00edt\u00e1sa | 6\" srcset=\"https:\/\/balkon.art\/home\/ba-app\/uploads\/2018\/07\/pszichogramok-fb-600x403.jpg 600w, https:\/\/balkon.art\/home\/ba-app\/uploads\/2018\/07\/pszichogramok-fb-400x269.jpg 400w\" sizes=\"auto, (max-width: 600px) 100vw, 600px\" \/><\/a><\/div><\/div>\n<div class=\"col-md-2 col-sm-6 col-xs-6 pt-cv-content-item pt-cv-1-col\"  data-pid=\"11544\"><div class='pt-cv-ifield'><a href=\"https:\/\/balkon.art\/home\/online-2018\/turk-peter-minden-nem-latszik-7\/\" class=\"_self pt-cv-href-thumbnail pt-cv-thumb-default cvplbd\" target=\"_self\" ><img loading=\"lazy\" decoding=\"async\" width=\"600\" height=\"403\" src=\"https:\/\/balkon.art\/home\/ba-app\/uploads\/2018\/07\/balkon-turk-peter-07-fb-600x403.jpg\" class=\"pt-cv-thumbnail img-none\" alt=\"&lt;em&gt;minden nem l\u00e1tszik&lt;\/em&gt; \u2013 T\u00dcRK P\u00c9TER (1943\u20132015) \u00e9letm\u0171ki\u00e1ll\u00edt\u00e1sa | 7\" srcset=\"https:\/\/balkon.art\/home\/ba-app\/uploads\/2018\/07\/balkon-turk-peter-07-fb-600x403.jpg 600w, https:\/\/balkon.art\/home\/ba-app\/uploads\/2018\/07\/balkon-turk-peter-07-fb-400x269.jpg 400w\" sizes=\"auto, (max-width: 600px) 100vw, 600px\" \/><\/a><\/div><\/div>\n<div class=\"col-md-2 col-sm-6 col-xs-6 pt-cv-content-item pt-cv-1-col\"  data-pid=\"11583\"><div class='pt-cv-ifield'><a href=\"https:\/\/balkon.art\/home\/online-2018\/turk-peter-minden-nem-latszik-8\/\" class=\"_self pt-cv-href-thumbnail pt-cv-thumb-default cvplbd\" target=\"_self\" ><img loading=\"lazy\" decoding=\"async\" width=\"600\" height=\"403\" src=\"https:\/\/balkon.art\/home\/ba-app\/uploads\/2018\/07\/balkon-turk-peter-08-fb1-600x403.jpg\" class=\"pt-cv-thumbnail img-none\" alt=\"&lt;em&gt;minden nem l\u00e1tszik&lt;\/em&gt; \u2013 T\u00dcRK P\u00c9TER (1943\u20132015) \u00e9letm\u0171ki\u00e1ll\u00edt\u00e1sa | 8\" srcset=\"https:\/\/balkon.art\/home\/ba-app\/uploads\/2018\/07\/balkon-turk-peter-08-fb1-600x403.jpg 600w, https:\/\/balkon.art\/home\/ba-app\/uploads\/2018\/07\/balkon-turk-peter-08-fb1-400x269.jpg 400w\" sizes=\"auto, (max-width: 600px) 100vw, 600px\" \/><\/a><\/div><\/div>\n<div class=\"col-md-2 col-sm-6 col-xs-6 pt-cv-content-item pt-cv-1-col\"  data-pid=\"11607\"><div class='pt-cv-ifield'><a href=\"https:\/\/balkon.art\/home\/online-2018\/turk-peter-minden-nem-latszik-9\/\" class=\"_self pt-cv-href-thumbnail pt-cv-thumb-default cvplbd\" target=\"_self\" ><img loading=\"lazy\" decoding=\"async\" width=\"600\" height=\"403\" src=\"https:\/\/balkon.art\/home\/ba-app\/uploads\/2018\/07\/balkon-turk-peter-09-fb-600x403.jpg\" class=\"pt-cv-thumbnail img-none\" alt=\"&lt;em&gt;minden nem l\u00e1tszik&lt;\/em&gt; \u2013 T\u00dcRK P\u00c9TER (1943\u20132015) \u00e9letm\u0171ki\u00e1ll\u00edt\u00e1sa | 9\" srcset=\"https:\/\/balkon.art\/home\/ba-app\/uploads\/2018\/07\/balkon-turk-peter-09-fb-600x403.jpg 600w, https:\/\/balkon.art\/home\/ba-app\/uploads\/2018\/07\/balkon-turk-peter-09-fb-400x269.jpg 400w\" sizes=\"auto, (max-width: 600px) 100vw, 600px\" \/><\/a><\/div><\/div>\n<div class=\"col-md-4 col-sm-6 col-xs-6 pt-cv-content-item pt-cv-1-col\"  data-pid=\"11767\"><div class='pt-cv-ifield'><a href=\"https:\/\/balkon.art\/home\/online-2018\/turk-peter-minden-nem-latszik-10\/\" class=\"_self pt-cv-href-thumbnail pt-cv-thumb-default cvplbd\" target=\"_self\" ><img loading=\"lazy\" decoding=\"async\" width=\"600\" height=\"403\" src=\"https:\/\/balkon.art\/home\/ba-app\/uploads\/2018\/07\/balkon-turk-peter-10-fb-600x403.jpg\" class=\"pt-cv-thumbnail img-none\" alt=\"&lt;em&gt;minden nem l\u00e1tszik&lt;\/em&gt; \u2013 T\u00dcRK P\u00c9TER (1943\u20132015) \u00e9letm\u0171ki\u00e1ll\u00edt\u00e1sa | 10\" srcset=\"https:\/\/balkon.art\/home\/ba-app\/uploads\/2018\/07\/balkon-turk-peter-10-fb-600x403.jpg 600w, https:\/\/balkon.art\/home\/ba-app\/uploads\/2018\/07\/balkon-turk-peter-10-fb-400x269.jpg 400w\" sizes=\"auto, (max-width: 600px) 100vw, 600px\" \/><\/a><\/div><\/div><\/div><\/div><\/div>\t\t\t<style type=\"text\/css\" id=\"pt-cv-inline-style-aa63c42azk\">#pt-cv-view-bb0b9f27et .pt-cv-content-item { padding-bottom: 30px !important; }\n#pt-cv-view-bb0b9f27et  .pt-cv-ifield   { border-radius: 10px 10px 0px 0px !important; }\n#pt-cv-view-bb0b9f27et .pt-cv-title a, #pt-cv-view-bb0b9f27et  .panel-title { font-weight: 600 !important; }\n#pt-cv-view-bb0b9f27et  .pt-cv-hover-wrapper::before   { background-color: rgba(0,0,0,.3) !important; }\n#pt-cv-view-bb0b9f27et  .pt-cv-content-item:hover .pt-cv-hover-wrapper::before   { background-color: rgba(51,51,51,.6) !important; }\n#pt-cv-view-bb0b9f27et:not(.pt-cv-nohover) .pt-cv-mask *   { color: #fff; }\n#pt-cv-view-bb0b9f27et .pt-cv-readmore  { color: #ffffff !important; background-color: #00aeef !important; }\n#pt-cv-view-bb0b9f27et .pt-cv-readmore:hover  { color: #ffffff !important; background-color: #00aeef !important; }<\/style>\r\n\t\t\t[\/vc_column_text][divider line_type=&#8221;No Line&#8221; custom_height=&#8221;60&#8243;][nectar_icon icon_family=&#8221;fontawesome&#8221; icon_style=&#8221;border-animation&#8221; icon_border_thickness=&#8221;1px&#8221; icon_color_type=&#8221;color_scheme&#8221; icon_color=&#8221;Accent-Color&#8221; icon_padding=&#8221;10px&#8221; icon_fontawesome=&#8221;fa fa-list&#8221; icon_size=&#8221;30&#8243; url=&#8221;https:\/\/balkon.art\/home\/minden-nem-latszik-turk-peter-1943-2015-eletmukiallitasa\/&#8221;][\/vc_column][\/vc_row][vc_row type=&#8221;full_width_content&#8221; full_screen_row_position=&#8221;middle&#8221; column_margin=&#8221;default&#8221; vertically_center_columns=&#8221;true&#8221; column_direction=&#8221;default&#8221; column_direction_tablet=&#8221;default&#8221; column_direction_phone=&#8221;default&#8221; scene_position=&#8221;center&#8221; text_color=&#8221;dark&#8221; text_align=&#8221;center&#8221; row_border_radius=&#8221;none&#8221; row_border_radius_applies=&#8221;bg&#8221; color_overlay=&#8221;rgba(255,255,255,0.92)&#8221; overlay_strength=&#8221;0.95&#8243; gradient_direction=&#8221;left_to_right&#8221; shape_divider_position=&#8221;bottom&#8221; bg_image_animation=&#8221;none&#8221; shape_type=&#8221;&#8221;][vc_column column_padding=&#8221;no-extra-padding&#8221; column_padding_tablet=&#8221;inherit&#8221; column_padding_phone=&#8221;inherit&#8221; column_padding_position=&#8221;all&#8221; column_element_spacing=&#8221;default&#8221; background_color_opacity=&#8221;1&#8243; background_hover_color_opacity=&#8221;1&#8243; column_shadow=&#8221;none&#8221; column_border_radius=&#8221;none&#8221; column_link_target=&#8221;_self&#8221; el_class=&#8221;p-3-3&#8243; gradient_direction=&#8221;left_to_right&#8221; overlay_strength=&#8221;0.3&#8243; width=&#8221;1\/1&#8243; tablet_width_inherit=&#8221;default&#8221; tablet_text_alignment=&#8221;default&#8221; phone_text_alignment=&#8221;default&#8221; bg_image_animation=&#8221;none&#8221; border_type=&#8221;simple&#8221; column_border_width=&#8221;none&#8221; column_border_style=&#8221;solid&#8221;]<div class=\"sharing-default-minimal\"><div class=\"nectar-social default\" data-position=\"left\" data-color-override=\"override\"><div class=\"nectar-social-inner\"><a class='facebook-share nectar-sharing' href='#' title='Share this'>  <i class='fa fa-facebook'><\/i> <span class='social-text'>Share<\/span> <\/a><a class='twitter-share nectar-sharing' href='#' title='Share this'> <i class='fa icon-salient-x-twitter'><\/i> <span class='social-text'>Share<\/span> <\/a><a class='pinterest-share nectar-sharing' href='#' title='Pin this'> <i class='fa fa-pinterest'><\/i> <span class='social-text'>Pin<\/span> <\/a><\/div><\/div><\/div>[\/vc_column][\/vc_row]\n","protected":false},"excerpt":{"rendered":"<p>[vc_row type=&#8221;in_container&#8221; full_screen_row_position=&#8221;middle&#8221; column_margin=&#8221;default&#8221; column_direction=&#8221;default&#8221; column_direction_tablet=&#8221;default&#8221; column_direction_phone=&#8221;default&#8221; scene_position=&#8221;center&#8221; text_color=&#8221;dark&#8221; text_align=&#8221;left&#8221; row_border_radius=&#8221;none&#8221; row_border_radius_applies=&#8221;bg&#8221; overlay_strength=&#8221;0.3&#8243; gradient_direction=&#8221;left_to_right&#8221; shape_divider_position=&#8221;bottom&#8221; bg_image_animation=&#8221;none&#8221;][vc_column column_padding=&#8221;no-extra-padding&#8221; column_padding_tablet=&#8221;inherit&#8221; column_padding_phone=&#8221;inherit&#8221; column_padding_position=&#8221;all&#8221; column_element_spacing=&#8221;default&#8221; background_color_opacity=&#8221;1&#8243; background_hover_color_opacity=&#8221;1&#8243; column_shadow=&#8221;none&#8221; column_border_radius=&#8221;none&#8221; column_link_target=&#8221;_self&#8221; gradient_direction=&#8221;left_to_right&#8221; overlay_strength=&#8221;0.3&#8243; width=&#8221;1\/1&#8243; tablet_width_inherit=&#8221;default&#8221;&#8230;<\/p>\n","protected":false},"author":1,"featured_media":10386,"parent":6816,"menu_order":4,"comment_status":"closed","ping_status":"closed","template":"","meta":{"_acf_changed":false,"h5ap_radio_sources":[],"footnotes":""},"page_kiemeles":[],"page_online-evek":[],"class_list":["post-10288","page","type-page","status-publish","has-post-thumbnail"],"acf":[],"_links":{"self":[{"href":"https:\/\/balkon.art\/home\/wp-json\/wp\/v2\/pages\/10288","targetHints":{"allow":["GET"]}}],"collection":[{"href":"https:\/\/balkon.art\/home\/wp-json\/wp\/v2\/pages"}],"about":[{"href":"https:\/\/balkon.art\/home\/wp-json\/wp\/v2\/types\/page"}],"author":[{"embeddable":true,"href":"https:\/\/balkon.art\/home\/wp-json\/wp\/v2\/users\/1"}],"replies":[{"embeddable":true,"href":"https:\/\/balkon.art\/home\/wp-json\/wp\/v2\/comments?post=10288"}],"version-history":[{"count":0,"href":"https:\/\/balkon.art\/home\/wp-json\/wp\/v2\/pages\/10288\/revisions"}],"up":[{"embeddable":true,"href":"https:\/\/balkon.art\/home\/wp-json\/wp\/v2\/pages\/6816"}],"wp:featuredmedia":[{"embeddable":true,"href":"https:\/\/balkon.art\/home\/wp-json\/wp\/v2\/media\/10386"}],"wp:attachment":[{"href":"https:\/\/balkon.art\/home\/wp-json\/wp\/v2\/media?parent=10288"}],"wp:term":[{"taxonomy":"page_kiemeles","embeddable":true,"href":"https:\/\/balkon.art\/home\/wp-json\/wp\/v2\/page_kiemeles?post=10288"},{"taxonomy":"page_online-evek","embeddable":true,"href":"https:\/\/balkon.art\/home\/wp-json\/wp\/v2\/page_online-evek?post=10288"}],"curies":[{"name":"wp","href":"https:\/\/api.w.org\/{rel}","templated":true}]}}